{"id":12766,"date":"2024-07-13T20:08:02","date_gmt":"2024-07-13T18:08:02","guid":{"rendered":"https:\/\/www.pictofoundation.fr\/prix-picto-de-la-mode-dotation-le-19m-de-la-photographie-des-metiers-dart\/"},"modified":"2024-08-13T11:37:59","modified_gmt":"2024-08-13T09:37:59","slug":"prix-picto-de-la-mode-le19m-metiers-dart-photography-grant","status":"publish","type":"page","link":"https:\/\/www.pictofoundation.fr\/en\/prix-picto-de-la-mode-le19m-metiers-dart-photography-grant\/","title":{"rendered":"Prix Picto de la Mode : le19M M\u00e9tiers d&#8217;art Photography Grant"},"content":{"rendered":"<p>[vc_row full_width=&#8221;stretch_row_content_no_spaces&#8221; full_height=&#8221;yes&#8221; awb_type=&#8221;image&#8221; awb_image_background_position=&#8221;50% 50%&#8221; awb_color=&#8221;rgba(0,0,0,0.83)&#8221; awb_image=&#8221;12307&#8243;][vc_column]<div id=\"ultimate-heading-548969f039ad294c6\" class=\"uvc-heading ult-adjust-bottom-margin ultimate-heading-548969f039ad294c6 uvc-7617 \" data-hspacer=\"no_spacer\"  data-halign=\"center\" style=\"text-align:center\"><div class=\"uvc-heading-spacer no_spacer\" style=\"top\"><\/div><div class=\"uvc-sub-heading ult-responsive\"  data-ultimate-target='.uvc-heading.ultimate-heading-548969f039ad294c6 .uvc-sub-heading '  data-responsive-json-new='{\"font-size\":\"desktop:25px;\",\"line-height\":\"\"}'  style=\"font-family:&#039;Lato&#039;;font-weight:300;color:#ffffff;\"><a href=\"#section1\">\u00a0\u00a0\u00a0INTRODUCTION\u00a0\u00a0\u00a0<\/a> | <a href=\"#section2\">\u00a0\u00a0\u00a0WINNER 2024\u00a0\u00a0\u00a0\u00a0<\/a>\u00a0l <a href=\"#section3\">\u00a0\u00a0\u00a0WINNER 2023\u00a0\u00a0\u00a0<\/a> l <a href=\"#section4\">\u00a0\u00a0\u00a0WINNER 2022\u00a0\u00a0\u00a0<\/a> | <a href=\"#section5\">\u00a0\u00a0\u00a0WINNER 2021\u00a0\u00a0\u00a0<\/a> | <a href=\"#section6\">\u00a0\u00a0\u00a0WINNER 2020\u00a0\u00a0\u00a0<\/a><\/div><\/div>[vc_empty_space][vc_custom_heading text=&#8221;<em>le<\/em>19M M\u00c9TIERS D\u2019ART PHOTOGRAPHY GRANT&#8221; font_container=&#8221;tag:div|font_size:50|text_align:center|color:%23ffffff&#8221; google_fonts=&#8221;font_family:Lato%3A100%2C100italic%2C300%2C300italic%2Cregular%2Citalic%2C700%2C700italic%2C900%2C900italic|font_style:700%20bold%20regular%3A700%3Anormal&#8221;][\/vc_column][\/vc_row][vc_row full_width=&#8221;stretch_row_content&#8221;][vc_column][vc_column_text el_class=&#8221;legendes&#8221;]<\/p>\n<p style=\"text-align: right;\">D&#8217;Ecorce et d&#8217;\u00e9cume. Collaboration Goossens x Camille Brasselet avec le 19M dans le cadre du Prix Picto de la Mode 2022<\/p>\n<p>[\/vc_column_text][\/vc_column][\/vc_row][vc_row][vc_column][vc_raw_html]JTNDc3R5bGUlM0UlMEFodG1sJTIwJTdCJTBBJTIwJTIwc2Nyb2xsLWJlaGF2aW9yJTNBJTIwc21vb3RoJTNCJTBBJTdEJTBBJTNDJTJGc3R5bGUlM0U=[\/vc_raw_html][\/vc_column][\/vc_row][vc_section][vc_row][vc_column][vc_raw_html]JTNDZGl2JTIwY2xhc3MlM0QlMjJtYWluJTIyJTIwaWQlM0QlMjJzZWN0aW9uMSUyMiUzRQ==[\/vc_raw_html][\/vc_column][\/vc_row][vc_row][vc_column width=&#8221;1\/6&#8243;][\/vc_column][vc_column width=&#8221;2\/3&#8243;][vc_column_text]<\/p>\n<h2>Introduction<\/h2>\n<p>The le19M de la Photographie des M\u00e9tiers d\u2019Art endowment offers the opportunity for a collaboration with one of the resident houses of 19M, a cultural hub conceived and designed by Maison CHANEL, dedicated to the creation and transmission of the Fashion and Decoration Crafts in Paris-Aubervilliers.<br \/>\nA commission worth 5 000\u20ac created on behalf of 19M, in collaboration with one of the resident houses of 19M, a cultural hub for the Artisanal Professions of Fashion and Decoration in Paris-Aubervilliers. The opportunity to integrate into the public collections of the Palais Galliera and a prize of \u20ac500 with the support of Saif.[\/vc_column_text]<div class=\"ult-spacer spacer-69f039ad2953a\" data-id=\"69f039ad2953a\" data-height=\"50\" data-height-mobile=\"50\" data-height-tab=\"50\" data-height-tab-portrait=\"\" data-height-mobile-landscape=\"\" style=\"clear:both;display:block;\"><\/div>[\/vc_column][vc_column width=&#8221;1\/6&#8243;][\/vc_column][\/vc_row][\/vc_section][vc_section][vc_row][vc_column][vc_raw_html]JTNDZGl2JTIwY2xhc3MlM0QlMjJtYWluJTIyJTIwaWQlM0QlMjJzZWN0aW9uMiUyMiUzRQ==[\/vc_raw_html][\/vc_column][\/vc_row][vc_row full_width=&#8221;stretch_row&#8221; content_placement=&#8221;middle&#8221; vlt_overflow_hidden=&#8221;&#8221; css=&#8221;.vc_custom_1623248180494{background-color: #f5f5f5 !important;}&#8221;][vc_column width=&#8221;1\/2&#8243; css=&#8221;.vc_custom_1538150499159{padding-left: 0px !important;}&#8221;][vc_empty_space height=&#8221;70px&#8221;]<div class=\"vlthemes_custom_69f039ad29561   vlt-animation-block\" data-aos=\"fade\" data-aos-delay=\"0\"><div class=\"vlthemes_custom_69f039ad295a7   vc_custom_1723541876853 vlt-section-title text-left\"><h2 style=\"color:;\">WINNER 2024 : TAMIB\u00c9 BOURDANN\u00c9<\/h2><p style=\"color:;\">le19M M\u00c9TIERS D\u2019ART PHOTOGRAPHY GRANT \u2013 PRIX PICTO DE LA MODE<\/p><\/div>[vc_column_text]<strong>Tamib\u00e9 Bourdann\u00e9<\/strong> is a photographer based in London. Originally from Chad, Niger and Nigeria, but born and raised in C\u00f4te d\u2019Ivoire. His work revolves around places, environments and people. A documentary and spontaneous photographer at heart, he loves to show the world from different perspectives, mainly from an ethnographic point of view. There\u2019s so much beauty in Africa, he believes and takes on a mission to expose it to the world through his delicate and precise approach to storytelling. Central to his practice is the way he interprets the interaction between space, shapes and tones, in order to form an image. His series Synthetic Dreams was highlighted by the le19M de la Photographie des M\u00e9tiers d\u2019Art endowment.[\/vc_column_text]<\/div><div class=\"ult-spacer spacer-69f039ad29619\" data-id=\"69f039ad29619\" data-height=\"30\" data-height-mobile=\"30\" data-height-tab=\"30\" data-height-tab-portrait=\"\" data-height-mobile-landscape=\"\" style=\"clear:both;display:block;\"><\/div><div class=\"vlthemes_custom_69f039ad29636   vlt-animation-block\" data-aos=\"fade\" data-aos-delay=\"200\">[vc_btn title=&#8221;SEE AWARDED SERIES \u00ab SYNTHETIC DREAMS \u00bb&#8221; style=&#8221;custom&#8221; custom_background=&#8221;#e20031&#8243; custom_text=&#8221;#ffffff&#8221; shape=&#8221;square&#8221; size=&#8221;sm&#8221; align=&#8221;center&#8221; css_animation=&#8221;fadeIn&#8221; el_class=&#8221;vp-pagination__style-leedo&#8221; link=&#8221;url:https%3A%2F%2Fwww.pictofoundation.fr%2Fen%2Ffinalistes-prix-picto-de-la-mode-2024-tamibe-bourdanne%2F|target:_blank&#8221;][vc_empty_space height=&#8221;70px&#8221;]<\/div>[\/vc_column][vc_column width=&#8221;1\/12&#8243;][\/vc_column][vc_column width=&#8221;5\/12&#8243;]<div class=\"vlthemes_custom_69f039ad29669 vlt-stretch-element-inside-column  vlt-simple-image\"><div class=\"vlt-fit-image\" style=\"--size-md: 730px; --size-sm: 100%;\"><img loading=\"lazy\" decoding=\"async\" width=\"1920\" height=\"1080\" src=\"https:\/\/www.pictofoundation.fr\/wp-content\/uploads\/2024\/03\/TamibeBourdanne_Synthetic-Dreams5_LR-1920x1080.jpg\" class=\"\" alt=\"\" srcset=\"https:\/\/www.pictofoundation.fr\/wp-content\/uploads\/2024\/03\/TamibeBourdanne_Synthetic-Dreams5_LR-1920x1080.jpg 1920w, https:\/\/www.pictofoundation.fr\/wp-content\/uploads\/2024\/03\/TamibeBourdanne_Synthetic-Dreams5_LR-1280x720.jpg 1280w\" \/><\/div><\/div>[\/vc_column][\/vc_row][vc_row full_width=&#8221;stretch_row_content&#8221;][vc_column][vc_column_text el_class=&#8221;legendes&#8221;]<\/p>\n<p style=\"text-align: right;\">Synthetic Dreams \u00a9 Tamib\u00e9 Bourdann\u00e9<\/p>\n<p>[\/vc_column_text][\/vc_column][\/vc_row][vc_row][vc_column]<div class=\"ult-spacer spacer-69f039ad29946\" data-id=\"69f039ad29946\" data-height=\"50\" data-height-mobile=\"50\" data-height-tab=\"50\" data-height-tab-portrait=\"\" data-height-mobile-landscape=\"\" style=\"clear:both;display:block;\"><\/div>[\/vc_column][\/vc_row][\/vc_section][vc_section][vc_row][vc_column][vc_raw_html]JTNDZGl2JTIwY2xhc3MlM0QlMjJtYWluJTIyJTIwaWQlM0QlMjJzZWN0aW9uMyUyMiUzRQ==[\/vc_raw_html][\/vc_column][\/vc_row][vc_row full_width=&#8221;stretch_row&#8221; content_placement=&#8221;middle&#8221; vlt_overflow_hidden=&#8221;&#8221; css=&#8221;.vc_custom_1623248180494{background-color: #f5f5f5 !important;}&#8221;][vc_column width=&#8221;1\/2&#8243; css=&#8221;.vc_custom_1538150499159{padding-left: 0px !important;}&#8221;]<div class=\"vlthemes_custom_69f039ad2996a vlt-stretch-element-inside-column  vlt-simple-image\"><div class=\"vlt-fit-image\" style=\"--size-md: 730px; --size-sm: 100%;\"><img loading=\"lazy\" decoding=\"async\" width=\"1452\" height=\"968\" src=\"https:\/\/www.pictofoundation.fr\/wp-content\/uploads\/2023\/03\/LIGALI-Soliou_SCENE-DE-NUIT_8.jpg\" class=\"\" alt=\"\" srcset=\"https:\/\/www.pictofoundation.fr\/wp-content\/uploads\/2023\/03\/LIGALI-Soliou_SCENE-DE-NUIT_8.jpg 1452w, https:\/\/www.pictofoundation.fr\/wp-content\/uploads\/2023\/03\/LIGALI-Soliou_SCENE-DE-NUIT_8-300x200.jpg 300w, https:\/\/www.pictofoundation.fr\/wp-content\/uploads\/2023\/03\/LIGALI-Soliou_SCENE-DE-NUIT_8-1024x683.jpg 1024w, https:\/\/www.pictofoundation.fr\/wp-content\/uploads\/2023\/03\/LIGALI-Soliou_SCENE-DE-NUIT_8-768x512.jpg 768w, https:\/\/www.pictofoundation.fr\/wp-content\/uploads\/2023\/03\/LIGALI-Soliou_SCENE-DE-NUIT_8-500x333.jpg 500w, https:\/\/www.pictofoundation.fr\/wp-content\/uploads\/2023\/03\/LIGALI-Soliou_SCENE-DE-NUIT_8-800x533.jpg 800w, https:\/\/www.pictofoundation.fr\/wp-content\/uploads\/2023\/03\/LIGALI-Soliou_SCENE-DE-NUIT_8-1280x853.jpg 1280w\" \/><\/div><\/div>[\/vc_column][vc_column width=&#8221;1\/12&#8243;][\/vc_column][vc_column width=&#8221;5\/12&#8243;][vc_empty_space height=&#8221;70px&#8221;]<div class=\"vlthemes_custom_69f039ad29b7c   vlt-animation-block\" data-aos=\"fade\" data-aos-delay=\"0\"><div class=\"vlthemes_custom_69f039ad29bbb   vc_custom_1723541867366 vlt-section-title text-left\"><h2 style=\"color:;\">WINNER 2023 : SOLIOU LIGALI<\/h2><p style=\"color:;\">le19M M\u00c9TIERS D\u2019ART PHOTOGRAPHY GRANT \u2013 PRIX PICTO DE LA MODE<\/p><\/div>[vc_column_text]<strong>Soliou Ligali<\/strong> is a portrait photographer who grew up between Benin and France, drawing inspiration from his hybrid culture. His visual language draws on his Yoruba heritage, his French artistic education and his encounters with his peers.[\/vc_column_text]<\/div><div class=\"ult-spacer spacer-69f039ad29c16\" data-id=\"69f039ad29c16\" data-height=\"30\" data-height-mobile=\"30\" data-height-tab=\"30\" data-height-tab-portrait=\"\" data-height-mobile-landscape=\"\" style=\"clear:both;display:block;\"><\/div><div class=\"vlthemes_custom_69f039ad29c33   vlt-animation-block\" data-aos=\"fade\" data-aos-delay=\"200\">[vc_btn title=&#8221;SEE AWARDED SERIES \u00ab SC\u00c8NES DE NUITS \u00bb &amp; \u00ab MARRONAGE \u00bb&#8221; style=&#8221;custom&#8221; custom_background=&#8221;#e20031&#8243; custom_text=&#8221;#ffffff&#8221; shape=&#8221;square&#8221; size=&#8221;sm&#8221; align=&#8221;center&#8221; css_animation=&#8221;fadeIn&#8221; el_class=&#8221;vp-pagination__style-leedo&#8221; link=&#8221;url:https%3A%2F%2Fwww.pictofoundation.fr%2Flaureat-dotation-du-19m-prix-picto-de-la-mode-2023-soliou-ligali%2F|target:_blank&#8221;]<\/div>[vc_empty_space height=&#8221;70px&#8221;][\/vc_column][\/vc_row][vc_row full_width=&#8221;stretch_row_content&#8221;][vc_column][vc_column_text el_class=&#8221;legendes&#8221;]<\/p>\n<p style=\"text-align: left;\">Sc\u00e8nes de nuits \u00a9 Soliou Ligali<\/p>\n<p>[\/vc_column_text][\/vc_column][\/vc_row][vc_row][vc_column]<div class=\"ult-spacer spacer-69f039ad29c70\" data-id=\"69f039ad29c70\" data-height=\"50\" data-height-mobile=\"50\" data-height-tab=\"50\" data-height-tab-portrait=\"\" data-height-mobile-landscape=\"\" style=\"clear:both;display:block;\"><\/div>[\/vc_column][\/vc_row][\/vc_section][vc_section][vc_row][vc_column][vc_raw_html]JTNDZGl2JTIwY2xhc3MlM0QlMjJtYWluJTIyJTIwaWQlM0QlMjJzZWN0aW9uNCUyMiUzRQ==[\/vc_raw_html][\/vc_column][\/vc_row][vc_row full_width=&#8221;stretch_row&#8221; content_placement=&#8221;middle&#8221; vlt_overflow_hidden=&#8221;&#8221; css=&#8221;.vc_custom_1623248180494{background-color: #f5f5f5 !important;}&#8221;][vc_column width=&#8221;1\/2&#8243; css=&#8221;.vc_custom_1538150499159{padding-left: 0px !important;}&#8221;][vc_empty_space height=&#8221;70px&#8221;]<div class=\"vlthemes_custom_69f039ad29c8c   vlt-animation-block\" data-aos=\"fade\" data-aos-delay=\"0\"><div class=\"vlthemes_custom_69f039ad29cbe   vc_custom_1723541862165 vlt-section-title text-left\"><h2 style=\"color:;\">WINNER 2022 : CAMILLE BRASSELET<\/h2><p style=\"color:;\">le19M M\u00c9TIERS D\u2019ART PHOTOGRAPHY GRANT \u2013 PRIX PICTO DE LA MODE<\/p><\/div>[vc_column_text]<strong>Camille Brasselet<\/strong> is a photographer from Rouen who now lives in Lyon.<br \/>\nAfter attending the Ecole des Beaux Arts in Saint Brieuc in 2015, where she experimented with painting, drawing, modeling and, above all, photography, she moved to Lyon to pursue advanced studies in photography.<br \/>\nHer work revolves around the body and the figure, combining both pictorial references and a certain form of strangeness. Her photographic approach attempts to apprehend the medium from different visual and plastic perspectives, gravitating around the world of images and their representations. \u201cThis figuration suggests an off-field, a mystery that becomes the flesh of the imagination. Like a half-open door leading to another, it\u2019s a fragment of time that becomes the expression of a whole that\u2019s always in retreat. In the end, it\u2019s everything that escapes us, this gap that we can\u2019t define and that goes beyond our understanding that attracts my curiosity.\u201d[\/vc_column_text]<\/div><div class=\"ult-spacer spacer-69f039ad29d06\" data-id=\"69f039ad29d06\" data-height=\"30\" data-height-mobile=\"30\" data-height-tab=\"30\" data-height-tab-portrait=\"\" data-height-mobile-landscape=\"\" style=\"clear:both;display:block;\"><\/div><div class=\"vlthemes_custom_69f039ad29d20   vlt-animation-block\" data-aos=\"fade\" data-aos-delay=\"200\">[vc_btn title=&#8221;SEE AWARDED SERIES&#8221; style=&#8221;custom&#8221; custom_background=&#8221;#e20031&#8243; custom_text=&#8221;#ffffff&#8221; shape=&#8221;square&#8221; size=&#8221;sm&#8221; align=&#8221;center&#8221; css_animation=&#8221;fadeIn&#8221; el_class=&#8221;vp-pagination__style-leedo&#8221; link=&#8221;url:https%3A%2F%2Fwww.pictofoundation.fr%2Fprix-picto-de-la-mode%2Fcamille-brasselet%2F|target:_blank&#8221;][vc_empty_space height=&#8221;70px&#8221;]<\/div>[\/vc_column][vc_column width=&#8221;1\/12&#8243;][\/vc_column][vc_column width=&#8221;5\/12&#8243;]<div class=\"vlthemes_custom_69f039ad29d4c vlt-stretch-element-inside-column  vlt-simple-image\"><div class=\"vlt-fit-image\" style=\"--size-md: 730px; --size-sm: 100%;\"><img loading=\"lazy\" decoding=\"async\" width=\"1667\" height=\"1080\" src=\"https:\/\/www.pictofoundation.fr\/wp-content\/uploads\/2022\/04\/BRASSELET_DIAPHANE_5_HD-copie-1667x1080.jpg\" class=\"\" alt=\"\" srcset=\"\" \/><\/div><\/div>[\/vc_column][\/vc_row][vc_row full_width=&#8221;stretch_row_content&#8221;][vc_column][vc_column_text el_class=&#8221;legendes&#8221;]<\/p>\n<p style=\"text-align: right;\">\u00a9 Camille Brasselet<\/p>\n<p>[\/vc_column_text][\/vc_column][\/vc_row][vc_row][vc_column]<div class=\"ult-spacer spacer-69f039ad29fb3\" data-id=\"69f039ad29fb3\" data-height=\"50\" data-height-mobile=\"50\" data-height-tab=\"50\" data-height-tab-portrait=\"\" data-height-mobile-landscape=\"\" style=\"clear:both;display:block;\"><\/div>[\/vc_column][\/vc_row][\/vc_section][vc_section full_width=&#8221;stretch_row&#8221; content_placement=&#8221;middle&#8221;][vc_row][vc_column width=&#8221;1\/6&#8243;][\/vc_column][vc_column width=&#8221;2\/3&#8243;][vc_column_text]<\/p>\n<h4>D\u2019\u00e9corce et d\u2019\u00e9cume, 2023<br \/>\nS\u00e9rie de cinq photographies avec orf\u00e8vrerie de Camille Brasselet avec la Maison Goossens<\/h4>\n<p>Camille Brasselet revient sur sa collaboration avec la maison Goossens dans le cadre de la dotation le19M de la Photographie des M\u00e9tiers d\u2019Art du Prix Picto de la Photographie de Mode 2022.<\/p>\n<p>La photographe tend \u00e0 faire entrer en corr\u00e9lation le tirage de la photographie avec l\u2019\u00e9tain de l\u2019orf\u00e8vrerie, pour cr\u00e9er des \u00ab sculptures corporelles \u00bb. Ces cr\u00e9ations hybrides c\u00e9l\u00e8brent ainsi le geste de l\u2019artisan, qui donne vie \u00e0 une mati\u00e8re inerte : des strass deviennent des cailloux dans la roche, des fils d\u2019\u00e9tain se d\u00e9ploient comme des branches de bl\u00e9s, du m\u00e9tal s\u2019accroche \u00e0 la peau, comme une m\u00e8che de cheveux humide, en sortie de bain. Les interventions de Goossens et l\u2019aspect sculptural et \u00e9pidermique de la s\u00e9rie photographique deviennent ainsi une forme de \u00ab m\u00e9tamorphose \u00bb du corps en sculpture, d\u2019\u00e9corce et d\u2019\u00e9cume.[\/vc_column_text][\/vc_column][vc_column width=&#8221;1\/6&#8243;][\/vc_column][\/vc_row][vc_row content_placement=&#8221;middle&#8221;][vc_column][vc_empty_space]\n<div class=\"vp-portfolio vp-uid-8e562c14 vp-id-12306  \"\n\tdata-vp-layout=\"masonry\" data-vp-content-source=\"images\" data-vp-items-style=\"default\" data-vp-items-click-action=\"popup_gallery\" data-vp-items-gap=\"15\" data-vp-items-gap-vertical=\"\" data-vp-pagination=\"load-more\" data-vp-next-page-url=\"\" data-vp-masonry-columns=\"4\" >\n\t<div class=\"vp-portfolio__preloader-wrap\">\n\t\t<div class=\"vp-portfolio__preloader\">\n\t\t\t<img decoding=\"async\" loading=\"eager\" src=\"https:\/\/www.pictofoundation.fr\/wp-content\/plugins\/visual-portfolio\/assets\/images\/logo-dark.svg\" alt=\"Visual Portfolio, Posts &amp; Image Gallery for WordPress\" width=\"20\" height=\"20\" data-skip-lazy>\n\t\t<\/div>\n\t<\/div>\n\t\t<div class=\"vp-portfolio__items-wrap\">\n\t\t\t\n<div class=\"vp-portfolio__items vp-portfolio__items-style-default vp-portfolio__items-show-overlay-hover\">\n\n\t\t<div\t\tclass=\"vp-portfolio__item-wrap vp-portfolio__item-uid-e6e750ed\" data-vp-filter=\"\" \t\t>\n\t\t\t<template class=\"vp-portfolio__item-popup\" data-vp-popup-img=\"https:\/\/www.pictofoundation.fr\/wp-content\/uploads\/2024\/06\/DECORCE-ET-DECUME-Camille-Brasselet-1-1920x1276.jpg\" data-vp-popup-img-srcset=\"https:\/\/www.pictofoundation.fr\/wp-content\/uploads\/2024\/06\/DECORCE-ET-DECUME-Camille-Brasselet-1-1920x1276.jpg 1920w, https:\/\/www.pictofoundation.fr\/wp-content\/uploads\/2024\/06\/DECORCE-ET-DECUME-Camille-Brasselet-1-300x199.jpg 300w, https:\/\/www.pictofoundation.fr\/wp-content\/uploads\/2024\/06\/DECORCE-ET-DECUME-Camille-Brasselet-1-1024x680.jpg 1024w, https:\/\/www.pictofoundation.fr\/wp-content\/uploads\/2024\/06\/DECORCE-ET-DECUME-Camille-Brasselet-1-768x510.jpg 768w, https:\/\/www.pictofoundation.fr\/wp-content\/uploads\/2024\/06\/DECORCE-ET-DECUME-Camille-Brasselet-1-1536x1021.jpg 1536w, https:\/\/www.pictofoundation.fr\/wp-content\/uploads\/2024\/06\/DECORCE-ET-DECUME-Camille-Brasselet-1-500x332.jpg 500w, https:\/\/www.pictofoundation.fr\/wp-content\/uploads\/2024\/06\/DECORCE-ET-DECUME-Camille-Brasselet-1-800x532.jpg 800w, https:\/\/www.pictofoundation.fr\/wp-content\/uploads\/2024\/06\/DECORCE-ET-DECUME-Camille-Brasselet-1-1280x851.jpg 1280w, https:\/\/www.pictofoundation.fr\/wp-content\/uploads\/2024\/06\/DECORCE-ET-DECUME-Camille-Brasselet-1.jpg 2000w\" data-vp-popup-img-size=\"1920x1276\" data-vp-popup-md-img=\"https:\/\/www.pictofoundation.fr\/wp-content\/uploads\/2024\/06\/DECORCE-ET-DECUME-Camille-Brasselet-1-800x532.jpg\" data-vp-popup-md-img-size=\"800x532\" data-vp-popup-sm-img=\"https:\/\/www.pictofoundation.fr\/wp-content\/uploads\/2024\/06\/DECORCE-ET-DECUME-Camille-Brasselet-1-500x332.jpg\" data-vp-popup-sm-img-size=\"500x332\">\n\t\t\t<h3 class=\"vp-portfolio__item-popup-title\">D'Ecorce et d'\u00e9cume<\/h3>\n\t\t<\/template>\n\t\t\t\t\t\t<figure class=\"vp-portfolio__item\">\n\t\t\t\t\n<div class=\"vp-portfolio__item-img-wrap\">\n\t<div class=\"vp-portfolio__item-img\">\n\t\t\t<a\n\t\thref=\"https:\/\/www.pictofoundation.fr\/wp-content\/uploads\/2024\/06\/DECORCE-ET-DECUME-Camille-Brasselet-1-1920x1276.jpg\"\n\t\t\t>\n\t\n\t\t<noscript><img loading=\"lazy\" decoding=\"async\" width=\"1280\" height=\"851\" data-skip-lazy src=\"https:\/\/www.pictofoundation.fr\/wp-content\/uploads\/2024\/06\/DECORCE-ET-DECUME-Camille-Brasselet-1-1280x851.jpg\" class=\"wp-image-12307\" alt=\"\" srcset=\"https:\/\/www.pictofoundation.fr\/wp-content\/uploads\/2024\/06\/DECORCE-ET-DECUME-Camille-Brasselet-1-1280x851.jpg 1280w, https:\/\/www.pictofoundation.fr\/wp-content\/uploads\/2024\/06\/DECORCE-ET-DECUME-Camille-Brasselet-1-300x199.jpg 300w, https:\/\/www.pictofoundation.fr\/wp-content\/uploads\/2024\/06\/DECORCE-ET-DECUME-Camille-Brasselet-1-1024x680.jpg 1024w, https:\/\/www.pictofoundation.fr\/wp-content\/uploads\/2024\/06\/DECORCE-ET-DECUME-Camille-Brasselet-1-768x510.jpg 768w, https:\/\/www.pictofoundation.fr\/wp-content\/uploads\/2024\/06\/DECORCE-ET-DECUME-Camille-Brasselet-1-1536x1021.jpg 1536w, https:\/\/www.pictofoundation.fr\/wp-content\/uploads\/2024\/06\/DECORCE-ET-DECUME-Camille-Brasselet-1-500x332.jpg 500w, https:\/\/www.pictofoundation.fr\/wp-content\/uploads\/2024\/06\/DECORCE-ET-DECUME-Camille-Brasselet-1-800x532.jpg 800w, https:\/\/www.pictofoundation.fr\/wp-content\/uploads\/2024\/06\/DECORCE-ET-DECUME-Camille-Brasselet-1-1920x1276.jpg 1920w, https:\/\/www.pictofoundation.fr\/wp-content\/uploads\/2024\/06\/DECORCE-ET-DECUME-Camille-Brasselet-1.jpg 2000w\" sizes=\"auto, (max-width: 1280px) 100vw, 1280px\" \/><\/noscript><img fetchpriority=\"high\" decoding=\"async\" width=\"1280\" height=\"851\" src=\"https:\/\/www.pictofoundation.fr\/wp-content\/uploads\/2024\/06\/DECORCE-ET-DECUME-Camille-Brasselet-1-1280x851.jpg\" class=\"wp-image-12307 vp-lazyload\" alt srcset=\"data:image\/svg+xml;base64,PHN2ZyB3aWR0aD0iMTI4MCIgaGVpZ2h0PSI4NTEiIHZpZXdCb3g9IjAgMCAxMjgwIDg1MSIgZmlsbD0ibm9uZSIgeG1sbnM9Imh0dHA6Ly93d3cudzMub3JnLzIwMDAvc3ZnIj48L3N2Zz4=\" data-src=\"https:\/\/www.pictofoundation.fr\/wp-content\/uploads\/2024\/06\/DECORCE-ET-DECUME-Camille-Brasselet-1-1280x851.jpg\" data-srcset=\"https:\/\/www.pictofoundation.fr\/wp-content\/uploads\/2024\/06\/DECORCE-ET-DECUME-Camille-Brasselet-1-1280x851.jpg 1280w, https:\/\/www.pictofoundation.fr\/wp-content\/uploads\/2024\/06\/DECORCE-ET-DECUME-Camille-Brasselet-1-300x199.jpg 300w, https:\/\/www.pictofoundation.fr\/wp-content\/uploads\/2024\/06\/DECORCE-ET-DECUME-Camille-Brasselet-1-1024x680.jpg 1024w, https:\/\/www.pictofoundation.fr\/wp-content\/uploads\/2024\/06\/DECORCE-ET-DECUME-Camille-Brasselet-1-768x510.jpg 768w, https:\/\/www.pictofoundation.fr\/wp-content\/uploads\/2024\/06\/DECORCE-ET-DECUME-Camille-Brasselet-1-1536x1021.jpg 1536w, https:\/\/www.pictofoundation.fr\/wp-content\/uploads\/2024\/06\/DECORCE-ET-DECUME-Camille-Brasselet-1-500x332.jpg 500w, https:\/\/www.pictofoundation.fr\/wp-content\/uploads\/2024\/06\/DECORCE-ET-DECUME-Camille-Brasselet-1-800x532.jpg 800w, https:\/\/www.pictofoundation.fr\/wp-content\/uploads\/2024\/06\/DECORCE-ET-DECUME-Camille-Brasselet-1-1920x1276.jpg 1920w, https:\/\/www.pictofoundation.fr\/wp-content\/uploads\/2024\/06\/DECORCE-ET-DECUME-Camille-Brasselet-1.jpg 2000w\" data-sizes=\"auto\" loading=\"eager\">\n\t\t<div class=\"vp-portfolio__item-overlay\">\n\t\t\t\t\t<\/div>\n\n\t\t<\/a>\t<\/div>\n<\/div>\n\n<div class=\"vp-portfolio__item-overlay vp-portfolio__item-align-center\">\n\t<\/div>\t\t\t<\/figure>\n\t\t\t\t\t<\/div>\n\t\t\n\t\t<div\t\tclass=\"vp-portfolio__item-wrap vp-portfolio__item-uid-ca03ae4f\" data-vp-filter=\"\" \t\t>\n\t\t\t<template class=\"vp-portfolio__item-popup\" data-vp-popup-img=\"https:\/\/www.pictofoundation.fr\/wp-content\/uploads\/2024\/06\/DECORCE-ET-DECUME-Camille-Brasselet-3.jpg\" data-vp-popup-img-srcset=\"https:\/\/www.pictofoundation.fr\/wp-content\/uploads\/2024\/06\/DECORCE-ET-DECUME-Camille-Brasselet-3.jpg 1329w, https:\/\/www.pictofoundation.fr\/wp-content\/uploads\/2024\/06\/DECORCE-ET-DECUME-Camille-Brasselet-3-199x300.jpg 199w, https:\/\/www.pictofoundation.fr\/wp-content\/uploads\/2024\/06\/DECORCE-ET-DECUME-Camille-Brasselet-3-680x1024.jpg 680w, https:\/\/www.pictofoundation.fr\/wp-content\/uploads\/2024\/06\/DECORCE-ET-DECUME-Camille-Brasselet-3-768x1156.jpg 768w, https:\/\/www.pictofoundation.fr\/wp-content\/uploads\/2024\/06\/DECORCE-ET-DECUME-Camille-Brasselet-3-1021x1536.jpg 1021w, https:\/\/www.pictofoundation.fr\/wp-content\/uploads\/2024\/06\/DECORCE-ET-DECUME-Camille-Brasselet-3-500x752.jpg 500w, https:\/\/www.pictofoundation.fr\/wp-content\/uploads\/2024\/06\/DECORCE-ET-DECUME-Camille-Brasselet-3-800x1204.jpg 800w, https:\/\/www.pictofoundation.fr\/wp-content\/uploads\/2024\/06\/DECORCE-ET-DECUME-Camille-Brasselet-3-1280x1926.jpg 1280w\" data-vp-popup-img-size=\"1329x2000\" data-vp-popup-md-img=\"https:\/\/www.pictofoundation.fr\/wp-content\/uploads\/2024\/06\/DECORCE-ET-DECUME-Camille-Brasselet-3-800x1204.jpg\" data-vp-popup-md-img-size=\"800x1204\" data-vp-popup-sm-img=\"https:\/\/www.pictofoundation.fr\/wp-content\/uploads\/2024\/06\/DECORCE-ET-DECUME-Camille-Brasselet-3-500x752.jpg\" data-vp-popup-sm-img-size=\"500x752\">\n\t\t\t<h3 class=\"vp-portfolio__item-popup-title\">DECORCE-ET-DECUME-Camille-Brasselet-3<\/h3>\n\t\t<\/template>\n\t\t\t\t\t\t<figure class=\"vp-portfolio__item\">\n\t\t\t\t\n<div class=\"vp-portfolio__item-img-wrap\">\n\t<div class=\"vp-portfolio__item-img\">\n\t\t\t<a\n\t\thref=\"https:\/\/www.pictofoundation.fr\/wp-content\/uploads\/2024\/06\/DECORCE-ET-DECUME-Camille-Brasselet-3.jpg\"\n\t\t\t>\n\t\n\t\t<noscript><img loading=\"lazy\" decoding=\"async\" width=\"1280\" height=\"1926\" data-skip-lazy src=\"https:\/\/www.pictofoundation.fr\/wp-content\/uploads\/2024\/06\/DECORCE-ET-DECUME-Camille-Brasselet-3-1280x1926.jpg\" class=\"wp-image-12309\" alt=\"\" srcset=\"https:\/\/www.pictofoundation.fr\/wp-content\/uploads\/2024\/06\/DECORCE-ET-DECUME-Camille-Brasselet-3-1280x1926.jpg 1280w, https:\/\/www.pictofoundation.fr\/wp-content\/uploads\/2024\/06\/DECORCE-ET-DECUME-Camille-Brasselet-3-199x300.jpg 199w, https:\/\/www.pictofoundation.fr\/wp-content\/uploads\/2024\/06\/DECORCE-ET-DECUME-Camille-Brasselet-3-680x1024.jpg 680w, https:\/\/www.pictofoundation.fr\/wp-content\/uploads\/2024\/06\/DECORCE-ET-DECUME-Camille-Brasselet-3-768x1156.jpg 768w, https:\/\/www.pictofoundation.fr\/wp-content\/uploads\/2024\/06\/DECORCE-ET-DECUME-Camille-Brasselet-3-1021x1536.jpg 1021w, https:\/\/www.pictofoundation.fr\/wp-content\/uploads\/2024\/06\/DECORCE-ET-DECUME-Camille-Brasselet-3-500x752.jpg 500w, https:\/\/www.pictofoundation.fr\/wp-content\/uploads\/2024\/06\/DECORCE-ET-DECUME-Camille-Brasselet-3-800x1204.jpg 800w, https:\/\/www.pictofoundation.fr\/wp-content\/uploads\/2024\/06\/DECORCE-ET-DECUME-Camille-Brasselet-3.jpg 1329w\" sizes=\"auto, (max-width: 1280px) 100vw, 1280px\" \/><\/noscript><img decoding=\"async\" width=\"1280\" height=\"1926\" src=\"https:\/\/www.pictofoundation.fr\/wp-content\/uploads\/2024\/06\/DECORCE-ET-DECUME-Camille-Brasselet-3-1280x1926.jpg\" class=\"wp-image-12309 vp-lazyload\" alt srcset=\"data:image\/svg+xml;base64,PHN2ZyB3aWR0aD0iMTI4MCIgaGVpZ2h0PSIxOTI2IiB2aWV3Qm94PSIwIDAgMTI4MCAxOTI2IiBmaWxsPSJub25lIiB4bWxucz0iaHR0cDovL3d3dy53My5vcmcvMjAwMC9zdmciPjwvc3ZnPg==\" data-src=\"https:\/\/www.pictofoundation.fr\/wp-content\/uploads\/2024\/06\/DECORCE-ET-DECUME-Camille-Brasselet-3-1280x1926.jpg\" data-srcset=\"https:\/\/www.pictofoundation.fr\/wp-content\/uploads\/2024\/06\/DECORCE-ET-DECUME-Camille-Brasselet-3-1280x1926.jpg 1280w, https:\/\/www.pictofoundation.fr\/wp-content\/uploads\/2024\/06\/DECORCE-ET-DECUME-Camille-Brasselet-3-199x300.jpg 199w, https:\/\/www.pictofoundation.fr\/wp-content\/uploads\/2024\/06\/DECORCE-ET-DECUME-Camille-Brasselet-3-680x1024.jpg 680w, https:\/\/www.pictofoundation.fr\/wp-content\/uploads\/2024\/06\/DECORCE-ET-DECUME-Camille-Brasselet-3-768x1156.jpg 768w, https:\/\/www.pictofoundation.fr\/wp-content\/uploads\/2024\/06\/DECORCE-ET-DECUME-Camille-Brasselet-3-1021x1536.jpg 1021w, https:\/\/www.pictofoundation.fr\/wp-content\/uploads\/2024\/06\/DECORCE-ET-DECUME-Camille-Brasselet-3-500x752.jpg 500w, https:\/\/www.pictofoundation.fr\/wp-content\/uploads\/2024\/06\/DECORCE-ET-DECUME-Camille-Brasselet-3-800x1204.jpg 800w, https:\/\/www.pictofoundation.fr\/wp-content\/uploads\/2024\/06\/DECORCE-ET-DECUME-Camille-Brasselet-3.jpg 1329w\" data-sizes=\"auto\" loading=\"eager\">\n\t\t<div class=\"vp-portfolio__item-overlay\">\n\t\t\t\t\t<\/div>\n\n\t\t<\/a>\t<\/div>\n<\/div>\n\n<div class=\"vp-portfolio__item-overlay vp-portfolio__item-align-center\">\n\t<\/div>\t\t\t<\/figure>\n\t\t\t\t\t<\/div>\n\t\t\n\t\t<div\t\tclass=\"vp-portfolio__item-wrap vp-portfolio__item-uid-5b576592\" data-vp-filter=\"\" \t\t>\n\t\t\t<template class=\"vp-portfolio__item-popup\" data-vp-popup-img=\"https:\/\/www.pictofoundation.fr\/wp-content\/uploads\/2024\/06\/DECORCE-ET-DECUME-Camille-Brasselet-4.jpg\" data-vp-popup-img-srcset=\"https:\/\/www.pictofoundation.fr\/wp-content\/uploads\/2024\/06\/DECORCE-ET-DECUME-Camille-Brasselet-4.jpg 1329w, https:\/\/www.pictofoundation.fr\/wp-content\/uploads\/2024\/06\/DECORCE-ET-DECUME-Camille-Brasselet-4-199x300.jpg 199w, https:\/\/www.pictofoundation.fr\/wp-content\/uploads\/2024\/06\/DECORCE-ET-DECUME-Camille-Brasselet-4-680x1024.jpg 680w, https:\/\/www.pictofoundation.fr\/wp-content\/uploads\/2024\/06\/DECORCE-ET-DECUME-Camille-Brasselet-4-768x1156.jpg 768w, https:\/\/www.pictofoundation.fr\/wp-content\/uploads\/2024\/06\/DECORCE-ET-DECUME-Camille-Brasselet-4-1021x1536.jpg 1021w, https:\/\/www.pictofoundation.fr\/wp-content\/uploads\/2024\/06\/DECORCE-ET-DECUME-Camille-Brasselet-4-500x752.jpg 500w, https:\/\/www.pictofoundation.fr\/wp-content\/uploads\/2024\/06\/DECORCE-ET-DECUME-Camille-Brasselet-4-800x1204.jpg 800w, https:\/\/www.pictofoundation.fr\/wp-content\/uploads\/2024\/06\/DECORCE-ET-DECUME-Camille-Brasselet-4-1280x1926.jpg 1280w\" data-vp-popup-img-size=\"1329x2000\" data-vp-popup-md-img=\"https:\/\/www.pictofoundation.fr\/wp-content\/uploads\/2024\/06\/DECORCE-ET-DECUME-Camille-Brasselet-4-800x1204.jpg\" data-vp-popup-md-img-size=\"800x1204\" data-vp-popup-sm-img=\"https:\/\/www.pictofoundation.fr\/wp-content\/uploads\/2024\/06\/DECORCE-ET-DECUME-Camille-Brasselet-4-500x752.jpg\" data-vp-popup-sm-img-size=\"500x752\">\n\t\t\t<h3 class=\"vp-portfolio__item-popup-title\">D'Ecorce et d'\u00e9cume<\/h3>\n\t\t<\/template>\n\t\t\t\t\t\t<figure class=\"vp-portfolio__item\">\n\t\t\t\t\n<div class=\"vp-portfolio__item-img-wrap\">\n\t<div class=\"vp-portfolio__item-img\">\n\t\t\t<a\n\t\thref=\"https:\/\/www.pictofoundation.fr\/wp-content\/uploads\/2024\/06\/DECORCE-ET-DECUME-Camille-Brasselet-4.jpg\"\n\t\t\t>\n\t\n\t\t<noscript><img loading=\"lazy\" decoding=\"async\" width=\"1280\" height=\"1926\" data-skip-lazy src=\"https:\/\/www.pictofoundation.fr\/wp-content\/uploads\/2024\/06\/DECORCE-ET-DECUME-Camille-Brasselet-4-1280x1926.jpg\" class=\"wp-image-12311\" alt=\"\" srcset=\"https:\/\/www.pictofoundation.fr\/wp-content\/uploads\/2024\/06\/DECORCE-ET-DECUME-Camille-Brasselet-4-1280x1926.jpg 1280w, https:\/\/www.pictofoundation.fr\/wp-content\/uploads\/2024\/06\/DECORCE-ET-DECUME-Camille-Brasselet-4-199x300.jpg 199w, https:\/\/www.pictofoundation.fr\/wp-content\/uploads\/2024\/06\/DECORCE-ET-DECUME-Camille-Brasselet-4-680x1024.jpg 680w, https:\/\/www.pictofoundation.fr\/wp-content\/uploads\/2024\/06\/DECORCE-ET-DECUME-Camille-Brasselet-4-768x1156.jpg 768w, https:\/\/www.pictofoundation.fr\/wp-content\/uploads\/2024\/06\/DECORCE-ET-DECUME-Camille-Brasselet-4-1021x1536.jpg 1021w, https:\/\/www.pictofoundation.fr\/wp-content\/uploads\/2024\/06\/DECORCE-ET-DECUME-Camille-Brasselet-4-500x752.jpg 500w, https:\/\/www.pictofoundation.fr\/wp-content\/uploads\/2024\/06\/DECORCE-ET-DECUME-Camille-Brasselet-4-800x1204.jpg 800w, https:\/\/www.pictofoundation.fr\/wp-content\/uploads\/2024\/06\/DECORCE-ET-DECUME-Camille-Brasselet-4.jpg 1329w\" sizes=\"auto, (max-width: 1280px) 100vw, 1280px\" \/><\/noscript><img decoding=\"async\" width=\"1280\" height=\"1926\" src=\"https:\/\/www.pictofoundation.fr\/wp-content\/uploads\/2024\/06\/DECORCE-ET-DECUME-Camille-Brasselet-4-1280x1926.jpg\" class=\"wp-image-12311 vp-lazyload\" alt srcset=\"data:image\/svg+xml;base64,PHN2ZyB3aWR0aD0iMTI4MCIgaGVpZ2h0PSIxOTI2IiB2aWV3Qm94PSIwIDAgMTI4MCAxOTI2IiBmaWxsPSJub25lIiB4bWxucz0iaHR0cDovL3d3dy53My5vcmcvMjAwMC9zdmciPjwvc3ZnPg==\" data-src=\"https:\/\/www.pictofoundation.fr\/wp-content\/uploads\/2024\/06\/DECORCE-ET-DECUME-Camille-Brasselet-4-1280x1926.jpg\" data-srcset=\"https:\/\/www.pictofoundation.fr\/wp-content\/uploads\/2024\/06\/DECORCE-ET-DECUME-Camille-Brasselet-4-1280x1926.jpg 1280w, https:\/\/www.pictofoundation.fr\/wp-content\/uploads\/2024\/06\/DECORCE-ET-DECUME-Camille-Brasselet-4-199x300.jpg 199w, https:\/\/www.pictofoundation.fr\/wp-content\/uploads\/2024\/06\/DECORCE-ET-DECUME-Camille-Brasselet-4-680x1024.jpg 680w, https:\/\/www.pictofoundation.fr\/wp-content\/uploads\/2024\/06\/DECORCE-ET-DECUME-Camille-Brasselet-4-768x1156.jpg 768w, https:\/\/www.pictofoundation.fr\/wp-content\/uploads\/2024\/06\/DECORCE-ET-DECUME-Camille-Brasselet-4-1021x1536.jpg 1021w, https:\/\/www.pictofoundation.fr\/wp-content\/uploads\/2024\/06\/DECORCE-ET-DECUME-Camille-Brasselet-4-500x752.jpg 500w, https:\/\/www.pictofoundation.fr\/wp-content\/uploads\/2024\/06\/DECORCE-ET-DECUME-Camille-Brasselet-4-800x1204.jpg 800w, https:\/\/www.pictofoundation.fr\/wp-content\/uploads\/2024\/06\/DECORCE-ET-DECUME-Camille-Brasselet-4.jpg 1329w\" data-sizes=\"auto\" loading=\"eager\">\n\t\t<div class=\"vp-portfolio__item-overlay\">\n\t\t\t\t\t<\/div>\n\n\t\t<\/a>\t<\/div>\n<\/div>\n\n<div class=\"vp-portfolio__item-overlay vp-portfolio__item-align-center\">\n\t<\/div>\t\t\t<\/figure>\n\t\t\t\t\t<\/div>\n\t\t\n\t\t<div\t\tclass=\"vp-portfolio__item-wrap vp-portfolio__item-uid-7e05d71b\" data-vp-filter=\"\" \t\t>\n\t\t\t<template class=\"vp-portfolio__item-popup\" data-vp-popup-img=\"https:\/\/www.pictofoundation.fr\/wp-content\/uploads\/2024\/06\/DECORCE-ET-DECUME-Camille-Brasselet-5.jpg\" data-vp-popup-img-srcset=\"https:\/\/www.pictofoundation.fr\/wp-content\/uploads\/2024\/06\/DECORCE-ET-DECUME-Camille-Brasselet-5.jpg 1333w, https:\/\/www.pictofoundation.fr\/wp-content\/uploads\/2024\/06\/DECORCE-ET-DECUME-Camille-Brasselet-5-200x300.jpg 200w, https:\/\/www.pictofoundation.fr\/wp-content\/uploads\/2024\/06\/DECORCE-ET-DECUME-Camille-Brasselet-5-682x1024.jpg 682w, https:\/\/www.pictofoundation.fr\/wp-content\/uploads\/2024\/06\/DECORCE-ET-DECUME-Camille-Brasselet-5-768x1152.jpg 768w, https:\/\/www.pictofoundation.fr\/wp-content\/uploads\/2024\/06\/DECORCE-ET-DECUME-Camille-Brasselet-5-1024x1536.jpg 1024w, https:\/\/www.pictofoundation.fr\/wp-content\/uploads\/2024\/06\/DECORCE-ET-DECUME-Camille-Brasselet-5-500x750.jpg 500w, https:\/\/www.pictofoundation.fr\/wp-content\/uploads\/2024\/06\/DECORCE-ET-DECUME-Camille-Brasselet-5-800x1200.jpg 800w, https:\/\/www.pictofoundation.fr\/wp-content\/uploads\/2024\/06\/DECORCE-ET-DECUME-Camille-Brasselet-5-1280x1920.jpg 1280w\" data-vp-popup-img-size=\"1333x2000\" data-vp-popup-md-img=\"https:\/\/www.pictofoundation.fr\/wp-content\/uploads\/2024\/06\/DECORCE-ET-DECUME-Camille-Brasselet-5-800x1200.jpg\" data-vp-popup-md-img-size=\"800x1200\" data-vp-popup-sm-img=\"https:\/\/www.pictofoundation.fr\/wp-content\/uploads\/2024\/06\/DECORCE-ET-DECUME-Camille-Brasselet-5-500x750.jpg\" data-vp-popup-sm-img-size=\"500x750\">\n\t\t\t<h3 class=\"vp-portfolio__item-popup-title\">D'Ecorce et d'\u00e9cume<\/h3>\n\t\t<\/template>\n\t\t\t\t\t\t<figure class=\"vp-portfolio__item\">\n\t\t\t\t\n<div class=\"vp-portfolio__item-img-wrap\">\n\t<div class=\"vp-portfolio__item-img\">\n\t\t\t<a\n\t\thref=\"https:\/\/www.pictofoundation.fr\/wp-content\/uploads\/2024\/06\/DECORCE-ET-DECUME-Camille-Brasselet-5.jpg\"\n\t\t\t>\n\t\n\t\t<noscript><img loading=\"lazy\" decoding=\"async\" width=\"1280\" height=\"1920\" data-skip-lazy src=\"https:\/\/www.pictofoundation.fr\/wp-content\/uploads\/2024\/06\/DECORCE-ET-DECUME-Camille-Brasselet-5-1280x1920.jpg\" class=\"wp-image-12313\" alt=\"\" srcset=\"https:\/\/www.pictofoundation.fr\/wp-content\/uploads\/2024\/06\/DECORCE-ET-DECUME-Camille-Brasselet-5-1280x1920.jpg 1280w, https:\/\/www.pictofoundation.fr\/wp-content\/uploads\/2024\/06\/DECORCE-ET-DECUME-Camille-Brasselet-5-200x300.jpg 200w, https:\/\/www.pictofoundation.fr\/wp-content\/uploads\/2024\/06\/DECORCE-ET-DECUME-Camille-Brasselet-5-682x1024.jpg 682w, https:\/\/www.pictofoundation.fr\/wp-content\/uploads\/2024\/06\/DECORCE-ET-DECUME-Camille-Brasselet-5-768x1152.jpg 768w, https:\/\/www.pictofoundation.fr\/wp-content\/uploads\/2024\/06\/DECORCE-ET-DECUME-Camille-Brasselet-5-1024x1536.jpg 1024w, https:\/\/www.pictofoundation.fr\/wp-content\/uploads\/2024\/06\/DECORCE-ET-DECUME-Camille-Brasselet-5-500x750.jpg 500w, https:\/\/www.pictofoundation.fr\/wp-content\/uploads\/2024\/06\/DECORCE-ET-DECUME-Camille-Brasselet-5-800x1200.jpg 800w, https:\/\/www.pictofoundation.fr\/wp-content\/uploads\/2024\/06\/DECORCE-ET-DECUME-Camille-Brasselet-5.jpg 1333w\" sizes=\"auto, (max-width: 1280px) 100vw, 1280px\" \/><\/noscript><img decoding=\"async\" width=\"1280\" height=\"1920\" src=\"https:\/\/www.pictofoundation.fr\/wp-content\/uploads\/2024\/06\/DECORCE-ET-DECUME-Camille-Brasselet-5-1280x1920.jpg\" class=\"wp-image-12313 vp-lazyload\" alt srcset=\"data:image\/svg+xml;base64,PHN2ZyB3aWR0aD0iMTI4MCIgaGVpZ2h0PSIxOTIwIiB2aWV3Qm94PSIwIDAgMTI4MCAxOTIwIiBmaWxsPSJub25lIiB4bWxucz0iaHR0cDovL3d3dy53My5vcmcvMjAwMC9zdmciPjwvc3ZnPg==\" data-src=\"https:\/\/www.pictofoundation.fr\/wp-content\/uploads\/2024\/06\/DECORCE-ET-DECUME-Camille-Brasselet-5-1280x1920.jpg\" data-srcset=\"https:\/\/www.pictofoundation.fr\/wp-content\/uploads\/2024\/06\/DECORCE-ET-DECUME-Camille-Brasselet-5-1280x1920.jpg 1280w, https:\/\/www.pictofoundation.fr\/wp-content\/uploads\/2024\/06\/DECORCE-ET-DECUME-Camille-Brasselet-5-200x300.jpg 200w, https:\/\/www.pictofoundation.fr\/wp-content\/uploads\/2024\/06\/DECORCE-ET-DECUME-Camille-Brasselet-5-682x1024.jpg 682w, https:\/\/www.pictofoundation.fr\/wp-content\/uploads\/2024\/06\/DECORCE-ET-DECUME-Camille-Brasselet-5-768x1152.jpg 768w, https:\/\/www.pictofoundation.fr\/wp-content\/uploads\/2024\/06\/DECORCE-ET-DECUME-Camille-Brasselet-5-1024x1536.jpg 1024w, https:\/\/www.pictofoundation.fr\/wp-content\/uploads\/2024\/06\/DECORCE-ET-DECUME-Camille-Brasselet-5-500x750.jpg 500w, https:\/\/www.pictofoundation.fr\/wp-content\/uploads\/2024\/06\/DECORCE-ET-DECUME-Camille-Brasselet-5-800x1200.jpg 800w, https:\/\/www.pictofoundation.fr\/wp-content\/uploads\/2024\/06\/DECORCE-ET-DECUME-Camille-Brasselet-5.jpg 1333w\" data-sizes=\"auto\" loading=\"eager\">\n\t\t<div class=\"vp-portfolio__item-overlay\">\n\t\t\t\t\t<\/div>\n\n\t\t<\/a>\t<\/div>\n<\/div>\n\n<div class=\"vp-portfolio__item-overlay vp-portfolio__item-align-center\">\n\t<\/div>\t\t\t<\/figure>\n\t\t\t\t\t<\/div>\n\t\t\n\t\t<div\t\tclass=\"vp-portfolio__item-wrap vp-portfolio__item-uid-8a634296\" data-vp-filter=\"\" \t\t>\n\t\t\t<template class=\"vp-portfolio__item-popup\" data-vp-popup-img=\"https:\/\/www.pictofoundation.fr\/wp-content\/uploads\/2024\/06\/DECORCE-ET-DECUME-Camille-Brasselet-6.jpg\" data-vp-popup-img-srcset=\"https:\/\/www.pictofoundation.fr\/wp-content\/uploads\/2024\/06\/DECORCE-ET-DECUME-Camille-Brasselet-6.jpg 1329w, https:\/\/www.pictofoundation.fr\/wp-content\/uploads\/2024\/06\/DECORCE-ET-DECUME-Camille-Brasselet-6-199x300.jpg 199w, https:\/\/www.pictofoundation.fr\/wp-content\/uploads\/2024\/06\/DECORCE-ET-DECUME-Camille-Brasselet-6-680x1024.jpg 680w, https:\/\/www.pictofoundation.fr\/wp-content\/uploads\/2024\/06\/DECORCE-ET-DECUME-Camille-Brasselet-6-768x1156.jpg 768w, https:\/\/www.pictofoundation.fr\/wp-content\/uploads\/2024\/06\/DECORCE-ET-DECUME-Camille-Brasselet-6-1021x1536.jpg 1021w, https:\/\/www.pictofoundation.fr\/wp-content\/uploads\/2024\/06\/DECORCE-ET-DECUME-Camille-Brasselet-6-500x752.jpg 500w, https:\/\/www.pictofoundation.fr\/wp-content\/uploads\/2024\/06\/DECORCE-ET-DECUME-Camille-Brasselet-6-800x1204.jpg 800w, https:\/\/www.pictofoundation.fr\/wp-content\/uploads\/2024\/06\/DECORCE-ET-DECUME-Camille-Brasselet-6-1280x1926.jpg 1280w\" data-vp-popup-img-size=\"1329x2000\" data-vp-popup-md-img=\"https:\/\/www.pictofoundation.fr\/wp-content\/uploads\/2024\/06\/DECORCE-ET-DECUME-Camille-Brasselet-6-800x1204.jpg\" data-vp-popup-md-img-size=\"800x1204\" data-vp-popup-sm-img=\"https:\/\/www.pictofoundation.fr\/wp-content\/uploads\/2024\/06\/DECORCE-ET-DECUME-Camille-Brasselet-6-500x752.jpg\" data-vp-popup-sm-img-size=\"500x752\">\n\t\t\t<h3 class=\"vp-portfolio__item-popup-title\">D'Ecorce et d'\u00e9cume<\/h3>\n\t\t<\/template>\n\t\t\t\t\t\t<figure class=\"vp-portfolio__item\">\n\t\t\t\t\n<div class=\"vp-portfolio__item-img-wrap\">\n\t<div class=\"vp-portfolio__item-img\">\n\t\t\t<a\n\t\thref=\"https:\/\/www.pictofoundation.fr\/wp-content\/uploads\/2024\/06\/DECORCE-ET-DECUME-Camille-Brasselet-6.jpg\"\n\t\t\t>\n\t\n\t\t<noscript><img loading=\"lazy\" decoding=\"async\" width=\"1280\" height=\"1926\" data-skip-lazy src=\"https:\/\/www.pictofoundation.fr\/wp-content\/uploads\/2024\/06\/DECORCE-ET-DECUME-Camille-Brasselet-6-1280x1926.jpg\" class=\"wp-image-12315\" alt=\"\" srcset=\"https:\/\/www.pictofoundation.fr\/wp-content\/uploads\/2024\/06\/DECORCE-ET-DECUME-Camille-Brasselet-6-1280x1926.jpg 1280w, https:\/\/www.pictofoundation.fr\/wp-content\/uploads\/2024\/06\/DECORCE-ET-DECUME-Camille-Brasselet-6-199x300.jpg 199w, https:\/\/www.pictofoundation.fr\/wp-content\/uploads\/2024\/06\/DECORCE-ET-DECUME-Camille-Brasselet-6-680x1024.jpg 680w, https:\/\/www.pictofoundation.fr\/wp-content\/uploads\/2024\/06\/DECORCE-ET-DECUME-Camille-Brasselet-6-768x1156.jpg 768w, https:\/\/www.pictofoundation.fr\/wp-content\/uploads\/2024\/06\/DECORCE-ET-DECUME-Camille-Brasselet-6-1021x1536.jpg 1021w, https:\/\/www.pictofoundation.fr\/wp-content\/uploads\/2024\/06\/DECORCE-ET-DECUME-Camille-Brasselet-6-500x752.jpg 500w, https:\/\/www.pictofoundation.fr\/wp-content\/uploads\/2024\/06\/DECORCE-ET-DECUME-Camille-Brasselet-6-800x1204.jpg 800w, https:\/\/www.pictofoundation.fr\/wp-content\/uploads\/2024\/06\/DECORCE-ET-DECUME-Camille-Brasselet-6.jpg 1329w\" sizes=\"auto, (max-width: 1280px) 100vw, 1280px\" \/><\/noscript><img decoding=\"async\" width=\"1280\" height=\"1926\" src=\"https:\/\/www.pictofoundation.fr\/wp-content\/uploads\/2024\/06\/DECORCE-ET-DECUME-Camille-Brasselet-6-1280x1926.jpg\" class=\"wp-image-12315 vp-lazyload\" alt srcset=\"data:image\/svg+xml;base64,PHN2ZyB3aWR0aD0iMTI4MCIgaGVpZ2h0PSIxOTI2IiB2aWV3Qm94PSIwIDAgMTI4MCAxOTI2IiBmaWxsPSJub25lIiB4bWxucz0iaHR0cDovL3d3dy53My5vcmcvMjAwMC9zdmciPjwvc3ZnPg==\" data-src=\"https:\/\/www.pictofoundation.fr\/wp-content\/uploads\/2024\/06\/DECORCE-ET-DECUME-Camille-Brasselet-6-1280x1926.jpg\" data-srcset=\"https:\/\/www.pictofoundation.fr\/wp-content\/uploads\/2024\/06\/DECORCE-ET-DECUME-Camille-Brasselet-6-1280x1926.jpg 1280w, https:\/\/www.pictofoundation.fr\/wp-content\/uploads\/2024\/06\/DECORCE-ET-DECUME-Camille-Brasselet-6-199x300.jpg 199w, https:\/\/www.pictofoundation.fr\/wp-content\/uploads\/2024\/06\/DECORCE-ET-DECUME-Camille-Brasselet-6-680x1024.jpg 680w, https:\/\/www.pictofoundation.fr\/wp-content\/uploads\/2024\/06\/DECORCE-ET-DECUME-Camille-Brasselet-6-768x1156.jpg 768w, https:\/\/www.pictofoundation.fr\/wp-content\/uploads\/2024\/06\/DECORCE-ET-DECUME-Camille-Brasselet-6-1021x1536.jpg 1021w, https:\/\/www.pictofoundation.fr\/wp-content\/uploads\/2024\/06\/DECORCE-ET-DECUME-Camille-Brasselet-6-500x752.jpg 500w, https:\/\/www.pictofoundation.fr\/wp-content\/uploads\/2024\/06\/DECORCE-ET-DECUME-Camille-Brasselet-6-800x1204.jpg 800w, https:\/\/www.pictofoundation.fr\/wp-content\/uploads\/2024\/06\/DECORCE-ET-DECUME-Camille-Brasselet-6.jpg 1329w\" data-sizes=\"auto\" loading=\"eager\">\n\t\t<div class=\"vp-portfolio__item-overlay\">\n\t\t\t\t\t<\/div>\n\n\t\t<\/a>\t<\/div>\n<\/div>\n\n<div class=\"vp-portfolio__item-overlay vp-portfolio__item-align-center\">\n\t<\/div>\t\t\t<\/figure>\n\t\t\t\t\t<\/div>\n\t\t\n\t\t<div\t\tclass=\"vp-portfolio__item-wrap vp-portfolio__item-uid-af31f01f\" data-vp-filter=\"\" \t\t>\n\t\t\t<template class=\"vp-portfolio__item-popup\" data-vp-popup-img=\"https:\/\/www.pictofoundation.fr\/wp-content\/uploads\/2024\/06\/DECORCE-ET-DECUME-Camille-Brasselet-7.jpg\" data-vp-popup-img-srcset=\"https:\/\/www.pictofoundation.fr\/wp-content\/uploads\/2024\/06\/DECORCE-ET-DECUME-Camille-Brasselet-7.jpg 1329w, https:\/\/www.pictofoundation.fr\/wp-content\/uploads\/2024\/06\/DECORCE-ET-DECUME-Camille-Brasselet-7-199x300.jpg 199w, https:\/\/www.pictofoundation.fr\/wp-content\/uploads\/2024\/06\/DECORCE-ET-DECUME-Camille-Brasselet-7-680x1024.jpg 680w, https:\/\/www.pictofoundation.fr\/wp-content\/uploads\/2024\/06\/DECORCE-ET-DECUME-Camille-Brasselet-7-768x1156.jpg 768w, https:\/\/www.pictofoundation.fr\/wp-content\/uploads\/2024\/06\/DECORCE-ET-DECUME-Camille-Brasselet-7-1021x1536.jpg 1021w, https:\/\/www.pictofoundation.fr\/wp-content\/uploads\/2024\/06\/DECORCE-ET-DECUME-Camille-Brasselet-7-500x752.jpg 500w, https:\/\/www.pictofoundation.fr\/wp-content\/uploads\/2024\/06\/DECORCE-ET-DECUME-Camille-Brasselet-7-800x1204.jpg 800w, https:\/\/www.pictofoundation.fr\/wp-content\/uploads\/2024\/06\/DECORCE-ET-DECUME-Camille-Brasselet-7-1280x1926.jpg 1280w\" data-vp-popup-img-size=\"1329x2000\" data-vp-popup-md-img=\"https:\/\/www.pictofoundation.fr\/wp-content\/uploads\/2024\/06\/DECORCE-ET-DECUME-Camille-Brasselet-7-800x1204.jpg\" data-vp-popup-md-img-size=\"800x1204\" data-vp-popup-sm-img=\"https:\/\/www.pictofoundation.fr\/wp-content\/uploads\/2024\/06\/DECORCE-ET-DECUME-Camille-Brasselet-7-500x752.jpg\" data-vp-popup-sm-img-size=\"500x752\">\n\t\t\t<h3 class=\"vp-portfolio__item-popup-title\">D'Ecorce et d'\u00e9cume<\/h3>\n\t\t<\/template>\n\t\t\t\t\t\t<figure class=\"vp-portfolio__item\">\n\t\t\t\t\n<div class=\"vp-portfolio__item-img-wrap\">\n\t<div class=\"vp-portfolio__item-img\">\n\t\t\t<a\n\t\thref=\"https:\/\/www.pictofoundation.fr\/wp-content\/uploads\/2024\/06\/DECORCE-ET-DECUME-Camille-Brasselet-7.jpg\"\n\t\t\t>\n\t\n\t\t<noscript><img loading=\"lazy\" decoding=\"async\" width=\"1280\" height=\"1926\" data-skip-lazy src=\"https:\/\/www.pictofoundation.fr\/wp-content\/uploads\/2024\/06\/DECORCE-ET-DECUME-Camille-Brasselet-7-1280x1926.jpg\" class=\"wp-image-12317\" alt=\"\" srcset=\"https:\/\/www.pictofoundation.fr\/wp-content\/uploads\/2024\/06\/DECORCE-ET-DECUME-Camille-Brasselet-7-1280x1926.jpg 1280w, https:\/\/www.pictofoundation.fr\/wp-content\/uploads\/2024\/06\/DECORCE-ET-DECUME-Camille-Brasselet-7-199x300.jpg 199w, https:\/\/www.pictofoundation.fr\/wp-content\/uploads\/2024\/06\/DECORCE-ET-DECUME-Camille-Brasselet-7-680x1024.jpg 680w, https:\/\/www.pictofoundation.fr\/wp-content\/uploads\/2024\/06\/DECORCE-ET-DECUME-Camille-Brasselet-7-768x1156.jpg 768w, https:\/\/www.pictofoundation.fr\/wp-content\/uploads\/2024\/06\/DECORCE-ET-DECUME-Camille-Brasselet-7-1021x1536.jpg 1021w, https:\/\/www.pictofoundation.fr\/wp-content\/uploads\/2024\/06\/DECORCE-ET-DECUME-Camille-Brasselet-7-500x752.jpg 500w, https:\/\/www.pictofoundation.fr\/wp-content\/uploads\/2024\/06\/DECORCE-ET-DECUME-Camille-Brasselet-7-800x1204.jpg 800w, https:\/\/www.pictofoundation.fr\/wp-content\/uploads\/2024\/06\/DECORCE-ET-DECUME-Camille-Brasselet-7.jpg 1329w\" sizes=\"auto, (max-width: 1280px) 100vw, 1280px\" \/><\/noscript><img decoding=\"async\" width=\"1280\" height=\"1926\" src=\"https:\/\/www.pictofoundation.fr\/wp-content\/uploads\/2024\/06\/DECORCE-ET-DECUME-Camille-Brasselet-7-1280x1926.jpg\" class=\"wp-image-12317 vp-lazyload\" alt srcset=\"data:image\/svg+xml;base64,PHN2ZyB3aWR0aD0iMTI4MCIgaGVpZ2h0PSIxOTI2IiB2aWV3Qm94PSIwIDAgMTI4MCAxOTI2IiBmaWxsPSJub25lIiB4bWxucz0iaHR0cDovL3d3dy53My5vcmcvMjAwMC9zdmciPjwvc3ZnPg==\" data-src=\"https:\/\/www.pictofoundation.fr\/wp-content\/uploads\/2024\/06\/DECORCE-ET-DECUME-Camille-Brasselet-7-1280x1926.jpg\" data-srcset=\"https:\/\/www.pictofoundation.fr\/wp-content\/uploads\/2024\/06\/DECORCE-ET-DECUME-Camille-Brasselet-7-1280x1926.jpg 1280w, https:\/\/www.pictofoundation.fr\/wp-content\/uploads\/2024\/06\/DECORCE-ET-DECUME-Camille-Brasselet-7-199x300.jpg 199w, https:\/\/www.pictofoundation.fr\/wp-content\/uploads\/2024\/06\/DECORCE-ET-DECUME-Camille-Brasselet-7-680x1024.jpg 680w, https:\/\/www.pictofoundation.fr\/wp-content\/uploads\/2024\/06\/DECORCE-ET-DECUME-Camille-Brasselet-7-768x1156.jpg 768w, https:\/\/www.pictofoundation.fr\/wp-content\/uploads\/2024\/06\/DECORCE-ET-DECUME-Camille-Brasselet-7-1021x1536.jpg 1021w, https:\/\/www.pictofoundation.fr\/wp-content\/uploads\/2024\/06\/DECORCE-ET-DECUME-Camille-Brasselet-7-500x752.jpg 500w, https:\/\/www.pictofoundation.fr\/wp-content\/uploads\/2024\/06\/DECORCE-ET-DECUME-Camille-Brasselet-7-800x1204.jpg 800w, https:\/\/www.pictofoundation.fr\/wp-content\/uploads\/2024\/06\/DECORCE-ET-DECUME-Camille-Brasselet-7.jpg 1329w\" data-sizes=\"auto\" loading=\"eager\">\n\t\t<div class=\"vp-portfolio__item-overlay\">\n\t\t\t\t\t<\/div>\n\n\t\t<\/a>\t<\/div>\n<\/div>\n\n<div class=\"vp-portfolio__item-overlay vp-portfolio__item-align-center\">\n\t<\/div>\t\t\t<\/figure>\n\t\t\t\t\t<\/div>\n\t\t\n\t\t<div\t\tclass=\"vp-portfolio__item-wrap vp-portfolio__item-uid-ce1dafb6\" data-vp-filter=\"\" \t\t>\n\t\t\t<template class=\"vp-portfolio__item-popup\" data-vp-popup-img=\"https:\/\/www.pictofoundation.fr\/wp-content\/uploads\/2024\/06\/DECORCE-ET-DECUME-Camille-Brasselet-8.jpg\" data-vp-popup-img-srcset=\"https:\/\/www.pictofoundation.fr\/wp-content\/uploads\/2024\/06\/DECORCE-ET-DECUME-Camille-Brasselet-8.jpg 1329w, https:\/\/www.pictofoundation.fr\/wp-content\/uploads\/2024\/06\/DECORCE-ET-DECUME-Camille-Brasselet-8-199x300.jpg 199w, https:\/\/www.pictofoundation.fr\/wp-content\/uploads\/2024\/06\/DECORCE-ET-DECUME-Camille-Brasselet-8-680x1024.jpg 680w, https:\/\/www.pictofoundation.fr\/wp-content\/uploads\/2024\/06\/DECORCE-ET-DECUME-Camille-Brasselet-8-768x1156.jpg 768w, https:\/\/www.pictofoundation.fr\/wp-content\/uploads\/2024\/06\/DECORCE-ET-DECUME-Camille-Brasselet-8-1021x1536.jpg 1021w, https:\/\/www.pictofoundation.fr\/wp-content\/uploads\/2024\/06\/DECORCE-ET-DECUME-Camille-Brasselet-8-500x752.jpg 500w, https:\/\/www.pictofoundation.fr\/wp-content\/uploads\/2024\/06\/DECORCE-ET-DECUME-Camille-Brasselet-8-800x1204.jpg 800w, https:\/\/www.pictofoundation.fr\/wp-content\/uploads\/2024\/06\/DECORCE-ET-DECUME-Camille-Brasselet-8-1280x1926.jpg 1280w\" data-vp-popup-img-size=\"1329x2000\" data-vp-popup-md-img=\"https:\/\/www.pictofoundation.fr\/wp-content\/uploads\/2024\/06\/DECORCE-ET-DECUME-Camille-Brasselet-8-800x1204.jpg\" data-vp-popup-md-img-size=\"800x1204\" data-vp-popup-sm-img=\"https:\/\/www.pictofoundation.fr\/wp-content\/uploads\/2024\/06\/DECORCE-ET-DECUME-Camille-Brasselet-8-500x752.jpg\" data-vp-popup-sm-img-size=\"500x752\">\n\t\t\t<h3 class=\"vp-portfolio__item-popup-title\">D'Ecorce et d'\u00e9cume<\/h3>\n\t\t<\/template>\n\t\t\t\t\t\t<figure class=\"vp-portfolio__item\">\n\t\t\t\t\n<div class=\"vp-portfolio__item-img-wrap\">\n\t<div class=\"vp-portfolio__item-img\">\n\t\t\t<a\n\t\thref=\"https:\/\/www.pictofoundation.fr\/wp-content\/uploads\/2024\/06\/DECORCE-ET-DECUME-Camille-Brasselet-8.jpg\"\n\t\t\t>\n\t\n\t\t<noscript><img loading=\"lazy\" decoding=\"async\" width=\"1280\" height=\"1926\" data-skip-lazy src=\"https:\/\/www.pictofoundation.fr\/wp-content\/uploads\/2024\/06\/DECORCE-ET-DECUME-Camille-Brasselet-8-1280x1926.jpg\" class=\"wp-image-12319\" alt=\"\" srcset=\"https:\/\/www.pictofoundation.fr\/wp-content\/uploads\/2024\/06\/DECORCE-ET-DECUME-Camille-Brasselet-8-1280x1926.jpg 1280w, https:\/\/www.pictofoundation.fr\/wp-content\/uploads\/2024\/06\/DECORCE-ET-DECUME-Camille-Brasselet-8-199x300.jpg 199w, https:\/\/www.pictofoundation.fr\/wp-content\/uploads\/2024\/06\/DECORCE-ET-DECUME-Camille-Brasselet-8-680x1024.jpg 680w, https:\/\/www.pictofoundation.fr\/wp-content\/uploads\/2024\/06\/DECORCE-ET-DECUME-Camille-Brasselet-8-768x1156.jpg 768w, https:\/\/www.pictofoundation.fr\/wp-content\/uploads\/2024\/06\/DECORCE-ET-DECUME-Camille-Brasselet-8-1021x1536.jpg 1021w, https:\/\/www.pictofoundation.fr\/wp-content\/uploads\/2024\/06\/DECORCE-ET-DECUME-Camille-Brasselet-8-500x752.jpg 500w, https:\/\/www.pictofoundation.fr\/wp-content\/uploads\/2024\/06\/DECORCE-ET-DECUME-Camille-Brasselet-8-800x1204.jpg 800w, https:\/\/www.pictofoundation.fr\/wp-content\/uploads\/2024\/06\/DECORCE-ET-DECUME-Camille-Brasselet-8.jpg 1329w\" sizes=\"auto, (max-width: 1280px) 100vw, 1280px\" \/><\/noscript><img decoding=\"async\" width=\"1280\" height=\"1926\" src=\"https:\/\/www.pictofoundation.fr\/wp-content\/uploads\/2024\/06\/DECORCE-ET-DECUME-Camille-Brasselet-8-1280x1926.jpg\" class=\"wp-image-12319 vp-lazyload\" alt srcset=\"data:image\/svg+xml;base64,PHN2ZyB3aWR0aD0iMTI4MCIgaGVpZ2h0PSIxOTI2IiB2aWV3Qm94PSIwIDAgMTI4MCAxOTI2IiBmaWxsPSJub25lIiB4bWxucz0iaHR0cDovL3d3dy53My5vcmcvMjAwMC9zdmciPjwvc3ZnPg==\" data-src=\"https:\/\/www.pictofoundation.fr\/wp-content\/uploads\/2024\/06\/DECORCE-ET-DECUME-Camille-Brasselet-8-1280x1926.jpg\" data-srcset=\"https:\/\/www.pictofoundation.fr\/wp-content\/uploads\/2024\/06\/DECORCE-ET-DECUME-Camille-Brasselet-8-1280x1926.jpg 1280w, https:\/\/www.pictofoundation.fr\/wp-content\/uploads\/2024\/06\/DECORCE-ET-DECUME-Camille-Brasselet-8-199x300.jpg 199w, https:\/\/www.pictofoundation.fr\/wp-content\/uploads\/2024\/06\/DECORCE-ET-DECUME-Camille-Brasselet-8-680x1024.jpg 680w, https:\/\/www.pictofoundation.fr\/wp-content\/uploads\/2024\/06\/DECORCE-ET-DECUME-Camille-Brasselet-8-768x1156.jpg 768w, https:\/\/www.pictofoundation.fr\/wp-content\/uploads\/2024\/06\/DECORCE-ET-DECUME-Camille-Brasselet-8-1021x1536.jpg 1021w, https:\/\/www.pictofoundation.fr\/wp-content\/uploads\/2024\/06\/DECORCE-ET-DECUME-Camille-Brasselet-8-500x752.jpg 500w, https:\/\/www.pictofoundation.fr\/wp-content\/uploads\/2024\/06\/DECORCE-ET-DECUME-Camille-Brasselet-8-800x1204.jpg 800w, https:\/\/www.pictofoundation.fr\/wp-content\/uploads\/2024\/06\/DECORCE-ET-DECUME-Camille-Brasselet-8.jpg 1329w\" data-sizes=\"auto\" loading=\"eager\">\n\t\t<div class=\"vp-portfolio__item-overlay\">\n\t\t\t\t\t<\/div>\n\n\t\t<\/a>\t<\/div>\n<\/div>\n\n<div class=\"vp-portfolio__item-overlay vp-portfolio__item-align-center\">\n\t<\/div>\t\t\t<\/figure>\n\t\t\t\t\t<\/div>\n\t\t\n\t\t<div\t\tclass=\"vp-portfolio__item-wrap vp-portfolio__item-uid-20b7a7e2\" data-vp-filter=\"\" \t\t>\n\t\t\t<template class=\"vp-portfolio__item-popup\" data-vp-popup-img=\"https:\/\/www.pictofoundation.fr\/wp-content\/uploads\/2024\/06\/DECORCE-ET-DECUME-Camille-Brasselet-9.jpg\" data-vp-popup-img-srcset=\"https:\/\/www.pictofoundation.fr\/wp-content\/uploads\/2024\/06\/DECORCE-ET-DECUME-Camille-Brasselet-9.jpg 1329w, https:\/\/www.pictofoundation.fr\/wp-content\/uploads\/2024\/06\/DECORCE-ET-DECUME-Camille-Brasselet-9-199x300.jpg 199w, https:\/\/www.pictofoundation.fr\/wp-content\/uploads\/2024\/06\/DECORCE-ET-DECUME-Camille-Brasselet-9-680x1024.jpg 680w, https:\/\/www.pictofoundation.fr\/wp-content\/uploads\/2024\/06\/DECORCE-ET-DECUME-Camille-Brasselet-9-768x1156.jpg 768w, https:\/\/www.pictofoundation.fr\/wp-content\/uploads\/2024\/06\/DECORCE-ET-DECUME-Camille-Brasselet-9-1021x1536.jpg 1021w, https:\/\/www.pictofoundation.fr\/wp-content\/uploads\/2024\/06\/DECORCE-ET-DECUME-Camille-Brasselet-9-500x752.jpg 500w, https:\/\/www.pictofoundation.fr\/wp-content\/uploads\/2024\/06\/DECORCE-ET-DECUME-Camille-Brasselet-9-800x1204.jpg 800w, https:\/\/www.pictofoundation.fr\/wp-content\/uploads\/2024\/06\/DECORCE-ET-DECUME-Camille-Brasselet-9-1280x1926.jpg 1280w\" data-vp-popup-img-size=\"1329x2000\" data-vp-popup-md-img=\"https:\/\/www.pictofoundation.fr\/wp-content\/uploads\/2024\/06\/DECORCE-ET-DECUME-Camille-Brasselet-9-800x1204.jpg\" data-vp-popup-md-img-size=\"800x1204\" data-vp-popup-sm-img=\"https:\/\/www.pictofoundation.fr\/wp-content\/uploads\/2024\/06\/DECORCE-ET-DECUME-Camille-Brasselet-9-500x752.jpg\" data-vp-popup-sm-img-size=\"500x752\">\n\t\t\t<h3 class=\"vp-portfolio__item-popup-title\">D'Ecorce et d'\u00e9cume<\/h3>\n\t\t<\/template>\n\t\t\t\t\t\t<figure class=\"vp-portfolio__item\">\n\t\t\t\t\n<div class=\"vp-portfolio__item-img-wrap\">\n\t<div class=\"vp-portfolio__item-img\">\n\t\t\t<a\n\t\thref=\"https:\/\/www.pictofoundation.fr\/wp-content\/uploads\/2024\/06\/DECORCE-ET-DECUME-Camille-Brasselet-9.jpg\"\n\t\t\t>\n\t\n\t\t<noscript><img loading=\"lazy\" decoding=\"async\" width=\"1280\" height=\"1926\" data-skip-lazy src=\"https:\/\/www.pictofoundation.fr\/wp-content\/uploads\/2024\/06\/DECORCE-ET-DECUME-Camille-Brasselet-9-1280x1926.jpg\" class=\"wp-image-12321\" alt=\"\" srcset=\"https:\/\/www.pictofoundation.fr\/wp-content\/uploads\/2024\/06\/DECORCE-ET-DECUME-Camille-Brasselet-9-1280x1926.jpg 1280w, https:\/\/www.pictofoundation.fr\/wp-content\/uploads\/2024\/06\/DECORCE-ET-DECUME-Camille-Brasselet-9-199x300.jpg 199w, https:\/\/www.pictofoundation.fr\/wp-content\/uploads\/2024\/06\/DECORCE-ET-DECUME-Camille-Brasselet-9-680x1024.jpg 680w, https:\/\/www.pictofoundation.fr\/wp-content\/uploads\/2024\/06\/DECORCE-ET-DECUME-Camille-Brasselet-9-768x1156.jpg 768w, https:\/\/www.pictofoundation.fr\/wp-content\/uploads\/2024\/06\/DECORCE-ET-DECUME-Camille-Brasselet-9-1021x1536.jpg 1021w, https:\/\/www.pictofoundation.fr\/wp-content\/uploads\/2024\/06\/DECORCE-ET-DECUME-Camille-Brasselet-9-500x752.jpg 500w, https:\/\/www.pictofoundation.fr\/wp-content\/uploads\/2024\/06\/DECORCE-ET-DECUME-Camille-Brasselet-9-800x1204.jpg 800w, https:\/\/www.pictofoundation.fr\/wp-content\/uploads\/2024\/06\/DECORCE-ET-DECUME-Camille-Brasselet-9.jpg 1329w\" sizes=\"auto, (max-width: 1280px) 100vw, 1280px\" \/><\/noscript><img decoding=\"async\" width=\"1280\" height=\"1926\" src=\"https:\/\/www.pictofoundation.fr\/wp-content\/uploads\/2024\/06\/DECORCE-ET-DECUME-Camille-Brasselet-9-1280x1926.jpg\" class=\"wp-image-12321 vp-lazyload\" alt srcset=\"data:image\/svg+xml;base64,PHN2ZyB3aWR0aD0iMTI4MCIgaGVpZ2h0PSIxOTI2IiB2aWV3Qm94PSIwIDAgMTI4MCAxOTI2IiBmaWxsPSJub25lIiB4bWxucz0iaHR0cDovL3d3dy53My5vcmcvMjAwMC9zdmciPjwvc3ZnPg==\" data-src=\"https:\/\/www.pictofoundation.fr\/wp-content\/uploads\/2024\/06\/DECORCE-ET-DECUME-Camille-Brasselet-9-1280x1926.jpg\" data-srcset=\"https:\/\/www.pictofoundation.fr\/wp-content\/uploads\/2024\/06\/DECORCE-ET-DECUME-Camille-Brasselet-9-1280x1926.jpg 1280w, https:\/\/www.pictofoundation.fr\/wp-content\/uploads\/2024\/06\/DECORCE-ET-DECUME-Camille-Brasselet-9-199x300.jpg 199w, https:\/\/www.pictofoundation.fr\/wp-content\/uploads\/2024\/06\/DECORCE-ET-DECUME-Camille-Brasselet-9-680x1024.jpg 680w, https:\/\/www.pictofoundation.fr\/wp-content\/uploads\/2024\/06\/DECORCE-ET-DECUME-Camille-Brasselet-9-768x1156.jpg 768w, https:\/\/www.pictofoundation.fr\/wp-content\/uploads\/2024\/06\/DECORCE-ET-DECUME-Camille-Brasselet-9-1021x1536.jpg 1021w, https:\/\/www.pictofoundation.fr\/wp-content\/uploads\/2024\/06\/DECORCE-ET-DECUME-Camille-Brasselet-9-500x752.jpg 500w, https:\/\/www.pictofoundation.fr\/wp-content\/uploads\/2024\/06\/DECORCE-ET-DECUME-Camille-Brasselet-9-800x1204.jpg 800w, https:\/\/www.pictofoundation.fr\/wp-content\/uploads\/2024\/06\/DECORCE-ET-DECUME-Camille-Brasselet-9.jpg 1329w\" data-sizes=\"auto\" loading=\"eager\">\n\t\t<div class=\"vp-portfolio__item-overlay\">\n\t\t\t\t\t<\/div>\n\n\t\t<\/a>\t<\/div>\n<\/div>\n\n<div class=\"vp-portfolio__item-overlay vp-portfolio__item-align-center\">\n\t<\/div>\t\t\t<\/figure>\n\t\t\t\t\t<\/div>\n\t\t\n\t\t<div\t\tclass=\"vp-portfolio__item-wrap vp-portfolio__item-uid-3fef741b\" data-vp-filter=\"\" \t\t>\n\t\t\t<template class=\"vp-portfolio__item-popup\" data-vp-popup-img=\"https:\/\/www.pictofoundation.fr\/wp-content\/uploads\/2024\/06\/DECORCE-ET-DECUME-Camille-Brasselet-10.jpg\" data-vp-popup-img-srcset=\"https:\/\/www.pictofoundation.fr\/wp-content\/uploads\/2024\/06\/DECORCE-ET-DECUME-Camille-Brasselet-10.jpg 1329w, https:\/\/www.pictofoundation.fr\/wp-content\/uploads\/2024\/06\/DECORCE-ET-DECUME-Camille-Brasselet-10-199x300.jpg 199w, https:\/\/www.pictofoundation.fr\/wp-content\/uploads\/2024\/06\/DECORCE-ET-DECUME-Camille-Brasselet-10-680x1024.jpg 680w, https:\/\/www.pictofoundation.fr\/wp-content\/uploads\/2024\/06\/DECORCE-ET-DECUME-Camille-Brasselet-10-768x1156.jpg 768w, https:\/\/www.pictofoundation.fr\/wp-content\/uploads\/2024\/06\/DECORCE-ET-DECUME-Camille-Brasselet-10-1021x1536.jpg 1021w, https:\/\/www.pictofoundation.fr\/wp-content\/uploads\/2024\/06\/DECORCE-ET-DECUME-Camille-Brasselet-10-500x752.jpg 500w, https:\/\/www.pictofoundation.fr\/wp-content\/uploads\/2024\/06\/DECORCE-ET-DECUME-Camille-Brasselet-10-800x1204.jpg 800w, https:\/\/www.pictofoundation.fr\/wp-content\/uploads\/2024\/06\/DECORCE-ET-DECUME-Camille-Brasselet-10-1280x1926.jpg 1280w\" data-vp-popup-img-size=\"1329x2000\" data-vp-popup-md-img=\"https:\/\/www.pictofoundation.fr\/wp-content\/uploads\/2024\/06\/DECORCE-ET-DECUME-Camille-Brasselet-10-800x1204.jpg\" data-vp-popup-md-img-size=\"800x1204\" data-vp-popup-sm-img=\"https:\/\/www.pictofoundation.fr\/wp-content\/uploads\/2024\/06\/DECORCE-ET-DECUME-Camille-Brasselet-10-500x752.jpg\" data-vp-popup-sm-img-size=\"500x752\">\n\t\t\t<h3 class=\"vp-portfolio__item-popup-title\">D'Ecorce et d'\u00e9cume<\/h3>\n\t\t<\/template>\n\t\t\t\t\t\t<figure class=\"vp-portfolio__item\">\n\t\t\t\t\n<div class=\"vp-portfolio__item-img-wrap\">\n\t<div class=\"vp-portfolio__item-img\">\n\t\t\t<a\n\t\thref=\"https:\/\/www.pictofoundation.fr\/wp-content\/uploads\/2024\/06\/DECORCE-ET-DECUME-Camille-Brasselet-10.jpg\"\n\t\t\t>\n\t\n\t\t<noscript><img loading=\"lazy\" decoding=\"async\" width=\"1280\" height=\"1926\" data-skip-lazy src=\"https:\/\/www.pictofoundation.fr\/wp-content\/uploads\/2024\/06\/DECORCE-ET-DECUME-Camille-Brasselet-10-1280x1926.jpg\" class=\"wp-image-12323\" alt=\"\" srcset=\"https:\/\/www.pictofoundation.fr\/wp-content\/uploads\/2024\/06\/DECORCE-ET-DECUME-Camille-Brasselet-10-1280x1926.jpg 1280w, https:\/\/www.pictofoundation.fr\/wp-content\/uploads\/2024\/06\/DECORCE-ET-DECUME-Camille-Brasselet-10-199x300.jpg 199w, https:\/\/www.pictofoundation.fr\/wp-content\/uploads\/2024\/06\/DECORCE-ET-DECUME-Camille-Brasselet-10-680x1024.jpg 680w, https:\/\/www.pictofoundation.fr\/wp-content\/uploads\/2024\/06\/DECORCE-ET-DECUME-Camille-Brasselet-10-768x1156.jpg 768w, https:\/\/www.pictofoundation.fr\/wp-content\/uploads\/2024\/06\/DECORCE-ET-DECUME-Camille-Brasselet-10-1021x1536.jpg 1021w, https:\/\/www.pictofoundation.fr\/wp-content\/uploads\/2024\/06\/DECORCE-ET-DECUME-Camille-Brasselet-10-500x752.jpg 500w, https:\/\/www.pictofoundation.fr\/wp-content\/uploads\/2024\/06\/DECORCE-ET-DECUME-Camille-Brasselet-10-800x1204.jpg 800w, https:\/\/www.pictofoundation.fr\/wp-content\/uploads\/2024\/06\/DECORCE-ET-DECUME-Camille-Brasselet-10.jpg 1329w\" sizes=\"auto, (max-width: 1280px) 100vw, 1280px\" \/><\/noscript><img decoding=\"async\" width=\"1280\" height=\"1926\" src=\"https:\/\/www.pictofoundation.fr\/wp-content\/uploads\/2024\/06\/DECORCE-ET-DECUME-Camille-Brasselet-10-1280x1926.jpg\" class=\"wp-image-12323 vp-lazyload\" alt srcset=\"data:image\/svg+xml;base64,PHN2ZyB3aWR0aD0iMTI4MCIgaGVpZ2h0PSIxOTI2IiB2aWV3Qm94PSIwIDAgMTI4MCAxOTI2IiBmaWxsPSJub25lIiB4bWxucz0iaHR0cDovL3d3dy53My5vcmcvMjAwMC9zdmciPjwvc3ZnPg==\" data-src=\"https:\/\/www.pictofoundation.fr\/wp-content\/uploads\/2024\/06\/DECORCE-ET-DECUME-Camille-Brasselet-10-1280x1926.jpg\" data-srcset=\"https:\/\/www.pictofoundation.fr\/wp-content\/uploads\/2024\/06\/DECORCE-ET-DECUME-Camille-Brasselet-10-1280x1926.jpg 1280w, https:\/\/www.pictofoundation.fr\/wp-content\/uploads\/2024\/06\/DECORCE-ET-DECUME-Camille-Brasselet-10-199x300.jpg 199w, https:\/\/www.pictofoundation.fr\/wp-content\/uploads\/2024\/06\/DECORCE-ET-DECUME-Camille-Brasselet-10-680x1024.jpg 680w, https:\/\/www.pictofoundation.fr\/wp-content\/uploads\/2024\/06\/DECORCE-ET-DECUME-Camille-Brasselet-10-768x1156.jpg 768w, https:\/\/www.pictofoundation.fr\/wp-content\/uploads\/2024\/06\/DECORCE-ET-DECUME-Camille-Brasselet-10-1021x1536.jpg 1021w, https:\/\/www.pictofoundation.fr\/wp-content\/uploads\/2024\/06\/DECORCE-ET-DECUME-Camille-Brasselet-10-500x752.jpg 500w, https:\/\/www.pictofoundation.fr\/wp-content\/uploads\/2024\/06\/DECORCE-ET-DECUME-Camille-Brasselet-10-800x1204.jpg 800w, https:\/\/www.pictofoundation.fr\/wp-content\/uploads\/2024\/06\/DECORCE-ET-DECUME-Camille-Brasselet-10.jpg 1329w\" data-sizes=\"auto\" loading=\"eager\">\n\t\t<div class=\"vp-portfolio__item-overlay\">\n\t\t\t\t\t<\/div>\n\n\t\t<\/a>\t<\/div>\n<\/div>\n\n<div class=\"vp-portfolio__item-overlay vp-portfolio__item-align-center\">\n\t<\/div>\t\t\t<\/figure>\n\t\t\t\t\t<\/div>\n\t\t\n\t\t<div\t\tclass=\"vp-portfolio__item-wrap vp-portfolio__item-uid-1dd0028b\" data-vp-filter=\"\" \t\t>\n\t\t\t<template class=\"vp-portfolio__item-popup\" data-vp-popup-img=\"https:\/\/www.pictofoundation.fr\/wp-content\/uploads\/2024\/06\/DECORCE-ET-DECUME-Camille-Brasselet-11.jpg\" data-vp-popup-img-srcset=\"https:\/\/www.pictofoundation.fr\/wp-content\/uploads\/2024\/06\/DECORCE-ET-DECUME-Camille-Brasselet-11.jpg 1329w, https:\/\/www.pictofoundation.fr\/wp-content\/uploads\/2024\/06\/DECORCE-ET-DECUME-Camille-Brasselet-11-199x300.jpg 199w, https:\/\/www.pictofoundation.fr\/wp-content\/uploads\/2024\/06\/DECORCE-ET-DECUME-Camille-Brasselet-11-680x1024.jpg 680w, https:\/\/www.pictofoundation.fr\/wp-content\/uploads\/2024\/06\/DECORCE-ET-DECUME-Camille-Brasselet-11-768x1156.jpg 768w, https:\/\/www.pictofoundation.fr\/wp-content\/uploads\/2024\/06\/DECORCE-ET-DECUME-Camille-Brasselet-11-1021x1536.jpg 1021w, https:\/\/www.pictofoundation.fr\/wp-content\/uploads\/2024\/06\/DECORCE-ET-DECUME-Camille-Brasselet-11-500x752.jpg 500w, https:\/\/www.pictofoundation.fr\/wp-content\/uploads\/2024\/06\/DECORCE-ET-DECUME-Camille-Brasselet-11-800x1204.jpg 800w, https:\/\/www.pictofoundation.fr\/wp-content\/uploads\/2024\/06\/DECORCE-ET-DECUME-Camille-Brasselet-11-1280x1926.jpg 1280w\" data-vp-popup-img-size=\"1329x2000\" data-vp-popup-md-img=\"https:\/\/www.pictofoundation.fr\/wp-content\/uploads\/2024\/06\/DECORCE-ET-DECUME-Camille-Brasselet-11-800x1204.jpg\" data-vp-popup-md-img-size=\"800x1204\" data-vp-popup-sm-img=\"https:\/\/www.pictofoundation.fr\/wp-content\/uploads\/2024\/06\/DECORCE-ET-DECUME-Camille-Brasselet-11-500x752.jpg\" data-vp-popup-sm-img-size=\"500x752\">\n\t\t\t<h3 class=\"vp-portfolio__item-popup-title\">D'Ecorce et d'\u00e9cume<\/h3>\n\t\t<\/template>\n\t\t\t\t\t\t<figure class=\"vp-portfolio__item\">\n\t\t\t\t\n<div class=\"vp-portfolio__item-img-wrap\">\n\t<div class=\"vp-portfolio__item-img\">\n\t\t\t<a\n\t\thref=\"https:\/\/www.pictofoundation.fr\/wp-content\/uploads\/2024\/06\/DECORCE-ET-DECUME-Camille-Brasselet-11.jpg\"\n\t\t\t>\n\t\n\t\t<noscript><img loading=\"lazy\" decoding=\"async\" width=\"1280\" height=\"1926\" data-skip-lazy src=\"https:\/\/www.pictofoundation.fr\/wp-content\/uploads\/2024\/06\/DECORCE-ET-DECUME-Camille-Brasselet-11-1280x1926.jpg\" class=\"wp-image-12325\" alt=\"\" srcset=\"https:\/\/www.pictofoundation.fr\/wp-content\/uploads\/2024\/06\/DECORCE-ET-DECUME-Camille-Brasselet-11-1280x1926.jpg 1280w, https:\/\/www.pictofoundation.fr\/wp-content\/uploads\/2024\/06\/DECORCE-ET-DECUME-Camille-Brasselet-11-199x300.jpg 199w, https:\/\/www.pictofoundation.fr\/wp-content\/uploads\/2024\/06\/DECORCE-ET-DECUME-Camille-Brasselet-11-680x1024.jpg 680w, https:\/\/www.pictofoundation.fr\/wp-content\/uploads\/2024\/06\/DECORCE-ET-DECUME-Camille-Brasselet-11-768x1156.jpg 768w, https:\/\/www.pictofoundation.fr\/wp-content\/uploads\/2024\/06\/DECORCE-ET-DECUME-Camille-Brasselet-11-1021x1536.jpg 1021w, https:\/\/www.pictofoundation.fr\/wp-content\/uploads\/2024\/06\/DECORCE-ET-DECUME-Camille-Brasselet-11-500x752.jpg 500w, https:\/\/www.pictofoundation.fr\/wp-content\/uploads\/2024\/06\/DECORCE-ET-DECUME-Camille-Brasselet-11-800x1204.jpg 800w, https:\/\/www.pictofoundation.fr\/wp-content\/uploads\/2024\/06\/DECORCE-ET-DECUME-Camille-Brasselet-11.jpg 1329w\" sizes=\"auto, (max-width: 1280px) 100vw, 1280px\" \/><\/noscript><img decoding=\"async\" width=\"1280\" height=\"1926\" src=\"https:\/\/www.pictofoundation.fr\/wp-content\/uploads\/2024\/06\/DECORCE-ET-DECUME-Camille-Brasselet-11-1280x1926.jpg\" class=\"wp-image-12325 vp-lazyload\" alt srcset=\"data:image\/svg+xml;base64,PHN2ZyB3aWR0aD0iMTI4MCIgaGVpZ2h0PSIxOTI2IiB2aWV3Qm94PSIwIDAgMTI4MCAxOTI2IiBmaWxsPSJub25lIiB4bWxucz0iaHR0cDovL3d3dy53My5vcmcvMjAwMC9zdmciPjwvc3ZnPg==\" data-src=\"https:\/\/www.pictofoundation.fr\/wp-content\/uploads\/2024\/06\/DECORCE-ET-DECUME-Camille-Brasselet-11-1280x1926.jpg\" data-srcset=\"https:\/\/www.pictofoundation.fr\/wp-content\/uploads\/2024\/06\/DECORCE-ET-DECUME-Camille-Brasselet-11-1280x1926.jpg 1280w, https:\/\/www.pictofoundation.fr\/wp-content\/uploads\/2024\/06\/DECORCE-ET-DECUME-Camille-Brasselet-11-199x300.jpg 199w, https:\/\/www.pictofoundation.fr\/wp-content\/uploads\/2024\/06\/DECORCE-ET-DECUME-Camille-Brasselet-11-680x1024.jpg 680w, https:\/\/www.pictofoundation.fr\/wp-content\/uploads\/2024\/06\/DECORCE-ET-DECUME-Camille-Brasselet-11-768x1156.jpg 768w, https:\/\/www.pictofoundation.fr\/wp-content\/uploads\/2024\/06\/DECORCE-ET-DECUME-Camille-Brasselet-11-1021x1536.jpg 1021w, https:\/\/www.pictofoundation.fr\/wp-content\/uploads\/2024\/06\/DECORCE-ET-DECUME-Camille-Brasselet-11-500x752.jpg 500w, https:\/\/www.pictofoundation.fr\/wp-content\/uploads\/2024\/06\/DECORCE-ET-DECUME-Camille-Brasselet-11-800x1204.jpg 800w, https:\/\/www.pictofoundation.fr\/wp-content\/uploads\/2024\/06\/DECORCE-ET-DECUME-Camille-Brasselet-11.jpg 1329w\" data-sizes=\"auto\" loading=\"eager\">\n\t\t<div class=\"vp-portfolio__item-overlay\">\n\t\t\t\t\t<\/div>\n\n\t\t<\/a>\t<\/div>\n<\/div>\n\n<div class=\"vp-portfolio__item-overlay vp-portfolio__item-align-center\">\n\t<\/div>\t\t\t<\/figure>\n\t\t\t\t\t<\/div>\n\t\t\n\t\t<div\t\tclass=\"vp-portfolio__item-wrap vp-portfolio__item-uid-59e4bcaf\" data-vp-filter=\"\" \t\t>\n\t\t\t<template class=\"vp-portfolio__item-popup\" data-vp-popup-img=\"https:\/\/www.pictofoundation.fr\/wp-content\/uploads\/2024\/06\/DECORCE-ET-DECUME-Camille-Brasselet-12.jpg\" data-vp-popup-img-srcset=\"https:\/\/www.pictofoundation.fr\/wp-content\/uploads\/2024\/06\/DECORCE-ET-DECUME-Camille-Brasselet-12.jpg 1329w, https:\/\/www.pictofoundation.fr\/wp-content\/uploads\/2024\/06\/DECORCE-ET-DECUME-Camille-Brasselet-12-199x300.jpg 199w, https:\/\/www.pictofoundation.fr\/wp-content\/uploads\/2024\/06\/DECORCE-ET-DECUME-Camille-Brasselet-12-680x1024.jpg 680w, https:\/\/www.pictofoundation.fr\/wp-content\/uploads\/2024\/06\/DECORCE-ET-DECUME-Camille-Brasselet-12-768x1156.jpg 768w, https:\/\/www.pictofoundation.fr\/wp-content\/uploads\/2024\/06\/DECORCE-ET-DECUME-Camille-Brasselet-12-1021x1536.jpg 1021w, https:\/\/www.pictofoundation.fr\/wp-content\/uploads\/2024\/06\/DECORCE-ET-DECUME-Camille-Brasselet-12-500x752.jpg 500w, https:\/\/www.pictofoundation.fr\/wp-content\/uploads\/2024\/06\/DECORCE-ET-DECUME-Camille-Brasselet-12-800x1204.jpg 800w, https:\/\/www.pictofoundation.fr\/wp-content\/uploads\/2024\/06\/DECORCE-ET-DECUME-Camille-Brasselet-12-1280x1926.jpg 1280w\" data-vp-popup-img-size=\"1329x2000\" data-vp-popup-md-img=\"https:\/\/www.pictofoundation.fr\/wp-content\/uploads\/2024\/06\/DECORCE-ET-DECUME-Camille-Brasselet-12-800x1204.jpg\" data-vp-popup-md-img-size=\"800x1204\" data-vp-popup-sm-img=\"https:\/\/www.pictofoundation.fr\/wp-content\/uploads\/2024\/06\/DECORCE-ET-DECUME-Camille-Brasselet-12-500x752.jpg\" data-vp-popup-sm-img-size=\"500x752\">\n\t\t\t<h3 class=\"vp-portfolio__item-popup-title\">D'Ecorce et d'\u00e9cume<\/h3>\n\t\t<\/template>\n\t\t\t\t\t\t<figure class=\"vp-portfolio__item\">\n\t\t\t\t\n<div class=\"vp-portfolio__item-img-wrap\">\n\t<div class=\"vp-portfolio__item-img\">\n\t\t\t<a\n\t\thref=\"https:\/\/www.pictofoundation.fr\/wp-content\/uploads\/2024\/06\/DECORCE-ET-DECUME-Camille-Brasselet-12.jpg\"\n\t\t\t>\n\t\n\t\t<noscript><img loading=\"lazy\" decoding=\"async\" width=\"1280\" height=\"1926\" data-skip-lazy src=\"https:\/\/www.pictofoundation.fr\/wp-content\/uploads\/2024\/06\/DECORCE-ET-DECUME-Camille-Brasselet-12-1280x1926.jpg\" class=\"wp-image-12327\" alt=\"\" srcset=\"https:\/\/www.pictofoundation.fr\/wp-content\/uploads\/2024\/06\/DECORCE-ET-DECUME-Camille-Brasselet-12-1280x1926.jpg 1280w, https:\/\/www.pictofoundation.fr\/wp-content\/uploads\/2024\/06\/DECORCE-ET-DECUME-Camille-Brasselet-12-199x300.jpg 199w, https:\/\/www.pictofoundation.fr\/wp-content\/uploads\/2024\/06\/DECORCE-ET-DECUME-Camille-Brasselet-12-680x1024.jpg 680w, https:\/\/www.pictofoundation.fr\/wp-content\/uploads\/2024\/06\/DECORCE-ET-DECUME-Camille-Brasselet-12-768x1156.jpg 768w, https:\/\/www.pictofoundation.fr\/wp-content\/uploads\/2024\/06\/DECORCE-ET-DECUME-Camille-Brasselet-12-1021x1536.jpg 1021w, https:\/\/www.pictofoundation.fr\/wp-content\/uploads\/2024\/06\/DECORCE-ET-DECUME-Camille-Brasselet-12-500x752.jpg 500w, https:\/\/www.pictofoundation.fr\/wp-content\/uploads\/2024\/06\/DECORCE-ET-DECUME-Camille-Brasselet-12-800x1204.jpg 800w, https:\/\/www.pictofoundation.fr\/wp-content\/uploads\/2024\/06\/DECORCE-ET-DECUME-Camille-Brasselet-12.jpg 1329w\" sizes=\"auto, (max-width: 1280px) 100vw, 1280px\" \/><\/noscript><img decoding=\"async\" width=\"1280\" height=\"1926\" src=\"https:\/\/www.pictofoundation.fr\/wp-content\/uploads\/2024\/06\/DECORCE-ET-DECUME-Camille-Brasselet-12-1280x1926.jpg\" class=\"wp-image-12327 vp-lazyload\" alt srcset=\"data:image\/svg+xml;base64,PHN2ZyB3aWR0aD0iMTI4MCIgaGVpZ2h0PSIxOTI2IiB2aWV3Qm94PSIwIDAgMTI4MCAxOTI2IiBmaWxsPSJub25lIiB4bWxucz0iaHR0cDovL3d3dy53My5vcmcvMjAwMC9zdmciPjwvc3ZnPg==\" data-src=\"https:\/\/www.pictofoundation.fr\/wp-content\/uploads\/2024\/06\/DECORCE-ET-DECUME-Camille-Brasselet-12-1280x1926.jpg\" data-srcset=\"https:\/\/www.pictofoundation.fr\/wp-content\/uploads\/2024\/06\/DECORCE-ET-DECUME-Camille-Brasselet-12-1280x1926.jpg 1280w, https:\/\/www.pictofoundation.fr\/wp-content\/uploads\/2024\/06\/DECORCE-ET-DECUME-Camille-Brasselet-12-199x300.jpg 199w, https:\/\/www.pictofoundation.fr\/wp-content\/uploads\/2024\/06\/DECORCE-ET-DECUME-Camille-Brasselet-12-680x1024.jpg 680w, https:\/\/www.pictofoundation.fr\/wp-content\/uploads\/2024\/06\/DECORCE-ET-DECUME-Camille-Brasselet-12-768x1156.jpg 768w, https:\/\/www.pictofoundation.fr\/wp-content\/uploads\/2024\/06\/DECORCE-ET-DECUME-Camille-Brasselet-12-1021x1536.jpg 1021w, https:\/\/www.pictofoundation.fr\/wp-content\/uploads\/2024\/06\/DECORCE-ET-DECUME-Camille-Brasselet-12-500x752.jpg 500w, https:\/\/www.pictofoundation.fr\/wp-content\/uploads\/2024\/06\/DECORCE-ET-DECUME-Camille-Brasselet-12-800x1204.jpg 800w, https:\/\/www.pictofoundation.fr\/wp-content\/uploads\/2024\/06\/DECORCE-ET-DECUME-Camille-Brasselet-12.jpg 1329w\" data-sizes=\"auto\" loading=\"eager\">\n\t\t<div class=\"vp-portfolio__item-overlay\">\n\t\t\t\t\t<\/div>\n\n\t\t<\/a>\t<\/div>\n<\/div>\n\n<div class=\"vp-portfolio__item-overlay vp-portfolio__item-align-center\">\n\t<\/div>\t\t\t<\/figure>\n\t\t\t\t\t<\/div>\n\t\t\n\t\t<div\t\tclass=\"vp-portfolio__item-wrap vp-portfolio__item-uid-7500420d\" data-vp-filter=\"\" \t\t>\n\t\t\t<template class=\"vp-portfolio__item-popup\" data-vp-popup-img=\"https:\/\/www.pictofoundation.fr\/wp-content\/uploads\/2024\/06\/DECORCE-ET-DECUME-Camille-Brasselet-13.jpg\" data-vp-popup-img-srcset=\"https:\/\/www.pictofoundation.fr\/wp-content\/uploads\/2024\/06\/DECORCE-ET-DECUME-Camille-Brasselet-13.jpg 1329w, https:\/\/www.pictofoundation.fr\/wp-content\/uploads\/2024\/06\/DECORCE-ET-DECUME-Camille-Brasselet-13-199x300.jpg 199w, https:\/\/www.pictofoundation.fr\/wp-content\/uploads\/2024\/06\/DECORCE-ET-DECUME-Camille-Brasselet-13-680x1024.jpg 680w, https:\/\/www.pictofoundation.fr\/wp-content\/uploads\/2024\/06\/DECORCE-ET-DECUME-Camille-Brasselet-13-768x1156.jpg 768w, https:\/\/www.pictofoundation.fr\/wp-content\/uploads\/2024\/06\/DECORCE-ET-DECUME-Camille-Brasselet-13-1021x1536.jpg 1021w, https:\/\/www.pictofoundation.fr\/wp-content\/uploads\/2024\/06\/DECORCE-ET-DECUME-Camille-Brasselet-13-500x752.jpg 500w, https:\/\/www.pictofoundation.fr\/wp-content\/uploads\/2024\/06\/DECORCE-ET-DECUME-Camille-Brasselet-13-800x1204.jpg 800w, https:\/\/www.pictofoundation.fr\/wp-content\/uploads\/2024\/06\/DECORCE-ET-DECUME-Camille-Brasselet-13-1280x1926.jpg 1280w\" data-vp-popup-img-size=\"1329x2000\" data-vp-popup-md-img=\"https:\/\/www.pictofoundation.fr\/wp-content\/uploads\/2024\/06\/DECORCE-ET-DECUME-Camille-Brasselet-13-800x1204.jpg\" data-vp-popup-md-img-size=\"800x1204\" data-vp-popup-sm-img=\"https:\/\/www.pictofoundation.fr\/wp-content\/uploads\/2024\/06\/DECORCE-ET-DECUME-Camille-Brasselet-13-500x752.jpg\" data-vp-popup-sm-img-size=\"500x752\">\n\t\t\t<h3 class=\"vp-portfolio__item-popup-title\">D'Ecorce et d'\u00e9cume<\/h3>\n\t\t<\/template>\n\t\t\t\t\t\t<figure class=\"vp-portfolio__item\">\n\t\t\t\t\n<div class=\"vp-portfolio__item-img-wrap\">\n\t<div class=\"vp-portfolio__item-img\">\n\t\t\t<a\n\t\thref=\"https:\/\/www.pictofoundation.fr\/wp-content\/uploads\/2024\/06\/DECORCE-ET-DECUME-Camille-Brasselet-13.jpg\"\n\t\t\t>\n\t\n\t\t<noscript><img loading=\"lazy\" decoding=\"async\" width=\"1280\" height=\"1926\" data-skip-lazy src=\"https:\/\/www.pictofoundation.fr\/wp-content\/uploads\/2024\/06\/DECORCE-ET-DECUME-Camille-Brasselet-13-1280x1926.jpg\" class=\"wp-image-12329\" alt=\"\" srcset=\"https:\/\/www.pictofoundation.fr\/wp-content\/uploads\/2024\/06\/DECORCE-ET-DECUME-Camille-Brasselet-13-1280x1926.jpg 1280w, https:\/\/www.pictofoundation.fr\/wp-content\/uploads\/2024\/06\/DECORCE-ET-DECUME-Camille-Brasselet-13-199x300.jpg 199w, https:\/\/www.pictofoundation.fr\/wp-content\/uploads\/2024\/06\/DECORCE-ET-DECUME-Camille-Brasselet-13-680x1024.jpg 680w, https:\/\/www.pictofoundation.fr\/wp-content\/uploads\/2024\/06\/DECORCE-ET-DECUME-Camille-Brasselet-13-768x1156.jpg 768w, https:\/\/www.pictofoundation.fr\/wp-content\/uploads\/2024\/06\/DECORCE-ET-DECUME-Camille-Brasselet-13-1021x1536.jpg 1021w, https:\/\/www.pictofoundation.fr\/wp-content\/uploads\/2024\/06\/DECORCE-ET-DECUME-Camille-Brasselet-13-500x752.jpg 500w, https:\/\/www.pictofoundation.fr\/wp-content\/uploads\/2024\/06\/DECORCE-ET-DECUME-Camille-Brasselet-13-800x1204.jpg 800w, https:\/\/www.pictofoundation.fr\/wp-content\/uploads\/2024\/06\/DECORCE-ET-DECUME-Camille-Brasselet-13.jpg 1329w\" sizes=\"auto, (max-width: 1280px) 100vw, 1280px\" \/><\/noscript><img decoding=\"async\" width=\"1280\" height=\"1926\" src=\"https:\/\/www.pictofoundation.fr\/wp-content\/uploads\/2024\/06\/DECORCE-ET-DECUME-Camille-Brasselet-13-1280x1926.jpg\" class=\"wp-image-12329 vp-lazyload\" alt srcset=\"data:image\/svg+xml;base64,PHN2ZyB3aWR0aD0iMTI4MCIgaGVpZ2h0PSIxOTI2IiB2aWV3Qm94PSIwIDAgMTI4MCAxOTI2IiBmaWxsPSJub25lIiB4bWxucz0iaHR0cDovL3d3dy53My5vcmcvMjAwMC9zdmciPjwvc3ZnPg==\" data-src=\"https:\/\/www.pictofoundation.fr\/wp-content\/uploads\/2024\/06\/DECORCE-ET-DECUME-Camille-Brasselet-13-1280x1926.jpg\" data-srcset=\"https:\/\/www.pictofoundation.fr\/wp-content\/uploads\/2024\/06\/DECORCE-ET-DECUME-Camille-Brasselet-13-1280x1926.jpg 1280w, https:\/\/www.pictofoundation.fr\/wp-content\/uploads\/2024\/06\/DECORCE-ET-DECUME-Camille-Brasselet-13-199x300.jpg 199w, https:\/\/www.pictofoundation.fr\/wp-content\/uploads\/2024\/06\/DECORCE-ET-DECUME-Camille-Brasselet-13-680x1024.jpg 680w, https:\/\/www.pictofoundation.fr\/wp-content\/uploads\/2024\/06\/DECORCE-ET-DECUME-Camille-Brasselet-13-768x1156.jpg 768w, https:\/\/www.pictofoundation.fr\/wp-content\/uploads\/2024\/06\/DECORCE-ET-DECUME-Camille-Brasselet-13-1021x1536.jpg 1021w, https:\/\/www.pictofoundation.fr\/wp-content\/uploads\/2024\/06\/DECORCE-ET-DECUME-Camille-Brasselet-13-500x752.jpg 500w, https:\/\/www.pictofoundation.fr\/wp-content\/uploads\/2024\/06\/DECORCE-ET-DECUME-Camille-Brasselet-13-800x1204.jpg 800w, https:\/\/www.pictofoundation.fr\/wp-content\/uploads\/2024\/06\/DECORCE-ET-DECUME-Camille-Brasselet-13.jpg 1329w\" data-sizes=\"auto\" loading=\"eager\">\n\t\t<div class=\"vp-portfolio__item-overlay\">\n\t\t\t\t\t<\/div>\n\n\t\t<\/a>\t<\/div>\n<\/div>\n\n<div class=\"vp-portfolio__item-overlay vp-portfolio__item-align-center\">\n\t<\/div>\t\t\t<\/figure>\n\t\t\t\t\t<\/div>\n\t\t\n\t\t<div\t\tclass=\"vp-portfolio__item-wrap vp-portfolio__item-uid-e45489d0\" data-vp-filter=\"\" \t\t>\n\t\t\t<template class=\"vp-portfolio__item-popup\" data-vp-popup-img=\"https:\/\/www.pictofoundation.fr\/wp-content\/uploads\/2024\/06\/DECORCE-ET-DECUME-Camille-Brasselet-14.jpg\" data-vp-popup-img-srcset=\"https:\/\/www.pictofoundation.fr\/wp-content\/uploads\/2024\/06\/DECORCE-ET-DECUME-Camille-Brasselet-14.jpg 1329w, https:\/\/www.pictofoundation.fr\/wp-content\/uploads\/2024\/06\/DECORCE-ET-DECUME-Camille-Brasselet-14-199x300.jpg 199w, https:\/\/www.pictofoundation.fr\/wp-content\/uploads\/2024\/06\/DECORCE-ET-DECUME-Camille-Brasselet-14-680x1024.jpg 680w, https:\/\/www.pictofoundation.fr\/wp-content\/uploads\/2024\/06\/DECORCE-ET-DECUME-Camille-Brasselet-14-768x1156.jpg 768w, https:\/\/www.pictofoundation.fr\/wp-content\/uploads\/2024\/06\/DECORCE-ET-DECUME-Camille-Brasselet-14-1021x1536.jpg 1021w, https:\/\/www.pictofoundation.fr\/wp-content\/uploads\/2024\/06\/DECORCE-ET-DECUME-Camille-Brasselet-14-500x752.jpg 500w, https:\/\/www.pictofoundation.fr\/wp-content\/uploads\/2024\/06\/DECORCE-ET-DECUME-Camille-Brasselet-14-800x1204.jpg 800w, https:\/\/www.pictofoundation.fr\/wp-content\/uploads\/2024\/06\/DECORCE-ET-DECUME-Camille-Brasselet-14-1280x1926.jpg 1280w\" data-vp-popup-img-size=\"1329x2000\" data-vp-popup-md-img=\"https:\/\/www.pictofoundation.fr\/wp-content\/uploads\/2024\/06\/DECORCE-ET-DECUME-Camille-Brasselet-14-800x1204.jpg\" data-vp-popup-md-img-size=\"800x1204\" data-vp-popup-sm-img=\"https:\/\/www.pictofoundation.fr\/wp-content\/uploads\/2024\/06\/DECORCE-ET-DECUME-Camille-Brasselet-14-500x752.jpg\" data-vp-popup-sm-img-size=\"500x752\">\n\t\t\t<h3 class=\"vp-portfolio__item-popup-title\">D'Ecorce et d'\u00e9cume<\/h3>\n\t\t<\/template>\n\t\t\t\t\t\t<figure class=\"vp-portfolio__item\">\n\t\t\t\t\n<div class=\"vp-portfolio__item-img-wrap\">\n\t<div class=\"vp-portfolio__item-img\">\n\t\t\t<a\n\t\thref=\"https:\/\/www.pictofoundation.fr\/wp-content\/uploads\/2024\/06\/DECORCE-ET-DECUME-Camille-Brasselet-14.jpg\"\n\t\t\t>\n\t\n\t\t<noscript><img loading=\"lazy\" decoding=\"async\" width=\"1280\" height=\"1926\" data-skip-lazy src=\"https:\/\/www.pictofoundation.fr\/wp-content\/uploads\/2024\/06\/DECORCE-ET-DECUME-Camille-Brasselet-14-1280x1926.jpg\" class=\"wp-image-12331\" alt=\"\" srcset=\"https:\/\/www.pictofoundation.fr\/wp-content\/uploads\/2024\/06\/DECORCE-ET-DECUME-Camille-Brasselet-14-1280x1926.jpg 1280w, https:\/\/www.pictofoundation.fr\/wp-content\/uploads\/2024\/06\/DECORCE-ET-DECUME-Camille-Brasselet-14-199x300.jpg 199w, https:\/\/www.pictofoundation.fr\/wp-content\/uploads\/2024\/06\/DECORCE-ET-DECUME-Camille-Brasselet-14-680x1024.jpg 680w, https:\/\/www.pictofoundation.fr\/wp-content\/uploads\/2024\/06\/DECORCE-ET-DECUME-Camille-Brasselet-14-768x1156.jpg 768w, https:\/\/www.pictofoundation.fr\/wp-content\/uploads\/2024\/06\/DECORCE-ET-DECUME-Camille-Brasselet-14-1021x1536.jpg 1021w, https:\/\/www.pictofoundation.fr\/wp-content\/uploads\/2024\/06\/DECORCE-ET-DECUME-Camille-Brasselet-14-500x752.jpg 500w, https:\/\/www.pictofoundation.fr\/wp-content\/uploads\/2024\/06\/DECORCE-ET-DECUME-Camille-Brasselet-14-800x1204.jpg 800w, https:\/\/www.pictofoundation.fr\/wp-content\/uploads\/2024\/06\/DECORCE-ET-DECUME-Camille-Brasselet-14.jpg 1329w\" sizes=\"auto, (max-width: 1280px) 100vw, 1280px\" \/><\/noscript><img decoding=\"async\" width=\"1280\" height=\"1926\" src=\"https:\/\/www.pictofoundation.fr\/wp-content\/uploads\/2024\/06\/DECORCE-ET-DECUME-Camille-Brasselet-14-1280x1926.jpg\" class=\"wp-image-12331 vp-lazyload\" alt srcset=\"data:image\/svg+xml;base64,PHN2ZyB3aWR0aD0iMTI4MCIgaGVpZ2h0PSIxOTI2IiB2aWV3Qm94PSIwIDAgMTI4MCAxOTI2IiBmaWxsPSJub25lIiB4bWxucz0iaHR0cDovL3d3dy53My5vcmcvMjAwMC9zdmciPjwvc3ZnPg==\" data-src=\"https:\/\/www.pictofoundation.fr\/wp-content\/uploads\/2024\/06\/DECORCE-ET-DECUME-Camille-Brasselet-14-1280x1926.jpg\" data-srcset=\"https:\/\/www.pictofoundation.fr\/wp-content\/uploads\/2024\/06\/DECORCE-ET-DECUME-Camille-Brasselet-14-1280x1926.jpg 1280w, https:\/\/www.pictofoundation.fr\/wp-content\/uploads\/2024\/06\/DECORCE-ET-DECUME-Camille-Brasselet-14-199x300.jpg 199w, https:\/\/www.pictofoundation.fr\/wp-content\/uploads\/2024\/06\/DECORCE-ET-DECUME-Camille-Brasselet-14-680x1024.jpg 680w, https:\/\/www.pictofoundation.fr\/wp-content\/uploads\/2024\/06\/DECORCE-ET-DECUME-Camille-Brasselet-14-768x1156.jpg 768w, https:\/\/www.pictofoundation.fr\/wp-content\/uploads\/2024\/06\/DECORCE-ET-DECUME-Camille-Brasselet-14-1021x1536.jpg 1021w, https:\/\/www.pictofoundation.fr\/wp-content\/uploads\/2024\/06\/DECORCE-ET-DECUME-Camille-Brasselet-14-500x752.jpg 500w, https:\/\/www.pictofoundation.fr\/wp-content\/uploads\/2024\/06\/DECORCE-ET-DECUME-Camille-Brasselet-14-800x1204.jpg 800w, https:\/\/www.pictofoundation.fr\/wp-content\/uploads\/2024\/06\/DECORCE-ET-DECUME-Camille-Brasselet-14.jpg 1329w\" data-sizes=\"auto\" loading=\"eager\">\n\t\t<div class=\"vp-portfolio__item-overlay\">\n\t\t\t\t\t<\/div>\n\n\t\t<\/a>\t<\/div>\n<\/div>\n\n<div class=\"vp-portfolio__item-overlay vp-portfolio__item-align-center\">\n\t<\/div>\t\t\t<\/figure>\n\t\t\t\t\t<\/div>\n\t\t\n\t\t<div\t\tclass=\"vp-portfolio__item-wrap vp-portfolio__item-uid-c1063b59\" data-vp-filter=\"\" \t\t>\n\t\t\t<template class=\"vp-portfolio__item-popup\" data-vp-popup-img=\"https:\/\/www.pictofoundation.fr\/wp-content\/uploads\/2024\/06\/DECORCE-ET-DECUME-Camille-Brasselet-15.jpg\" data-vp-popup-img-srcset=\"https:\/\/www.pictofoundation.fr\/wp-content\/uploads\/2024\/06\/DECORCE-ET-DECUME-Camille-Brasselet-15.jpg 1329w, https:\/\/www.pictofoundation.fr\/wp-content\/uploads\/2024\/06\/DECORCE-ET-DECUME-Camille-Brasselet-15-199x300.jpg 199w, https:\/\/www.pictofoundation.fr\/wp-content\/uploads\/2024\/06\/DECORCE-ET-DECUME-Camille-Brasselet-15-680x1024.jpg 680w, https:\/\/www.pictofoundation.fr\/wp-content\/uploads\/2024\/06\/DECORCE-ET-DECUME-Camille-Brasselet-15-768x1156.jpg 768w, https:\/\/www.pictofoundation.fr\/wp-content\/uploads\/2024\/06\/DECORCE-ET-DECUME-Camille-Brasselet-15-1021x1536.jpg 1021w, https:\/\/www.pictofoundation.fr\/wp-content\/uploads\/2024\/06\/DECORCE-ET-DECUME-Camille-Brasselet-15-500x752.jpg 500w, https:\/\/www.pictofoundation.fr\/wp-content\/uploads\/2024\/06\/DECORCE-ET-DECUME-Camille-Brasselet-15-800x1204.jpg 800w, https:\/\/www.pictofoundation.fr\/wp-content\/uploads\/2024\/06\/DECORCE-ET-DECUME-Camille-Brasselet-15-1280x1926.jpg 1280w\" data-vp-popup-img-size=\"1329x2000\" data-vp-popup-md-img=\"https:\/\/www.pictofoundation.fr\/wp-content\/uploads\/2024\/06\/DECORCE-ET-DECUME-Camille-Brasselet-15-800x1204.jpg\" data-vp-popup-md-img-size=\"800x1204\" data-vp-popup-sm-img=\"https:\/\/www.pictofoundation.fr\/wp-content\/uploads\/2024\/06\/DECORCE-ET-DECUME-Camille-Brasselet-15-500x752.jpg\" data-vp-popup-sm-img-size=\"500x752\">\n\t\t\t<h3 class=\"vp-portfolio__item-popup-title\">D'Ecorce et d'\u00e9cume<\/h3>\n\t\t<\/template>\n\t\t\t\t\t\t<figure class=\"vp-portfolio__item\">\n\t\t\t\t\n<div class=\"vp-portfolio__item-img-wrap\">\n\t<div class=\"vp-portfolio__item-img\">\n\t\t\t<a\n\t\thref=\"https:\/\/www.pictofoundation.fr\/wp-content\/uploads\/2024\/06\/DECORCE-ET-DECUME-Camille-Brasselet-15.jpg\"\n\t\t\t>\n\t\n\t\t<noscript><img loading=\"lazy\" decoding=\"async\" width=\"1280\" height=\"1926\" data-skip-lazy src=\"https:\/\/www.pictofoundation.fr\/wp-content\/uploads\/2024\/06\/DECORCE-ET-DECUME-Camille-Brasselet-15-1280x1926.jpg\" class=\"wp-image-12333\" alt=\"\" srcset=\"https:\/\/www.pictofoundation.fr\/wp-content\/uploads\/2024\/06\/DECORCE-ET-DECUME-Camille-Brasselet-15-1280x1926.jpg 1280w, https:\/\/www.pictofoundation.fr\/wp-content\/uploads\/2024\/06\/DECORCE-ET-DECUME-Camille-Brasselet-15-199x300.jpg 199w, https:\/\/www.pictofoundation.fr\/wp-content\/uploads\/2024\/06\/DECORCE-ET-DECUME-Camille-Brasselet-15-680x1024.jpg 680w, https:\/\/www.pictofoundation.fr\/wp-content\/uploads\/2024\/06\/DECORCE-ET-DECUME-Camille-Brasselet-15-768x1156.jpg 768w, https:\/\/www.pictofoundation.fr\/wp-content\/uploads\/2024\/06\/DECORCE-ET-DECUME-Camille-Brasselet-15-1021x1536.jpg 1021w, https:\/\/www.pictofoundation.fr\/wp-content\/uploads\/2024\/06\/DECORCE-ET-DECUME-Camille-Brasselet-15-500x752.jpg 500w, https:\/\/www.pictofoundation.fr\/wp-content\/uploads\/2024\/06\/DECORCE-ET-DECUME-Camille-Brasselet-15-800x1204.jpg 800w, https:\/\/www.pictofoundation.fr\/wp-content\/uploads\/2024\/06\/DECORCE-ET-DECUME-Camille-Brasselet-15.jpg 1329w\" sizes=\"auto, (max-width: 1280px) 100vw, 1280px\" \/><\/noscript><img decoding=\"async\" width=\"1280\" height=\"1926\" src=\"https:\/\/www.pictofoundation.fr\/wp-content\/uploads\/2024\/06\/DECORCE-ET-DECUME-Camille-Brasselet-15-1280x1926.jpg\" class=\"wp-image-12333 vp-lazyload\" alt srcset=\"data:image\/svg+xml;base64,PHN2ZyB3aWR0aD0iMTI4MCIgaGVpZ2h0PSIxOTI2IiB2aWV3Qm94PSIwIDAgMTI4MCAxOTI2IiBmaWxsPSJub25lIiB4bWxucz0iaHR0cDovL3d3dy53My5vcmcvMjAwMC9zdmciPjwvc3ZnPg==\" data-src=\"https:\/\/www.pictofoundation.fr\/wp-content\/uploads\/2024\/06\/DECORCE-ET-DECUME-Camille-Brasselet-15-1280x1926.jpg\" data-srcset=\"https:\/\/www.pictofoundation.fr\/wp-content\/uploads\/2024\/06\/DECORCE-ET-DECUME-Camille-Brasselet-15-1280x1926.jpg 1280w, https:\/\/www.pictofoundation.fr\/wp-content\/uploads\/2024\/06\/DECORCE-ET-DECUME-Camille-Brasselet-15-199x300.jpg 199w, https:\/\/www.pictofoundation.fr\/wp-content\/uploads\/2024\/06\/DECORCE-ET-DECUME-Camille-Brasselet-15-680x1024.jpg 680w, https:\/\/www.pictofoundation.fr\/wp-content\/uploads\/2024\/06\/DECORCE-ET-DECUME-Camille-Brasselet-15-768x1156.jpg 768w, https:\/\/www.pictofoundation.fr\/wp-content\/uploads\/2024\/06\/DECORCE-ET-DECUME-Camille-Brasselet-15-1021x1536.jpg 1021w, https:\/\/www.pictofoundation.fr\/wp-content\/uploads\/2024\/06\/DECORCE-ET-DECUME-Camille-Brasselet-15-500x752.jpg 500w, https:\/\/www.pictofoundation.fr\/wp-content\/uploads\/2024\/06\/DECORCE-ET-DECUME-Camille-Brasselet-15-800x1204.jpg 800w, https:\/\/www.pictofoundation.fr\/wp-content\/uploads\/2024\/06\/DECORCE-ET-DECUME-Camille-Brasselet-15.jpg 1329w\" data-sizes=\"auto\" loading=\"eager\">\n\t\t<div class=\"vp-portfolio__item-overlay\">\n\t\t\t\t\t<\/div>\n\n\t\t<\/a>\t<\/div>\n<\/div>\n\n<div class=\"vp-portfolio__item-overlay vp-portfolio__item-align-center\">\n\t<\/div>\t\t\t<\/figure>\n\t\t\t\t\t<\/div>\n\t\t\n\t\t<div\t\tclass=\"vp-portfolio__item-wrap vp-portfolio__item-uid-3560aed4\" data-vp-filter=\"\" \t\t>\n\t\t\t<template class=\"vp-portfolio__item-popup\" data-vp-popup-img=\"https:\/\/www.pictofoundation.fr\/wp-content\/uploads\/2024\/06\/DECORCE-ET-DECUME-Camille-Brasselet-16.jpg\" data-vp-popup-img-srcset=\"https:\/\/www.pictofoundation.fr\/wp-content\/uploads\/2024\/06\/DECORCE-ET-DECUME-Camille-Brasselet-16.jpg 1329w, https:\/\/www.pictofoundation.fr\/wp-content\/uploads\/2024\/06\/DECORCE-ET-DECUME-Camille-Brasselet-16-199x300.jpg 199w, https:\/\/www.pictofoundation.fr\/wp-content\/uploads\/2024\/06\/DECORCE-ET-DECUME-Camille-Brasselet-16-680x1024.jpg 680w, https:\/\/www.pictofoundation.fr\/wp-content\/uploads\/2024\/06\/DECORCE-ET-DECUME-Camille-Brasselet-16-768x1156.jpg 768w, https:\/\/www.pictofoundation.fr\/wp-content\/uploads\/2024\/06\/DECORCE-ET-DECUME-Camille-Brasselet-16-1021x1536.jpg 1021w, https:\/\/www.pictofoundation.fr\/wp-content\/uploads\/2024\/06\/DECORCE-ET-DECUME-Camille-Brasselet-16-500x752.jpg 500w, https:\/\/www.pictofoundation.fr\/wp-content\/uploads\/2024\/06\/DECORCE-ET-DECUME-Camille-Brasselet-16-800x1204.jpg 800w, https:\/\/www.pictofoundation.fr\/wp-content\/uploads\/2024\/06\/DECORCE-ET-DECUME-Camille-Brasselet-16-1280x1926.jpg 1280w\" data-vp-popup-img-size=\"1329x2000\" data-vp-popup-md-img=\"https:\/\/www.pictofoundation.fr\/wp-content\/uploads\/2024\/06\/DECORCE-ET-DECUME-Camille-Brasselet-16-800x1204.jpg\" data-vp-popup-md-img-size=\"800x1204\" data-vp-popup-sm-img=\"https:\/\/www.pictofoundation.fr\/wp-content\/uploads\/2024\/06\/DECORCE-ET-DECUME-Camille-Brasselet-16-500x752.jpg\" data-vp-popup-sm-img-size=\"500x752\">\n\t\t\t<h3 class=\"vp-portfolio__item-popup-title\">D'Ecorce et d'\u00e9cume<\/h3>\n\t\t<\/template>\n\t\t\t\t\t\t<figure class=\"vp-portfolio__item\">\n\t\t\t\t\n<div class=\"vp-portfolio__item-img-wrap\">\n\t<div class=\"vp-portfolio__item-img\">\n\t\t\t<a\n\t\thref=\"https:\/\/www.pictofoundation.fr\/wp-content\/uploads\/2024\/06\/DECORCE-ET-DECUME-Camille-Brasselet-16.jpg\"\n\t\t\t>\n\t\n\t\t<noscript><img loading=\"lazy\" decoding=\"async\" width=\"1280\" height=\"1926\" data-skip-lazy src=\"https:\/\/www.pictofoundation.fr\/wp-content\/uploads\/2024\/06\/DECORCE-ET-DECUME-Camille-Brasselet-16-1280x1926.jpg\" class=\"wp-image-12335\" alt=\"\" srcset=\"https:\/\/www.pictofoundation.fr\/wp-content\/uploads\/2024\/06\/DECORCE-ET-DECUME-Camille-Brasselet-16-1280x1926.jpg 1280w, https:\/\/www.pictofoundation.fr\/wp-content\/uploads\/2024\/06\/DECORCE-ET-DECUME-Camille-Brasselet-16-199x300.jpg 199w, https:\/\/www.pictofoundation.fr\/wp-content\/uploads\/2024\/06\/DECORCE-ET-DECUME-Camille-Brasselet-16-680x1024.jpg 680w, https:\/\/www.pictofoundation.fr\/wp-content\/uploads\/2024\/06\/DECORCE-ET-DECUME-Camille-Brasselet-16-768x1156.jpg 768w, https:\/\/www.pictofoundation.fr\/wp-content\/uploads\/2024\/06\/DECORCE-ET-DECUME-Camille-Brasselet-16-1021x1536.jpg 1021w, https:\/\/www.pictofoundation.fr\/wp-content\/uploads\/2024\/06\/DECORCE-ET-DECUME-Camille-Brasselet-16-500x752.jpg 500w, https:\/\/www.pictofoundation.fr\/wp-content\/uploads\/2024\/06\/DECORCE-ET-DECUME-Camille-Brasselet-16-800x1204.jpg 800w, https:\/\/www.pictofoundation.fr\/wp-content\/uploads\/2024\/06\/DECORCE-ET-DECUME-Camille-Brasselet-16.jpg 1329w\" sizes=\"auto, (max-width: 1280px) 100vw, 1280px\" \/><\/noscript><img decoding=\"async\" width=\"1280\" height=\"1926\" src=\"https:\/\/www.pictofoundation.fr\/wp-content\/uploads\/2024\/06\/DECORCE-ET-DECUME-Camille-Brasselet-16-1280x1926.jpg\" class=\"wp-image-12335 vp-lazyload\" alt srcset=\"data:image\/svg+xml;base64,PHN2ZyB3aWR0aD0iMTI4MCIgaGVpZ2h0PSIxOTI2IiB2aWV3Qm94PSIwIDAgMTI4MCAxOTI2IiBmaWxsPSJub25lIiB4bWxucz0iaHR0cDovL3d3dy53My5vcmcvMjAwMC9zdmciPjwvc3ZnPg==\" data-src=\"https:\/\/www.pictofoundation.fr\/wp-content\/uploads\/2024\/06\/DECORCE-ET-DECUME-Camille-Brasselet-16-1280x1926.jpg\" data-srcset=\"https:\/\/www.pictofoundation.fr\/wp-content\/uploads\/2024\/06\/DECORCE-ET-DECUME-Camille-Brasselet-16-1280x1926.jpg 1280w, https:\/\/www.pictofoundation.fr\/wp-content\/uploads\/2024\/06\/DECORCE-ET-DECUME-Camille-Brasselet-16-199x300.jpg 199w, https:\/\/www.pictofoundation.fr\/wp-content\/uploads\/2024\/06\/DECORCE-ET-DECUME-Camille-Brasselet-16-680x1024.jpg 680w, https:\/\/www.pictofoundation.fr\/wp-content\/uploads\/2024\/06\/DECORCE-ET-DECUME-Camille-Brasselet-16-768x1156.jpg 768w, https:\/\/www.pictofoundation.fr\/wp-content\/uploads\/2024\/06\/DECORCE-ET-DECUME-Camille-Brasselet-16-1021x1536.jpg 1021w, https:\/\/www.pictofoundation.fr\/wp-content\/uploads\/2024\/06\/DECORCE-ET-DECUME-Camille-Brasselet-16-500x752.jpg 500w, https:\/\/www.pictofoundation.fr\/wp-content\/uploads\/2024\/06\/DECORCE-ET-DECUME-Camille-Brasselet-16-800x1204.jpg 800w, https:\/\/www.pictofoundation.fr\/wp-content\/uploads\/2024\/06\/DECORCE-ET-DECUME-Camille-Brasselet-16.jpg 1329w\" data-sizes=\"auto\" loading=\"eager\">\n\t\t<div class=\"vp-portfolio__item-overlay\">\n\t\t\t\t\t<\/div>\n\n\t\t<\/a>\t<\/div>\n<\/div>\n\n<div class=\"vp-portfolio__item-overlay vp-portfolio__item-align-center\">\n\t<\/div>\t\t\t<\/figure>\n\t\t\t\t\t<\/div>\n\t\t\n\t\t<div\t\tclass=\"vp-portfolio__item-wrap vp-portfolio__item-uid-10321c5d\" data-vp-filter=\"\" \t\t>\n\t\t\t<template class=\"vp-portfolio__item-popup\" data-vp-popup-img=\"https:\/\/www.pictofoundation.fr\/wp-content\/uploads\/2024\/06\/DECORCE-ET-DECUME-Camille-Brasselet-17.jpg\" data-vp-popup-img-srcset=\"https:\/\/www.pictofoundation.fr\/wp-content\/uploads\/2024\/06\/DECORCE-ET-DECUME-Camille-Brasselet-17.jpg 1329w, https:\/\/www.pictofoundation.fr\/wp-content\/uploads\/2024\/06\/DECORCE-ET-DECUME-Camille-Brasselet-17-199x300.jpg 199w, https:\/\/www.pictofoundation.fr\/wp-content\/uploads\/2024\/06\/DECORCE-ET-DECUME-Camille-Brasselet-17-680x1024.jpg 680w, https:\/\/www.pictofoundation.fr\/wp-content\/uploads\/2024\/06\/DECORCE-ET-DECUME-Camille-Brasselet-17-768x1156.jpg 768w, https:\/\/www.pictofoundation.fr\/wp-content\/uploads\/2024\/06\/DECORCE-ET-DECUME-Camille-Brasselet-17-1021x1536.jpg 1021w, https:\/\/www.pictofoundation.fr\/wp-content\/uploads\/2024\/06\/DECORCE-ET-DECUME-Camille-Brasselet-17-500x752.jpg 500w, https:\/\/www.pictofoundation.fr\/wp-content\/uploads\/2024\/06\/DECORCE-ET-DECUME-Camille-Brasselet-17-800x1204.jpg 800w, https:\/\/www.pictofoundation.fr\/wp-content\/uploads\/2024\/06\/DECORCE-ET-DECUME-Camille-Brasselet-17-1280x1926.jpg 1280w\" data-vp-popup-img-size=\"1329x2000\" data-vp-popup-md-img=\"https:\/\/www.pictofoundation.fr\/wp-content\/uploads\/2024\/06\/DECORCE-ET-DECUME-Camille-Brasselet-17-800x1204.jpg\" data-vp-popup-md-img-size=\"800x1204\" data-vp-popup-sm-img=\"https:\/\/www.pictofoundation.fr\/wp-content\/uploads\/2024\/06\/DECORCE-ET-DECUME-Camille-Brasselet-17-500x752.jpg\" data-vp-popup-sm-img-size=\"500x752\">\n\t\t\t<h3 class=\"vp-portfolio__item-popup-title\">D'Ecorce et d'\u00e9cume<\/h3>\n\t\t<\/template>\n\t\t\t\t\t\t<figure class=\"vp-portfolio__item\">\n\t\t\t\t\n<div class=\"vp-portfolio__item-img-wrap\">\n\t<div class=\"vp-portfolio__item-img\">\n\t\t\t<a\n\t\thref=\"https:\/\/www.pictofoundation.fr\/wp-content\/uploads\/2024\/06\/DECORCE-ET-DECUME-Camille-Brasselet-17.jpg\"\n\t\t\t>\n\t\n\t\t<noscript><img loading=\"lazy\" decoding=\"async\" width=\"1280\" height=\"1926\" data-skip-lazy src=\"https:\/\/www.pictofoundation.fr\/wp-content\/uploads\/2024\/06\/DECORCE-ET-DECUME-Camille-Brasselet-17-1280x1926.jpg\" class=\"wp-image-12337\" alt=\"\" srcset=\"https:\/\/www.pictofoundation.fr\/wp-content\/uploads\/2024\/06\/DECORCE-ET-DECUME-Camille-Brasselet-17-1280x1926.jpg 1280w, https:\/\/www.pictofoundation.fr\/wp-content\/uploads\/2024\/06\/DECORCE-ET-DECUME-Camille-Brasselet-17-199x300.jpg 199w, https:\/\/www.pictofoundation.fr\/wp-content\/uploads\/2024\/06\/DECORCE-ET-DECUME-Camille-Brasselet-17-680x1024.jpg 680w, https:\/\/www.pictofoundation.fr\/wp-content\/uploads\/2024\/06\/DECORCE-ET-DECUME-Camille-Brasselet-17-768x1156.jpg 768w, https:\/\/www.pictofoundation.fr\/wp-content\/uploads\/2024\/06\/DECORCE-ET-DECUME-Camille-Brasselet-17-1021x1536.jpg 1021w, https:\/\/www.pictofoundation.fr\/wp-content\/uploads\/2024\/06\/DECORCE-ET-DECUME-Camille-Brasselet-17-500x752.jpg 500w, https:\/\/www.pictofoundation.fr\/wp-content\/uploads\/2024\/06\/DECORCE-ET-DECUME-Camille-Brasselet-17-800x1204.jpg 800w, https:\/\/www.pictofoundation.fr\/wp-content\/uploads\/2024\/06\/DECORCE-ET-DECUME-Camille-Brasselet-17.jpg 1329w\" sizes=\"auto, (max-width: 1280px) 100vw, 1280px\" \/><\/noscript><img decoding=\"async\" width=\"1280\" height=\"1926\" src=\"https:\/\/www.pictofoundation.fr\/wp-content\/uploads\/2024\/06\/DECORCE-ET-DECUME-Camille-Brasselet-17-1280x1926.jpg\" class=\"wp-image-12337 vp-lazyload\" alt srcset=\"data:image\/svg+xml;base64,PHN2ZyB3aWR0aD0iMTI4MCIgaGVpZ2h0PSIxOTI2IiB2aWV3Qm94PSIwIDAgMTI4MCAxOTI2IiBmaWxsPSJub25lIiB4bWxucz0iaHR0cDovL3d3dy53My5vcmcvMjAwMC9zdmciPjwvc3ZnPg==\" data-src=\"https:\/\/www.pictofoundation.fr\/wp-content\/uploads\/2024\/06\/DECORCE-ET-DECUME-Camille-Brasselet-17-1280x1926.jpg\" data-srcset=\"https:\/\/www.pictofoundation.fr\/wp-content\/uploads\/2024\/06\/DECORCE-ET-DECUME-Camille-Brasselet-17-1280x1926.jpg 1280w, https:\/\/www.pictofoundation.fr\/wp-content\/uploads\/2024\/06\/DECORCE-ET-DECUME-Camille-Brasselet-17-199x300.jpg 199w, https:\/\/www.pictofoundation.fr\/wp-content\/uploads\/2024\/06\/DECORCE-ET-DECUME-Camille-Brasselet-17-680x1024.jpg 680w, https:\/\/www.pictofoundation.fr\/wp-content\/uploads\/2024\/06\/DECORCE-ET-DECUME-Camille-Brasselet-17-768x1156.jpg 768w, https:\/\/www.pictofoundation.fr\/wp-content\/uploads\/2024\/06\/DECORCE-ET-DECUME-Camille-Brasselet-17-1021x1536.jpg 1021w, https:\/\/www.pictofoundation.fr\/wp-content\/uploads\/2024\/06\/DECORCE-ET-DECUME-Camille-Brasselet-17-500x752.jpg 500w, https:\/\/www.pictofoundation.fr\/wp-content\/uploads\/2024\/06\/DECORCE-ET-DECUME-Camille-Brasselet-17-800x1204.jpg 800w, https:\/\/www.pictofoundation.fr\/wp-content\/uploads\/2024\/06\/DECORCE-ET-DECUME-Camille-Brasselet-17.jpg 1329w\" data-sizes=\"auto\" loading=\"eager\">\n\t\t<div class=\"vp-portfolio__item-overlay\">\n\t\t\t\t\t<\/div>\n\n\t\t<\/a>\t<\/div>\n<\/div>\n\n<div class=\"vp-portfolio__item-overlay vp-portfolio__item-align-center\">\n\t<\/div>\t\t\t<\/figure>\n\t\t\t\t\t<\/div>\n\t\t\n\t\t<div\t\tclass=\"vp-portfolio__item-wrap vp-portfolio__item-uid-711e43f4\" data-vp-filter=\"\" \t\t>\n\t\t\t<template class=\"vp-portfolio__item-popup\" data-vp-popup-img=\"https:\/\/www.pictofoundation.fr\/wp-content\/uploads\/2024\/06\/DECORCE-ET-DECUME-Camille-Brasselet-18.jpg\" data-vp-popup-img-srcset=\"https:\/\/www.pictofoundation.fr\/wp-content\/uploads\/2024\/06\/DECORCE-ET-DECUME-Camille-Brasselet-18.jpg 1329w, https:\/\/www.pictofoundation.fr\/wp-content\/uploads\/2024\/06\/DECORCE-ET-DECUME-Camille-Brasselet-18-199x300.jpg 199w, https:\/\/www.pictofoundation.fr\/wp-content\/uploads\/2024\/06\/DECORCE-ET-DECUME-Camille-Brasselet-18-680x1024.jpg 680w, https:\/\/www.pictofoundation.fr\/wp-content\/uploads\/2024\/06\/DECORCE-ET-DECUME-Camille-Brasselet-18-768x1156.jpg 768w, https:\/\/www.pictofoundation.fr\/wp-content\/uploads\/2024\/06\/DECORCE-ET-DECUME-Camille-Brasselet-18-1021x1536.jpg 1021w, https:\/\/www.pictofoundation.fr\/wp-content\/uploads\/2024\/06\/DECORCE-ET-DECUME-Camille-Brasselet-18-500x752.jpg 500w, https:\/\/www.pictofoundation.fr\/wp-content\/uploads\/2024\/06\/DECORCE-ET-DECUME-Camille-Brasselet-18-800x1204.jpg 800w, https:\/\/www.pictofoundation.fr\/wp-content\/uploads\/2024\/06\/DECORCE-ET-DECUME-Camille-Brasselet-18-1280x1926.jpg 1280w\" data-vp-popup-img-size=\"1329x2000\" data-vp-popup-md-img=\"https:\/\/www.pictofoundation.fr\/wp-content\/uploads\/2024\/06\/DECORCE-ET-DECUME-Camille-Brasselet-18-800x1204.jpg\" data-vp-popup-md-img-size=\"800x1204\" data-vp-popup-sm-img=\"https:\/\/www.pictofoundation.fr\/wp-content\/uploads\/2024\/06\/DECORCE-ET-DECUME-Camille-Brasselet-18-500x752.jpg\" data-vp-popup-sm-img-size=\"500x752\">\n\t\t\t<h3 class=\"vp-portfolio__item-popup-title\">D'Ecorce et d'\u00e9cume<\/h3>\n\t\t<\/template>\n\t\t\t\t\t\t<figure class=\"vp-portfolio__item\">\n\t\t\t\t\n<div class=\"vp-portfolio__item-img-wrap\">\n\t<div class=\"vp-portfolio__item-img\">\n\t\t\t<a\n\t\thref=\"https:\/\/www.pictofoundation.fr\/wp-content\/uploads\/2024\/06\/DECORCE-ET-DECUME-Camille-Brasselet-18.jpg\"\n\t\t\t>\n\t\n\t\t<noscript><img loading=\"lazy\" decoding=\"async\" width=\"1280\" height=\"1926\" data-skip-lazy src=\"https:\/\/www.pictofoundation.fr\/wp-content\/uploads\/2024\/06\/DECORCE-ET-DECUME-Camille-Brasselet-18-1280x1926.jpg\" class=\"wp-image-12339\" alt=\"\" srcset=\"https:\/\/www.pictofoundation.fr\/wp-content\/uploads\/2024\/06\/DECORCE-ET-DECUME-Camille-Brasselet-18-1280x1926.jpg 1280w, https:\/\/www.pictofoundation.fr\/wp-content\/uploads\/2024\/06\/DECORCE-ET-DECUME-Camille-Brasselet-18-199x300.jpg 199w, https:\/\/www.pictofoundation.fr\/wp-content\/uploads\/2024\/06\/DECORCE-ET-DECUME-Camille-Brasselet-18-680x1024.jpg 680w, https:\/\/www.pictofoundation.fr\/wp-content\/uploads\/2024\/06\/DECORCE-ET-DECUME-Camille-Brasselet-18-768x1156.jpg 768w, https:\/\/www.pictofoundation.fr\/wp-content\/uploads\/2024\/06\/DECORCE-ET-DECUME-Camille-Brasselet-18-1021x1536.jpg 1021w, https:\/\/www.pictofoundation.fr\/wp-content\/uploads\/2024\/06\/DECORCE-ET-DECUME-Camille-Brasselet-18-500x752.jpg 500w, https:\/\/www.pictofoundation.fr\/wp-content\/uploads\/2024\/06\/DECORCE-ET-DECUME-Camille-Brasselet-18-800x1204.jpg 800w, https:\/\/www.pictofoundation.fr\/wp-content\/uploads\/2024\/06\/DECORCE-ET-DECUME-Camille-Brasselet-18.jpg 1329w\" sizes=\"auto, (max-width: 1280px) 100vw, 1280px\" \/><\/noscript><img decoding=\"async\" width=\"1280\" height=\"1926\" src=\"https:\/\/www.pictofoundation.fr\/wp-content\/uploads\/2024\/06\/DECORCE-ET-DECUME-Camille-Brasselet-18-1280x1926.jpg\" class=\"wp-image-12339 vp-lazyload\" alt srcset=\"data:image\/svg+xml;base64,PHN2ZyB3aWR0aD0iMTI4MCIgaGVpZ2h0PSIxOTI2IiB2aWV3Qm94PSIwIDAgMTI4MCAxOTI2IiBmaWxsPSJub25lIiB4bWxucz0iaHR0cDovL3d3dy53My5vcmcvMjAwMC9zdmciPjwvc3ZnPg==\" data-src=\"https:\/\/www.pictofoundation.fr\/wp-content\/uploads\/2024\/06\/DECORCE-ET-DECUME-Camille-Brasselet-18-1280x1926.jpg\" data-srcset=\"https:\/\/www.pictofoundation.fr\/wp-content\/uploads\/2024\/06\/DECORCE-ET-DECUME-Camille-Brasselet-18-1280x1926.jpg 1280w, https:\/\/www.pictofoundation.fr\/wp-content\/uploads\/2024\/06\/DECORCE-ET-DECUME-Camille-Brasselet-18-199x300.jpg 199w, https:\/\/www.pictofoundation.fr\/wp-content\/uploads\/2024\/06\/DECORCE-ET-DECUME-Camille-Brasselet-18-680x1024.jpg 680w, https:\/\/www.pictofoundation.fr\/wp-content\/uploads\/2024\/06\/DECORCE-ET-DECUME-Camille-Brasselet-18-768x1156.jpg 768w, https:\/\/www.pictofoundation.fr\/wp-content\/uploads\/2024\/06\/DECORCE-ET-DECUME-Camille-Brasselet-18-1021x1536.jpg 1021w, https:\/\/www.pictofoundation.fr\/wp-content\/uploads\/2024\/06\/DECORCE-ET-DECUME-Camille-Brasselet-18-500x752.jpg 500w, https:\/\/www.pictofoundation.fr\/wp-content\/uploads\/2024\/06\/DECORCE-ET-DECUME-Camille-Brasselet-18-800x1204.jpg 800w, https:\/\/www.pictofoundation.fr\/wp-content\/uploads\/2024\/06\/DECORCE-ET-DECUME-Camille-Brasselet-18.jpg 1329w\" data-sizes=\"auto\" loading=\"eager\">\n\t\t<div class=\"vp-portfolio__item-overlay\">\n\t\t\t\t\t<\/div>\n\n\t\t<\/a>\t<\/div>\n<\/div>\n\n<div class=\"vp-portfolio__item-overlay vp-portfolio__item-align-center\">\n\t<\/div>\t\t\t<\/figure>\n\t\t\t\t\t<\/div>\n\t\t\n<\/div>\n\t\t<\/div>\n\t\t\n<\/div>\n[vc_empty_space height=&#8221;50px&#8221;][\/vc_column][\/vc_row][\/vc_section][vc_section][vc_row][vc_column][vc_raw_html]JTNDZGl2JTIwY2xhc3MlM0QlMjJtYWluJTIyJTIwaWQlM0QlMjJzZWN0aW9uNSUyMiUzRQ==[\/vc_raw_html][\/vc_column][\/vc_row][vc_row full_width=&#8221;stretch_row&#8221; content_placement=&#8221;middle&#8221; vlt_overflow_hidden=&#8221;&#8221; css=&#8221;.vc_custom_1623248180494{background-color: #f5f5f5 !important;}&#8221;][vc_column width=&#8221;1\/2&#8243; css=&#8221;.vc_custom_1538150499159{padding-left: 0px !important;}&#8221;][vc_empty_space height=&#8221;70px&#8221;]<div class=\"vlthemes_custom_69f039ad322f1   vlt-animation-block\" data-aos=\"fade\" data-aos-delay=\"0\"><div class=\"vlthemes_custom_69f039ad32348   vc_custom_1723541834391 vlt-section-title text-left\"><h2 style=\"color:;\">WINNER 2021 : LAURENT POLEO-GARNIER<\/h2><p style=\"color:;\">le19M M\u00c9TIERS D\u2019ART PHOTOGRAPHY GRANT \u2013 PRIX PICTO DE LA MODE<\/p><\/div>[vc_column_text]In his wanderings between Paris and Berlin, <strong>Laurent Poleo-Garnier<\/strong>, eclectic artist, photographer, videographer, dancer and performer searches for himself and sometimes finds others.<br \/>\nInvoking individual and collective culture whether literary, artistic, cinematographic, spiritual, societal, generational&#8230;<br \/>\nThis culture continues to infuse the present and hybridize in the mind of a generation hungry for lightness and depth, nostalgic for facts and celebrations past without it.<br \/>\nHis photos are the trace of encounters, of relationships that he initiates with faces chosen for their evocative force.<br \/>\nFeaturing them, taking care of every detail from makeup to styling, he creates an inspired sentimental family and his photos become precious archives, a document of a moment, of a story with his model, a moment of exchange and projection simultaneous, offering a new perspective of self.<br \/>\nThis photograph has been part of the Palais Galliera collection since 2021.[\/vc_column_text]<\/div><div class=\"ult-spacer spacer-69f039ad32399\" data-id=\"69f039ad32399\" data-height=\"30\" data-height-mobile=\"30\" data-height-tab=\"30\" data-height-tab-portrait=\"\" data-height-mobile-landscape=\"\" style=\"clear:both;display:block;\"><\/div><div class=\"vlthemes_custom_69f039ad323b6   vlt-animation-block\" data-aos=\"fade\" data-aos-delay=\"200\">[vc_btn title=&#8221;SEE AWARDED SERIES&#8221; style=&#8221;custom&#8221; custom_background=&#8221;#e20031&#8243; custom_text=&#8221;#ffffff&#8221; shape=&#8221;square&#8221; size=&#8221;sm&#8221; align=&#8221;center&#8221; css_animation=&#8221;fadeIn&#8221; el_class=&#8221;vp-pagination__style-leedo&#8221; link=&#8221;url:https%3A%2F%2Fwww.pictofoundation.fr%2Fprix-picto-de-la-mode%2Flaurent-poleo-garnier%2F|target:_blank&#8221;][vc_empty_space height=&#8221;70px&#8221;]<\/div>[\/vc_column][vc_column width=&#8221;1\/12&#8243;][\/vc_column][vc_column width=&#8221;5\/12&#8243;]<div class=\"vlthemes_custom_69f039ad323f4 vlt-stretch-element-inside-column  vlt-simple-image\"><div class=\"vlt-fit-image\" style=\"--size-md: 730px; --size-sm: 100%;\"><img loading=\"lazy\" decoding=\"async\" width=\"1332\" height=\"1067\" src=\"https:\/\/www.pictofoundation.fr\/wp-content\/uploads\/2021\/10\/POLEOGARNIER_CINEMAINTIME_10_BD-copie-copie.jpg\" class=\"\" alt=\"\" srcset=\"https:\/\/www.pictofoundation.fr\/wp-content\/uploads\/2021\/10\/POLEOGARNIER_CINEMAINTIME_10_BD-copie-copie.jpg 1332w, https:\/\/www.pictofoundation.fr\/wp-content\/uploads\/2021\/10\/POLEOGARNIER_CINEMAINTIME_10_BD-copie-copie-300x240.jpg 300w, https:\/\/www.pictofoundation.fr\/wp-content\/uploads\/2021\/10\/POLEOGARNIER_CINEMAINTIME_10_BD-copie-copie-1024x820.jpg 1024w, https:\/\/www.pictofoundation.fr\/wp-content\/uploads\/2021\/10\/POLEOGARNIER_CINEMAINTIME_10_BD-copie-copie-768x615.jpg 768w, https:\/\/www.pictofoundation.fr\/wp-content\/uploads\/2021\/10\/POLEOGARNIER_CINEMAINTIME_10_BD-copie-copie-500x401.jpg 500w, https:\/\/www.pictofoundation.fr\/wp-content\/uploads\/2021\/10\/POLEOGARNIER_CINEMAINTIME_10_BD-copie-copie-800x641.jpg 800w, https:\/\/www.pictofoundation.fr\/wp-content\/uploads\/2021\/10\/POLEOGARNIER_CINEMAINTIME_10_BD-copie-copie-1280x1025.jpg 1280w\" \/><\/div><\/div>[\/vc_column][\/vc_row][vc_row full_width=&#8221;stretch_row_content&#8221;][vc_column][vc_column_text el_class=&#8221;legendes&#8221;]<\/p>\n<p style=\"text-align: right;\">\u00a9 Laurent Poleo Garnier<\/p>\n<p>[\/vc_column_text][\/vc_column][\/vc_row][vc_row][vc_column][vc_empty_space height=&#8221;50px&#8221;][\/vc_column][\/vc_row][\/vc_section][vc_section full_width=&#8221;stretch_row&#8221; content_placement=&#8221;middle&#8221;][vc_row][vc_column width=&#8221;1\/6&#8243;][\/vc_column][vc_column width=&#8221;2\/3&#8243;][vc_column_text]<\/p>\n<h4>Les brodeuses de la Maison Lesage par Laurent Poleo-Garnier<\/h4>\n<p>Laur\u00e9at de la dotation le19M de la Photographie des M\u00e9tiers d\u2019Art du Prix Picto de la Photographie de Mode 2021, Laurent Poleo-Garnier a choisi de travailler avec trois brodeuses de la Maison Lesage afin de comprendre leurs parcours et la relation qu\u2019elles vivent avec leur pratique.<\/p>\n<p>En m\u00eame temps qu\u2019il r\u00e9alisait leurs portraits, le photographe a recueilli leurs t\u00e9moignages, \u00e9cout\u00e9 leurs r\u00e9cits, \u00e9maill\u00e9s de moments forts et personnels. Une \u00e9coute et des conversations que le photographe a retranscrit sous la forme de foisonnants dessins \u00e0 broder, comme autant de morceaux de vie immortalis\u00e9s dans ces images qui r\u00e9v\u00e8lent les secrets et les vocations des brodeuses. Le dessin et la photographie op\u00e8rent ici comme les r\u00e9v\u00e9lateurs des vies des artisans, une mani\u00e8re de conter l\u2019envers d\u2019un d\u00e9cor, avant que les fils ne soient d\u00e9finitivement assembl\u00e9s.[\/vc_column_text][\/vc_column][vc_column width=&#8221;1\/6&#8243;][\/vc_column][\/vc_row][vc_row content_placement=&#8221;middle&#8221;][vc_column][vc_empty_space]\n<div class=\"vp-portfolio vp-uid-e7220743 vp-id-7797  \"\n\tdata-vp-layout=\"masonry\" data-vp-content-source=\"images\" data-vp-items-style=\"fade\" data-vp-items-click-action=\"popup_gallery\" data-vp-items-gap=\"4\" data-vp-items-gap-vertical=\"\" data-vp-pagination=\"load-more\" data-vp-next-page-url=\"\" data-vp-masonry-columns=\"3\" >\n\t<div class=\"vp-portfolio__preloader-wrap\">\n\t\t<div class=\"vp-portfolio__preloader\">\n\t\t\t<img decoding=\"async\" loading=\"eager\" src=\"https:\/\/www.pictofoundation.fr\/wp-content\/plugins\/visual-portfolio\/assets\/images\/logo-dark.svg\" alt=\"Visual Portfolio, Posts &amp; Image Gallery for WordPress\" width=\"20\" height=\"20\" data-skip-lazy>\n\t\t<\/div>\n\t<\/div>\n\t\t<div class=\"vp-portfolio__items-wrap\">\n\t\t\t\n<div class=\"vp-portfolio__items vp-portfolio__items-style-fade vp-portfolio__items-show-overlay-hover\">\n\n\t\t<div\t\tclass=\"vp-portfolio__item-wrap vp-portfolio__item-uid-96c1e0cf\" data-vp-filter=\"\" \t\t>\n\t\t\t<template class=\"vp-portfolio__item-popup\" data-vp-popup-img=\"https:\/\/www.pictofoundation.fr\/wp-content\/uploads\/2022\/09\/19MxPicto_Pascale_ARNAUD_1.jpg\" data-vp-popup-img-srcset=\"https:\/\/www.pictofoundation.fr\/wp-content\/uploads\/2022\/09\/19MxPicto_Pascale_ARNAUD_1.jpg 1452w, https:\/\/www.pictofoundation.fr\/wp-content\/uploads\/2022\/09\/19MxPicto_Pascale_ARNAUD_1-214x300.jpg 214w, https:\/\/www.pictofoundation.fr\/wp-content\/uploads\/2022\/09\/19MxPicto_Pascale_ARNAUD_1-731x1024.jpg 731w, https:\/\/www.pictofoundation.fr\/wp-content\/uploads\/2022\/09\/19MxPicto_Pascale_ARNAUD_1-768x1075.jpg 768w, https:\/\/www.pictofoundation.fr\/wp-content\/uploads\/2022\/09\/19MxPicto_Pascale_ARNAUD_1-1097x1536.jpg 1097w, https:\/\/www.pictofoundation.fr\/wp-content\/uploads\/2022\/09\/19MxPicto_Pascale_ARNAUD_1-500x700.jpg 500w, https:\/\/www.pictofoundation.fr\/wp-content\/uploads\/2022\/09\/19MxPicto_Pascale_ARNAUD_1-800x1120.jpg 800w, https:\/\/www.pictofoundation.fr\/wp-content\/uploads\/2022\/09\/19MxPicto_Pascale_ARNAUD_1-1280x1792.jpg 1280w\" data-vp-popup-img-size=\"1452x2033\" data-vp-popup-md-img=\"https:\/\/www.pictofoundation.fr\/wp-content\/uploads\/2022\/09\/19MxPicto_Pascale_ARNAUD_1-800x1120.jpg\" data-vp-popup-md-img-size=\"800x1120\" data-vp-popup-sm-img=\"https:\/\/www.pictofoundation.fr\/wp-content\/uploads\/2022\/09\/19MxPicto_Pascale_ARNAUD_1-500x700.jpg\" data-vp-popup-sm-img-size=\"500x700\">\n\t\t\t<h3 class=\"vp-portfolio__item-popup-title\">Vernissage de l\u2019exposition de Laurent Poleo-Garnier \u00e0 la Galerie du 19M \u00a9 Pascale Arnaud<\/h3>\n\t\t<\/template>\n\t\t\t\t\t\t<figure class=\"vp-portfolio__item\">\n\t\t\t\t\n<div class=\"vp-portfolio__item-img-wrap\">\n\t<div class=\"vp-portfolio__item-img\">\n\t\t\t<a\n\t\thref=\"https:\/\/www.pictofoundation.fr\/wp-content\/uploads\/2022\/09\/19MxPicto_Pascale_ARNAUD_1.jpg\"\n\t\t\t>\n\t\n\t\t<noscript><img loading=\"lazy\" decoding=\"async\" width=\"1452\" height=\"2033\" data-skip-lazy src=\"https:\/\/www.pictofoundation.fr\/wp-content\/uploads\/2022\/09\/19MxPicto_Pascale_ARNAUD_1.jpg\" class=\"wp-image-7814\" alt=\"\" srcset=\"https:\/\/www.pictofoundation.fr\/wp-content\/uploads\/2022\/09\/19MxPicto_Pascale_ARNAUD_1.jpg 1452w, https:\/\/www.pictofoundation.fr\/wp-content\/uploads\/2022\/09\/19MxPicto_Pascale_ARNAUD_1-214x300.jpg 214w, https:\/\/www.pictofoundation.fr\/wp-content\/uploads\/2022\/09\/19MxPicto_Pascale_ARNAUD_1-731x1024.jpg 731w, https:\/\/www.pictofoundation.fr\/wp-content\/uploads\/2022\/09\/19MxPicto_Pascale_ARNAUD_1-768x1075.jpg 768w, https:\/\/www.pictofoundation.fr\/wp-content\/uploads\/2022\/09\/19MxPicto_Pascale_ARNAUD_1-1097x1536.jpg 1097w, https:\/\/www.pictofoundation.fr\/wp-content\/uploads\/2022\/09\/19MxPicto_Pascale_ARNAUD_1-500x700.jpg 500w, https:\/\/www.pictofoundation.fr\/wp-content\/uploads\/2022\/09\/19MxPicto_Pascale_ARNAUD_1-800x1120.jpg 800w, https:\/\/www.pictofoundation.fr\/wp-content\/uploads\/2022\/09\/19MxPicto_Pascale_ARNAUD_1-1280x1792.jpg 1280w\" sizes=\"auto, (max-width: 1452px) 100vw, 1452px\" \/><\/noscript><img decoding=\"async\" width=\"1452\" height=\"2033\" src=\"https:\/\/www.pictofoundation.fr\/wp-content\/uploads\/2022\/09\/19MxPicto_Pascale_ARNAUD_1.jpg\" class=\"wp-image-7814 vp-lazyload\" alt srcset=\"data:image\/svg+xml;base64,PHN2ZyB3aWR0aD0iMTQ1MiIgaGVpZ2h0PSIyMDMzIiB2aWV3Qm94PSIwIDAgMTQ1MiAyMDMzIiBmaWxsPSJub25lIiB4bWxucz0iaHR0cDovL3d3dy53My5vcmcvMjAwMC9zdmciPjwvc3ZnPg==\" data-src=\"https:\/\/www.pictofoundation.fr\/wp-content\/uploads\/2022\/09\/19MxPicto_Pascale_ARNAUD_1.jpg\" data-srcset=\"https:\/\/www.pictofoundation.fr\/wp-content\/uploads\/2022\/09\/19MxPicto_Pascale_ARNAUD_1.jpg 1452w, https:\/\/www.pictofoundation.fr\/wp-content\/uploads\/2022\/09\/19MxPicto_Pascale_ARNAUD_1-214x300.jpg 214w, https:\/\/www.pictofoundation.fr\/wp-content\/uploads\/2022\/09\/19MxPicto_Pascale_ARNAUD_1-731x1024.jpg 731w, https:\/\/www.pictofoundation.fr\/wp-content\/uploads\/2022\/09\/19MxPicto_Pascale_ARNAUD_1-768x1075.jpg 768w, https:\/\/www.pictofoundation.fr\/wp-content\/uploads\/2022\/09\/19MxPicto_Pascale_ARNAUD_1-1097x1536.jpg 1097w, https:\/\/www.pictofoundation.fr\/wp-content\/uploads\/2022\/09\/19MxPicto_Pascale_ARNAUD_1-500x700.jpg 500w, https:\/\/www.pictofoundation.fr\/wp-content\/uploads\/2022\/09\/19MxPicto_Pascale_ARNAUD_1-800x1120.jpg 800w, https:\/\/www.pictofoundation.fr\/wp-content\/uploads\/2022\/09\/19MxPicto_Pascale_ARNAUD_1-1280x1792.jpg 1280w\" data-sizes=\"auto\" loading=\"eager\">\n\t\t<\/a>\t<\/div>\n<\/div>\n\n<figcaption class=\"vp-portfolio__item-overlay vp-portfolio__item-align-center\">\n\t<a\t\t\t\t\thref=\"https:\/\/www.pictofoundation.fr\/wp-content\/uploads\/2022\/09\/19MxPicto_Pascale_ARNAUD_1.jpg\"\n\t\t\t\t\t\t\tclass=\"vp-portfolio__item-meta\">\n\n\t\t\t<\/a>\n<\/figcaption>\t\t\t<\/figure>\n\t\t\t\t\t<\/div>\n\t\t\n\t\t<div\t\tclass=\"vp-portfolio__item-wrap vp-portfolio__item-uid-42c26c4a\" data-vp-filter=\"\" \t\t>\n\t\t\t<template class=\"vp-portfolio__item-popup\" data-vp-popup-img=\"https:\/\/www.pictofoundation.fr\/wp-content\/uploads\/2022\/09\/19MxPicto_Pascale_ARNAUD_2.jpg\" data-vp-popup-img-srcset=\"https:\/\/www.pictofoundation.fr\/wp-content\/uploads\/2022\/09\/19MxPicto_Pascale_ARNAUD_2.jpg 1452w, https:\/\/www.pictofoundation.fr\/wp-content\/uploads\/2022\/09\/19MxPicto_Pascale_ARNAUD_2-214x300.jpg 214w, https:\/\/www.pictofoundation.fr\/wp-content\/uploads\/2022\/09\/19MxPicto_Pascale_ARNAUD_2-731x1024.jpg 731w, https:\/\/www.pictofoundation.fr\/wp-content\/uploads\/2022\/09\/19MxPicto_Pascale_ARNAUD_2-768x1075.jpg 768w, https:\/\/www.pictofoundation.fr\/wp-content\/uploads\/2022\/09\/19MxPicto_Pascale_ARNAUD_2-1097x1536.jpg 1097w, https:\/\/www.pictofoundation.fr\/wp-content\/uploads\/2022\/09\/19MxPicto_Pascale_ARNAUD_2-500x700.jpg 500w, https:\/\/www.pictofoundation.fr\/wp-content\/uploads\/2022\/09\/19MxPicto_Pascale_ARNAUD_2-800x1120.jpg 800w, https:\/\/www.pictofoundation.fr\/wp-content\/uploads\/2022\/09\/19MxPicto_Pascale_ARNAUD_2-1280x1792.jpg 1280w\" data-vp-popup-img-size=\"1452x2033\" data-vp-popup-md-img=\"https:\/\/www.pictofoundation.fr\/wp-content\/uploads\/2022\/09\/19MxPicto_Pascale_ARNAUD_2-800x1120.jpg\" data-vp-popup-md-img-size=\"800x1120\" data-vp-popup-sm-img=\"https:\/\/www.pictofoundation.fr\/wp-content\/uploads\/2022\/09\/19MxPicto_Pascale_ARNAUD_2-500x700.jpg\" data-vp-popup-sm-img-size=\"500x700\">\n\t\t\t<h3 class=\"vp-portfolio__item-popup-title\">Vernissage de l\u2019exposition de Laurent Poleo-Garnier \u00e0 la Galerie du 19M \u00a9 Pascale Arnaud<\/h3>\n\t\t<\/template>\n\t\t\t\t\t\t<figure class=\"vp-portfolio__item\">\n\t\t\t\t\n<div class=\"vp-portfolio__item-img-wrap\">\n\t<div class=\"vp-portfolio__item-img\">\n\t\t\t<a\n\t\thref=\"https:\/\/www.pictofoundation.fr\/wp-content\/uploads\/2022\/09\/19MxPicto_Pascale_ARNAUD_2.jpg\"\n\t\t\t>\n\t\n\t\t<noscript><img loading=\"lazy\" decoding=\"async\" width=\"1452\" height=\"2033\" data-skip-lazy src=\"https:\/\/www.pictofoundation.fr\/wp-content\/uploads\/2022\/09\/19MxPicto_Pascale_ARNAUD_2.jpg\" class=\"wp-image-7812\" alt=\"\" srcset=\"https:\/\/www.pictofoundation.fr\/wp-content\/uploads\/2022\/09\/19MxPicto_Pascale_ARNAUD_2.jpg 1452w, https:\/\/www.pictofoundation.fr\/wp-content\/uploads\/2022\/09\/19MxPicto_Pascale_ARNAUD_2-214x300.jpg 214w, https:\/\/www.pictofoundation.fr\/wp-content\/uploads\/2022\/09\/19MxPicto_Pascale_ARNAUD_2-731x1024.jpg 731w, https:\/\/www.pictofoundation.fr\/wp-content\/uploads\/2022\/09\/19MxPicto_Pascale_ARNAUD_2-768x1075.jpg 768w, https:\/\/www.pictofoundation.fr\/wp-content\/uploads\/2022\/09\/19MxPicto_Pascale_ARNAUD_2-1097x1536.jpg 1097w, https:\/\/www.pictofoundation.fr\/wp-content\/uploads\/2022\/09\/19MxPicto_Pascale_ARNAUD_2-500x700.jpg 500w, https:\/\/www.pictofoundation.fr\/wp-content\/uploads\/2022\/09\/19MxPicto_Pascale_ARNAUD_2-800x1120.jpg 800w, https:\/\/www.pictofoundation.fr\/wp-content\/uploads\/2022\/09\/19MxPicto_Pascale_ARNAUD_2-1280x1792.jpg 1280w\" sizes=\"auto, (max-width: 1452px) 100vw, 1452px\" \/><\/noscript><img decoding=\"async\" width=\"1452\" height=\"2033\" src=\"https:\/\/www.pictofoundation.fr\/wp-content\/uploads\/2022\/09\/19MxPicto_Pascale_ARNAUD_2.jpg\" class=\"wp-image-7812 vp-lazyload\" alt srcset=\"data:image\/svg+xml;base64,PHN2ZyB3aWR0aD0iMTQ1MiIgaGVpZ2h0PSIyMDMzIiB2aWV3Qm94PSIwIDAgMTQ1MiAyMDMzIiBmaWxsPSJub25lIiB4bWxucz0iaHR0cDovL3d3dy53My5vcmcvMjAwMC9zdmciPjwvc3ZnPg==\" data-src=\"https:\/\/www.pictofoundation.fr\/wp-content\/uploads\/2022\/09\/19MxPicto_Pascale_ARNAUD_2.jpg\" data-srcset=\"https:\/\/www.pictofoundation.fr\/wp-content\/uploads\/2022\/09\/19MxPicto_Pascale_ARNAUD_2.jpg 1452w, https:\/\/www.pictofoundation.fr\/wp-content\/uploads\/2022\/09\/19MxPicto_Pascale_ARNAUD_2-214x300.jpg 214w, https:\/\/www.pictofoundation.fr\/wp-content\/uploads\/2022\/09\/19MxPicto_Pascale_ARNAUD_2-731x1024.jpg 731w, https:\/\/www.pictofoundation.fr\/wp-content\/uploads\/2022\/09\/19MxPicto_Pascale_ARNAUD_2-768x1075.jpg 768w, https:\/\/www.pictofoundation.fr\/wp-content\/uploads\/2022\/09\/19MxPicto_Pascale_ARNAUD_2-1097x1536.jpg 1097w, https:\/\/www.pictofoundation.fr\/wp-content\/uploads\/2022\/09\/19MxPicto_Pascale_ARNAUD_2-500x700.jpg 500w, https:\/\/www.pictofoundation.fr\/wp-content\/uploads\/2022\/09\/19MxPicto_Pascale_ARNAUD_2-800x1120.jpg 800w, https:\/\/www.pictofoundation.fr\/wp-content\/uploads\/2022\/09\/19MxPicto_Pascale_ARNAUD_2-1280x1792.jpg 1280w\" data-sizes=\"auto\" loading=\"eager\">\n\t\t<\/a>\t<\/div>\n<\/div>\n\n<figcaption class=\"vp-portfolio__item-overlay vp-portfolio__item-align-center\">\n\t<a\t\t\t\t\thref=\"https:\/\/www.pictofoundation.fr\/wp-content\/uploads\/2022\/09\/19MxPicto_Pascale_ARNAUD_2.jpg\"\n\t\t\t\t\t\t\tclass=\"vp-portfolio__item-meta\">\n\n\t\t\t<\/a>\n<\/figcaption>\t\t\t<\/figure>\n\t\t\t\t\t<\/div>\n\t\t\n\t\t<div\t\tclass=\"vp-portfolio__item-wrap vp-portfolio__item-uid-eb6c77b6\" data-vp-filter=\"\" \t\t>\n\t\t\t<template class=\"vp-portfolio__item-popup\" data-vp-popup-img=\"https:\/\/www.pictofoundation.fr\/wp-content\/uploads\/2022\/09\/19MxPicto_Pascale_ARNAUD_3.jpg\" data-vp-popup-img-srcset=\"https:\/\/www.pictofoundation.fr\/wp-content\/uploads\/2022\/09\/19MxPicto_Pascale_ARNAUD_3.jpg 1452w, https:\/\/www.pictofoundation.fr\/wp-content\/uploads\/2022\/09\/19MxPicto_Pascale_ARNAUD_3-214x300.jpg 214w, https:\/\/www.pictofoundation.fr\/wp-content\/uploads\/2022\/09\/19MxPicto_Pascale_ARNAUD_3-731x1024.jpg 731w, https:\/\/www.pictofoundation.fr\/wp-content\/uploads\/2022\/09\/19MxPicto_Pascale_ARNAUD_3-768x1075.jpg 768w, https:\/\/www.pictofoundation.fr\/wp-content\/uploads\/2022\/09\/19MxPicto_Pascale_ARNAUD_3-1097x1536.jpg 1097w, https:\/\/www.pictofoundation.fr\/wp-content\/uploads\/2022\/09\/19MxPicto_Pascale_ARNAUD_3-500x700.jpg 500w, https:\/\/www.pictofoundation.fr\/wp-content\/uploads\/2022\/09\/19MxPicto_Pascale_ARNAUD_3-800x1120.jpg 800w, https:\/\/www.pictofoundation.fr\/wp-content\/uploads\/2022\/09\/19MxPicto_Pascale_ARNAUD_3-1280x1792.jpg 1280w\" data-vp-popup-img-size=\"1452x2033\" data-vp-popup-md-img=\"https:\/\/www.pictofoundation.fr\/wp-content\/uploads\/2022\/09\/19MxPicto_Pascale_ARNAUD_3-800x1120.jpg\" data-vp-popup-md-img-size=\"800x1120\" data-vp-popup-sm-img=\"https:\/\/www.pictofoundation.fr\/wp-content\/uploads\/2022\/09\/19MxPicto_Pascale_ARNAUD_3-500x700.jpg\" data-vp-popup-sm-img-size=\"500x700\">\n\t\t\t<h3 class=\"vp-portfolio__item-popup-title\">Vernissage de l\u2019exposition de Laurent Poleo-Garnier \u00e0 la Galerie du 19M \u00a9 Pascale Arnaud<\/h3>\n\t\t<\/template>\n\t\t\t\t\t\t<figure class=\"vp-portfolio__item\">\n\t\t\t\t\n<div class=\"vp-portfolio__item-img-wrap\">\n\t<div class=\"vp-portfolio__item-img\">\n\t\t\t<a\n\t\thref=\"https:\/\/www.pictofoundation.fr\/wp-content\/uploads\/2022\/09\/19MxPicto_Pascale_ARNAUD_3.jpg\"\n\t\t\t>\n\t\n\t\t<noscript><img loading=\"lazy\" decoding=\"async\" width=\"1452\" height=\"2033\" data-skip-lazy src=\"https:\/\/www.pictofoundation.fr\/wp-content\/uploads\/2022\/09\/19MxPicto_Pascale_ARNAUD_3.jpg\" class=\"wp-image-7810\" alt=\"\" srcset=\"https:\/\/www.pictofoundation.fr\/wp-content\/uploads\/2022\/09\/19MxPicto_Pascale_ARNAUD_3.jpg 1452w, https:\/\/www.pictofoundation.fr\/wp-content\/uploads\/2022\/09\/19MxPicto_Pascale_ARNAUD_3-214x300.jpg 214w, https:\/\/www.pictofoundation.fr\/wp-content\/uploads\/2022\/09\/19MxPicto_Pascale_ARNAUD_3-731x1024.jpg 731w, https:\/\/www.pictofoundation.fr\/wp-content\/uploads\/2022\/09\/19MxPicto_Pascale_ARNAUD_3-768x1075.jpg 768w, https:\/\/www.pictofoundation.fr\/wp-content\/uploads\/2022\/09\/19MxPicto_Pascale_ARNAUD_3-1097x1536.jpg 1097w, https:\/\/www.pictofoundation.fr\/wp-content\/uploads\/2022\/09\/19MxPicto_Pascale_ARNAUD_3-500x700.jpg 500w, https:\/\/www.pictofoundation.fr\/wp-content\/uploads\/2022\/09\/19MxPicto_Pascale_ARNAUD_3-800x1120.jpg 800w, https:\/\/www.pictofoundation.fr\/wp-content\/uploads\/2022\/09\/19MxPicto_Pascale_ARNAUD_3-1280x1792.jpg 1280w\" sizes=\"auto, (max-width: 1452px) 100vw, 1452px\" \/><\/noscript><img decoding=\"async\" width=\"1452\" height=\"2033\" src=\"https:\/\/www.pictofoundation.fr\/wp-content\/uploads\/2022\/09\/19MxPicto_Pascale_ARNAUD_3.jpg\" class=\"wp-image-7810 vp-lazyload\" alt srcset=\"data:image\/svg+xml;base64,PHN2ZyB3aWR0aD0iMTQ1MiIgaGVpZ2h0PSIyMDMzIiB2aWV3Qm94PSIwIDAgMTQ1MiAyMDMzIiBmaWxsPSJub25lIiB4bWxucz0iaHR0cDovL3d3dy53My5vcmcvMjAwMC9zdmciPjwvc3ZnPg==\" data-src=\"https:\/\/www.pictofoundation.fr\/wp-content\/uploads\/2022\/09\/19MxPicto_Pascale_ARNAUD_3.jpg\" data-srcset=\"https:\/\/www.pictofoundation.fr\/wp-content\/uploads\/2022\/09\/19MxPicto_Pascale_ARNAUD_3.jpg 1452w, https:\/\/www.pictofoundation.fr\/wp-content\/uploads\/2022\/09\/19MxPicto_Pascale_ARNAUD_3-214x300.jpg 214w, https:\/\/www.pictofoundation.fr\/wp-content\/uploads\/2022\/09\/19MxPicto_Pascale_ARNAUD_3-731x1024.jpg 731w, https:\/\/www.pictofoundation.fr\/wp-content\/uploads\/2022\/09\/19MxPicto_Pascale_ARNAUD_3-768x1075.jpg 768w, https:\/\/www.pictofoundation.fr\/wp-content\/uploads\/2022\/09\/19MxPicto_Pascale_ARNAUD_3-1097x1536.jpg 1097w, https:\/\/www.pictofoundation.fr\/wp-content\/uploads\/2022\/09\/19MxPicto_Pascale_ARNAUD_3-500x700.jpg 500w, https:\/\/www.pictofoundation.fr\/wp-content\/uploads\/2022\/09\/19MxPicto_Pascale_ARNAUD_3-800x1120.jpg 800w, https:\/\/www.pictofoundation.fr\/wp-content\/uploads\/2022\/09\/19MxPicto_Pascale_ARNAUD_3-1280x1792.jpg 1280w\" data-sizes=\"auto\" loading=\"eager\">\n\t\t<\/a>\t<\/div>\n<\/div>\n\n<figcaption class=\"vp-portfolio__item-overlay vp-portfolio__item-align-center\">\n\t<a\t\t\t\t\thref=\"https:\/\/www.pictofoundation.fr\/wp-content\/uploads\/2022\/09\/19MxPicto_Pascale_ARNAUD_3.jpg\"\n\t\t\t\t\t\t\tclass=\"vp-portfolio__item-meta\">\n\n\t\t\t<\/a>\n<\/figcaption>\t\t\t<\/figure>\n\t\t\t\t\t<\/div>\n\t\t\n\t\t<div\t\tclass=\"vp-portfolio__item-wrap vp-portfolio__item-uid-c1cce775\" data-vp-filter=\"\" \t\t>\n\t\t\t<template class=\"vp-portfolio__item-popup\" data-vp-popup-img=\"https:\/\/www.pictofoundation.fr\/wp-content\/uploads\/2022\/09\/19MxPicto_Pascale_ARNAUD_4.jpg\" data-vp-popup-img-srcset=\"https:\/\/www.pictofoundation.fr\/wp-content\/uploads\/2022\/09\/19MxPicto_Pascale_ARNAUD_4.jpg 1452w, https:\/\/www.pictofoundation.fr\/wp-content\/uploads\/2022\/09\/19MxPicto_Pascale_ARNAUD_4-214x300.jpg 214w, https:\/\/www.pictofoundation.fr\/wp-content\/uploads\/2022\/09\/19MxPicto_Pascale_ARNAUD_4-731x1024.jpg 731w, https:\/\/www.pictofoundation.fr\/wp-content\/uploads\/2022\/09\/19MxPicto_Pascale_ARNAUD_4-768x1075.jpg 768w, https:\/\/www.pictofoundation.fr\/wp-content\/uploads\/2022\/09\/19MxPicto_Pascale_ARNAUD_4-1097x1536.jpg 1097w, https:\/\/www.pictofoundation.fr\/wp-content\/uploads\/2022\/09\/19MxPicto_Pascale_ARNAUD_4-500x700.jpg 500w, https:\/\/www.pictofoundation.fr\/wp-content\/uploads\/2022\/09\/19MxPicto_Pascale_ARNAUD_4-800x1120.jpg 800w, https:\/\/www.pictofoundation.fr\/wp-content\/uploads\/2022\/09\/19MxPicto_Pascale_ARNAUD_4-1280x1792.jpg 1280w\" data-vp-popup-img-size=\"1452x2033\" data-vp-popup-md-img=\"https:\/\/www.pictofoundation.fr\/wp-content\/uploads\/2022\/09\/19MxPicto_Pascale_ARNAUD_4-800x1120.jpg\" data-vp-popup-md-img-size=\"800x1120\" data-vp-popup-sm-img=\"https:\/\/www.pictofoundation.fr\/wp-content\/uploads\/2022\/09\/19MxPicto_Pascale_ARNAUD_4-500x700.jpg\" data-vp-popup-sm-img-size=\"500x700\">\n\t\t\t<h3 class=\"vp-portfolio__item-popup-title\">Vernissage de l\u2019exposition de Laurent Poleo-Garnier \u00e0 la Galerie du 19M \u00a9 Pascale Arnaud<\/h3>\n\t\t<\/template>\n\t\t\t\t\t\t<figure class=\"vp-portfolio__item\">\n\t\t\t\t\n<div class=\"vp-portfolio__item-img-wrap\">\n\t<div class=\"vp-portfolio__item-img\">\n\t\t\t<a\n\t\thref=\"https:\/\/www.pictofoundation.fr\/wp-content\/uploads\/2022\/09\/19MxPicto_Pascale_ARNAUD_4.jpg\"\n\t\t\t>\n\t\n\t\t<noscript><img loading=\"lazy\" decoding=\"async\" width=\"1452\" height=\"2033\" data-skip-lazy src=\"https:\/\/www.pictofoundation.fr\/wp-content\/uploads\/2022\/09\/19MxPicto_Pascale_ARNAUD_4.jpg\" class=\"wp-image-7808\" alt=\"\" srcset=\"https:\/\/www.pictofoundation.fr\/wp-content\/uploads\/2022\/09\/19MxPicto_Pascale_ARNAUD_4.jpg 1452w, https:\/\/www.pictofoundation.fr\/wp-content\/uploads\/2022\/09\/19MxPicto_Pascale_ARNAUD_4-214x300.jpg 214w, https:\/\/www.pictofoundation.fr\/wp-content\/uploads\/2022\/09\/19MxPicto_Pascale_ARNAUD_4-731x1024.jpg 731w, https:\/\/www.pictofoundation.fr\/wp-content\/uploads\/2022\/09\/19MxPicto_Pascale_ARNAUD_4-768x1075.jpg 768w, https:\/\/www.pictofoundation.fr\/wp-content\/uploads\/2022\/09\/19MxPicto_Pascale_ARNAUD_4-1097x1536.jpg 1097w, https:\/\/www.pictofoundation.fr\/wp-content\/uploads\/2022\/09\/19MxPicto_Pascale_ARNAUD_4-500x700.jpg 500w, https:\/\/www.pictofoundation.fr\/wp-content\/uploads\/2022\/09\/19MxPicto_Pascale_ARNAUD_4-800x1120.jpg 800w, https:\/\/www.pictofoundation.fr\/wp-content\/uploads\/2022\/09\/19MxPicto_Pascale_ARNAUD_4-1280x1792.jpg 1280w\" sizes=\"auto, (max-width: 1452px) 100vw, 1452px\" \/><\/noscript><img decoding=\"async\" width=\"1452\" height=\"2033\" src=\"https:\/\/www.pictofoundation.fr\/wp-content\/uploads\/2022\/09\/19MxPicto_Pascale_ARNAUD_4.jpg\" class=\"wp-image-7808 vp-lazyload\" alt srcset=\"data:image\/svg+xml;base64,PHN2ZyB3aWR0aD0iMTQ1MiIgaGVpZ2h0PSIyMDMzIiB2aWV3Qm94PSIwIDAgMTQ1MiAyMDMzIiBmaWxsPSJub25lIiB4bWxucz0iaHR0cDovL3d3dy53My5vcmcvMjAwMC9zdmciPjwvc3ZnPg==\" data-src=\"https:\/\/www.pictofoundation.fr\/wp-content\/uploads\/2022\/09\/19MxPicto_Pascale_ARNAUD_4.jpg\" data-srcset=\"https:\/\/www.pictofoundation.fr\/wp-content\/uploads\/2022\/09\/19MxPicto_Pascale_ARNAUD_4.jpg 1452w, https:\/\/www.pictofoundation.fr\/wp-content\/uploads\/2022\/09\/19MxPicto_Pascale_ARNAUD_4-214x300.jpg 214w, https:\/\/www.pictofoundation.fr\/wp-content\/uploads\/2022\/09\/19MxPicto_Pascale_ARNAUD_4-731x1024.jpg 731w, https:\/\/www.pictofoundation.fr\/wp-content\/uploads\/2022\/09\/19MxPicto_Pascale_ARNAUD_4-768x1075.jpg 768w, https:\/\/www.pictofoundation.fr\/wp-content\/uploads\/2022\/09\/19MxPicto_Pascale_ARNAUD_4-1097x1536.jpg 1097w, https:\/\/www.pictofoundation.fr\/wp-content\/uploads\/2022\/09\/19MxPicto_Pascale_ARNAUD_4-500x700.jpg 500w, https:\/\/www.pictofoundation.fr\/wp-content\/uploads\/2022\/09\/19MxPicto_Pascale_ARNAUD_4-800x1120.jpg 800w, https:\/\/www.pictofoundation.fr\/wp-content\/uploads\/2022\/09\/19MxPicto_Pascale_ARNAUD_4-1280x1792.jpg 1280w\" data-sizes=\"auto\" loading=\"eager\">\n\t\t<\/a>\t<\/div>\n<\/div>\n\n<figcaption class=\"vp-portfolio__item-overlay vp-portfolio__item-align-center\">\n\t<a\t\t\t\t\thref=\"https:\/\/www.pictofoundation.fr\/wp-content\/uploads\/2022\/09\/19MxPicto_Pascale_ARNAUD_4.jpg\"\n\t\t\t\t\t\t\tclass=\"vp-portfolio__item-meta\">\n\n\t\t\t<\/a>\n<\/figcaption>\t\t\t<\/figure>\n\t\t\t\t\t<\/div>\n\t\t\n\t\t<div\t\tclass=\"vp-portfolio__item-wrap vp-portfolio__item-uid-94541662\" data-vp-filter=\"\" \t\t>\n\t\t\t<template class=\"vp-portfolio__item-popup\" data-vp-popup-img=\"https:\/\/www.pictofoundation.fr\/wp-content\/uploads\/2022\/09\/19MxPicto_Pascale_ARNAUD_5.jpg\" data-vp-popup-img-srcset=\"https:\/\/www.pictofoundation.fr\/wp-content\/uploads\/2022\/09\/19MxPicto_Pascale_ARNAUD_5.jpg 1452w, https:\/\/www.pictofoundation.fr\/wp-content\/uploads\/2022\/09\/19MxPicto_Pascale_ARNAUD_5-214x300.jpg 214w, https:\/\/www.pictofoundation.fr\/wp-content\/uploads\/2022\/09\/19MxPicto_Pascale_ARNAUD_5-731x1024.jpg 731w, https:\/\/www.pictofoundation.fr\/wp-content\/uploads\/2022\/09\/19MxPicto_Pascale_ARNAUD_5-768x1075.jpg 768w, https:\/\/www.pictofoundation.fr\/wp-content\/uploads\/2022\/09\/19MxPicto_Pascale_ARNAUD_5-1097x1536.jpg 1097w, https:\/\/www.pictofoundation.fr\/wp-content\/uploads\/2022\/09\/19MxPicto_Pascale_ARNAUD_5-500x700.jpg 500w, https:\/\/www.pictofoundation.fr\/wp-content\/uploads\/2022\/09\/19MxPicto_Pascale_ARNAUD_5-800x1120.jpg 800w, https:\/\/www.pictofoundation.fr\/wp-content\/uploads\/2022\/09\/19MxPicto_Pascale_ARNAUD_5-1280x1792.jpg 1280w\" data-vp-popup-img-size=\"1452x2033\" data-vp-popup-md-img=\"https:\/\/www.pictofoundation.fr\/wp-content\/uploads\/2022\/09\/19MxPicto_Pascale_ARNAUD_5-800x1120.jpg\" data-vp-popup-md-img-size=\"800x1120\" data-vp-popup-sm-img=\"https:\/\/www.pictofoundation.fr\/wp-content\/uploads\/2022\/09\/19MxPicto_Pascale_ARNAUD_5-500x700.jpg\" data-vp-popup-sm-img-size=\"500x700\">\n\t\t\t<h3 class=\"vp-portfolio__item-popup-title\">Vernissage de l\u2019exposition de Laurent Poleo-Garnier \u00e0 la Galerie du 19M \u00a9 Pascale Arnaud<\/h3>\n\t\t<\/template>\n\t\t\t\t\t\t<figure class=\"vp-portfolio__item\">\n\t\t\t\t\n<div class=\"vp-portfolio__item-img-wrap\">\n\t<div class=\"vp-portfolio__item-img\">\n\t\t\t<a\n\t\thref=\"https:\/\/www.pictofoundation.fr\/wp-content\/uploads\/2022\/09\/19MxPicto_Pascale_ARNAUD_5.jpg\"\n\t\t\t>\n\t\n\t\t<noscript><img loading=\"lazy\" decoding=\"async\" width=\"1452\" height=\"2033\" data-skip-lazy src=\"https:\/\/www.pictofoundation.fr\/wp-content\/uploads\/2022\/09\/19MxPicto_Pascale_ARNAUD_5.jpg\" class=\"wp-image-7806\" alt=\"\" srcset=\"https:\/\/www.pictofoundation.fr\/wp-content\/uploads\/2022\/09\/19MxPicto_Pascale_ARNAUD_5.jpg 1452w, https:\/\/www.pictofoundation.fr\/wp-content\/uploads\/2022\/09\/19MxPicto_Pascale_ARNAUD_5-214x300.jpg 214w, https:\/\/www.pictofoundation.fr\/wp-content\/uploads\/2022\/09\/19MxPicto_Pascale_ARNAUD_5-731x1024.jpg 731w, https:\/\/www.pictofoundation.fr\/wp-content\/uploads\/2022\/09\/19MxPicto_Pascale_ARNAUD_5-768x1075.jpg 768w, https:\/\/www.pictofoundation.fr\/wp-content\/uploads\/2022\/09\/19MxPicto_Pascale_ARNAUD_5-1097x1536.jpg 1097w, https:\/\/www.pictofoundation.fr\/wp-content\/uploads\/2022\/09\/19MxPicto_Pascale_ARNAUD_5-500x700.jpg 500w, https:\/\/www.pictofoundation.fr\/wp-content\/uploads\/2022\/09\/19MxPicto_Pascale_ARNAUD_5-800x1120.jpg 800w, https:\/\/www.pictofoundation.fr\/wp-content\/uploads\/2022\/09\/19MxPicto_Pascale_ARNAUD_5-1280x1792.jpg 1280w\" sizes=\"auto, (max-width: 1452px) 100vw, 1452px\" \/><\/noscript><img decoding=\"async\" width=\"1452\" height=\"2033\" src=\"https:\/\/www.pictofoundation.fr\/wp-content\/uploads\/2022\/09\/19MxPicto_Pascale_ARNAUD_5.jpg\" class=\"wp-image-7806 vp-lazyload\" alt srcset=\"data:image\/svg+xml;base64,PHN2ZyB3aWR0aD0iMTQ1MiIgaGVpZ2h0PSIyMDMzIiB2aWV3Qm94PSIwIDAgMTQ1MiAyMDMzIiBmaWxsPSJub25lIiB4bWxucz0iaHR0cDovL3d3dy53My5vcmcvMjAwMC9zdmciPjwvc3ZnPg==\" data-src=\"https:\/\/www.pictofoundation.fr\/wp-content\/uploads\/2022\/09\/19MxPicto_Pascale_ARNAUD_5.jpg\" data-srcset=\"https:\/\/www.pictofoundation.fr\/wp-content\/uploads\/2022\/09\/19MxPicto_Pascale_ARNAUD_5.jpg 1452w, https:\/\/www.pictofoundation.fr\/wp-content\/uploads\/2022\/09\/19MxPicto_Pascale_ARNAUD_5-214x300.jpg 214w, https:\/\/www.pictofoundation.fr\/wp-content\/uploads\/2022\/09\/19MxPicto_Pascale_ARNAUD_5-731x1024.jpg 731w, https:\/\/www.pictofoundation.fr\/wp-content\/uploads\/2022\/09\/19MxPicto_Pascale_ARNAUD_5-768x1075.jpg 768w, https:\/\/www.pictofoundation.fr\/wp-content\/uploads\/2022\/09\/19MxPicto_Pascale_ARNAUD_5-1097x1536.jpg 1097w, https:\/\/www.pictofoundation.fr\/wp-content\/uploads\/2022\/09\/19MxPicto_Pascale_ARNAUD_5-500x700.jpg 500w, https:\/\/www.pictofoundation.fr\/wp-content\/uploads\/2022\/09\/19MxPicto_Pascale_ARNAUD_5-800x1120.jpg 800w, https:\/\/www.pictofoundation.fr\/wp-content\/uploads\/2022\/09\/19MxPicto_Pascale_ARNAUD_5-1280x1792.jpg 1280w\" data-sizes=\"auto\" loading=\"eager\">\n\t\t<\/a>\t<\/div>\n<\/div>\n\n<figcaption class=\"vp-portfolio__item-overlay vp-portfolio__item-align-center\">\n\t<a\t\t\t\t\thref=\"https:\/\/www.pictofoundation.fr\/wp-content\/uploads\/2022\/09\/19MxPicto_Pascale_ARNAUD_5.jpg\"\n\t\t\t\t\t\t\tclass=\"vp-portfolio__item-meta\">\n\n\t\t\t<\/a>\n<\/figcaption>\t\t\t<\/figure>\n\t\t\t\t\t<\/div>\n\t\t\n\t\t<div\t\tclass=\"vp-portfolio__item-wrap vp-portfolio__item-uid-473a5efe\" data-vp-filter=\"\" \t\t>\n\t\t\t<template class=\"vp-portfolio__item-popup\" data-vp-popup-img=\"https:\/\/www.pictofoundation.fr\/wp-content\/uploads\/2022\/09\/19MxPicto_Pascale_ARNAUD_6.jpg\" data-vp-popup-img-srcset=\"https:\/\/www.pictofoundation.fr\/wp-content\/uploads\/2022\/09\/19MxPicto_Pascale_ARNAUD_6.jpg 1452w, https:\/\/www.pictofoundation.fr\/wp-content\/uploads\/2022\/09\/19MxPicto_Pascale_ARNAUD_6-214x300.jpg 214w, https:\/\/www.pictofoundation.fr\/wp-content\/uploads\/2022\/09\/19MxPicto_Pascale_ARNAUD_6-731x1024.jpg 731w, https:\/\/www.pictofoundation.fr\/wp-content\/uploads\/2022\/09\/19MxPicto_Pascale_ARNAUD_6-768x1075.jpg 768w, https:\/\/www.pictofoundation.fr\/wp-content\/uploads\/2022\/09\/19MxPicto_Pascale_ARNAUD_6-1097x1536.jpg 1097w, https:\/\/www.pictofoundation.fr\/wp-content\/uploads\/2022\/09\/19MxPicto_Pascale_ARNAUD_6-500x700.jpg 500w, https:\/\/www.pictofoundation.fr\/wp-content\/uploads\/2022\/09\/19MxPicto_Pascale_ARNAUD_6-800x1120.jpg 800w, https:\/\/www.pictofoundation.fr\/wp-content\/uploads\/2022\/09\/19MxPicto_Pascale_ARNAUD_6-1280x1792.jpg 1280w\" data-vp-popup-img-size=\"1452x2033\" data-vp-popup-md-img=\"https:\/\/www.pictofoundation.fr\/wp-content\/uploads\/2022\/09\/19MxPicto_Pascale_ARNAUD_6-800x1120.jpg\" data-vp-popup-md-img-size=\"800x1120\" data-vp-popup-sm-img=\"https:\/\/www.pictofoundation.fr\/wp-content\/uploads\/2022\/09\/19MxPicto_Pascale_ARNAUD_6-500x700.jpg\" data-vp-popup-sm-img-size=\"500x700\">\n\t\t\t<h3 class=\"vp-portfolio__item-popup-title\">Vernissage de l\u2019exposition de Laurent Poleo-Garnier \u00e0 la Galerie du 19M \u00a9 Pascale Arnaud<\/h3>\n\t\t<\/template>\n\t\t\t\t\t\t<figure class=\"vp-portfolio__item\">\n\t\t\t\t\n<div class=\"vp-portfolio__item-img-wrap\">\n\t<div class=\"vp-portfolio__item-img\">\n\t\t\t<a\n\t\thref=\"https:\/\/www.pictofoundation.fr\/wp-content\/uploads\/2022\/09\/19MxPicto_Pascale_ARNAUD_6.jpg\"\n\t\t\t>\n\t\n\t\t<noscript><img loading=\"lazy\" decoding=\"async\" width=\"1452\" height=\"2033\" data-skip-lazy src=\"https:\/\/www.pictofoundation.fr\/wp-content\/uploads\/2022\/09\/19MxPicto_Pascale_ARNAUD_6.jpg\" class=\"wp-image-7804\" alt=\"\" srcset=\"https:\/\/www.pictofoundation.fr\/wp-content\/uploads\/2022\/09\/19MxPicto_Pascale_ARNAUD_6.jpg 1452w, https:\/\/www.pictofoundation.fr\/wp-content\/uploads\/2022\/09\/19MxPicto_Pascale_ARNAUD_6-214x300.jpg 214w, https:\/\/www.pictofoundation.fr\/wp-content\/uploads\/2022\/09\/19MxPicto_Pascale_ARNAUD_6-731x1024.jpg 731w, https:\/\/www.pictofoundation.fr\/wp-content\/uploads\/2022\/09\/19MxPicto_Pascale_ARNAUD_6-768x1075.jpg 768w, https:\/\/www.pictofoundation.fr\/wp-content\/uploads\/2022\/09\/19MxPicto_Pascale_ARNAUD_6-1097x1536.jpg 1097w, https:\/\/www.pictofoundation.fr\/wp-content\/uploads\/2022\/09\/19MxPicto_Pascale_ARNAUD_6-500x700.jpg 500w, https:\/\/www.pictofoundation.fr\/wp-content\/uploads\/2022\/09\/19MxPicto_Pascale_ARNAUD_6-800x1120.jpg 800w, https:\/\/www.pictofoundation.fr\/wp-content\/uploads\/2022\/09\/19MxPicto_Pascale_ARNAUD_6-1280x1792.jpg 1280w\" sizes=\"auto, (max-width: 1452px) 100vw, 1452px\" \/><\/noscript><img decoding=\"async\" width=\"1452\" height=\"2033\" src=\"https:\/\/www.pictofoundation.fr\/wp-content\/uploads\/2022\/09\/19MxPicto_Pascale_ARNAUD_6.jpg\" class=\"wp-image-7804 vp-lazyload\" alt srcset=\"data:image\/svg+xml;base64,PHN2ZyB3aWR0aD0iMTQ1MiIgaGVpZ2h0PSIyMDMzIiB2aWV3Qm94PSIwIDAgMTQ1MiAyMDMzIiBmaWxsPSJub25lIiB4bWxucz0iaHR0cDovL3d3dy53My5vcmcvMjAwMC9zdmciPjwvc3ZnPg==\" data-src=\"https:\/\/www.pictofoundation.fr\/wp-content\/uploads\/2022\/09\/19MxPicto_Pascale_ARNAUD_6.jpg\" data-srcset=\"https:\/\/www.pictofoundation.fr\/wp-content\/uploads\/2022\/09\/19MxPicto_Pascale_ARNAUD_6.jpg 1452w, https:\/\/www.pictofoundation.fr\/wp-content\/uploads\/2022\/09\/19MxPicto_Pascale_ARNAUD_6-214x300.jpg 214w, https:\/\/www.pictofoundation.fr\/wp-content\/uploads\/2022\/09\/19MxPicto_Pascale_ARNAUD_6-731x1024.jpg 731w, https:\/\/www.pictofoundation.fr\/wp-content\/uploads\/2022\/09\/19MxPicto_Pascale_ARNAUD_6-768x1075.jpg 768w, https:\/\/www.pictofoundation.fr\/wp-content\/uploads\/2022\/09\/19MxPicto_Pascale_ARNAUD_6-1097x1536.jpg 1097w, https:\/\/www.pictofoundation.fr\/wp-content\/uploads\/2022\/09\/19MxPicto_Pascale_ARNAUD_6-500x700.jpg 500w, https:\/\/www.pictofoundation.fr\/wp-content\/uploads\/2022\/09\/19MxPicto_Pascale_ARNAUD_6-800x1120.jpg 800w, https:\/\/www.pictofoundation.fr\/wp-content\/uploads\/2022\/09\/19MxPicto_Pascale_ARNAUD_6-1280x1792.jpg 1280w\" data-sizes=\"auto\" loading=\"eager\">\n\t\t<\/a>\t<\/div>\n<\/div>\n\n<figcaption class=\"vp-portfolio__item-overlay vp-portfolio__item-align-center\">\n\t<a\t\t\t\t\thref=\"https:\/\/www.pictofoundation.fr\/wp-content\/uploads\/2022\/09\/19MxPicto_Pascale_ARNAUD_6.jpg\"\n\t\t\t\t\t\t\tclass=\"vp-portfolio__item-meta\">\n\n\t\t\t<\/a>\n<\/figcaption>\t\t\t<\/figure>\n\t\t\t\t\t<\/div>\n\t\t\n\t\t<div\t\tclass=\"vp-portfolio__item-wrap vp-portfolio__item-uid-e9f9811b\" data-vp-filter=\"\" \t\t>\n\t\t\t<template class=\"vp-portfolio__item-popup\" data-vp-popup-img=\"https:\/\/www.pictofoundation.fr\/wp-content\/uploads\/2022\/09\/19MxPicto_Pascale_ARNAUD_25.jpg\" data-vp-popup-img-srcset=\"https:\/\/www.pictofoundation.fr\/wp-content\/uploads\/2022\/09\/19MxPicto_Pascale_ARNAUD_25.jpg 1452w, https:\/\/www.pictofoundation.fr\/wp-content\/uploads\/2022\/09\/19MxPicto_Pascale_ARNAUD_25-300x214.jpg 300w, https:\/\/www.pictofoundation.fr\/wp-content\/uploads\/2022\/09\/19MxPicto_Pascale_ARNAUD_25-1024x731.jpg 1024w, https:\/\/www.pictofoundation.fr\/wp-content\/uploads\/2022\/09\/19MxPicto_Pascale_ARNAUD_25-768x548.jpg 768w, https:\/\/www.pictofoundation.fr\/wp-content\/uploads\/2022\/09\/19MxPicto_Pascale_ARNAUD_25-500x357.jpg 500w, https:\/\/www.pictofoundation.fr\/wp-content\/uploads\/2022\/09\/19MxPicto_Pascale_ARNAUD_25-800x571.jpg 800w, https:\/\/www.pictofoundation.fr\/wp-content\/uploads\/2022\/09\/19MxPicto_Pascale_ARNAUD_25-1280x914.jpg 1280w\" data-vp-popup-img-size=\"1452x1037\" data-vp-popup-md-img=\"https:\/\/www.pictofoundation.fr\/wp-content\/uploads\/2022\/09\/19MxPicto_Pascale_ARNAUD_25-800x571.jpg\" data-vp-popup-md-img-size=\"800x571\" data-vp-popup-sm-img=\"https:\/\/www.pictofoundation.fr\/wp-content\/uploads\/2022\/09\/19MxPicto_Pascale_ARNAUD_25-500x357.jpg\" data-vp-popup-sm-img-size=\"500x357\">\n\t\t\t<h3 class=\"vp-portfolio__item-popup-title\">Vernissage de l\u2019exposition de Laurent Poleo-Garnier \u00e0 la Galerie du 19M \u00a9 Pascale Arnaud<\/h3>\n\t\t<\/template>\n\t\t\t\t\t\t<figure class=\"vp-portfolio__item\">\n\t\t\t\t\n<div class=\"vp-portfolio__item-img-wrap\">\n\t<div class=\"vp-portfolio__item-img\">\n\t\t\t<a\n\t\thref=\"https:\/\/www.pictofoundation.fr\/wp-content\/uploads\/2022\/09\/19MxPicto_Pascale_ARNAUD_25.jpg\"\n\t\t\t>\n\t\n\t\t<noscript><img loading=\"lazy\" decoding=\"async\" width=\"1452\" height=\"1037\" data-skip-lazy src=\"https:\/\/www.pictofoundation.fr\/wp-content\/uploads\/2022\/09\/19MxPicto_Pascale_ARNAUD_25.jpg\" class=\"wp-image-7802\" alt=\"\" srcset=\"https:\/\/www.pictofoundation.fr\/wp-content\/uploads\/2022\/09\/19MxPicto_Pascale_ARNAUD_25.jpg 1452w, https:\/\/www.pictofoundation.fr\/wp-content\/uploads\/2022\/09\/19MxPicto_Pascale_ARNAUD_25-300x214.jpg 300w, https:\/\/www.pictofoundation.fr\/wp-content\/uploads\/2022\/09\/19MxPicto_Pascale_ARNAUD_25-1024x731.jpg 1024w, https:\/\/www.pictofoundation.fr\/wp-content\/uploads\/2022\/09\/19MxPicto_Pascale_ARNAUD_25-768x548.jpg 768w, https:\/\/www.pictofoundation.fr\/wp-content\/uploads\/2022\/09\/19MxPicto_Pascale_ARNAUD_25-500x357.jpg 500w, https:\/\/www.pictofoundation.fr\/wp-content\/uploads\/2022\/09\/19MxPicto_Pascale_ARNAUD_25-800x571.jpg 800w, https:\/\/www.pictofoundation.fr\/wp-content\/uploads\/2022\/09\/19MxPicto_Pascale_ARNAUD_25-1280x914.jpg 1280w\" sizes=\"auto, (max-width: 1452px) 100vw, 1452px\" \/><\/noscript><img decoding=\"async\" width=\"1452\" height=\"1037\" src=\"https:\/\/www.pictofoundation.fr\/wp-content\/uploads\/2022\/09\/19MxPicto_Pascale_ARNAUD_25.jpg\" class=\"wp-image-7802 vp-lazyload\" alt srcset=\"data:image\/svg+xml;base64,PHN2ZyB3aWR0aD0iMTQ1MiIgaGVpZ2h0PSIxMDM3IiB2aWV3Qm94PSIwIDAgMTQ1MiAxMDM3IiBmaWxsPSJub25lIiB4bWxucz0iaHR0cDovL3d3dy53My5vcmcvMjAwMC9zdmciPjwvc3ZnPg==\" data-src=\"https:\/\/www.pictofoundation.fr\/wp-content\/uploads\/2022\/09\/19MxPicto_Pascale_ARNAUD_25.jpg\" data-srcset=\"https:\/\/www.pictofoundation.fr\/wp-content\/uploads\/2022\/09\/19MxPicto_Pascale_ARNAUD_25.jpg 1452w, https:\/\/www.pictofoundation.fr\/wp-content\/uploads\/2022\/09\/19MxPicto_Pascale_ARNAUD_25-300x214.jpg 300w, https:\/\/www.pictofoundation.fr\/wp-content\/uploads\/2022\/09\/19MxPicto_Pascale_ARNAUD_25-1024x731.jpg 1024w, https:\/\/www.pictofoundation.fr\/wp-content\/uploads\/2022\/09\/19MxPicto_Pascale_ARNAUD_25-768x548.jpg 768w, https:\/\/www.pictofoundation.fr\/wp-content\/uploads\/2022\/09\/19MxPicto_Pascale_ARNAUD_25-500x357.jpg 500w, https:\/\/www.pictofoundation.fr\/wp-content\/uploads\/2022\/09\/19MxPicto_Pascale_ARNAUD_25-800x571.jpg 800w, https:\/\/www.pictofoundation.fr\/wp-content\/uploads\/2022\/09\/19MxPicto_Pascale_ARNAUD_25-1280x914.jpg 1280w\" data-sizes=\"auto\" loading=\"eager\">\n\t\t<\/a>\t<\/div>\n<\/div>\n\n<figcaption class=\"vp-portfolio__item-overlay vp-portfolio__item-align-center\">\n\t<a\t\t\t\t\thref=\"https:\/\/www.pictofoundation.fr\/wp-content\/uploads\/2022\/09\/19MxPicto_Pascale_ARNAUD_25.jpg\"\n\t\t\t\t\t\t\tclass=\"vp-portfolio__item-meta\">\n\n\t\t\t<\/a>\n<\/figcaption>\t\t\t<\/figure>\n\t\t\t\t\t<\/div>\n\t\t\n\t\t<div\t\tclass=\"vp-portfolio__item-wrap vp-portfolio__item-uid-3a97c987\" data-vp-filter=\"\" \t\t>\n\t\t\t<template class=\"vp-portfolio__item-popup\" data-vp-popup-img=\"https:\/\/www.pictofoundation.fr\/wp-content\/uploads\/2022\/09\/19MxPicto_Pascale_ARNAUD_27.jpg\" data-vp-popup-img-srcset=\"https:\/\/www.pictofoundation.fr\/wp-content\/uploads\/2022\/09\/19MxPicto_Pascale_ARNAUD_27.jpg 1452w, https:\/\/www.pictofoundation.fr\/wp-content\/uploads\/2022\/09\/19MxPicto_Pascale_ARNAUD_27-214x300.jpg 214w, https:\/\/www.pictofoundation.fr\/wp-content\/uploads\/2022\/09\/19MxPicto_Pascale_ARNAUD_27-731x1024.jpg 731w, https:\/\/www.pictofoundation.fr\/wp-content\/uploads\/2022\/09\/19MxPicto_Pascale_ARNAUD_27-768x1075.jpg 768w, https:\/\/www.pictofoundation.fr\/wp-content\/uploads\/2022\/09\/19MxPicto_Pascale_ARNAUD_27-1097x1536.jpg 1097w, https:\/\/www.pictofoundation.fr\/wp-content\/uploads\/2022\/09\/19MxPicto_Pascale_ARNAUD_27-500x700.jpg 500w, https:\/\/www.pictofoundation.fr\/wp-content\/uploads\/2022\/09\/19MxPicto_Pascale_ARNAUD_27-800x1120.jpg 800w, https:\/\/www.pictofoundation.fr\/wp-content\/uploads\/2022\/09\/19MxPicto_Pascale_ARNAUD_27-1280x1792.jpg 1280w\" data-vp-popup-img-size=\"1452x2033\" data-vp-popup-md-img=\"https:\/\/www.pictofoundation.fr\/wp-content\/uploads\/2022\/09\/19MxPicto_Pascale_ARNAUD_27-800x1120.jpg\" data-vp-popup-md-img-size=\"800x1120\" data-vp-popup-sm-img=\"https:\/\/www.pictofoundation.fr\/wp-content\/uploads\/2022\/09\/19MxPicto_Pascale_ARNAUD_27-500x700.jpg\" data-vp-popup-sm-img-size=\"500x700\">\n\t\t\t<h3 class=\"vp-portfolio__item-popup-title\">Vernissage de l\u2019exposition de Laurent Poleo-Garnier \u00e0 la Galerie du 19M \u00a9 Pascale Arnaud<\/h3>\n\t\t<\/template>\n\t\t\t\t\t\t<figure class=\"vp-portfolio__item\">\n\t\t\t\t\n<div class=\"vp-portfolio__item-img-wrap\">\n\t<div class=\"vp-portfolio__item-img\">\n\t\t\t<a\n\t\thref=\"https:\/\/www.pictofoundation.fr\/wp-content\/uploads\/2022\/09\/19MxPicto_Pascale_ARNAUD_27.jpg\"\n\t\t\t>\n\t\n\t\t<noscript><img loading=\"lazy\" decoding=\"async\" width=\"1452\" height=\"2033\" data-skip-lazy src=\"https:\/\/www.pictofoundation.fr\/wp-content\/uploads\/2022\/09\/19MxPicto_Pascale_ARNAUD_27.jpg\" class=\"wp-image-7800\" alt=\"\" srcset=\"https:\/\/www.pictofoundation.fr\/wp-content\/uploads\/2022\/09\/19MxPicto_Pascale_ARNAUD_27.jpg 1452w, https:\/\/www.pictofoundation.fr\/wp-content\/uploads\/2022\/09\/19MxPicto_Pascale_ARNAUD_27-214x300.jpg 214w, https:\/\/www.pictofoundation.fr\/wp-content\/uploads\/2022\/09\/19MxPicto_Pascale_ARNAUD_27-731x1024.jpg 731w, https:\/\/www.pictofoundation.fr\/wp-content\/uploads\/2022\/09\/19MxPicto_Pascale_ARNAUD_27-768x1075.jpg 768w, https:\/\/www.pictofoundation.fr\/wp-content\/uploads\/2022\/09\/19MxPicto_Pascale_ARNAUD_27-1097x1536.jpg 1097w, https:\/\/www.pictofoundation.fr\/wp-content\/uploads\/2022\/09\/19MxPicto_Pascale_ARNAUD_27-500x700.jpg 500w, https:\/\/www.pictofoundation.fr\/wp-content\/uploads\/2022\/09\/19MxPicto_Pascale_ARNAUD_27-800x1120.jpg 800w, https:\/\/www.pictofoundation.fr\/wp-content\/uploads\/2022\/09\/19MxPicto_Pascale_ARNAUD_27-1280x1792.jpg 1280w\" sizes=\"auto, (max-width: 1452px) 100vw, 1452px\" \/><\/noscript><img decoding=\"async\" width=\"1452\" height=\"2033\" src=\"https:\/\/www.pictofoundation.fr\/wp-content\/uploads\/2022\/09\/19MxPicto_Pascale_ARNAUD_27.jpg\" class=\"wp-image-7800 vp-lazyload\" alt srcset=\"data:image\/svg+xml;base64,PHN2ZyB3aWR0aD0iMTQ1MiIgaGVpZ2h0PSIyMDMzIiB2aWV3Qm94PSIwIDAgMTQ1MiAyMDMzIiBmaWxsPSJub25lIiB4bWxucz0iaHR0cDovL3d3dy53My5vcmcvMjAwMC9zdmciPjwvc3ZnPg==\" data-src=\"https:\/\/www.pictofoundation.fr\/wp-content\/uploads\/2022\/09\/19MxPicto_Pascale_ARNAUD_27.jpg\" data-srcset=\"https:\/\/www.pictofoundation.fr\/wp-content\/uploads\/2022\/09\/19MxPicto_Pascale_ARNAUD_27.jpg 1452w, https:\/\/www.pictofoundation.fr\/wp-content\/uploads\/2022\/09\/19MxPicto_Pascale_ARNAUD_27-214x300.jpg 214w, https:\/\/www.pictofoundation.fr\/wp-content\/uploads\/2022\/09\/19MxPicto_Pascale_ARNAUD_27-731x1024.jpg 731w, https:\/\/www.pictofoundation.fr\/wp-content\/uploads\/2022\/09\/19MxPicto_Pascale_ARNAUD_27-768x1075.jpg 768w, https:\/\/www.pictofoundation.fr\/wp-content\/uploads\/2022\/09\/19MxPicto_Pascale_ARNAUD_27-1097x1536.jpg 1097w, https:\/\/www.pictofoundation.fr\/wp-content\/uploads\/2022\/09\/19MxPicto_Pascale_ARNAUD_27-500x700.jpg 500w, https:\/\/www.pictofoundation.fr\/wp-content\/uploads\/2022\/09\/19MxPicto_Pascale_ARNAUD_27-800x1120.jpg 800w, https:\/\/www.pictofoundation.fr\/wp-content\/uploads\/2022\/09\/19MxPicto_Pascale_ARNAUD_27-1280x1792.jpg 1280w\" data-sizes=\"auto\" loading=\"eager\">\n\t\t<\/a>\t<\/div>\n<\/div>\n\n<figcaption class=\"vp-portfolio__item-overlay vp-portfolio__item-align-center\">\n\t<a\t\t\t\t\thref=\"https:\/\/www.pictofoundation.fr\/wp-content\/uploads\/2022\/09\/19MxPicto_Pascale_ARNAUD_27.jpg\"\n\t\t\t\t\t\t\tclass=\"vp-portfolio__item-meta\">\n\n\t\t\t<\/a>\n<\/figcaption>\t\t\t<\/figure>\n\t\t\t\t\t<\/div>\n\t\t\n\t\t<div\t\tclass=\"vp-portfolio__item-wrap vp-portfolio__item-uid-6c822a10\" data-vp-filter=\"\" \t\t>\n\t\t\t<template class=\"vp-portfolio__item-popup\" data-vp-popup-img=\"https:\/\/www.pictofoundation.fr\/wp-content\/uploads\/2022\/09\/19MxPicto_Pascale_ARNAUD-42.jpg\" data-vp-popup-img-srcset=\"https:\/\/www.pictofoundation.fr\/wp-content\/uploads\/2022\/09\/19MxPicto_Pascale_ARNAUD-42.jpg 1452w, https:\/\/www.pictofoundation.fr\/wp-content\/uploads\/2022\/09\/19MxPicto_Pascale_ARNAUD-42-214x300.jpg 214w, https:\/\/www.pictofoundation.fr\/wp-content\/uploads\/2022\/09\/19MxPicto_Pascale_ARNAUD-42-731x1024.jpg 731w, https:\/\/www.pictofoundation.fr\/wp-content\/uploads\/2022\/09\/19MxPicto_Pascale_ARNAUD-42-768x1075.jpg 768w, https:\/\/www.pictofoundation.fr\/wp-content\/uploads\/2022\/09\/19MxPicto_Pascale_ARNAUD-42-1097x1536.jpg 1097w, https:\/\/www.pictofoundation.fr\/wp-content\/uploads\/2022\/09\/19MxPicto_Pascale_ARNAUD-42-500x700.jpg 500w, https:\/\/www.pictofoundation.fr\/wp-content\/uploads\/2022\/09\/19MxPicto_Pascale_ARNAUD-42-800x1120.jpg 800w, https:\/\/www.pictofoundation.fr\/wp-content\/uploads\/2022\/09\/19MxPicto_Pascale_ARNAUD-42-1280x1792.jpg 1280w\" data-vp-popup-img-size=\"1452x2033\" data-vp-popup-md-img=\"https:\/\/www.pictofoundation.fr\/wp-content\/uploads\/2022\/09\/19MxPicto_Pascale_ARNAUD-42-800x1120.jpg\" data-vp-popup-md-img-size=\"800x1120\" data-vp-popup-sm-img=\"https:\/\/www.pictofoundation.fr\/wp-content\/uploads\/2022\/09\/19MxPicto_Pascale_ARNAUD-42-500x700.jpg\" data-vp-popup-sm-img-size=\"500x700\">\n\t\t\t<h3 class=\"vp-portfolio__item-popup-title\">Vernissage de l\u2019exposition de Laurent Poleo-Garnier \u00e0 la Galerie du 19M \u00a9 Pascale Arnaud<\/h3>\n\t\t<\/template>\n\t\t\t\t\t\t<figure class=\"vp-portfolio__item\">\n\t\t\t\t\n<div class=\"vp-portfolio__item-img-wrap\">\n\t<div class=\"vp-portfolio__item-img\">\n\t\t\t<a\n\t\thref=\"https:\/\/www.pictofoundation.fr\/wp-content\/uploads\/2022\/09\/19MxPicto_Pascale_ARNAUD-42.jpg\"\n\t\t\t>\n\t\n\t\t<noscript><img loading=\"lazy\" decoding=\"async\" width=\"1452\" height=\"2033\" data-skip-lazy src=\"https:\/\/www.pictofoundation.fr\/wp-content\/uploads\/2022\/09\/19MxPicto_Pascale_ARNAUD-42.jpg\" class=\"wp-image-7798\" alt=\"\" srcset=\"https:\/\/www.pictofoundation.fr\/wp-content\/uploads\/2022\/09\/19MxPicto_Pascale_ARNAUD-42.jpg 1452w, https:\/\/www.pictofoundation.fr\/wp-content\/uploads\/2022\/09\/19MxPicto_Pascale_ARNAUD-42-214x300.jpg 214w, https:\/\/www.pictofoundation.fr\/wp-content\/uploads\/2022\/09\/19MxPicto_Pascale_ARNAUD-42-731x1024.jpg 731w, https:\/\/www.pictofoundation.fr\/wp-content\/uploads\/2022\/09\/19MxPicto_Pascale_ARNAUD-42-768x1075.jpg 768w, https:\/\/www.pictofoundation.fr\/wp-content\/uploads\/2022\/09\/19MxPicto_Pascale_ARNAUD-42-1097x1536.jpg 1097w, https:\/\/www.pictofoundation.fr\/wp-content\/uploads\/2022\/09\/19MxPicto_Pascale_ARNAUD-42-500x700.jpg 500w, https:\/\/www.pictofoundation.fr\/wp-content\/uploads\/2022\/09\/19MxPicto_Pascale_ARNAUD-42-800x1120.jpg 800w, https:\/\/www.pictofoundation.fr\/wp-content\/uploads\/2022\/09\/19MxPicto_Pascale_ARNAUD-42-1280x1792.jpg 1280w\" sizes=\"auto, (max-width: 1452px) 100vw, 1452px\" \/><\/noscript><img decoding=\"async\" width=\"1452\" height=\"2033\" src=\"https:\/\/www.pictofoundation.fr\/wp-content\/uploads\/2022\/09\/19MxPicto_Pascale_ARNAUD-42.jpg\" class=\"wp-image-7798 vp-lazyload\" alt srcset=\"data:image\/svg+xml;base64,PHN2ZyB3aWR0aD0iMTQ1MiIgaGVpZ2h0PSIyMDMzIiB2aWV3Qm94PSIwIDAgMTQ1MiAyMDMzIiBmaWxsPSJub25lIiB4bWxucz0iaHR0cDovL3d3dy53My5vcmcvMjAwMC9zdmciPjwvc3ZnPg==\" data-src=\"https:\/\/www.pictofoundation.fr\/wp-content\/uploads\/2022\/09\/19MxPicto_Pascale_ARNAUD-42.jpg\" data-srcset=\"https:\/\/www.pictofoundation.fr\/wp-content\/uploads\/2022\/09\/19MxPicto_Pascale_ARNAUD-42.jpg 1452w, https:\/\/www.pictofoundation.fr\/wp-content\/uploads\/2022\/09\/19MxPicto_Pascale_ARNAUD-42-214x300.jpg 214w, https:\/\/www.pictofoundation.fr\/wp-content\/uploads\/2022\/09\/19MxPicto_Pascale_ARNAUD-42-731x1024.jpg 731w, https:\/\/www.pictofoundation.fr\/wp-content\/uploads\/2022\/09\/19MxPicto_Pascale_ARNAUD-42-768x1075.jpg 768w, https:\/\/www.pictofoundation.fr\/wp-content\/uploads\/2022\/09\/19MxPicto_Pascale_ARNAUD-42-1097x1536.jpg 1097w, https:\/\/www.pictofoundation.fr\/wp-content\/uploads\/2022\/09\/19MxPicto_Pascale_ARNAUD-42-500x700.jpg 500w, https:\/\/www.pictofoundation.fr\/wp-content\/uploads\/2022\/09\/19MxPicto_Pascale_ARNAUD-42-800x1120.jpg 800w, https:\/\/www.pictofoundation.fr\/wp-content\/uploads\/2022\/09\/19MxPicto_Pascale_ARNAUD-42-1280x1792.jpg 1280w\" data-sizes=\"auto\" loading=\"eager\">\n\t\t<\/a>\t<\/div>\n<\/div>\n\n<figcaption class=\"vp-portfolio__item-overlay vp-portfolio__item-align-center\">\n\t<a\t\t\t\t\thref=\"https:\/\/www.pictofoundation.fr\/wp-content\/uploads\/2022\/09\/19MxPicto_Pascale_ARNAUD-42.jpg\"\n\t\t\t\t\t\t\tclass=\"vp-portfolio__item-meta\">\n\n\t\t\t<\/a>\n<\/figcaption>\t\t\t<\/figure>\n\t\t\t\t\t<\/div>\n\t\t\n\t\t<div\t\tclass=\"vp-portfolio__item-wrap vp-portfolio__item-uid-75dfe392\" data-vp-filter=\"\" \t\t>\n\t\t\t<template class=\"vp-portfolio__item-popup\" data-vp-popup-img=\"https:\/\/www.pictofoundation.fr\/wp-content\/uploads\/2022\/09\/19MxPicto_Pascale_ARNAUD-57.jpg\" data-vp-popup-img-srcset=\"https:\/\/www.pictofoundation.fr\/wp-content\/uploads\/2022\/09\/19MxPicto_Pascale_ARNAUD-57.jpg 1452w, https:\/\/www.pictofoundation.fr\/wp-content\/uploads\/2022\/09\/19MxPicto_Pascale_ARNAUD-57-214x300.jpg 214w, https:\/\/www.pictofoundation.fr\/wp-content\/uploads\/2022\/09\/19MxPicto_Pascale_ARNAUD-57-731x1024.jpg 731w, https:\/\/www.pictofoundation.fr\/wp-content\/uploads\/2022\/09\/19MxPicto_Pascale_ARNAUD-57-768x1075.jpg 768w, https:\/\/www.pictofoundation.fr\/wp-content\/uploads\/2022\/09\/19MxPicto_Pascale_ARNAUD-57-1097x1536.jpg 1097w, https:\/\/www.pictofoundation.fr\/wp-content\/uploads\/2022\/09\/19MxPicto_Pascale_ARNAUD-57-500x700.jpg 500w, https:\/\/www.pictofoundation.fr\/wp-content\/uploads\/2022\/09\/19MxPicto_Pascale_ARNAUD-57-800x1120.jpg 800w, https:\/\/www.pictofoundation.fr\/wp-content\/uploads\/2022\/09\/19MxPicto_Pascale_ARNAUD-57-1280x1792.jpg 1280w\" data-vp-popup-img-size=\"1452x2033\" data-vp-popup-md-img=\"https:\/\/www.pictofoundation.fr\/wp-content\/uploads\/2022\/09\/19MxPicto_Pascale_ARNAUD-57-800x1120.jpg\" data-vp-popup-md-img-size=\"800x1120\" data-vp-popup-sm-img=\"https:\/\/www.pictofoundation.fr\/wp-content\/uploads\/2022\/09\/19MxPicto_Pascale_ARNAUD-57-500x700.jpg\" data-vp-popup-sm-img-size=\"500x700\">\n\t\t\t<h3 class=\"vp-portfolio__item-popup-title\">Vernissage de l\u2019exposition de Laurent Poleo-Garnier \u00e0 la Galerie du 19M \u00a9 Pascale Arnaud<\/h3>\n\t\t<\/template>\n\t\t\t\t\t\t<figure class=\"vp-portfolio__item\">\n\t\t\t\t\n<div class=\"vp-portfolio__item-img-wrap\">\n\t<div class=\"vp-portfolio__item-img\">\n\t\t\t<a\n\t\thref=\"https:\/\/www.pictofoundation.fr\/wp-content\/uploads\/2022\/09\/19MxPicto_Pascale_ARNAUD-57.jpg\"\n\t\t\t>\n\t\n\t\t<noscript><img loading=\"lazy\" decoding=\"async\" width=\"1452\" height=\"2033\" data-skip-lazy src=\"https:\/\/www.pictofoundation.fr\/wp-content\/uploads\/2022\/09\/19MxPicto_Pascale_ARNAUD-57.jpg\" class=\"wp-image-7816\" alt=\"\" srcset=\"https:\/\/www.pictofoundation.fr\/wp-content\/uploads\/2022\/09\/19MxPicto_Pascale_ARNAUD-57.jpg 1452w, https:\/\/www.pictofoundation.fr\/wp-content\/uploads\/2022\/09\/19MxPicto_Pascale_ARNAUD-57-214x300.jpg 214w, https:\/\/www.pictofoundation.fr\/wp-content\/uploads\/2022\/09\/19MxPicto_Pascale_ARNAUD-57-731x1024.jpg 731w, https:\/\/www.pictofoundation.fr\/wp-content\/uploads\/2022\/09\/19MxPicto_Pascale_ARNAUD-57-768x1075.jpg 768w, https:\/\/www.pictofoundation.fr\/wp-content\/uploads\/2022\/09\/19MxPicto_Pascale_ARNAUD-57-1097x1536.jpg 1097w, https:\/\/www.pictofoundation.fr\/wp-content\/uploads\/2022\/09\/19MxPicto_Pascale_ARNAUD-57-500x700.jpg 500w, https:\/\/www.pictofoundation.fr\/wp-content\/uploads\/2022\/09\/19MxPicto_Pascale_ARNAUD-57-800x1120.jpg 800w, https:\/\/www.pictofoundation.fr\/wp-content\/uploads\/2022\/09\/19MxPicto_Pascale_ARNAUD-57-1280x1792.jpg 1280w\" sizes=\"auto, (max-width: 1452px) 100vw, 1452px\" \/><\/noscript><img decoding=\"async\" width=\"1452\" height=\"2033\" src=\"https:\/\/www.pictofoundation.fr\/wp-content\/uploads\/2022\/09\/19MxPicto_Pascale_ARNAUD-57.jpg\" class=\"wp-image-7816 vp-lazyload\" alt srcset=\"data:image\/svg+xml;base64,PHN2ZyB3aWR0aD0iMTQ1MiIgaGVpZ2h0PSIyMDMzIiB2aWV3Qm94PSIwIDAgMTQ1MiAyMDMzIiBmaWxsPSJub25lIiB4bWxucz0iaHR0cDovL3d3dy53My5vcmcvMjAwMC9zdmciPjwvc3ZnPg==\" data-src=\"https:\/\/www.pictofoundation.fr\/wp-content\/uploads\/2022\/09\/19MxPicto_Pascale_ARNAUD-57.jpg\" data-srcset=\"https:\/\/www.pictofoundation.fr\/wp-content\/uploads\/2022\/09\/19MxPicto_Pascale_ARNAUD-57.jpg 1452w, https:\/\/www.pictofoundation.fr\/wp-content\/uploads\/2022\/09\/19MxPicto_Pascale_ARNAUD-57-214x300.jpg 214w, https:\/\/www.pictofoundation.fr\/wp-content\/uploads\/2022\/09\/19MxPicto_Pascale_ARNAUD-57-731x1024.jpg 731w, https:\/\/www.pictofoundation.fr\/wp-content\/uploads\/2022\/09\/19MxPicto_Pascale_ARNAUD-57-768x1075.jpg 768w, https:\/\/www.pictofoundation.fr\/wp-content\/uploads\/2022\/09\/19MxPicto_Pascale_ARNAUD-57-1097x1536.jpg 1097w, https:\/\/www.pictofoundation.fr\/wp-content\/uploads\/2022\/09\/19MxPicto_Pascale_ARNAUD-57-500x700.jpg 500w, https:\/\/www.pictofoundation.fr\/wp-content\/uploads\/2022\/09\/19MxPicto_Pascale_ARNAUD-57-800x1120.jpg 800w, https:\/\/www.pictofoundation.fr\/wp-content\/uploads\/2022\/09\/19MxPicto_Pascale_ARNAUD-57-1280x1792.jpg 1280w\" data-sizes=\"auto\" loading=\"eager\">\n\t\t<\/a>\t<\/div>\n<\/div>\n\n<figcaption class=\"vp-portfolio__item-overlay vp-portfolio__item-align-center\">\n\t<a\t\t\t\t\thref=\"https:\/\/www.pictofoundation.fr\/wp-content\/uploads\/2022\/09\/19MxPicto_Pascale_ARNAUD-57.jpg\"\n\t\t\t\t\t\t\tclass=\"vp-portfolio__item-meta\">\n\n\t\t\t<\/a>\n<\/figcaption>\t\t\t<\/figure>\n\t\t\t\t\t<\/div>\n\t\t\n<\/div>\n\t\t<\/div>\n\t\t\n<\/div>\n[vc_empty_space height=&#8221;50px&#8221;][\/vc_column][\/vc_row][\/vc_section][vc_section][vc_row][vc_column][vc_raw_html]JTNDZGl2JTIwY2xhc3MlM0QlMjJtYWluJTIyJTIwaWQlM0QlMjJzZWN0aW9uNiUyMiUzRQ==[\/vc_raw_html][\/vc_column][\/vc_row][vc_row full_width=&#8221;stretch_row&#8221; content_placement=&#8221;middle&#8221; vlt_overflow_hidden=&#8221;&#8221; css=&#8221;.vc_custom_1623248180494{background-color: #f5f5f5 !important;}&#8221;][vc_column width=&#8221;1\/2&#8243; css=&#8221;.vc_custom_1538150499159{padding-left: 0px !important;}&#8221;][vc_empty_space height=&#8221;70px&#8221;]<div class=\"vlthemes_custom_69f039ad37cda   vlt-animation-block\" data-aos=\"fade\" data-aos-delay=\"0\"><div class=\"vlthemes_custom_69f039ad37d2f   vc_custom_1723541843527 vlt-section-title text-left\"><h2 style=\"color:;\">WINNER 2020 : LUCIE KHAHOUTIAN<\/h2><p style=\"color:;\">le19M M\u00c9TIERS D\u2019ART PHOTOGRAPHY GRANT \u2013 PRIX PICTO DE LA MODE<\/p><\/div>[vc_column_text]<strong>Lucie Khahoutian<\/strong> is an Armenian visual artist born in 1990 in Yerevan. She graduated from Minas Avetysyan school of Fine Arts in 2010 and received a Fine Arts Degree from the American University of Armenia in Yerevan in 2013. Her practice blends collage, photography, textile and installation. Lucie&#8217;s body of work aspires to build encounters between western contemporary visual culture and strong traditional Armenian references. Her works approaches a wide range of topics while being very focused on cultural heritage, caucasian identity and memory. Involving both her background and elements of her current life, she weaves a visual tapestry of her surroundings and works on visual narratives in which occident and orient coexist smoothly. \u2028She\u2019s been a finalist for the prizes R\u00e9sidence BMW (FR), The New Vanguard (USA), Voies Off Arles (FR), Cosmos Award Arles (FR), or Hy\u00e8res Fashion and Photography Festival (FR), and winner of Emerging Talents (Rome, Italie), Spotlight Award (Dublin, Ireland), Fotografia Europea (Regio Emilia, Italie). Her work is shown in institutions such as Mattaio (IT), Aperture Gallery (NY), Red Hook Labs Galerie (NY), or festivals such as Vogue Photo Milano, Circulation(s), Arles, Mois de La Photographie Los Angeles, or Unseen Amsterdam. Her work is presented in publications including Foam Magazine, Dazed and Confused, El Pais, Internazionale, The British Journal of Photography, I-D, ou Fisheye Magazine. \u2028She is regularly exhibited internationaly and is part of collections of Villa Noailles, Tbilisi Museum for Photography, and Palais Galliera.[\/vc_column_text]<\/div><div class=\"ult-spacer spacer-69f039ad37d82\" data-id=\"69f039ad37d82\" data-height=\"30\" data-height-mobile=\"30\" data-height-tab=\"30\" data-height-tab-portrait=\"\" data-height-mobile-landscape=\"\" style=\"clear:both;display:block;\"><\/div><div class=\"vlthemes_custom_69f039ad37da1   vlt-animation-block\" data-aos=\"fade\" data-aos-delay=\"200\">[vc_btn title=&#8221;SEE AWARDED SERIES&#8221; style=&#8221;custom&#8221; custom_background=&#8221;#e20031&#8243; custom_text=&#8221;#ffffff&#8221; shape=&#8221;square&#8221; size=&#8221;sm&#8221; align=&#8221;center&#8221; css_animation=&#8221;fadeIn&#8221; el_class=&#8221;vp-pagination__style-leedo&#8221; link=&#8221;url:https%3A%2F%2Fwww.pictofoundation.fr%2Fprix-picto-de-la-mode%2Flucie-khahoutian%2F|target:_blank&#8221;][vc_empty_space height=&#8221;70px&#8221;]<\/div>[\/vc_column][vc_column width=&#8221;1\/12&#8243;][\/vc_column][vc_column width=&#8221;5\/12&#8243;]<div class=\"vlthemes_custom_69f039ad37dea vlt-stretch-element-inside-column  vlt-simple-image\"><div class=\"vlt-fit-image\" style=\"--size-md: 730px; --size-sm: 100%;\"><img loading=\"lazy\" decoding=\"async\" width=\"732\" height=\"1024\" src=\"https:\/\/www.pictofoundation.fr\/wp-content\/uploads\/2021\/06\/LUCIEKHAHOUTIAN_STILLLIFES_09_BD.jpeg\" class=\"\" alt=\"\" srcset=\"https:\/\/www.pictofoundation.fr\/wp-content\/uploads\/2021\/06\/LUCIEKHAHOUTIAN_STILLLIFES_09_BD.jpeg 732w, https:\/\/www.pictofoundation.fr\/wp-content\/uploads\/2021\/06\/LUCIEKHAHOUTIAN_STILLLIFES_09_BD-214x300.jpeg 214w, https:\/\/www.pictofoundation.fr\/wp-content\/uploads\/2021\/06\/LUCIEKHAHOUTIAN_STILLLIFES_09_BD-500x699.jpeg 500w\" \/><\/div><\/div>[\/vc_column][\/vc_row][vc_row full_width=&#8221;stretch_row_content&#8221;][vc_column][vc_column_text el_class=&#8221;legendes&#8221;]<\/p>\n<p style=\"text-align: right;\">\u00a9 Lucie Khahoutian<\/p>\n<p>[\/vc_column_text][\/vc_column][\/vc_row][vc_row][vc_column][vc_empty_space height=&#8221;50px&#8221;][\/vc_column][\/vc_row][\/vc_section][vc_section full_width=&#8221;stretch_row&#8221; content_placement=&#8221;middle&#8221;][vc_row][vc_column width=&#8221;1\/6&#8243;][\/vc_column][vc_column width=&#8221;2\/3&#8243;][vc_column_text]<\/p>\n<h4>La route de la soie traverse aussi l\u2019Arm\u00e9nie par Lucie Khahoutian en collaboration avec l\u2019atelier Montex<\/h4>\n<p>La pratique de Lucie Khahoutian, n\u00e9e en 1990 en Arm\u00e9nie, m\u00eale collage, photographie et installation. Sa d\u00e9marche consiste \u00e0 faire s\u2019entrechoquer l\u2019imagerie traditionnelle caucasienne avec les codes esth\u00e9tiques ultra-contemporains. Ses images de femmes et d\u2019hommes drap\u00e9s dans des costumes folkloriques et mis en sc\u00e8ne dans des situations de la vie quotidienne, interrogent les notions d\u2019identit\u00e9, d\u2019origine et de culture, et cr\u00e9ent une discussion entre l\u2019Arm\u00e9nie et la France, l\u2019Orient et l\u2019Occident.<\/p>\n<p>Lucie Khahoutian, qui a r\u00e9cemment d\u00e9velopp\u00e9 une pratique de broderie et de tissage, a choisi pour sa carte blanche de r\u00e9aliser ses \u0153uvres en collaboration avec l\u2019Atelier Montex, r\u00e9sident du 19M et sp\u00e9cialis\u00e9 dans la confection de broderies dans la plus pure tradition fran\u00e7aise. Pour l\u2019artiste, la collaboration avec l\u2019Atelier Montex est \u00ab vite devenue une \u00e9vidence \u00bb.<\/p>\n<p>\u00ab En parcourant leurs archives, j\u2019ai \u00e9t\u00e9 frapp\u00e9e par le nombre de r\u00e9f\u00e9rences qui m\u2019\u00e9voquaient l\u2019imagerie traditionnelle caucasienne, que ce soit par les formes, les textiles ou les couleurs. En utilisant des archives photographiques de ma famille, je mets mon histoire au centre du projet. Ces images, travaill\u00e9es et mises en forme par l\u2019Atelier Montex, racontent \u2013 avec diff\u00e9rents styles de broderies et diff\u00e9rents jeux de mati\u00e8res et \u00e9paisseurs \u2013 des r\u00e9cits de guerre, fuite, c\u00e9l\u00e9bration, tradition et d\u00e9votion, mais sans jamais tomber dans un discours mis\u00e9rabiliste, avec des couleurs joyeuses et un style na\u00eff quasi enfantin. \u00bb \u2013 Lucie Khahoutian<\/p>\n<p>Fruits de la d\u00e9licatesse des techniques de broderie de l\u2019Atelier Montex et de l\u2019univers visuel tr\u00e8s figuratif de Lucie Khahoutian, les cadres pr\u00e9sent\u00e9s ici soulignent l\u2019ambition de l\u2019artiste, et celle de la Galerie du 19M, de faire se rencontrer les techniques, les cultures, toujours au service de l\u2019humain, de son pass\u00e9 et de son avenir.[\/vc_column_text][\/vc_column][vc_column width=&#8221;1\/6&#8243;][\/vc_column][\/vc_row][vc_row content_placement=&#8221;middle&#8221;][vc_column][vc_empty_space]\n<div class=\"vp-portfolio vp-uid-22b35ceb vp-id-5918   vp-portfolio__stretch\"\n\tdata-vp-layout=\"masonry\" data-vp-content-source=\"images\" data-vp-items-style=\"default\" data-vp-items-click-action=\"popup_gallery\" data-vp-items-gap=\"12\" data-vp-items-gap-vertical=\"12\" data-vp-pagination=\"load-more\" data-vp-next-page-url=\"\" data-vp-masonry-columns=\"3\" >\n\t<div class=\"vp-portfolio__preloader-wrap\">\n\t\t<div class=\"vp-portfolio__preloader\">\n\t\t\t<img decoding=\"async\" loading=\"eager\" src=\"https:\/\/www.pictofoundation.fr\/wp-content\/plugins\/visual-portfolio\/assets\/images\/logo-dark.svg\" alt=\"Visual Portfolio, Posts &amp; Image Gallery for WordPress\" width=\"20\" height=\"20\" data-skip-lazy>\n\t\t<\/div>\n\t<\/div>\n\t\t<div class=\"vp-portfolio__items-wrap\">\n\t\t\t\n<div class=\"vp-portfolio__items vp-portfolio__items-style-default vp-portfolio__items-show-overlay-hover\">\n\n\t\t<div\t\tclass=\"vp-portfolio__item-wrap vp-portfolio__item-uid-4a0d72e5\" data-vp-filter=\"\" \t\t>\n\t\t\t<template class=\"vp-portfolio__item-popup\" data-vp-popup-img=\"https:\/\/www.pictofoundation.fr\/wp-content\/uploads\/2022\/02\/IMG_20220118_181501-copie.jpg\" data-vp-popup-img-srcset=\"https:\/\/www.pictofoundation.fr\/wp-content\/uploads\/2022\/02\/IMG_20220118_181501-copie.jpg 1024w, https:\/\/www.pictofoundation.fr\/wp-content\/uploads\/2022\/02\/IMG_20220118_181501-copie-300x225.jpg 300w, https:\/\/www.pictofoundation.fr\/wp-content\/uploads\/2022\/02\/IMG_20220118_181501-copie-768x576.jpg 768w, https:\/\/www.pictofoundation.fr\/wp-content\/uploads\/2022\/02\/IMG_20220118_181501-copie-500x375.jpg 500w, https:\/\/www.pictofoundation.fr\/wp-content\/uploads\/2022\/02\/IMG_20220118_181501-copie-800x600.jpg 800w\" data-vp-popup-img-size=\"1024x768\" data-vp-popup-md-img=\"https:\/\/www.pictofoundation.fr\/wp-content\/uploads\/2022\/02\/IMG_20220118_181501-copie-800x600.jpg\" data-vp-popup-md-img-size=\"800x600\" data-vp-popup-sm-img=\"https:\/\/www.pictofoundation.fr\/wp-content\/uploads\/2022\/02\/IMG_20220118_181501-copie-500x375.jpg\" data-vp-popup-sm-img-size=\"500x375\">\n\t\t\t<div class=\"vp-portfolio__item-popup-description\">La route de la soie traverse aussi l\u2019Arm\u00e9nie, Lucie Khahoutian \u00a9 Sarah Makharine<\/div>\n\t\t<\/template>\n\t\t\t\t\t\t<figure class=\"vp-portfolio__item\">\n\t\t\t\t\n<div class=\"vp-portfolio__item-img-wrap\">\n\t<div class=\"vp-portfolio__item-img\">\n\t\t\t<a\n\t\thref=\"https:\/\/www.pictofoundation.fr\/wp-content\/uploads\/2022\/02\/IMG_20220118_181501-copie.jpg\"\n\t\t\t>\n\t\n\t\t<noscript><img loading=\"lazy\" decoding=\"async\" width=\"1024\" height=\"768\" data-skip-lazy src=\"https:\/\/www.pictofoundation.fr\/wp-content\/uploads\/2022\/02\/IMG_20220118_181501-copie.jpg\" class=\"wp-image-5915\" alt=\"\" srcset=\"https:\/\/www.pictofoundation.fr\/wp-content\/uploads\/2022\/02\/IMG_20220118_181501-copie.jpg 1024w, https:\/\/www.pictofoundation.fr\/wp-content\/uploads\/2022\/02\/IMG_20220118_181501-copie-300x225.jpg 300w, https:\/\/www.pictofoundation.fr\/wp-content\/uploads\/2022\/02\/IMG_20220118_181501-copie-768x576.jpg 768w, https:\/\/www.pictofoundation.fr\/wp-content\/uploads\/2022\/02\/IMG_20220118_181501-copie-500x375.jpg 500w, https:\/\/www.pictofoundation.fr\/wp-content\/uploads\/2022\/02\/IMG_20220118_181501-copie-800x600.jpg 800w\" sizes=\"auto, (max-width: 1024px) 100vw, 1024px\" \/><\/noscript><img decoding=\"async\" width=\"1024\" height=\"768\" src=\"https:\/\/www.pictofoundation.fr\/wp-content\/uploads\/2022\/02\/IMG_20220118_181501-copie.jpg\" class=\"wp-image-5915 vp-lazyload\" alt srcset=\"data:image\/svg+xml;base64,PHN2ZyB3aWR0aD0iMTAyNCIgaGVpZ2h0PSI3NjgiIHZpZXdCb3g9IjAgMCAxMDI0IDc2OCIgZmlsbD0ibm9uZSIgeG1sbnM9Imh0dHA6Ly93d3cudzMub3JnLzIwMDAvc3ZnIj48L3N2Zz4=\" data-src=\"https:\/\/www.pictofoundation.fr\/wp-content\/uploads\/2022\/02\/IMG_20220118_181501-copie.jpg\" data-srcset=\"https:\/\/www.pictofoundation.fr\/wp-content\/uploads\/2022\/02\/IMG_20220118_181501-copie.jpg 1024w, https:\/\/www.pictofoundation.fr\/wp-content\/uploads\/2022\/02\/IMG_20220118_181501-copie-300x225.jpg 300w, https:\/\/www.pictofoundation.fr\/wp-content\/uploads\/2022\/02\/IMG_20220118_181501-copie-768x576.jpg 768w, https:\/\/www.pictofoundation.fr\/wp-content\/uploads\/2022\/02\/IMG_20220118_181501-copie-500x375.jpg 500w, https:\/\/www.pictofoundation.fr\/wp-content\/uploads\/2022\/02\/IMG_20220118_181501-copie-800x600.jpg 800w\" data-sizes=\"auto\" loading=\"eager\">\n\t\t<div class=\"vp-portfolio__item-overlay\">\n\t\t\t\t\t<\/div>\n\n\t\t<\/a>\t<\/div>\n<\/div>\n\n<div class=\"vp-portfolio__item-overlay vp-portfolio__item-align-center\">\n\t<\/div>\t\t\t<\/figure>\n\t\t\t\t\t<\/div>\n\t\t\n\t\t<div\t\tclass=\"vp-portfolio__item-wrap vp-portfolio__item-uid-006a6bc3\" data-vp-filter=\"\" \t\t>\n\t\t\t<template class=\"vp-portfolio__item-popup\" data-vp-popup-img=\"https:\/\/www.pictofoundation.fr\/wp-content\/uploads\/2022\/02\/IMG_20220118_181410-copie.jpg\" data-vp-popup-img-srcset=\"https:\/\/www.pictofoundation.fr\/wp-content\/uploads\/2022\/02\/IMG_20220118_181410-copie.jpg 1024w, https:\/\/www.pictofoundation.fr\/wp-content\/uploads\/2022\/02\/IMG_20220118_181410-copie-300x222.jpg 300w, https:\/\/www.pictofoundation.fr\/wp-content\/uploads\/2022\/02\/IMG_20220118_181410-copie-768x569.jpg 768w, https:\/\/www.pictofoundation.fr\/wp-content\/uploads\/2022\/02\/IMG_20220118_181410-copie-500x371.jpg 500w, https:\/\/www.pictofoundation.fr\/wp-content\/uploads\/2022\/02\/IMG_20220118_181410-copie-800x593.jpg 800w\" data-vp-popup-img-size=\"1024x759\" data-vp-popup-md-img=\"https:\/\/www.pictofoundation.fr\/wp-content\/uploads\/2022\/02\/IMG_20220118_181410-copie-800x593.jpg\" data-vp-popup-md-img-size=\"800x593\" data-vp-popup-sm-img=\"https:\/\/www.pictofoundation.fr\/wp-content\/uploads\/2022\/02\/IMG_20220118_181410-copie-500x371.jpg\" data-vp-popup-sm-img-size=\"500x371\">\n\t\t\t<div class=\"vp-portfolio__item-popup-description\">La route de la soie traverse aussi l\u2019Arm\u00e9nie, Lucie Khahoutian \u00a9 Sarah Makharine<\/div>\n\t\t<\/template>\n\t\t\t\t\t\t<figure class=\"vp-portfolio__item\">\n\t\t\t\t\n<div class=\"vp-portfolio__item-img-wrap\">\n\t<div class=\"vp-portfolio__item-img\">\n\t\t\t<a\n\t\thref=\"https:\/\/www.pictofoundation.fr\/wp-content\/uploads\/2022\/02\/IMG_20220118_181410-copie.jpg\"\n\t\t\t>\n\t\n\t\t<noscript><img loading=\"lazy\" decoding=\"async\" width=\"1024\" height=\"759\" data-skip-lazy src=\"https:\/\/www.pictofoundation.fr\/wp-content\/uploads\/2022\/02\/IMG_20220118_181410-copie.jpg\" class=\"wp-image-5914\" alt=\"\" srcset=\"https:\/\/www.pictofoundation.fr\/wp-content\/uploads\/2022\/02\/IMG_20220118_181410-copie.jpg 1024w, https:\/\/www.pictofoundation.fr\/wp-content\/uploads\/2022\/02\/IMG_20220118_181410-copie-300x222.jpg 300w, https:\/\/www.pictofoundation.fr\/wp-content\/uploads\/2022\/02\/IMG_20220118_181410-copie-768x569.jpg 768w, https:\/\/www.pictofoundation.fr\/wp-content\/uploads\/2022\/02\/IMG_20220118_181410-copie-500x371.jpg 500w, https:\/\/www.pictofoundation.fr\/wp-content\/uploads\/2022\/02\/IMG_20220118_181410-copie-800x593.jpg 800w\" sizes=\"auto, (max-width: 1024px) 100vw, 1024px\" \/><\/noscript><img decoding=\"async\" width=\"1024\" height=\"759\" src=\"https:\/\/www.pictofoundation.fr\/wp-content\/uploads\/2022\/02\/IMG_20220118_181410-copie.jpg\" class=\"wp-image-5914 vp-lazyload\" alt srcset=\"data:image\/svg+xml;base64,PHN2ZyB3aWR0aD0iMTAyNCIgaGVpZ2h0PSI3NTkiIHZpZXdCb3g9IjAgMCAxMDI0IDc1OSIgZmlsbD0ibm9uZSIgeG1sbnM9Imh0dHA6Ly93d3cudzMub3JnLzIwMDAvc3ZnIj48L3N2Zz4=\" data-src=\"https:\/\/www.pictofoundation.fr\/wp-content\/uploads\/2022\/02\/IMG_20220118_181410-copie.jpg\" data-srcset=\"https:\/\/www.pictofoundation.fr\/wp-content\/uploads\/2022\/02\/IMG_20220118_181410-copie.jpg 1024w, https:\/\/www.pictofoundation.fr\/wp-content\/uploads\/2022\/02\/IMG_20220118_181410-copie-300x222.jpg 300w, https:\/\/www.pictofoundation.fr\/wp-content\/uploads\/2022\/02\/IMG_20220118_181410-copie-768x569.jpg 768w, https:\/\/www.pictofoundation.fr\/wp-content\/uploads\/2022\/02\/IMG_20220118_181410-copie-500x371.jpg 500w, https:\/\/www.pictofoundation.fr\/wp-content\/uploads\/2022\/02\/IMG_20220118_181410-copie-800x593.jpg 800w\" data-sizes=\"auto\" loading=\"eager\">\n\t\t<div class=\"vp-portfolio__item-overlay\">\n\t\t\t\t\t<\/div>\n\n\t\t<\/a>\t<\/div>\n<\/div>\n\n<div class=\"vp-portfolio__item-overlay vp-portfolio__item-align-center\">\n\t<\/div>\t\t\t<\/figure>\n\t\t\t\t\t<\/div>\n\t\t\n\t\t<div\t\tclass=\"vp-portfolio__item-wrap vp-portfolio__item-uid-12563e6d\" data-vp-filter=\"\" \t\t>\n\t\t\t<template class=\"vp-portfolio__item-popup\" data-vp-popup-img=\"https:\/\/www.pictofoundation.fr\/wp-content\/uploads\/2022\/02\/IMG_20220118_180411-1920x2560.jpg\" data-vp-popup-img-srcset=\"https:\/\/www.pictofoundation.fr\/wp-content\/uploads\/2022\/02\/IMG_20220118_180411-scaled.jpg 1920w, https:\/\/www.pictofoundation.fr\/wp-content\/uploads\/2022\/02\/IMG_20220118_180411-225x300.jpg 225w, https:\/\/www.pictofoundation.fr\/wp-content\/uploads\/2022\/02\/IMG_20220118_180411-768x1024.jpg 768w, https:\/\/www.pictofoundation.fr\/wp-content\/uploads\/2022\/02\/IMG_20220118_180411-1152x1536.jpg 1152w, https:\/\/www.pictofoundation.fr\/wp-content\/uploads\/2022\/02\/IMG_20220118_180411-1536x2048.jpg 1536w, https:\/\/www.pictofoundation.fr\/wp-content\/uploads\/2022\/02\/IMG_20220118_180411-500x667.jpg 500w, https:\/\/www.pictofoundation.fr\/wp-content\/uploads\/2022\/02\/IMG_20220118_180411-800x1067.jpg 800w, https:\/\/www.pictofoundation.fr\/wp-content\/uploads\/2022\/02\/IMG_20220118_180411-1280x1707.jpg 1280w\" data-vp-popup-img-size=\"1920x2560\" data-vp-popup-md-img=\"https:\/\/www.pictofoundation.fr\/wp-content\/uploads\/2022\/02\/IMG_20220118_180411-800x1067.jpg\" data-vp-popup-md-img-size=\"800x1067\" data-vp-popup-sm-img=\"https:\/\/www.pictofoundation.fr\/wp-content\/uploads\/2022\/02\/IMG_20220118_180411-500x667.jpg\" data-vp-popup-sm-img-size=\"500x667\">\n\t\t\t<div class=\"vp-portfolio__item-popup-description\">IMG_20220118_180411<\/div>\n\t\t<\/template>\n\t\t\t\t\t\t<figure class=\"vp-portfolio__item\">\n\t\t\t\t\n<div class=\"vp-portfolio__item-img-wrap\">\n\t<div class=\"vp-portfolio__item-img\">\n\t\t\t<a\n\t\thref=\"https:\/\/www.pictofoundation.fr\/wp-content\/uploads\/2022\/02\/IMG_20220118_180411-1920x2560.jpg\"\n\t\t\t>\n\t\n\t\t<noscript><img loading=\"lazy\" decoding=\"async\" width=\"1920\" height=\"2560\" data-skip-lazy src=\"https:\/\/www.pictofoundation.fr\/wp-content\/uploads\/2022\/02\/IMG_20220118_180411-1920x2560.jpg\" class=\"wp-image-5929\" alt=\"\" srcset=\"https:\/\/www.pictofoundation.fr\/wp-content\/uploads\/2022\/02\/IMG_20220118_180411-scaled.jpg 1920w, https:\/\/www.pictofoundation.fr\/wp-content\/uploads\/2022\/02\/IMG_20220118_180411-225x300.jpg 225w, https:\/\/www.pictofoundation.fr\/wp-content\/uploads\/2022\/02\/IMG_20220118_180411-768x1024.jpg 768w, https:\/\/www.pictofoundation.fr\/wp-content\/uploads\/2022\/02\/IMG_20220118_180411-1152x1536.jpg 1152w, https:\/\/www.pictofoundation.fr\/wp-content\/uploads\/2022\/02\/IMG_20220118_180411-1536x2048.jpg 1536w, https:\/\/www.pictofoundation.fr\/wp-content\/uploads\/2022\/02\/IMG_20220118_180411-500x667.jpg 500w, https:\/\/www.pictofoundation.fr\/wp-content\/uploads\/2022\/02\/IMG_20220118_180411-800x1067.jpg 800w, https:\/\/www.pictofoundation.fr\/wp-content\/uploads\/2022\/02\/IMG_20220118_180411-1280x1707.jpg 1280w\" sizes=\"auto, (max-width: 1920px) 100vw, 1920px\" \/><\/noscript><img decoding=\"async\" width=\"1920\" height=\"2560\" src=\"https:\/\/www.pictofoundation.fr\/wp-content\/uploads\/2022\/02\/IMG_20220118_180411-1920x2560.jpg\" class=\"wp-image-5929 vp-lazyload\" alt srcset=\"data:image\/svg+xml;base64,PHN2ZyB3aWR0aD0iMTkyMCIgaGVpZ2h0PSIyNTYwIiB2aWV3Qm94PSIwIDAgMTkyMCAyNTYwIiBmaWxsPSJub25lIiB4bWxucz0iaHR0cDovL3d3dy53My5vcmcvMjAwMC9zdmciPjwvc3ZnPg==\" data-src=\"https:\/\/www.pictofoundation.fr\/wp-content\/uploads\/2022\/02\/IMG_20220118_180411-1920x2560.jpg\" data-srcset=\"https:\/\/www.pictofoundation.fr\/wp-content\/uploads\/2022\/02\/IMG_20220118_180411-scaled.jpg 1920w, https:\/\/www.pictofoundation.fr\/wp-content\/uploads\/2022\/02\/IMG_20220118_180411-225x300.jpg 225w, https:\/\/www.pictofoundation.fr\/wp-content\/uploads\/2022\/02\/IMG_20220118_180411-768x1024.jpg 768w, https:\/\/www.pictofoundation.fr\/wp-content\/uploads\/2022\/02\/IMG_20220118_180411-1152x1536.jpg 1152w, https:\/\/www.pictofoundation.fr\/wp-content\/uploads\/2022\/02\/IMG_20220118_180411-1536x2048.jpg 1536w, https:\/\/www.pictofoundation.fr\/wp-content\/uploads\/2022\/02\/IMG_20220118_180411-500x667.jpg 500w, https:\/\/www.pictofoundation.fr\/wp-content\/uploads\/2022\/02\/IMG_20220118_180411-800x1067.jpg 800w, https:\/\/www.pictofoundation.fr\/wp-content\/uploads\/2022\/02\/IMG_20220118_180411-1280x1707.jpg 1280w\" data-sizes=\"auto\" loading=\"eager\">\n\t\t<div class=\"vp-portfolio__item-overlay\">\n\t\t\t\t\t<\/div>\n\n\t\t<\/a>\t<\/div>\n<\/div>\n\n<div class=\"vp-portfolio__item-overlay vp-portfolio__item-align-center\">\n\t<\/div>\t\t\t<\/figure>\n\t\t\t\t\t<\/div>\n\t\t\n\t\t<div\t\tclass=\"vp-portfolio__item-wrap vp-portfolio__item-uid-38f6aeae\" data-vp-filter=\"\" \t\t>\n\t\t\t<template class=\"vp-portfolio__item-popup\" data-vp-popup-img=\"https:\/\/www.pictofoundation.fr\/wp-content\/uploads\/2022\/02\/le19M_Ouverture_Sarah-MakharineSC00325-1920x1080.jpg\" data-vp-popup-img-srcset=\"https:\/\/www.pictofoundation.fr\/wp-content\/uploads\/2022\/02\/le19M_Ouverture_Sarah-MakharineSC00325-1920x1080.jpg 1920w, https:\/\/www.pictofoundation.fr\/wp-content\/uploads\/2022\/02\/le19M_Ouverture_Sarah-MakharineSC00325-300x169.jpg 300w, https:\/\/www.pictofoundation.fr\/wp-content\/uploads\/2022\/02\/le19M_Ouverture_Sarah-MakharineSC00325-1024x576.jpg 1024w, https:\/\/www.pictofoundation.fr\/wp-content\/uploads\/2022\/02\/le19M_Ouverture_Sarah-MakharineSC00325-768x432.jpg 768w, https:\/\/www.pictofoundation.fr\/wp-content\/uploads\/2022\/02\/le19M_Ouverture_Sarah-MakharineSC00325-1536x864.jpg 1536w, https:\/\/www.pictofoundation.fr\/wp-content\/uploads\/2022\/02\/le19M_Ouverture_Sarah-MakharineSC00325-2048x1152.jpg 2048w, https:\/\/www.pictofoundation.fr\/wp-content\/uploads\/2022\/02\/le19M_Ouverture_Sarah-MakharineSC00325-500x281.jpg 500w, https:\/\/www.pictofoundation.fr\/wp-content\/uploads\/2022\/02\/le19M_Ouverture_Sarah-MakharineSC00325-800x450.jpg 800w, https:\/\/www.pictofoundation.fr\/wp-content\/uploads\/2022\/02\/le19M_Ouverture_Sarah-MakharineSC00325-1280x720.jpg 1280w\" data-vp-popup-img-size=\"1920x1080\" data-vp-popup-md-img=\"https:\/\/www.pictofoundation.fr\/wp-content\/uploads\/2022\/02\/le19M_Ouverture_Sarah-MakharineSC00325-800x450.jpg\" data-vp-popup-md-img-size=\"800x450\" data-vp-popup-sm-img=\"https:\/\/www.pictofoundation.fr\/wp-content\/uploads\/2022\/02\/le19M_Ouverture_Sarah-MakharineSC00325-500x281.jpg\" data-vp-popup-sm-img-size=\"500x281\">\n\t\t\t<div class=\"vp-portfolio__item-popup-description\">le19M_Ouverture_Sarah MakharineSC00325<\/div>\n\t\t<\/template>\n\t\t\t\t\t\t<figure class=\"vp-portfolio__item\">\n\t\t\t\t\n<div class=\"vp-portfolio__item-img-wrap\">\n\t<div class=\"vp-portfolio__item-img\">\n\t\t\t<a\n\t\thref=\"https:\/\/www.pictofoundation.fr\/wp-content\/uploads\/2022\/02\/le19M_Ouverture_Sarah-MakharineSC00325-1920x1080.jpg\"\n\t\t\t>\n\t\n\t\t<noscript><img loading=\"lazy\" decoding=\"async\" width=\"1920\" height=\"1080\" data-skip-lazy src=\"https:\/\/www.pictofoundation.fr\/wp-content\/uploads\/2022\/02\/le19M_Ouverture_Sarah-MakharineSC00325-1920x1080.jpg\" class=\"wp-image-5931\" alt=\"\" srcset=\"https:\/\/www.pictofoundation.fr\/wp-content\/uploads\/2022\/02\/le19M_Ouverture_Sarah-MakharineSC00325-1920x1080.jpg 1920w, https:\/\/www.pictofoundation.fr\/wp-content\/uploads\/2022\/02\/le19M_Ouverture_Sarah-MakharineSC00325-300x169.jpg 300w, https:\/\/www.pictofoundation.fr\/wp-content\/uploads\/2022\/02\/le19M_Ouverture_Sarah-MakharineSC00325-1024x576.jpg 1024w, https:\/\/www.pictofoundation.fr\/wp-content\/uploads\/2022\/02\/le19M_Ouverture_Sarah-MakharineSC00325-768x432.jpg 768w, https:\/\/www.pictofoundation.fr\/wp-content\/uploads\/2022\/02\/le19M_Ouverture_Sarah-MakharineSC00325-1536x864.jpg 1536w, https:\/\/www.pictofoundation.fr\/wp-content\/uploads\/2022\/02\/le19M_Ouverture_Sarah-MakharineSC00325-2048x1152.jpg 2048w, https:\/\/www.pictofoundation.fr\/wp-content\/uploads\/2022\/02\/le19M_Ouverture_Sarah-MakharineSC00325-500x281.jpg 500w, https:\/\/www.pictofoundation.fr\/wp-content\/uploads\/2022\/02\/le19M_Ouverture_Sarah-MakharineSC00325-800x450.jpg 800w, https:\/\/www.pictofoundation.fr\/wp-content\/uploads\/2022\/02\/le19M_Ouverture_Sarah-MakharineSC00325-1280x720.jpg 1280w\" sizes=\"auto, (max-width: 1920px) 100vw, 1920px\" \/><\/noscript><img decoding=\"async\" width=\"1920\" height=\"1080\" src=\"https:\/\/www.pictofoundation.fr\/wp-content\/uploads\/2022\/02\/le19M_Ouverture_Sarah-MakharineSC00325-1920x1080.jpg\" class=\"wp-image-5931 vp-lazyload\" alt srcset=\"data:image\/svg+xml;base64,PHN2ZyB3aWR0aD0iMTkyMCIgaGVpZ2h0PSIxMDgwIiB2aWV3Qm94PSIwIDAgMTkyMCAxMDgwIiBmaWxsPSJub25lIiB4bWxucz0iaHR0cDovL3d3dy53My5vcmcvMjAwMC9zdmciPjwvc3ZnPg==\" data-src=\"https:\/\/www.pictofoundation.fr\/wp-content\/uploads\/2022\/02\/le19M_Ouverture_Sarah-MakharineSC00325-1920x1080.jpg\" data-srcset=\"https:\/\/www.pictofoundation.fr\/wp-content\/uploads\/2022\/02\/le19M_Ouverture_Sarah-MakharineSC00325-1920x1080.jpg 1920w, https:\/\/www.pictofoundation.fr\/wp-content\/uploads\/2022\/02\/le19M_Ouverture_Sarah-MakharineSC00325-300x169.jpg 300w, https:\/\/www.pictofoundation.fr\/wp-content\/uploads\/2022\/02\/le19M_Ouverture_Sarah-MakharineSC00325-1024x576.jpg 1024w, https:\/\/www.pictofoundation.fr\/wp-content\/uploads\/2022\/02\/le19M_Ouverture_Sarah-MakharineSC00325-768x432.jpg 768w, https:\/\/www.pictofoundation.fr\/wp-content\/uploads\/2022\/02\/le19M_Ouverture_Sarah-MakharineSC00325-1536x864.jpg 1536w, https:\/\/www.pictofoundation.fr\/wp-content\/uploads\/2022\/02\/le19M_Ouverture_Sarah-MakharineSC00325-2048x1152.jpg 2048w, https:\/\/www.pictofoundation.fr\/wp-content\/uploads\/2022\/02\/le19M_Ouverture_Sarah-MakharineSC00325-500x281.jpg 500w, https:\/\/www.pictofoundation.fr\/wp-content\/uploads\/2022\/02\/le19M_Ouverture_Sarah-MakharineSC00325-800x450.jpg 800w, https:\/\/www.pictofoundation.fr\/wp-content\/uploads\/2022\/02\/le19M_Ouverture_Sarah-MakharineSC00325-1280x720.jpg 1280w\" data-sizes=\"auto\" loading=\"eager\">\n\t\t<div class=\"vp-portfolio__item-overlay\">\n\t\t\t\t\t<\/div>\n\n\t\t<\/a>\t<\/div>\n<\/div>\n\n<div class=\"vp-portfolio__item-overlay vp-portfolio__item-align-center\">\n\t<\/div>\t\t\t<\/figure>\n\t\t\t\t\t<\/div>\n\t\t\n\t\t<div\t\tclass=\"vp-portfolio__item-wrap vp-portfolio__item-uid-2684859f\" data-vp-filter=\"\" \t\t>\n\t\t\t<template class=\"vp-portfolio__item-popup\" data-vp-popup-img=\"https:\/\/www.pictofoundation.fr\/wp-content\/uploads\/2022\/02\/le19M_Ouverture_Sarah-MakharineSC00271-copie.jpg\" data-vp-popup-img-srcset=\"https:\/\/www.pictofoundation.fr\/wp-content\/uploads\/2022\/02\/le19M_Ouverture_Sarah-MakharineSC00271-copie.jpg 1024w, https:\/\/www.pictofoundation.fr\/wp-content\/uploads\/2022\/02\/le19M_Ouverture_Sarah-MakharineSC00271-copie-300x169.jpg 300w, https:\/\/www.pictofoundation.fr\/wp-content\/uploads\/2022\/02\/le19M_Ouverture_Sarah-MakharineSC00271-copie-768x432.jpg 768w, https:\/\/www.pictofoundation.fr\/wp-content\/uploads\/2022\/02\/le19M_Ouverture_Sarah-MakharineSC00271-copie-500x281.jpg 500w, https:\/\/www.pictofoundation.fr\/wp-content\/uploads\/2022\/02\/le19M_Ouverture_Sarah-MakharineSC00271-copie-800x450.jpg 800w\" data-vp-popup-img-size=\"1024x576\" data-vp-popup-md-img=\"https:\/\/www.pictofoundation.fr\/wp-content\/uploads\/2022\/02\/le19M_Ouverture_Sarah-MakharineSC00271-copie-800x450.jpg\" data-vp-popup-md-img-size=\"800x450\" data-vp-popup-sm-img=\"https:\/\/www.pictofoundation.fr\/wp-content\/uploads\/2022\/02\/le19M_Ouverture_Sarah-MakharineSC00271-copie-500x281.jpg\" data-vp-popup-sm-img-size=\"500x281\">\n\t\t\t<div class=\"vp-portfolio__item-popup-description\">La Galerie du 19M \u00a9 Sarah Makharine<\/div>\n\t\t<\/template>\n\t\t\t\t\t\t<figure class=\"vp-portfolio__item\">\n\t\t\t\t\n<div class=\"vp-portfolio__item-img-wrap\">\n\t<div class=\"vp-portfolio__item-img\">\n\t\t\t<a\n\t\thref=\"https:\/\/www.pictofoundation.fr\/wp-content\/uploads\/2022\/02\/le19M_Ouverture_Sarah-MakharineSC00271-copie.jpg\"\n\t\t\t>\n\t\n\t\t<noscript><img loading=\"lazy\" decoding=\"async\" width=\"1024\" height=\"576\" data-skip-lazy src=\"https:\/\/www.pictofoundation.fr\/wp-content\/uploads\/2022\/02\/le19M_Ouverture_Sarah-MakharineSC00271-copie.jpg\" class=\"wp-image-5916\" alt=\"\" srcset=\"https:\/\/www.pictofoundation.fr\/wp-content\/uploads\/2022\/02\/le19M_Ouverture_Sarah-MakharineSC00271-copie.jpg 1024w, https:\/\/www.pictofoundation.fr\/wp-content\/uploads\/2022\/02\/le19M_Ouverture_Sarah-MakharineSC00271-copie-300x169.jpg 300w, https:\/\/www.pictofoundation.fr\/wp-content\/uploads\/2022\/02\/le19M_Ouverture_Sarah-MakharineSC00271-copie-768x432.jpg 768w, https:\/\/www.pictofoundation.fr\/wp-content\/uploads\/2022\/02\/le19M_Ouverture_Sarah-MakharineSC00271-copie-500x281.jpg 500w, https:\/\/www.pictofoundation.fr\/wp-content\/uploads\/2022\/02\/le19M_Ouverture_Sarah-MakharineSC00271-copie-800x450.jpg 800w\" sizes=\"auto, (max-width: 1024px) 100vw, 1024px\" \/><\/noscript><img decoding=\"async\" width=\"1024\" height=\"576\" src=\"https:\/\/www.pictofoundation.fr\/wp-content\/uploads\/2022\/02\/le19M_Ouverture_Sarah-MakharineSC00271-copie.jpg\" class=\"wp-image-5916 vp-lazyload\" alt srcset=\"data:image\/svg+xml;base64,PHN2ZyB3aWR0aD0iMTAyNCIgaGVpZ2h0PSI1NzYiIHZpZXdCb3g9IjAgMCAxMDI0IDU3NiIgZmlsbD0ibm9uZSIgeG1sbnM9Imh0dHA6Ly93d3cudzMub3JnLzIwMDAvc3ZnIj48L3N2Zz4=\" data-src=\"https:\/\/www.pictofoundation.fr\/wp-content\/uploads\/2022\/02\/le19M_Ouverture_Sarah-MakharineSC00271-copie.jpg\" data-srcset=\"https:\/\/www.pictofoundation.fr\/wp-content\/uploads\/2022\/02\/le19M_Ouverture_Sarah-MakharineSC00271-copie.jpg 1024w, https:\/\/www.pictofoundation.fr\/wp-content\/uploads\/2022\/02\/le19M_Ouverture_Sarah-MakharineSC00271-copie-300x169.jpg 300w, https:\/\/www.pictofoundation.fr\/wp-content\/uploads\/2022\/02\/le19M_Ouverture_Sarah-MakharineSC00271-copie-768x432.jpg 768w, https:\/\/www.pictofoundation.fr\/wp-content\/uploads\/2022\/02\/le19M_Ouverture_Sarah-MakharineSC00271-copie-500x281.jpg 500w, https:\/\/www.pictofoundation.fr\/wp-content\/uploads\/2022\/02\/le19M_Ouverture_Sarah-MakharineSC00271-copie-800x450.jpg 800w\" data-sizes=\"auto\" loading=\"eager\">\n\t\t<div class=\"vp-portfolio__item-overlay\">\n\t\t\t\t\t<\/div>\n\n\t\t<\/a>\t<\/div>\n<\/div>\n\n<div class=\"vp-portfolio__item-overlay vp-portfolio__item-align-center\">\n\t<\/div>\t\t\t<\/figure>\n\t\t\t\t\t<\/div>\n\t\t\n\t\t<div\t\tclass=\"vp-portfolio__item-wrap vp-portfolio__item-uid-1c896836\" data-vp-filter=\"\" \t\t>\n\t\t\t\t\t\t\t\t\t<figure class=\"vp-portfolio__item\">\n\t\t\t\t\n<div class=\"vp-portfolio__item-img-wrap\">\n\t<div class=\"vp-portfolio__item-img\">\n\t\t\n\t\t\n\t\t<div class=\"vp-portfolio__item-overlay\">\n\t\t\t\t\t<\/div>\n\n\t\t\t<\/div>\n<\/div>\n\n<div class=\"vp-portfolio__item-overlay vp-portfolio__item-align-center\">\n\t<\/div>\t\t\t<\/figure>\n\t\t\t\t\t<\/div>\n\t\t\n<\/div>\n\t\t<\/div>\n\t\t\n<\/div>\n[vc_empty_space height=&#8221;50px&#8221;][\/vc_column][\/vc_row][\/vc_section]<\/p>\n","protected":false},"excerpt":{"rendered":"<p>[vc_row full_width=&#8221;stretch_row_content_no_spaces&#8221; full_height=&#8221;yes&#8221; awb_type=&#8221;image&#8221; awb_image_background_position=&#8221;50% 50%&#8221; awb_color=&#8221;rgba(0,0,0,0.83)&#8221; awb_image=&#8221;12307&#8243;][vc_column][vc_empty_space][vc_custom_heading text=&#8221;le19M M\u00c9TIERS D\u2019ART PHOTOGRAPHY GRANT&#8221; font_container=&#8221;tag:div|font_size:50|text_align:center|color:%23ffffff&#8221; google_fonts=&#8221;font_family:Lato%3A100%2C100italic%2C300%2C300italic%2Cregular%2Citalic%2C700%2C700italic%2C900%2C900italic|font_style:700%20bold%20regular%3A700%3Anormal&#8221;][\/vc_column][\/vc_row][vc_row full_width=&#8221;stretch_row_content&#8221;][vc_column][vc_column_text el_class=&#8221;legendes&#8221;] D&#8217;Ecorce et d&#8217;\u00e9cume. Collaboration Goossens x Camille Brasselet avec le 19M dans le cadre du Prix Picto de la Mode 2022 [\/vc_column_text][\/vc_column][\/vc_row][vc_row][vc_column][vc_raw_html]JTNDc3R5bGUlM0UlMEFodG1sJTIwJTdCJTBBJTIwJTIwc2Nyb2xsLWJlaGF2aW9yJTNBJTIwc21vb3RoJTNCJTBBJTdEJTBBJTNDJTJGc3R5bGUlM0U=[\/vc_raw_html][\/vc_column][\/vc_row][vc_section][vc_row][vc_column][vc_raw_html]JTNDZGl2JTIwY2xhc3MlM0QlMjJtYWluJTIyJTIwaWQlM0QlMjJzZWN0aW9uMSUyMiUzRQ==[\/vc_raw_html][\/vc_column][\/vc_row][vc_row][vc_column width=&#8221;1\/6&#8243;][\/vc_column][vc_column width=&#8221;2\/3&#8243;][vc_column_text] Introduction The le19M de la Photographie des M\u00e9tiers d\u2019Art endowment offers the opportunity for [&hellip;]<\/p>\n","protected":false},"author":3,"featured_media":0,"parent":0,"menu_order":0,"comment_status":"closed","ping_status":"closed","template":"template-custom-page.php","meta":{"_acf_changed":false,"_vp_format_video_url":"","_vp_image_focal_point":[],"footnotes":""},"class_list":["post-12766","page","type-page","status-publish","hentry"],"acf":[],"yoast_head":"<!-- This site is optimized with the Yoast SEO plugin v25.4 - https:\/\/yoast.com\/wordpress\/plugins\/seo\/ -->\n<title>Prix Picto de la Mode : le19M M\u00e9tiers d&#039;art Photography Grant - Picto Foundation<\/title>\n<meta name=\"robots\" content=\"index, follow, max-snippet:-1, max-image-preview:large, max-video-preview:-1\" \/>\n<link rel=\"canonical\" href=\"https:\/\/www.pictofoundation.fr\/en\/prix-picto-de-la-mode-le19m-metiers-dart-photography-grant\/\" \/>\n<meta property=\"og:locale\" content=\"en_US\" \/>\n<meta property=\"og:type\" content=\"article\" \/>\n<meta property=\"og:title\" content=\"Prix Picto de la Mode : le19M M\u00e9tiers d&#039;art Photography Grant - Picto Foundation\" \/>\n<meta property=\"og:description\" content=\"[vc_row full_width=&#8221;stretch_row_content_no_spaces&#8221; full_height=&#8221;yes&#8221; awb_type=&#8221;image&#8221; awb_image_background_position=&#8221;50% 50%&#8221; awb_color=&#8221;rgba(0,0,0,0.83)&#8221; awb_image=&#8221;12307&#8243;][vc_column][vc_empty_space][vc_custom_heading text=&#8221;le19M M\u00c9TIERS D\u2019ART PHOTOGRAPHY GRANT&#8221; font_container=&#8221;tag:div|font_size:50|text_align:center|color:%23ffffff&#8221; google_fonts=&#8221;font_family:Lato%3A100%2C100italic%2C300%2C300italic%2Cregular%2Citalic%2C700%2C700italic%2C900%2C900italic|font_style:700%20bold%20regular%3A700%3Anormal&#8221;][\/vc_column][\/vc_row][vc_row full_width=&#8221;stretch_row_content&#8221;][vc_column][vc_column_text el_class=&#8221;legendes&#8221;] D&#8217;Ecorce et d&#8217;\u00e9cume. Collaboration Goossens x Camille Brasselet avec le 19M dans le cadre du Prix Picto de la Mode 2022 [\/vc_column_text][\/vc_column][\/vc_row][vc_row][vc_column][vc_raw_html]JTNDc3R5bGUlM0UlMEFodG1sJTIwJTdCJTBBJTIwJTIwc2Nyb2xsLWJlaGF2aW9yJTNBJTIwc21vb3RoJTNCJTBBJTdEJTBBJTNDJTJGc3R5bGUlM0U=[\/vc_raw_html][\/vc_column][\/vc_row][vc_section][vc_row][vc_column][vc_raw_html]JTNDZGl2JTIwY2xhc3MlM0QlMjJtYWluJTIyJTIwaWQlM0QlMjJzZWN0aW9uMSUyMiUzRQ==[\/vc_raw_html][\/vc_column][\/vc_row][vc_row][vc_column width=&#8221;1\/6&#8243;][\/vc_column][vc_column width=&#8221;2\/3&#8243;][vc_column_text] Introduction The le19M de la Photographie des M\u00e9tiers d\u2019Art endowment offers the opportunity for [&hellip;]\" \/>\n<meta property=\"og:url\" content=\"https:\/\/www.pictofoundation.fr\/en\/prix-picto-de-la-mode-le19m-metiers-dart-photography-grant\/\" \/>\n<meta property=\"og:site_name\" content=\"Picto Foundation\" \/>\n<meta property=\"article:modified_time\" content=\"2024-08-13T09:37:59+00:00\" \/>\n<meta name=\"twitter:card\" content=\"summary_large_image\" \/>\n<meta name=\"twitter:label1\" content=\"Est. reading time\" \/>\n\t<meta name=\"twitter:data1\" content=\"8 minutes\" \/>\n<script type=\"application\/ld+json\" class=\"yoast-schema-graph\">{\"@context\":\"https:\/\/schema.org\",\"@graph\":[{\"@type\":\"WebPage\",\"@id\":\"https:\/\/www.pictofoundation.fr\/en\/prix-picto-de-la-mode-le19m-metiers-dart-photography-grant\/\",\"url\":\"https:\/\/www.pictofoundation.fr\/en\/prix-picto-de-la-mode-le19m-metiers-dart-photography-grant\/\",\"name\":\"Prix Picto de la Mode : le19M M\u00e9tiers d'art Photography Grant - Picto Foundation\",\"isPartOf\":{\"@id\":\"https:\/\/www.pictofoundation.fr\/en\/#website\"},\"datePublished\":\"2024-07-13T18:08:02+00:00\",\"dateModified\":\"2024-08-13T09:37:59+00:00\",\"breadcrumb\":{\"@id\":\"https:\/\/www.pictofoundation.fr\/en\/prix-picto-de-la-mode-le19m-metiers-dart-photography-grant\/#breadcrumb\"},\"inLanguage\":\"en-US\",\"potentialAction\":[{\"@type\":\"ReadAction\",\"target\":[\"https:\/\/www.pictofoundation.fr\/en\/prix-picto-de-la-mode-le19m-metiers-dart-photography-grant\/\"]}]},{\"@type\":\"BreadcrumbList\",\"@id\":\"https:\/\/www.pictofoundation.fr\/en\/prix-picto-de-la-mode-le19m-metiers-dart-photography-grant\/#breadcrumb\",\"itemListElement\":[{\"@type\":\"ListItem\",\"position\":1,\"name\":\"Accueil\",\"item\":\"https:\/\/www.pictofoundation.fr\/en\/\"},{\"@type\":\"ListItem\",\"position\":2,\"name\":\"Prix Picto de la Mode : le19M M\u00e9tiers d&rsquo;art Photography Grant\"}]},{\"@type\":\"WebSite\",\"@id\":\"https:\/\/www.pictofoundation.fr\/en\/#website\",\"url\":\"https:\/\/www.pictofoundation.fr\/en\/\",\"name\":\"Picto Foundation\",\"description\":\"Site de la fondation Picto, Groupe Picto\",\"potentialAction\":[{\"@type\":\"SearchAction\",\"target\":{\"@type\":\"EntryPoint\",\"urlTemplate\":\"https:\/\/www.pictofoundation.fr\/en\/?s={search_term_string}\"},\"query-input\":{\"@type\":\"PropertyValueSpecification\",\"valueRequired\":true,\"valueName\":\"search_term_string\"}}],\"inLanguage\":\"en-US\"}]}<\/script>\n<!-- \/ Yoast SEO plugin. -->","yoast_head_json":{"title":"Prix Picto de la Mode : le19M M\u00e9tiers d'art Photography Grant - Picto Foundation","robots":{"index":"index","follow":"follow","max-snippet":"max-snippet:-1","max-image-preview":"max-image-preview:large","max-video-preview":"max-video-preview:-1"},"canonical":"https:\/\/www.pictofoundation.fr\/en\/prix-picto-de-la-mode-le19m-metiers-dart-photography-grant\/","og_locale":"en_US","og_type":"article","og_title":"Prix Picto de la Mode : le19M M\u00e9tiers d'art Photography Grant - Picto Foundation","og_description":"[vc_row full_width=&#8221;stretch_row_content_no_spaces&#8221; full_height=&#8221;yes&#8221; awb_type=&#8221;image&#8221; awb_image_background_position=&#8221;50% 50%&#8221; awb_color=&#8221;rgba(0,0,0,0.83)&#8221; awb_image=&#8221;12307&#8243;][vc_column][vc_empty_space][vc_custom_heading text=&#8221;le19M M\u00c9TIERS D\u2019ART PHOTOGRAPHY GRANT&#8221; font_container=&#8221;tag:div|font_size:50|text_align:center|color:%23ffffff&#8221; google_fonts=&#8221;font_family:Lato%3A100%2C100italic%2C300%2C300italic%2Cregular%2Citalic%2C700%2C700italic%2C900%2C900italic|font_style:700%20bold%20regular%3A700%3Anormal&#8221;][\/vc_column][\/vc_row][vc_row full_width=&#8221;stretch_row_content&#8221;][vc_column][vc_column_text el_class=&#8221;legendes&#8221;] D&#8217;Ecorce et d&#8217;\u00e9cume. Collaboration Goossens x Camille Brasselet avec le 19M dans le cadre du Prix Picto de la Mode 2022 [\/vc_column_text][\/vc_column][\/vc_row][vc_row][vc_column][vc_raw_html]JTNDc3R5bGUlM0UlMEFodG1sJTIwJTdCJTBBJTIwJTIwc2Nyb2xsLWJlaGF2aW9yJTNBJTIwc21vb3RoJTNCJTBBJTdEJTBBJTNDJTJGc3R5bGUlM0U=[\/vc_raw_html][\/vc_column][\/vc_row][vc_section][vc_row][vc_column][vc_raw_html]JTNDZGl2JTIwY2xhc3MlM0QlMjJtYWluJTIyJTIwaWQlM0QlMjJzZWN0aW9uMSUyMiUzRQ==[\/vc_raw_html][\/vc_column][\/vc_row][vc_row][vc_column width=&#8221;1\/6&#8243;][\/vc_column][vc_column width=&#8221;2\/3&#8243;][vc_column_text] Introduction The le19M de la Photographie des M\u00e9tiers d\u2019Art endowment offers the opportunity for [&hellip;]","og_url":"https:\/\/www.pictofoundation.fr\/en\/prix-picto-de-la-mode-le19m-metiers-dart-photography-grant\/","og_site_name":"Picto Foundation","article_modified_time":"2024-08-13T09:37:59+00:00","twitter_card":"summary_large_image","twitter_misc":{"Est. reading time":"8 minutes"},"schema":{"@context":"https:\/\/schema.org","@graph":[{"@type":"WebPage","@id":"https:\/\/www.pictofoundation.fr\/en\/prix-picto-de-la-mode-le19m-metiers-dart-photography-grant\/","url":"https:\/\/www.pictofoundation.fr\/en\/prix-picto-de-la-mode-le19m-metiers-dart-photography-grant\/","name":"Prix Picto de la Mode : le19M M\u00e9tiers d'art Photography Grant - Picto Foundation","isPartOf":{"@id":"https:\/\/www.pictofoundation.fr\/en\/#website"},"datePublished":"2024-07-13T18:08:02+00:00","dateModified":"2024-08-13T09:37:59+00:00","breadcrumb":{"@id":"https:\/\/www.pictofoundation.fr\/en\/prix-picto-de-la-mode-le19m-metiers-dart-photography-grant\/#breadcrumb"},"inLanguage":"en-US","potentialAction":[{"@type":"ReadAction","target":["https:\/\/www.pictofoundation.fr\/en\/prix-picto-de-la-mode-le19m-metiers-dart-photography-grant\/"]}]},{"@type":"BreadcrumbList","@id":"https:\/\/www.pictofoundation.fr\/en\/prix-picto-de-la-mode-le19m-metiers-dart-photography-grant\/#breadcrumb","itemListElement":[{"@type":"ListItem","position":1,"name":"Accueil","item":"https:\/\/www.pictofoundation.fr\/en\/"},{"@type":"ListItem","position":2,"name":"Prix Picto de la Mode : le19M M\u00e9tiers d&rsquo;art Photography Grant"}]},{"@type":"WebSite","@id":"https:\/\/www.pictofoundation.fr\/en\/#website","url":"https:\/\/www.pictofoundation.fr\/en\/","name":"Picto Foundation","description":"Site de la fondation Picto, Groupe Picto","potentialAction":[{"@type":"SearchAction","target":{"@type":"EntryPoint","urlTemplate":"https:\/\/www.pictofoundation.fr\/en\/?s={search_term_string}"},"query-input":{"@type":"PropertyValueSpecification","valueRequired":true,"valueName":"search_term_string"}}],"inLanguage":"en-US"}]}},"_links":{"self":[{"href":"https:\/\/www.pictofoundation.fr\/en\/wp-json\/wp\/v2\/pages\/12766","targetHints":{"allow":["GET"]}}],"collection":[{"href":"https:\/\/www.pictofoundation.fr\/en\/wp-json\/wp\/v2\/pages"}],"about":[{"href":"https:\/\/www.pictofoundation.fr\/en\/wp-json\/wp\/v2\/types\/page"}],"author":[{"embeddable":true,"href":"https:\/\/www.pictofoundation.fr\/en\/wp-json\/wp\/v2\/users\/3"}],"replies":[{"embeddable":true,"href":"https:\/\/www.pictofoundation.fr\/en\/wp-json\/wp\/v2\/comments?post=12766"}],"version-history":[{"count":0,"href":"https:\/\/www.pictofoundation.fr\/en\/wp-json\/wp\/v2\/pages\/12766\/revisions"}],"wp:attachment":[{"href":"https:\/\/www.pictofoundation.fr\/en\/wp-json\/wp\/v2\/media?parent=12766"}],"curies":[{"name":"wp","href":"https:\/\/api.w.org\/{rel}","templated":true}]}}