{"id":7127,"date":"2021-06-01T18:03:01","date_gmt":"2021-06-01T16:03:01","guid":{"rendered":"https:\/\/www.pictofoundation.fr\/1648455247864\/prix-picto-de-la-mode\/"},"modified":"2026-02-17T16:01:52","modified_gmt":"2026-02-17T15:01:52","slug":"picto-fashion-photography-award","status":"publish","type":"page","link":"https:\/\/www.pictofoundation.fr\/en\/picto-fashion-photography-award\/","title":{"rendered":"Picto Fashion Photography Award"},"content":{"rendered":"<p>[vc_row full_width=&#8221;stretch_row_content_no_spaces&#8221; full_height=&#8221;yes&#8221; awb_type=&#8221;image&#8221; awb_image_background_position=&#8221;50% 50%&#8221; awb_color=&#8221;rgba(0,0,0,0.83)&#8221; awb_image=&#8221;3299&#8243;][vc_column]<div id=\"ultimate-heading-22969f02239b64fb\" class=\"uvc-heading ult-adjust-bottom-margin ultimate-heading-22969f02239b64fb uvc-3736 \" data-hspacer=\"no_spacer\"  data-halign=\"center\" style=\"text-align:center\"><div class=\"uvc-heading-spacer no_spacer\" style=\"top\"><\/div><div class=\"uvc-sub-heading ult-responsive\"  data-ultimate-target='.uvc-heading.ultimate-heading-22969f02239b64fb .uvc-sub-heading '  data-responsive-json-new='{\"font-size\":\"desktop:25px;\",\"line-height\":\"\"}'  style=\"font-family:&#039;Lato&#039;;font-weight:300;color:#ffffff;\"><a href=\"#section1\"> PRESENTATION\u00a0\u00a0\u00a0<\/a> | <a href=\"#section2\">\u00a0\u00a0\u00a0APPLICATION\u00a0\u00a0\u00a0<\/a>\u00a0l <a href=\"#section3\">\u00a0\u00a0\u00a0NEWS\u00a0\u00a0\u00a0<\/a> | <a href=\"#section4\">\u00a0\u00a0\u00a0WINNERS\u00a0\u00a0\u00a0<\/a> | <a href=\"#section5\">\u00a0\u00a0\u00a0PARTNERS\u00a0\u00a0\u00a0<\/a><\/div><\/div>[vc_empty_space][vc_custom_heading text=&#8221;THE PICTO FASHION PHOTOGRAPHY AWARD&#8221; font_container=&#8221;tag:div|font_size:50|text_align:center|color:%23ffffff&#8221; google_fonts=&#8221;font_family:Lato%3A100%2C100italic%2C300%2C300italic%2Cregular%2Citalic%2C700%2C700italic%2C900%2C900italic|font_style:700%20bold%20regular%3A700%3Anormal&#8221;]<div id=\"ultimate-heading-837969f02239b656a\" class=\"uvc-heading ult-adjust-bottom-margin ultimate-heading-837969f02239b656a uvc-6563 \" data-hspacer=\"no_spacer\"  data-halign=\"center\" style=\"text-align:center\"><div class=\"uvc-heading-spacer no_spacer\" style=\"top\"><\/div><div class=\"uvc-sub-heading ult-responsive\"  data-ultimate-target='.uvc-heading.ultimate-heading-837969f02239b656a .uvc-sub-heading '  data-responsive-json-new='{\"font-size\":\"desktop:20px;\",\"line-height\":\"\"}'  style=\"font-family:&#039;Lato&#039;;font-weight:300;color:#ffffff;\">Revealing emerging fashion photographers<\/div><\/div>[\/vc_column][\/vc_row][vc_row full_width=&#8221;stretch_row_content&#8221;][vc_column][vc_column_text el_class=&#8221;legendes&#8221;]<\/p>\n<p style=\"text-align: right;\">\u00a9 Chiron Duong \/ Laureate First Prize &#8211; Picto Fashion Photography Award 2020<\/p>\n<p>[\/vc_column_text][\/vc_column][\/vc_row][vc_row][vc_column][vc_raw_html]JTNDc3R5bGUlM0UlMEFodG1sJTIwJTdCJTBBJTIwJTIwc2Nyb2xsLWJlaGF2aW9yJTNBJTIwc21vb3RoJTNCJTBBJTdEJTBBJTNDJTJGc3R5bGUlM0U=[\/vc_raw_html][\/vc_column][\/vc_row][vc_section][vc_row][vc_column][vc_raw_html]JTNDZGl2JTIwY2xhc3MlM0QlMjJtYWluJTIyJTIwaWQlM0QlMjJzZWN0aW9uMSUyMiUzRQ==[\/vc_raw_html][\/vc_column][\/vc_row][vc_row][vc_column width=&#8221;1\/6&#8243;][\/vc_column][vc_column width=&#8221;2\/3&#8243;][vc_column_text]<\/p>\n<h2>Presentation<\/h2>\n<p>The Picto Fashion Photography Award\u00a0 (Prix Picto de la Photographie de Mode) has been a benchmark award for emerging talent in the field of fashion since 1998, with three prizes awarded each year : the first prize<strong>, The Picto Fashion Photography Award<\/strong> with the support of Leica, <a href=\"https:\/\/www.pictofoundation.fr\/en\/prix-picto-de-la-mode-le19m-metiers-dart-photography-grant\/\"><strong><em>le<\/em>19M M\u00e9tiers d&#8217;Art Photography grant<\/strong><\/a>, given to a photographer who will collaborate with specialist companies grouped together by <em>le<\/em>19M, Chanel M\u00e9tiers d&#8217;Art, a new site conceived and designed by CHANEL, dedicated to the fashion crafts in Paris-Aubervilliers, and the <strong>Filippo Roversi grant, <\/strong>highlighting the originality of specific technical expertise with the support of photographer Paolo Roversi. The<strong> Palais Galliera<\/strong>, Mus\u00e9e de la mode de la Ville de Paris, hosts the award ceremony and opens its collection to the winners. In 2021, <strong>the Photo Festival St Barth Art Week<\/strong> joined the Picto Fashion Photography Award, inviting one of the winners to exhibit alongside great photographers and to enjoy an artist residency in St Barth.<\/p>\n<div class=\"bg-margin-for-link\"><input type='hidden' bg_collapse_expand='69f02239b65a77059362097' value='69f02239b65a77059362097'><input type='hidden' id='bg-show-more-text-69f02239b65a77059362097' value='&gt; See the history of the Award'><input type='hidden' id='bg-show-less-text-69f02239b65a77059362097' value='Reduce text'><a id='bg-showmore-action-69f02239b65a77059362097' class='bg-showmore-plg-link  '  style=\" color:inherit;;\" href='#'>&gt; See the history of the Award<\/a><div id='bg-showmore-hidden-69f02239b65a77059362097' >\n<h2>History of the Award<\/h2>\n<p>The Picto Fashion Photography Award was initiated in 1998 by the PICTO laboratory to support fashion photographers under 35 years of age, help young talent to start their careers and gain recognition. The prize has revealed talented photographers who now have an international career: Louis Decamps (1998), Sofia &amp; Mauro (2002), Marjolijn de Groot (2003), Kourtney Roy (2007) and Charlotte Abramow (2014).<\/p>\n<p>The Picto Fashion Photography Award has evolved rapidly, thanks to its partners and the new jurors from the world of fashion, luxury, advertising, art and photography. In 2013, the award began to open up to the international scene and has had international winners such as Alice Pavesi Fiori (Italy), Ting Ting Wang (China), Laurent Henrion (Belgium), Chiron Duong (Vietnam) and Lucie Khahoutian (Armenia). Since 2014, the prize has been awarded to three photographers each year.<\/p>\n<p>In 2016, the Picto Fashion Photography Award joined Picto Foundation&#8217;s programmes. A new dimension was given to the award, offering special insight into the work of the winning photographers who enter the endowment fund collections. In 2017, the Picto Prize for Fashion Photography saw the arrival of a new prestigious partner, the Palais Galliera, Mus\u00e9e de la Mode de la Ville de Paris. Since 2020, 19M, which brings together Chanel&#8217;s M\u00e9tiers d&#8217;Art, and the photographer Paolo Roversi, have accompanied the Picto Fashion Photography Award in presenting two prestigious awards.<\/p>\n<p>&nbsp;<\/p>\n<p><\/div><\/div>[\/vc_column_text]<div class=\"ult-spacer spacer-69f02239b66db\" data-id=\"69f02239b66db\" data-height=\"50\" data-height-mobile=\"50\" data-height-tab=\"50\" data-height-tab-portrait=\"\" data-height-mobile-landscape=\"\" style=\"clear:both;display:block;\"><\/div>[\/vc_column][vc_column width=&#8221;1\/6&#8243;][\/vc_column][\/vc_row][\/vc_section][vc_section][vc_row][vc_column][vc_raw_html]JTNDZGl2JTIwY2xhc3MlM0QlMjJtYWluJTIyJTIwaWQlM0QlMjJzZWN0aW9uMiUyMiUzRQ==[\/vc_raw_html][\/vc_column][\/vc_row][vc_row full_width=&#8221;stretch_row&#8221; content_placement=&#8221;middle&#8221; vlt_overflow_hidden=&#8221;&#8221; css=&#8221;.vc_custom_1623248180494{background-color: #f5f5f5 !important;}&#8221;][vc_column width=&#8221;1\/2&#8243; css=&#8221;.vc_custom_1538150499159{padding-left: 0px !important;}&#8221;]<div class=\"vlthemes_custom_69f02239b6705 vlt-stretch-element-inside-column  vlt-simple-image\"><div class=\"vlt-fit-image\" style=\"--size-md: 730px; --size-sm: 100%;\"><img loading=\"lazy\" decoding=\"async\" width=\"1916\" height=\"1080\" src=\"https:\/\/www.pictofoundation.fr\/wp-content\/uploads\/2021\/06\/LAURA_BONNEFOUS_3-1916x1080.jpeg\" class=\"\" alt=\"\" srcset=\"\" \/><\/div><\/div>[\/vc_column][vc_column width=&#8221;1\/12&#8243;][\/vc_column][vc_column width=&#8221;5\/12&#8243;]<div class=\"ult-spacer spacer-69f02239b6a04\" data-id=\"69f02239b6a04\" data-height=\"70\" data-height-mobile=\"70\" data-height-tab=\"70\" data-height-tab-portrait=\"\" data-height-mobile-landscape=\"\" style=\"clear:both;display:block;\"><\/div><div class=\"vlthemes_custom_69f02239b6a26   vlt-animation-block\" data-aos=\"fade\" data-aos-delay=\"0\"><div class=\"vlthemes_custom_69f02239b6a62   vlt-section-title text-left\"><h2 style=\"color:;\">APPLY<\/h2><p style=\"color:;\">The call for entries for the 2026 edition of the Picto Fashion Photography Award is launched !<\/p><\/div><\/div><div class=\"ult-spacer spacer-69f02239b6abd\" data-id=\"69f02239b6abd\" data-height=\"30\" data-height-mobile=\"30\" data-height-tab=\"30\" data-height-tab-portrait=\"\" data-height-mobile-landscape=\"\" style=\"clear:both;display:block;\"><\/div><div class=\"vlthemes_custom_69f02239b6af3   vlt-countdown vlt-countdown--style-1\" data-final-date=\"2026\/03\/13\"><\/div><style type=\"text\/css\">.vlthemes_custom_69f02239b6af3 strong {\r\n\t\t\t\tcolor:#6b6b6b;\r\n\t\t\t}.vlthemes_custom_69f02239b6af3 h5 {\r\n\t\t\t\tcolor:#e20031;\r\n\t\t\t}<\/style><div class=\"ult-spacer spacer-69f02239b6b27\" data-id=\"69f02239b6b27\" data-height=\"30\" data-height-mobile=\"30\" data-height-tab=\"30\" data-height-tab-portrait=\"\" data-height-mobile-landscape=\"\" style=\"clear:both;display:block;\"><\/div><div class=\"vlthemes_custom_69f02239b6b3f   vlt-animation-block\" data-aos=\"fade\" data-aos-delay=\"100\"><div class=\"uavc-list-icon uavc-list-icon-wrapper ult-adjust-bottom-margin   vc_custom_1553964049586  vc_custom_1553964049586\"><ul class=\"uavc-list\"><li><div class=\"uavc-list-content\" id=\"list-icon-wrap-6840\">\n<div class=\"uavc-list-icon  \" data-animation=\"\" data-animation-delay=\"03\" style=\"margin-right:15px;\"><div class=\"ult-just-icon-wrapper  \"><div class=\"align-icon\" style=\"text-align:center;\">\n<div class=\"aio-icon none \"  style=\"color:#e20031;font-size:18px;display:inline-block;\">\n\t<i class=\"Defaults-check\"><\/i>\n<\/div><\/div><\/div>\n<\/div><span  data-ultimate-target='#list-icon-wrap-6840 .uavc-list-desc'  data-responsive-json-new='{\"font-size\":\"\",\"line-height\":\"\"}'  class=\"uavc-list-desc ult-responsive\" style=\"\">Be under 35 years old, from any country.<\/span><\/div><\/li><li><div class=\"uavc-list-content\" id=\"list-icon-wrap-7153\">\n<div class=\"uavc-list-icon  \" data-animation=\"\" data-animation-delay=\"03\" style=\"margin-right:15px;\"><div class=\"ult-just-icon-wrapper  \"><div class=\"align-icon\" style=\"text-align:center;\">\n<div class=\"aio-icon none \"  style=\"color:#e20031;font-size:18px;display:inline-block;\">\n\t<i class=\"Defaults-check\"><\/i>\n<\/div><\/div><\/div>\n<\/div><span  data-ultimate-target='#list-icon-wrap-7153 .uavc-list-desc'  data-responsive-json-new='{\"font-size\":\"\",\"line-height\":\"\"}'  class=\"uavc-list-desc ult-responsive\" style=\"\">Must submit one series of 15 to 20 images maximum.<\/p>\n<p><\/span><\/div><\/li><li><div class=\"uavc-list-content\" id=\"list-icon-wrap-3669\">\n<div class=\"uavc-list-icon  \" data-animation=\"\" data-animation-delay=\"03\" style=\"margin-right:15px;\"><div class=\"ult-just-icon-wrapper  \"><div class=\"align-icon\" style=\"text-align:center;\">\n<div class=\"aio-icon none \"  style=\"color:#e20031;font-size:18px;display:inline-block;\">\n\t<i class=\"Defaults-check\"><\/i>\n<\/div><\/div><\/div>\n<\/div><span  data-ultimate-target='#list-icon-wrap-3669 .uavc-list-desc'  data-responsive-json-new='{\"font-size\":\"\",\"line-height\":\"\"}'  class=\"uavc-list-desc ult-responsive\" style=\"\">Send the complete application to <a href=\"mailto:prixpictodelamode@picto.fr\">prixpictodelamode@picto.fr<\/a>.<\/span><\/div><\/li><\/ul><\/div><\/div><div class=\"vlthemes_custom_69f02239b6da3   vlt-spacer\" style=\" --size-xlarge:70; --size-large:50; --size-medium:50; --size-small:50;\"><\/div><div class=\"ult-spacer spacer-69f02239b6de8\" data-id=\"69f02239b6de8\" data-height=\"40\" data-height-mobile=\"40\" data-height-tab=\"40\" data-height-tab-portrait=\"\" data-height-mobile-landscape=\"\" style=\"clear:both;display:block;\"><\/div><div class=\"vlthemes_custom_69f02239b6e04   vlt-animation-block\" data-aos=\"fade\" data-aos-delay=\"200\">[vc_btn title=&#8221;DOWNLOAD REGISTRATION FORM 2026&#8243; style=&#8221;custom&#8221; custom_background=&#8221;#e20031&#8243; custom_text=&#8221;#ffffff&#8221; shape=&#8221;square&#8221; size=&#8221;lg&#8221; align=&#8221;center&#8221; css_animation=&#8221;fadeIn&#8221; el_class=&#8221;vp-pagination__style-leedo&#8221; link=&#8221;url:https%3A%2F%2Fwww.pictofoundation.fr%2Fwp-content%2Fuploads%2F2026%2F02%2FCALL-FOR-ENTRIES_PICTO-FASHION-AWARD-2026.pdf|target:_blank&#8221;][vc_btn title=&#8221;Access to the registration form&#8221; style=&#8221;custom&#8221; custom_background=&#8221;#e20031&#8243; custom_text=&#8221;#ffffff&#8221; shape=&#8221;square&#8221; size=&#8221;sm&#8221; align=&#8221;center&#8221; css_animation=&#8221;fadeIn&#8221; el_class=&#8221;vp-pagination__style-leedo&#8221; link=&#8221;url:https%3A%2F%2Fdocs.google.com%2Fforms%2Fd%2Fe%2F1FAIpQLSdRnrpD7V0YiyBNC48KPtQYeDL0wlInIAVsfpf72J3uWldT0Q%2Fviewform|target:_blank&#8221;]<\/div><div class=\"ult-spacer spacer-69f02239b6e42\" data-id=\"69f02239b6e42\" data-height=\"70\" data-height-mobile=\"70\" data-height-tab=\"70\" data-height-tab-portrait=\"\" data-height-mobile-landscape=\"\" style=\"clear:both;display:block;\"><\/div>[\/vc_column][\/vc_row][vc_row full_width=&#8221;stretch_row_content&#8221;][vc_column][vc_column_text el_class=&#8221;legendes&#8221;]<\/p>\n<p style=\"text-align: left;\">\u00a9 Laura Bonnefous \/ Laureate First Prize &#8211; Picto Fashion Photography Award 2015<\/p>\n<p>[\/vc_column_text][\/vc_column][\/vc_row][vc_row][vc_column]<div class=\"ult-spacer spacer-69f02239b6e70\" data-id=\"69f02239b6e70\" data-height=\"50\" data-height-mobile=\"50\" data-height-tab=\"50\" data-height-tab-portrait=\"\" data-height-mobile-landscape=\"\" style=\"clear:both;display:block;\"><\/div>[\/vc_column][\/vc_row][\/vc_section][vc_section full_width=&#8221;stretch_row&#8221; content_placement=&#8221;middle&#8221;][vc_row][vc_column][vc_raw_html]JTNDZGl2JTIwY2xhc3MlM0QlMjJtYWluJTIyJTIwaWQlM0QlMjIlMjNzZWN0aW9uLWRvdGF0aW9uJTIyJTNF[\/vc_raw_html]<div class=\"vlthemes_custom_69f02239b6e9f   vlt-services vlt-services--top-center\"><div class=\"vlt-services__icon\" style=\"color:#efefef;\"><i class=\"fas fa-award\"><\/i><\/div><div class=\"vlt-services__content\"><\/div><\/div>[\/vc_column][\/vc_row][vc_row content_placement=&#8221;middle&#8221;][vc_column width=&#8221;1\/2&#8243;]<div class=\"vlthemes_custom_69f02239b6ee8   vlt-services vlt-services--top-center\"><div class=\"vlt-services__content\"><h3 class=\"vlt-services__title\" style=\"color:#e20031;\">FIRST PRIZE: PICTO FASHION PHOTOGRAPHY MAIN AWARD<\/h3><p class=\"vlt-services__text\" style=\"color:;\">- A LEICA SL3-Scamera with an SL 24-70 mm lens.<br \/>\n- The production of an exhibition worth \u20ac2,000.<br \/>\n- The opportunity to join the public collections of the Palais Galliera.<br \/>\n- An endowment of \u20ac500 with the support of the Saif.<\/p><\/div><\/div>[vc_empty_space][\/vc_column][vc_column width=&#8221;1\/2&#8243;]<div class=\"vlthemes_custom_69f02239b6f67   vlt-services vlt-services--top-center\"><div class=\"vlt-services__content\"><h3 class=\"vlt-services__title\" style=\"color:#e20031;\"><a href=\"https:\/\/www.pictofoundation.fr\/en\/prix-picto-de-la-mode-le19m-metiers-dart-photography-grant\/\">SECOND PRIZE: le19M M\u00c9TIERS D&#039;ART PHOTOGRAPHY GRANT<\/a><\/h3><p class=\"vlt-services__text\" style=\"color:;\">- A photographic commission worth \u20ac5,000, produced on behalf of la Galerie du 19M, in collaboration with one of the resident houses of le19M, place of Fashion and Decoration Crafts in Paris-Aubervilliers.<br \/>\n- The opportunity to join the public collections of the Palais Galliera.<br \/>\n- An endowment of \u20ac500 with the support of the Saif.<\/p><\/div><\/div>[vc_empty_space][\/vc_column][\/vc_row][vc_row content_placement=&#8221;middle&#8221;][vc_column width=&#8221;1\/2&#8243;]<div class=\"vlthemes_custom_69f02239b6fe7   vlt-services vlt-services--top-center\"><div class=\"vlt-services__content\"><h3 class=\"vlt-services__title\" style=\"color:#e20031;\">THIRD PRIZE: FILIPPO ROVERSI GRANT<\/h3><p class=\"vlt-services__text\" style=\"color:;\">- A portfolio reading with Paolo Roversi.<br \/>\n- A signed print by Paolo Roversi.<br \/>\n- A \u20ac1,000 production grant from PICTO.<br \/>\n- The opportunity to join the public collections of the Palais Galliera.<br \/>\n- An endowment of \u20ac500 with the support of the Saif.<\/p><\/div><\/div>[vc_empty_space][\/vc_column][vc_column width=&#8221;1\/2&#8243;]<div class=\"vlthemes_custom_69f02239b7053   vlt-services vlt-services--top-center\"><div class=\"vlt-services__content\"><h3 class=\"vlt-services__title\" style=\"color:#e20031;\">FOURTH PRIZE : LGA MANAGEMENT \/ JANVIER ENDOWMENT<\/h3><p class=\"vlt-services__text\" style=\"color:;\">\u2013 Personalised mentoring with the LGA Management agency (6 coaching sessions to access the market step by step)<br \/>\n\u2013 Post-production retouching sessions to optimise the portfolio, for film and photo production, with the JANVIER Digital Photographic Laboratory.<br \/>\n\u2013 The opportunity to join the public collections of the Palais Galliera.<br \/>\n\u2013 An endowment of \u20ac500 with the support of the Saif.<\/p><\/div><\/div>[vc_empty_space][\/vc_column][\/vc_row][\/vc_section][vc_section][vc_row][vc_column][vc_raw_html]JTNDZGl2JTIwY2xhc3MlM0QlMjJtYWluJTIyJTIwaWQlM0QlMjJzZWN0aW9uMyUyMiUzRQ==[\/vc_raw_html][vc_column_text]<\/p>\n<h2>News<\/h2>\n<div class=\"vp-portfolio vp-uid-3fe87315 vp-id-3531  \"\n\tdata-vp-layout=\"tiles\" data-vp-content-source=\"post-based\" data-vp-items-style=\"leedo_post_masonry\" data-vp-items-click-action=\"url\" data-vp-items-gap=\"40\" data-vp-items-gap-vertical=\"40\" data-vp-pagination=\"load-more\" data-vp-next-page-url=\"https:\/\/www.pictofoundation.fr\/en\/wp-json\/wp\/v2\/pages\/7127?vp_page=2\" data-vp-tiles-type=\"3|1,0.8|\" >\n\t<div class=\"vp-portfolio__preloader-wrap\">\n\t\t<div class=\"vp-portfolio__preloader\">\n\t\t\t<img decoding=\"async\" loading=\"eager\" src=\"https:\/\/www.pictofoundation.fr\/wp-content\/plugins\/visual-portfolio\/assets\/images\/logo-dark.svg\" alt=\"Visual Portfolio, Posts &amp; Image Gallery for WordPress\" width=\"20\" height=\"20\" data-skip-lazy>\n\t\t<\/div>\n\t<\/div>\n\t\t<div class=\"vp-portfolio__items-wrap\">\n\t\t\t\n<div class=\"vp-portfolio__items vp-portfolio__items-style-leedo_post_masonry\">\n\n\t\t<article\t\tclass=\"vp-portfolio__item-wrap post-15787 post type-post status-publish format-standard has-post-thumbnail hentry category-prix-picto-photo-mode-en tag-appel-a-candidature-en tag-prix-picto-de-la-photographie-de-mode-en vp-portfolio__item-uid-c261a47c\" data-vp-filter=\"prix-picto-photo-mode-en\" \t\t>\n\t\t\t\t\t\t\t\t\t<figure class=\"vp-portfolio__item\">\n\t\t\t\t\n<article class=\"vlt-post vlt-post--style-masonry post-15787 post type-post status-publish format-standard has-post-thumbnail hentry category-prix-picto-photo-mode-en tag-appel-a-candidature-en tag-prix-picto-de-la-photographie-de-mode-en\">\n\n\t\t\t<div class=\"vp-portfolio__item-img-wrap\">\n\t\t\t<div class=\"vp-portfolio__item-img\">\n\n\t\t\t\t\t<a\n\t\thref=\"https:\/\/www.pictofoundation.fr\/en\/prix-picto-de-la-mode-call-for-applications-2026\/\"\n\t\t\t>\n\t\n\t\t\t\t<noscript><img loading=\"lazy\" decoding=\"async\" width=\"1600\" height=\"2000\" src=\"https:\/\/www.pictofoundation.fr\/wp-content\/uploads\/2025\/04\/arashkhaksari_symbiose_3.jpg\" class=\"wp-image-14032\" alt=\"\" srcset=\"https:\/\/www.pictofoundation.fr\/wp-content\/uploads\/2025\/04\/arashkhaksari_symbiose_3.jpg 1600w, https:\/\/www.pictofoundation.fr\/wp-content\/uploads\/2025\/04\/arashkhaksari_symbiose_3-240x300.jpg 240w, https:\/\/www.pictofoundation.fr\/wp-content\/uploads\/2025\/04\/arashkhaksari_symbiose_3-819x1024.jpg 819w, https:\/\/www.pictofoundation.fr\/wp-content\/uploads\/2025\/04\/arashkhaksari_symbiose_3-768x960.jpg 768w, https:\/\/www.pictofoundation.fr\/wp-content\/uploads\/2025\/04\/arashkhaksari_symbiose_3-1229x1536.jpg 1229w, https:\/\/www.pictofoundation.fr\/wp-content\/uploads\/2025\/04\/arashkhaksari_symbiose_3-500x625.jpg 500w, https:\/\/www.pictofoundation.fr\/wp-content\/uploads\/2025\/04\/arashkhaksari_symbiose_3-800x1000.jpg 800w, https:\/\/www.pictofoundation.fr\/wp-content\/uploads\/2025\/04\/arashkhaksari_symbiose_3-1280x1600.jpg 1280w\" sizes=\"auto, (max-width: 1600px) 100vw, 1600px\" \/><\/noscript><img fetchpriority=\"high\" decoding=\"async\" width=\"1600\" height=\"2000\" src=\"https:\/\/www.pictofoundation.fr\/wp-content\/uploads\/2025\/04\/arashkhaksari_symbiose_3.jpg\" class=\"wp-image-14032 vp-lazyload\" alt srcset=\"data:image\/svg+xml;base64,PHN2ZyB3aWR0aD0iMTYwMCIgaGVpZ2h0PSIyMDAwIiB2aWV3Qm94PSIwIDAgMTYwMCAyMDAwIiBmaWxsPSJub25lIiB4bWxucz0iaHR0cDovL3d3dy53My5vcmcvMjAwMC9zdmciPjwvc3ZnPg==\" data-src=\"https:\/\/www.pictofoundation.fr\/wp-content\/uploads\/2025\/04\/arashkhaksari_symbiose_3.jpg\" data-srcset=\"https:\/\/www.pictofoundation.fr\/wp-content\/uploads\/2025\/04\/arashkhaksari_symbiose_3.jpg 1600w, https:\/\/www.pictofoundation.fr\/wp-content\/uploads\/2025\/04\/arashkhaksari_symbiose_3-240x300.jpg 240w, https:\/\/www.pictofoundation.fr\/wp-content\/uploads\/2025\/04\/arashkhaksari_symbiose_3-819x1024.jpg 819w, https:\/\/www.pictofoundation.fr\/wp-content\/uploads\/2025\/04\/arashkhaksari_symbiose_3-768x960.jpg 768w, https:\/\/www.pictofoundation.fr\/wp-content\/uploads\/2025\/04\/arashkhaksari_symbiose_3-1229x1536.jpg 1229w, https:\/\/www.pictofoundation.fr\/wp-content\/uploads\/2025\/04\/arashkhaksari_symbiose_3-500x625.jpg 500w, https:\/\/www.pictofoundation.fr\/wp-content\/uploads\/2025\/04\/arashkhaksari_symbiose_3-800x1000.jpg 800w, https:\/\/www.pictofoundation.fr\/wp-content\/uploads\/2025\/04\/arashkhaksari_symbiose_3-1280x1600.jpg 1280w\" data-sizes=\"auto\" loading=\"eager\">\n\t\t\t\t<\/a>\n\t\t\t<\/div>\n\t\t<\/div>\n\t\t<!-- \/.vp-portfolio__item-img-wrap -->\n\t\n\t<div class=\"vlt-post-content\">\n\n\t\t<header class=\"vlt-post-header\">\n\t\t\t\r\n<h3 class=\"vlt-post-title\"><a href=\"https:\/\/www.pictofoundation.fr\/en\/prix-picto-de-la-mode-call-for-applications-2026\/\">Prix Picto de la Mode : Call for Applications 2026<\/a><\/h3>\r\n<!-- \/.vlt-post-title -->\t\t\t\r\n<div class=\"vlt-post-meta vlt-display-1\">\r\n\r\n\t<span><time datetime=\"2026-02-04T06:00:24+01:00\">04 February 2026<\/time><\/span>\r\n\r\n\t\t\t<span><a href=\"https:\/\/www.pictofoundation.fr\/en\/category\/prix-picto-photo-mode-en\/\">Prix Picto de la Photographie de Mode<\/a><\/span>\r\n\t\r\n<\/div>\r\n<!-- \/.vlt-post-meta -->\t\t<\/header>\n\t\t<!-- \/.vlt-post-header -->\n\n\t\t<div class=\"vlt-post-excerpt\">\n\t\t\t\r\nThe 28th edition of the PICTO\u00a0Fashion Photography Award holds a special significance for the PICTO\u00a0Foundation. Following 2025, the year in ... \t\t<\/div>\n\t\t<!-- \/.vlt-post-excerpt -->\n\n\t<\/div>\n\t<!-- \/.vlt-post-content -->\n\n<\/article>\n<!-- \/.vlt-post -->\t\t\t<\/figure>\n\t\t\t\t\t<\/article>\n\t\t\n\t\t<article\t\tclass=\"vp-portfolio__item-wrap post-15000 post type-post status-publish format-standard has-post-thumbnail hentry category-prix-picto-photo-mode-en tag-prix-en tag-prix-picto-de-la-photographie-de-mode-en vp-portfolio__item-uid-9193ad52\" data-vp-filter=\"prix-picto-photo-mode-en\" \t\t>\n\t\t\t\t\t\t\t\t\t<figure class=\"vp-portfolio__item\">\n\t\t\t\t\n<article class=\"vlt-post vlt-post--style-masonry post-15000 post type-post status-publish format-standard has-post-thumbnail hentry category-prix-picto-photo-mode-en tag-prix-en tag-prix-picto-de-la-photographie-de-mode-en\">\n\n\t\t\t<div class=\"vp-portfolio__item-img-wrap\">\n\t\t\t<div class=\"vp-portfolio__item-img\">\n\n\t\t\t\t\t<a\n\t\thref=\"https:\/\/www.pictofoundation.fr\/en\/les-laureats-du-prix-picto-de-la-photographie-de-mode-2025\/\"\n\t\t\t>\n\t\n\t\t\t\t<noscript><img loading=\"lazy\" decoding=\"async\" width=\"1600\" height=\"2000\" src=\"https:\/\/www.pictofoundation.fr\/wp-content\/uploads\/2025\/04\/arashkhaksari_symbiose_3.jpg\" class=\"wp-image-14032\" alt=\"\" srcset=\"https:\/\/www.pictofoundation.fr\/wp-content\/uploads\/2025\/04\/arashkhaksari_symbiose_3.jpg 1600w, https:\/\/www.pictofoundation.fr\/wp-content\/uploads\/2025\/04\/arashkhaksari_symbiose_3-240x300.jpg 240w, https:\/\/www.pictofoundation.fr\/wp-content\/uploads\/2025\/04\/arashkhaksari_symbiose_3-819x1024.jpg 819w, https:\/\/www.pictofoundation.fr\/wp-content\/uploads\/2025\/04\/arashkhaksari_symbiose_3-768x960.jpg 768w, https:\/\/www.pictofoundation.fr\/wp-content\/uploads\/2025\/04\/arashkhaksari_symbiose_3-1229x1536.jpg 1229w, https:\/\/www.pictofoundation.fr\/wp-content\/uploads\/2025\/04\/arashkhaksari_symbiose_3-500x625.jpg 500w, https:\/\/www.pictofoundation.fr\/wp-content\/uploads\/2025\/04\/arashkhaksari_symbiose_3-800x1000.jpg 800w, https:\/\/www.pictofoundation.fr\/wp-content\/uploads\/2025\/04\/arashkhaksari_symbiose_3-1280x1600.jpg 1280w\" sizes=\"auto, (max-width: 1600px) 100vw, 1600px\" \/><\/noscript><img fetchpriority=\"high\" decoding=\"async\" width=\"1600\" height=\"2000\" src=\"https:\/\/www.pictofoundation.fr\/wp-content\/uploads\/2025\/04\/arashkhaksari_symbiose_3.jpg\" class=\"wp-image-14032 vp-lazyload\" alt srcset=\"data:image\/svg+xml;base64,PHN2ZyB3aWR0aD0iMTYwMCIgaGVpZ2h0PSIyMDAwIiB2aWV3Qm94PSIwIDAgMTYwMCAyMDAwIiBmaWxsPSJub25lIiB4bWxucz0iaHR0cDovL3d3dy53My5vcmcvMjAwMC9zdmciPjwvc3ZnPg==\" data-src=\"https:\/\/www.pictofoundation.fr\/wp-content\/uploads\/2025\/04\/arashkhaksari_symbiose_3.jpg\" data-srcset=\"https:\/\/www.pictofoundation.fr\/wp-content\/uploads\/2025\/04\/arashkhaksari_symbiose_3.jpg 1600w, https:\/\/www.pictofoundation.fr\/wp-content\/uploads\/2025\/04\/arashkhaksari_symbiose_3-240x300.jpg 240w, https:\/\/www.pictofoundation.fr\/wp-content\/uploads\/2025\/04\/arashkhaksari_symbiose_3-819x1024.jpg 819w, https:\/\/www.pictofoundation.fr\/wp-content\/uploads\/2025\/04\/arashkhaksari_symbiose_3-768x960.jpg 768w, https:\/\/www.pictofoundation.fr\/wp-content\/uploads\/2025\/04\/arashkhaksari_symbiose_3-1229x1536.jpg 1229w, https:\/\/www.pictofoundation.fr\/wp-content\/uploads\/2025\/04\/arashkhaksari_symbiose_3-500x625.jpg 500w, https:\/\/www.pictofoundation.fr\/wp-content\/uploads\/2025\/04\/arashkhaksari_symbiose_3-800x1000.jpg 800w, https:\/\/www.pictofoundation.fr\/wp-content\/uploads\/2025\/04\/arashkhaksari_symbiose_3-1280x1600.jpg 1280w\" data-sizes=\"auto\" loading=\"eager\">\n\t\t\t\t<\/a>\n\t\t\t<\/div>\n\t\t<\/div>\n\t\t<!-- \/.vp-portfolio__item-img-wrap -->\n\t\n\t<div class=\"vlt-post-content\">\n\n\t\t<header class=\"vlt-post-header\">\n\t\t\t\r\n<h3 class=\"vlt-post-title\"><a href=\"https:\/\/www.pictofoundation.fr\/en\/les-laureats-du-prix-picto-de-la-photographie-de-mode-2025\/\">Laureates of 2025 Prix Picto de la Mode<\/a><\/h3>\r\n<!-- \/.vlt-post-title -->\t\t\t\r\n<div class=\"vlt-post-meta vlt-display-1\">\r\n\r\n\t<span><time datetime=\"2025-06-12T20:00:59+02:00\">12 June 2025<\/time><\/span>\r\n\r\n\t\t\t<span><a href=\"https:\/\/www.pictofoundation.fr\/en\/category\/prix-picto-photo-mode-en\/\">Prix Picto de la Photographie de Mode<\/a><\/span>\r\n\t\r\n<\/div>\r\n<!-- \/.vlt-post-meta -->\t\t<\/header>\n\t\t<!-- \/.vlt-post-header -->\n\n\t\t<div class=\"vlt-post-excerpt\">\n\t\t\tThe awards ceremony took place on Wednesday, June 12, at the Palais Galliera, Paris Fashion Museum, after the deliberations of ... \t\t<\/div>\n\t\t<!-- \/.vlt-post-excerpt -->\n\n\t<\/div>\n\t<!-- \/.vlt-post-content -->\n\n<\/article>\n<!-- \/.vlt-post -->\t\t\t<\/figure>\n\t\t\t\t\t<\/article>\n\t\t\n\t\t<article\t\tclass=\"vp-portfolio__item-wrap post-14873 post type-post status-publish format-standard has-post-thumbnail hentry category-prix-picto-photo-mode-en vp-portfolio__item-uid-f1745cf2\" data-vp-filter=\"prix-picto-photo-mode-en\" \t\t>\n\t\t\t\t\t\t\t\t\t<figure class=\"vp-portfolio__item\">\n\t\t\t\t\n<article class=\"vlt-post vlt-post--style-masonry post-14873 post type-post status-publish format-standard has-post-thumbnail hentry category-prix-picto-photo-mode-en\">\n\n\t\t\t<div class=\"vp-portfolio__item-img-wrap\">\n\t\t\t<div class=\"vp-portfolio__item-img\">\n\n\t\t\t\t\t<a\n\t\thref=\"https:\/\/www.pictofoundation.fr\/en\/picto-fashion-photography-award-2025-finalist-photographers\/\"\n\t\t\t>\n\t\n\t\t\t\t<noscript><img loading=\"lazy\" decoding=\"async\" width=\"1600\" height=\"2000\" src=\"https:\/\/www.pictofoundation.fr\/wp-content\/uploads\/2025\/04\/arashkhaksari_symbiose_2.jpg\" class=\"wp-image-14030\" alt=\"\" srcset=\"https:\/\/www.pictofoundation.fr\/wp-content\/uploads\/2025\/04\/arashkhaksari_symbiose_2.jpg 1600w, https:\/\/www.pictofoundation.fr\/wp-content\/uploads\/2025\/04\/arashkhaksari_symbiose_2-240x300.jpg 240w, https:\/\/www.pictofoundation.fr\/wp-content\/uploads\/2025\/04\/arashkhaksari_symbiose_2-819x1024.jpg 819w, https:\/\/www.pictofoundation.fr\/wp-content\/uploads\/2025\/04\/arashkhaksari_symbiose_2-768x960.jpg 768w, https:\/\/www.pictofoundation.fr\/wp-content\/uploads\/2025\/04\/arashkhaksari_symbiose_2-1229x1536.jpg 1229w, https:\/\/www.pictofoundation.fr\/wp-content\/uploads\/2025\/04\/arashkhaksari_symbiose_2-500x625.jpg 500w, https:\/\/www.pictofoundation.fr\/wp-content\/uploads\/2025\/04\/arashkhaksari_symbiose_2-800x1000.jpg 800w, https:\/\/www.pictofoundation.fr\/wp-content\/uploads\/2025\/04\/arashkhaksari_symbiose_2-1280x1600.jpg 1280w\" sizes=\"auto, (max-width: 1600px) 100vw, 1600px\" \/><\/noscript><img decoding=\"async\" width=\"1600\" height=\"2000\" src=\"https:\/\/www.pictofoundation.fr\/wp-content\/uploads\/2025\/04\/arashkhaksari_symbiose_2.jpg\" class=\"wp-image-14030 vp-lazyload\" alt srcset=\"data:image\/svg+xml;base64,PHN2ZyB3aWR0aD0iMTYwMCIgaGVpZ2h0PSIyMDAwIiB2aWV3Qm94PSIwIDAgMTYwMCAyMDAwIiBmaWxsPSJub25lIiB4bWxucz0iaHR0cDovL3d3dy53My5vcmcvMjAwMC9zdmciPjwvc3ZnPg==\" data-src=\"https:\/\/www.pictofoundation.fr\/wp-content\/uploads\/2025\/04\/arashkhaksari_symbiose_2.jpg\" data-srcset=\"https:\/\/www.pictofoundation.fr\/wp-content\/uploads\/2025\/04\/arashkhaksari_symbiose_2.jpg 1600w, https:\/\/www.pictofoundation.fr\/wp-content\/uploads\/2025\/04\/arashkhaksari_symbiose_2-240x300.jpg 240w, https:\/\/www.pictofoundation.fr\/wp-content\/uploads\/2025\/04\/arashkhaksari_symbiose_2-819x1024.jpg 819w, https:\/\/www.pictofoundation.fr\/wp-content\/uploads\/2025\/04\/arashkhaksari_symbiose_2-768x960.jpg 768w, https:\/\/www.pictofoundation.fr\/wp-content\/uploads\/2025\/04\/arashkhaksari_symbiose_2-1229x1536.jpg 1229w, https:\/\/www.pictofoundation.fr\/wp-content\/uploads\/2025\/04\/arashkhaksari_symbiose_2-500x625.jpg 500w, https:\/\/www.pictofoundation.fr\/wp-content\/uploads\/2025\/04\/arashkhaksari_symbiose_2-800x1000.jpg 800w, https:\/\/www.pictofoundation.fr\/wp-content\/uploads\/2025\/04\/arashkhaksari_symbiose_2-1280x1600.jpg 1280w\" data-sizes=\"auto\" loading=\"eager\">\n\t\t\t\t<\/a>\n\t\t\t<\/div>\n\t\t<\/div>\n\t\t<!-- \/.vp-portfolio__item-img-wrap -->\n\t\n\t<div class=\"vlt-post-content\">\n\n\t\t<header class=\"vlt-post-header\">\n\t\t\t\r\n<h3 class=\"vlt-post-title\"><a href=\"https:\/\/www.pictofoundation.fr\/en\/picto-fashion-photography-award-2025-finalist-photographers\/\">Picto Fashion Photography Award 2025 : Finalist photographers<\/a><\/h3>\r\n<!-- \/.vlt-post-title -->\t\t\t\r\n<div class=\"vlt-post-meta vlt-display-1\">\r\n\r\n\t<span><time datetime=\"2025-05-06T15:29:55+02:00\">06 May 2025<\/time><\/span>\r\n\r\n\t\t\t<span><a href=\"https:\/\/www.pictofoundation.fr\/en\/category\/prix-picto-photo-mode-en\/\">Prix Picto de la Photographie de Mode<\/a><\/span>\r\n\t\r\n<\/div>\r\n<!-- \/.vlt-post-meta -->\t\t<\/header>\n\t\t<!-- \/.vlt-post-header -->\n\n\t\t<div class=\"vlt-post-excerpt\">\n\t\t\t\r\n\r\n\r\n\r\nThe call for applications for the\u00a027th edition of the Picto Fashion Photography Award closed on March 17th.\u00a0Picto Foundation\u00a0is pleased to ... \t\t<\/div>\n\t\t<!-- \/.vlt-post-excerpt -->\n\n\t<\/div>\n\t<!-- \/.vlt-post-content -->\n\n<\/article>\n<!-- \/.vlt-post -->\t\t\t<\/figure>\n\t\t\t\t\t<\/article>\n\t\t\n<\/div>\n\t\t<\/div>\n\t\t\t\t<div class=\"vp-portfolio__layout-elements vp-portfolio__layout-elements-bottom vp-portfolio__layout-elements-align-center\">\n\t\t\t\t<div class=\"vp-portfolio__pagination-wrap\">\n\t\t\n<div class=\"vp-pagination vp-pagination__style-minimal\" data-vp-pagination-type=\"load-more\">\n\t<div class=\"vp-pagination__item\">\n\t\t<a class=\"vp-pagination__load-more\" href=\"https:\/\/www.pictofoundation.fr\/en\/wp-json\/wp\/v2\/pages\/7127?vp_page=2\">\n\t\t\t<span>Charger plus<\/span>\n\t\t\t<span class=\"vp-pagination__load-more-loading\"><span class=\"vp-spinner\"><\/span><span class=\"vp-screen-reader-text\"> En cours de chargement\u2026<\/span><\/span>\n\t\t\t<span class=\"vp-pagination__load-more-no-more\">Vous avez atteint la fin de la liste<\/span>\n\t\t<\/a>\n\t<\/div>\n<\/div>\n\t\t<\/div>\n\t\t\t\t<\/div>\n\t\t\n<\/div>\n[\/vc_column_text]<div class=\"ult-spacer spacer-69f02239bbbd9\" data-id=\"69f02239bbbd9\" data-height=\"20\" data-height-mobile=\"20\" data-height-tab=\"20\" data-height-tab-portrait=\"\" data-height-mobile-landscape=\"\" style=\"clear:both;display:block;\"><\/div>[\/vc_column][\/vc_row][\/vc_section][vc_section][vc_row][vc_column][vc_raw_html]JTNDZGl2JTIwY2xhc3MlM0QlMjJtYWluJTIyJTIwaWQlM0QlMjJzZWN0aW9uNCUyMiUzRQ==[\/vc_raw_html][vc_column_text]<\/p>\n<h2>Laureates<\/h2>\n<p>[\/vc_column_text][vc_tta_tabs][vc_tta_section title=&#8221;Laureates 2025&#8243; tab_id=&#8221;1651676148130-7350e834-1111&#8243;]\n<div class=\"vp-portfolio vp-uid-68f56e43 vp-id-14995  \"\n\tdata-vp-layout=\"grid\" data-vp-content-source=\"images\" data-vp-items-style=\"default\" data-vp-items-click-action=\"url\" data-vp-items-gap=\"15\" data-vp-items-gap-vertical=\"\" data-vp-pagination=\"load-more\" data-vp-next-page-url=\"\" data-vp-grid-columns=\"4\" data-vp-grid-images-aspect-ratio=\"400:600\" >\n\t<div class=\"vp-portfolio__preloader-wrap\">\n\t\t<div class=\"vp-portfolio__preloader\">\n\t\t\t<img decoding=\"async\" loading=\"eager\" src=\"https:\/\/www.pictofoundation.fr\/wp-content\/plugins\/visual-portfolio\/assets\/images\/logo-dark.svg\" alt=\"Visual Portfolio, Posts &amp; Image Gallery for WordPress\" width=\"20\" height=\"20\" data-skip-lazy>\n\t\t<\/div>\n\t<\/div>\n\t\t<div class=\"vp-portfolio__items-wrap\">\n\t\t\t\n<div class=\"vp-portfolio__items vp-portfolio__items-style-default vp-portfolio__items-show-overlay-hover\">\n\n\t\t<div\t\tclass=\"vp-portfolio__item-wrap vp-portfolio__item-uid-0384479e\" data-vp-filter=\"\" \t\t>\n\t\t\t\t\t\t\t\t\t<figure class=\"vp-portfolio__item\">\n\t\t\t\t\n<div class=\"vp-portfolio__item-img-wrap\">\n\t<div class=\"vp-portfolio__item-img\">\n\t\t\t<a\n\t\thref=\"https:\/\/www.pictofoundation.fr\/finalistes-prix-picto-de-la-mode-2025-arash-khaksari\/\"\n\t\t\t>\n\t\n\t\t<noscript><img loading=\"lazy\" decoding=\"async\" width=\"1280\" height=\"1600\" data-skip-lazy src=\"https:\/\/www.pictofoundation.fr\/wp-content\/uploads\/2025\/04\/arashkhaksari_symbiose_3-1280x1600.jpg\" class=\"wp-image-14031\" alt=\"\" srcset=\"https:\/\/www.pictofoundation.fr\/wp-content\/uploads\/2025\/04\/arashkhaksari_symbiose_3-1280x1600.jpg 1280w, https:\/\/www.pictofoundation.fr\/wp-content\/uploads\/2025\/04\/arashkhaksari_symbiose_3-240x300.jpg 240w, https:\/\/www.pictofoundation.fr\/wp-content\/uploads\/2025\/04\/arashkhaksari_symbiose_3-819x1024.jpg 819w, https:\/\/www.pictofoundation.fr\/wp-content\/uploads\/2025\/04\/arashkhaksari_symbiose_3-768x960.jpg 768w, https:\/\/www.pictofoundation.fr\/wp-content\/uploads\/2025\/04\/arashkhaksari_symbiose_3-1229x1536.jpg 1229w, https:\/\/www.pictofoundation.fr\/wp-content\/uploads\/2025\/04\/arashkhaksari_symbiose_3-500x625.jpg 500w, https:\/\/www.pictofoundation.fr\/wp-content\/uploads\/2025\/04\/arashkhaksari_symbiose_3-800x1000.jpg 800w, https:\/\/www.pictofoundation.fr\/wp-content\/uploads\/2025\/04\/arashkhaksari_symbiose_3.jpg 1600w\" sizes=\"auto, (max-width: 1280px) 100vw, 1280px\" \/><\/noscript><img decoding=\"async\" width=\"1280\" height=\"1600\" src=\"https:\/\/www.pictofoundation.fr\/wp-content\/uploads\/2025\/04\/arashkhaksari_symbiose_3-1280x1600.jpg\" class=\"wp-image-14031 vp-lazyload\" alt srcset=\"data:image\/svg+xml;base64,PHN2ZyB3aWR0aD0iMTI4MCIgaGVpZ2h0PSIxNjAwIiB2aWV3Qm94PSIwIDAgMTI4MCAxNjAwIiBmaWxsPSJub25lIiB4bWxucz0iaHR0cDovL3d3dy53My5vcmcvMjAwMC9zdmciPjwvc3ZnPg==\" data-src=\"https:\/\/www.pictofoundation.fr\/wp-content\/uploads\/2025\/04\/arashkhaksari_symbiose_3-1280x1600.jpg\" data-srcset=\"https:\/\/www.pictofoundation.fr\/wp-content\/uploads\/2025\/04\/arashkhaksari_symbiose_3-1280x1600.jpg 1280w, https:\/\/www.pictofoundation.fr\/wp-content\/uploads\/2025\/04\/arashkhaksari_symbiose_3-240x300.jpg 240w, https:\/\/www.pictofoundation.fr\/wp-content\/uploads\/2025\/04\/arashkhaksari_symbiose_3-819x1024.jpg 819w, https:\/\/www.pictofoundation.fr\/wp-content\/uploads\/2025\/04\/arashkhaksari_symbiose_3-768x960.jpg 768w, https:\/\/www.pictofoundation.fr\/wp-content\/uploads\/2025\/04\/arashkhaksari_symbiose_3-1229x1536.jpg 1229w, https:\/\/www.pictofoundation.fr\/wp-content\/uploads\/2025\/04\/arashkhaksari_symbiose_3-500x625.jpg 500w, https:\/\/www.pictofoundation.fr\/wp-content\/uploads\/2025\/04\/arashkhaksari_symbiose_3-800x1000.jpg 800w, https:\/\/www.pictofoundation.fr\/wp-content\/uploads\/2025\/04\/arashkhaksari_symbiose_3.jpg 1600w\" data-sizes=\"auto\" loading=\"eager\">\n\t\t<div class=\"vp-portfolio__item-overlay\">\n\t\t\t\t\t<\/div>\n\n\t\t<\/a>\t<\/div>\n<\/div>\n\n<div class=\"vp-portfolio__item-overlay vp-portfolio__item-align-center\">\n\t\t\t<div class=\"vp-portfolio__item-meta\">\n\t\t\t\t\t\t\t<h2 class=\"vp-portfolio__item-meta-title\">\n\t\t\t\t\t\t\t\t\t\t\t<a href=\"https:\/\/www.pictofoundation.fr\/finalistes-prix-picto-de-la-mode-2025-arash-khaksari\/\"\n\t\t\t\t\t\t\t\t\t\t\t\t\t>\n\t\t\t\t\t\t\tSymbiose \u00a9 Arash Khaksari\t\t\t\t\t\t<\/a>\n\t\t\t\t\t\t\t\t\t\t<\/h2>\n\t\t\t\t\t\t<\/div>\n\t<\/div>\t\t\t<\/figure>\n\t\t\t\t\t<\/div>\n\t\t\n\t\t<div\t\tclass=\"vp-portfolio__item-wrap vp-portfolio__item-uid-ed2e4fca\" data-vp-filter=\"\" \t\t>\n\t\t\t\t\t\t\t\t\t<figure class=\"vp-portfolio__item\">\n\t\t\t\t\n<div class=\"vp-portfolio__item-img-wrap\">\n\t<div class=\"vp-portfolio__item-img\">\n\t\t\t<a\n\t\thref=\"https:\/\/www.pictofoundation.fr\/finalistes-prix-picto-de-la-mode-2025-jean-marques\/\"\n\t\t\t>\n\t\n\t\t<noscript><img loading=\"lazy\" decoding=\"async\" width=\"1280\" height=\"1600\" data-skip-lazy src=\"https:\/\/www.pictofoundation.fr\/wp-content\/uploads\/2025\/04\/JEAN-MARQUES_CALL-TIME_R2_SELECTION_N\u00b015-1280x1600.jpg\" class=\"wp-image-14009\" alt=\"\" srcset=\"https:\/\/www.pictofoundation.fr\/wp-content\/uploads\/2025\/04\/JEAN-MARQUES_CALL-TIME_R2_SELECTION_N\u00b015-1280x1600.jpg 1280w, https:\/\/www.pictofoundation.fr\/wp-content\/uploads\/2025\/04\/JEAN-MARQUES_CALL-TIME_R2_SELECTION_N\u00b015-240x300.jpg 240w, https:\/\/www.pictofoundation.fr\/wp-content\/uploads\/2025\/04\/JEAN-MARQUES_CALL-TIME_R2_SELECTION_N\u00b015-819x1024.jpg 819w, https:\/\/www.pictofoundation.fr\/wp-content\/uploads\/2025\/04\/JEAN-MARQUES_CALL-TIME_R2_SELECTION_N\u00b015-768x960.jpg 768w, https:\/\/www.pictofoundation.fr\/wp-content\/uploads\/2025\/04\/JEAN-MARQUES_CALL-TIME_R2_SELECTION_N\u00b015-1229x1536.jpg 1229w, https:\/\/www.pictofoundation.fr\/wp-content\/uploads\/2025\/04\/JEAN-MARQUES_CALL-TIME_R2_SELECTION_N\u00b015-500x625.jpg 500w, https:\/\/www.pictofoundation.fr\/wp-content\/uploads\/2025\/04\/JEAN-MARQUES_CALL-TIME_R2_SELECTION_N\u00b015-800x1000.jpg 800w, https:\/\/www.pictofoundation.fr\/wp-content\/uploads\/2025\/04\/JEAN-MARQUES_CALL-TIME_R2_SELECTION_N\u00b015.jpg 1600w\" sizes=\"auto, (max-width: 1280px) 100vw, 1280px\" \/><\/noscript><img decoding=\"async\" width=\"1280\" height=\"1600\" src=\"https:\/\/www.pictofoundation.fr\/wp-content\/uploads\/2025\/04\/JEAN-MARQUES_CALL-TIME_R2_SELECTION_N\u00b015-1280x1600.jpg\" class=\"wp-image-14009 vp-lazyload\" alt srcset=\"data:image\/svg+xml;base64,PHN2ZyB3aWR0aD0iMTI4MCIgaGVpZ2h0PSIxNjAwIiB2aWV3Qm94PSIwIDAgMTI4MCAxNjAwIiBmaWxsPSJub25lIiB4bWxucz0iaHR0cDovL3d3dy53My5vcmcvMjAwMC9zdmciPjwvc3ZnPg==\" data-src=\"https:\/\/www.pictofoundation.fr\/wp-content\/uploads\/2025\/04\/JEAN-MARQUES_CALL-TIME_R2_SELECTION_N\u00b015-1280x1600.jpg\" data-srcset=\"https:\/\/www.pictofoundation.fr\/wp-content\/uploads\/2025\/04\/JEAN-MARQUES_CALL-TIME_R2_SELECTION_N\u00b015-1280x1600.jpg 1280w, https:\/\/www.pictofoundation.fr\/wp-content\/uploads\/2025\/04\/JEAN-MARQUES_CALL-TIME_R2_SELECTION_N\u00b015-240x300.jpg 240w, https:\/\/www.pictofoundation.fr\/wp-content\/uploads\/2025\/04\/JEAN-MARQUES_CALL-TIME_R2_SELECTION_N\u00b015-819x1024.jpg 819w, https:\/\/www.pictofoundation.fr\/wp-content\/uploads\/2025\/04\/JEAN-MARQUES_CALL-TIME_R2_SELECTION_N\u00b015-768x960.jpg 768w, https:\/\/www.pictofoundation.fr\/wp-content\/uploads\/2025\/04\/JEAN-MARQUES_CALL-TIME_R2_SELECTION_N\u00b015-1229x1536.jpg 1229w, https:\/\/www.pictofoundation.fr\/wp-content\/uploads\/2025\/04\/JEAN-MARQUES_CALL-TIME_R2_SELECTION_N\u00b015-500x625.jpg 500w, https:\/\/www.pictofoundation.fr\/wp-content\/uploads\/2025\/04\/JEAN-MARQUES_CALL-TIME_R2_SELECTION_N\u00b015-800x1000.jpg 800w, https:\/\/www.pictofoundation.fr\/wp-content\/uploads\/2025\/04\/JEAN-MARQUES_CALL-TIME_R2_SELECTION_N\u00b015.jpg 1600w\" data-sizes=\"auto\" loading=\"eager\">\n\t\t<div class=\"vp-portfolio__item-overlay\">\n\t\t\t\t\t<\/div>\n\n\t\t<\/a>\t<\/div>\n<\/div>\n\n<div class=\"vp-portfolio__item-overlay vp-portfolio__item-align-center\">\n\t\t\t<div class=\"vp-portfolio__item-meta\">\n\t\t\t\t\t\t\t<h2 class=\"vp-portfolio__item-meta-title\">\n\t\t\t\t\t\t\t\t\t\t\t<a href=\"https:\/\/www.pictofoundation.fr\/finalistes-prix-picto-de-la-mode-2025-jean-marques\/\"\n\t\t\t\t\t\t\t\t\t\t\t\t\t>\n\t\t\t\t\t\t\tCall Time \u00a9 Jean Marques\t\t\t\t\t\t<\/a>\n\t\t\t\t\t\t\t\t\t\t<\/h2>\n\t\t\t\t\t\t<\/div>\n\t<\/div>\t\t\t<\/figure>\n\t\t\t\t\t<\/div>\n\t\t\n\t\t<div\t\tclass=\"vp-portfolio__item-wrap vp-portfolio__item-uid-84cbca17\" data-vp-filter=\"\" \t\t>\n\t\t\t\t\t\t\t\t\t<figure class=\"vp-portfolio__item\">\n\t\t\t\t\n<div class=\"vp-portfolio__item-img-wrap\">\n\t<div class=\"vp-portfolio__item-img\">\n\t\t\t<a\n\t\thref=\"https:\/\/www.pictofoundation.fr\/finalistes-prix-picto-de-la-mode-2025-steve-ney\/\"\n\t\t\t>\n\t\n\t\t<noscript><img loading=\"lazy\" decoding=\"async\" width=\"1280\" height=\"1600\" data-skip-lazy src=\"https:\/\/www.pictofoundation.fr\/wp-content\/uploads\/2025\/04\/STEVE-NEY_OUR-INDIA_N\u00b0-13_BD-1280x1600.jpg\" class=\"wp-image-13959\" alt=\"\" srcset=\"https:\/\/www.pictofoundation.fr\/wp-content\/uploads\/2025\/04\/STEVE-NEY_OUR-INDIA_N\u00b0-13_BD-1280x1600.jpg 1280w, https:\/\/www.pictofoundation.fr\/wp-content\/uploads\/2025\/04\/STEVE-NEY_OUR-INDIA_N\u00b0-13_BD-240x300.jpg 240w, https:\/\/www.pictofoundation.fr\/wp-content\/uploads\/2025\/04\/STEVE-NEY_OUR-INDIA_N\u00b0-13_BD-819x1024.jpg 819w, https:\/\/www.pictofoundation.fr\/wp-content\/uploads\/2025\/04\/STEVE-NEY_OUR-INDIA_N\u00b0-13_BD-768x960.jpg 768w, https:\/\/www.pictofoundation.fr\/wp-content\/uploads\/2025\/04\/STEVE-NEY_OUR-INDIA_N\u00b0-13_BD-1229x1536.jpg 1229w, https:\/\/www.pictofoundation.fr\/wp-content\/uploads\/2025\/04\/STEVE-NEY_OUR-INDIA_N\u00b0-13_BD-500x625.jpg 500w, https:\/\/www.pictofoundation.fr\/wp-content\/uploads\/2025\/04\/STEVE-NEY_OUR-INDIA_N\u00b0-13_BD-800x1000.jpg 800w, https:\/\/www.pictofoundation.fr\/wp-content\/uploads\/2025\/04\/STEVE-NEY_OUR-INDIA_N\u00b0-13_BD.jpg 1600w\" sizes=\"auto, (max-width: 1280px) 100vw, 1280px\" \/><\/noscript><img decoding=\"async\" width=\"1280\" height=\"1600\" src=\"https:\/\/www.pictofoundation.fr\/wp-content\/uploads\/2025\/04\/STEVE-NEY_OUR-INDIA_N\u00b0-13_BD-1280x1600.jpg\" class=\"wp-image-13959 vp-lazyload\" alt srcset=\"data:image\/svg+xml;base64,PHN2ZyB3aWR0aD0iMTI4MCIgaGVpZ2h0PSIxNjAwIiB2aWV3Qm94PSIwIDAgMTI4MCAxNjAwIiBmaWxsPSJub25lIiB4bWxucz0iaHR0cDovL3d3dy53My5vcmcvMjAwMC9zdmciPjwvc3ZnPg==\" data-src=\"https:\/\/www.pictofoundation.fr\/wp-content\/uploads\/2025\/04\/STEVE-NEY_OUR-INDIA_N\u00b0-13_BD-1280x1600.jpg\" data-srcset=\"https:\/\/www.pictofoundation.fr\/wp-content\/uploads\/2025\/04\/STEVE-NEY_OUR-INDIA_N\u00b0-13_BD-1280x1600.jpg 1280w, https:\/\/www.pictofoundation.fr\/wp-content\/uploads\/2025\/04\/STEVE-NEY_OUR-INDIA_N\u00b0-13_BD-240x300.jpg 240w, https:\/\/www.pictofoundation.fr\/wp-content\/uploads\/2025\/04\/STEVE-NEY_OUR-INDIA_N\u00b0-13_BD-819x1024.jpg 819w, https:\/\/www.pictofoundation.fr\/wp-content\/uploads\/2025\/04\/STEVE-NEY_OUR-INDIA_N\u00b0-13_BD-768x960.jpg 768w, https:\/\/www.pictofoundation.fr\/wp-content\/uploads\/2025\/04\/STEVE-NEY_OUR-INDIA_N\u00b0-13_BD-1229x1536.jpg 1229w, https:\/\/www.pictofoundation.fr\/wp-content\/uploads\/2025\/04\/STEVE-NEY_OUR-INDIA_N\u00b0-13_BD-500x625.jpg 500w, https:\/\/www.pictofoundation.fr\/wp-content\/uploads\/2025\/04\/STEVE-NEY_OUR-INDIA_N\u00b0-13_BD-800x1000.jpg 800w, https:\/\/www.pictofoundation.fr\/wp-content\/uploads\/2025\/04\/STEVE-NEY_OUR-INDIA_N\u00b0-13_BD.jpg 1600w\" data-sizes=\"auto\" loading=\"eager\">\n\t\t<div class=\"vp-portfolio__item-overlay\">\n\t\t\t\t\t<\/div>\n\n\t\t<\/a>\t<\/div>\n<\/div>\n\n<div class=\"vp-portfolio__item-overlay vp-portfolio__item-align-center\">\n\t\t\t<div class=\"vp-portfolio__item-meta\">\n\t\t\t\t\t\t\t<h2 class=\"vp-portfolio__item-meta-title\">\n\t\t\t\t\t\t\t\t\t\t\t<a href=\"https:\/\/www.pictofoundation.fr\/finalistes-prix-picto-de-la-mode-2025-steve-ney\/\"\n\t\t\t\t\t\t\t\t\t\t\t\t\t>\n\t\t\t\t\t\t\tOur India \u00a9 Steve Ney\t\t\t\t\t\t<\/a>\n\t\t\t\t\t\t\t\t\t\t<\/h2>\n\t\t\t\t\t\t<\/div>\n\t<\/div>\t\t\t<\/figure>\n\t\t\t\t\t<\/div>\n\t\t\n\t\t<div\t\tclass=\"vp-portfolio__item-wrap vp-portfolio__item-uid-0960c35e\" data-vp-filter=\"\" \t\t>\n\t\t\t\t\t\t\t\t\t<figure class=\"vp-portfolio__item\">\n\t\t\t\t\n<div class=\"vp-portfolio__item-img-wrap\">\n\t<div class=\"vp-portfolio__item-img\">\n\t\t\t<a\n\t\thref=\"https:\/\/www.pictofoundation.fr\/finalistes-prix-picto-de-la-mode-2025-anna-leonte-loron\/\"\n\t\t\t>\n\t\n\t\t<noscript><img loading=\"lazy\" decoding=\"async\" width=\"1280\" height=\"1920\" data-skip-lazy src=\"https:\/\/www.pictofoundation.fr\/wp-content\/uploads\/2025\/04\/ANNA-LEONTE-LORON_LES-FEMMES-ONT-FAIM_13_BD-1280x1920.jpg\" class=\"wp-image-13925\" alt=\"\" srcset=\"https:\/\/www.pictofoundation.fr\/wp-content\/uploads\/2025\/04\/ANNA-LEONTE-LORON_LES-FEMMES-ONT-FAIM_13_BD-1280x1920.jpg 1280w, https:\/\/www.pictofoundation.fr\/wp-content\/uploads\/2025\/04\/ANNA-LEONTE-LORON_LES-FEMMES-ONT-FAIM_13_BD-200x300.jpg 200w, https:\/\/www.pictofoundation.fr\/wp-content\/uploads\/2025\/04\/ANNA-LEONTE-LORON_LES-FEMMES-ONT-FAIM_13_BD-682x1024.jpg 682w, https:\/\/www.pictofoundation.fr\/wp-content\/uploads\/2025\/04\/ANNA-LEONTE-LORON_LES-FEMMES-ONT-FAIM_13_BD-768x1152.jpg 768w, https:\/\/www.pictofoundation.fr\/wp-content\/uploads\/2025\/04\/ANNA-LEONTE-LORON_LES-FEMMES-ONT-FAIM_13_BD-1024x1536.jpg 1024w, https:\/\/www.pictofoundation.fr\/wp-content\/uploads\/2025\/04\/ANNA-LEONTE-LORON_LES-FEMMES-ONT-FAIM_13_BD-500x750.jpg 500w, https:\/\/www.pictofoundation.fr\/wp-content\/uploads\/2025\/04\/ANNA-LEONTE-LORON_LES-FEMMES-ONT-FAIM_13_BD-800x1200.jpg 800w, https:\/\/www.pictofoundation.fr\/wp-content\/uploads\/2025\/04\/ANNA-LEONTE-LORON_LES-FEMMES-ONT-FAIM_13_BD.jpg 1333w\" sizes=\"auto, (max-width: 1280px) 100vw, 1280px\" \/><\/noscript><img decoding=\"async\" width=\"1280\" height=\"1920\" src=\"https:\/\/www.pictofoundation.fr\/wp-content\/uploads\/2025\/04\/ANNA-LEONTE-LORON_LES-FEMMES-ONT-FAIM_13_BD-1280x1920.jpg\" class=\"wp-image-13925 vp-lazyload\" alt srcset=\"data:image\/svg+xml;base64,PHN2ZyB3aWR0aD0iMTI4MCIgaGVpZ2h0PSIxOTIwIiB2aWV3Qm94PSIwIDAgMTI4MCAxOTIwIiBmaWxsPSJub25lIiB4bWxucz0iaHR0cDovL3d3dy53My5vcmcvMjAwMC9zdmciPjwvc3ZnPg==\" data-src=\"https:\/\/www.pictofoundation.fr\/wp-content\/uploads\/2025\/04\/ANNA-LEONTE-LORON_LES-FEMMES-ONT-FAIM_13_BD-1280x1920.jpg\" data-srcset=\"https:\/\/www.pictofoundation.fr\/wp-content\/uploads\/2025\/04\/ANNA-LEONTE-LORON_LES-FEMMES-ONT-FAIM_13_BD-1280x1920.jpg 1280w, https:\/\/www.pictofoundation.fr\/wp-content\/uploads\/2025\/04\/ANNA-LEONTE-LORON_LES-FEMMES-ONT-FAIM_13_BD-200x300.jpg 200w, https:\/\/www.pictofoundation.fr\/wp-content\/uploads\/2025\/04\/ANNA-LEONTE-LORON_LES-FEMMES-ONT-FAIM_13_BD-682x1024.jpg 682w, https:\/\/www.pictofoundation.fr\/wp-content\/uploads\/2025\/04\/ANNA-LEONTE-LORON_LES-FEMMES-ONT-FAIM_13_BD-768x1152.jpg 768w, https:\/\/www.pictofoundation.fr\/wp-content\/uploads\/2025\/04\/ANNA-LEONTE-LORON_LES-FEMMES-ONT-FAIM_13_BD-1024x1536.jpg 1024w, https:\/\/www.pictofoundation.fr\/wp-content\/uploads\/2025\/04\/ANNA-LEONTE-LORON_LES-FEMMES-ONT-FAIM_13_BD-500x750.jpg 500w, https:\/\/www.pictofoundation.fr\/wp-content\/uploads\/2025\/04\/ANNA-LEONTE-LORON_LES-FEMMES-ONT-FAIM_13_BD-800x1200.jpg 800w, https:\/\/www.pictofoundation.fr\/wp-content\/uploads\/2025\/04\/ANNA-LEONTE-LORON_LES-FEMMES-ONT-FAIM_13_BD.jpg 1333w\" data-sizes=\"auto\" loading=\"eager\">\n\t\t<div class=\"vp-portfolio__item-overlay\">\n\t\t\t\t\t<\/div>\n\n\t\t<\/a>\t<\/div>\n<\/div>\n\n<div class=\"vp-portfolio__item-overlay vp-portfolio__item-align-center\">\n\t\t\t<div class=\"vp-portfolio__item-meta\">\n\t\t\t\t\t\t\t<h2 class=\"vp-portfolio__item-meta-title\">\n\t\t\t\t\t\t\t\t\t\t\t<a href=\"https:\/\/www.pictofoundation.fr\/finalistes-prix-picto-de-la-mode-2025-anna-leonte-loron\/\"\n\t\t\t\t\t\t\t\t\t\t\t\t\t>\n\t\t\t\t\t\t\tLes femmes ont faim \u00a9 Anna Leonte Loron\t\t\t\t\t\t<\/a>\n\t\t\t\t\t\t\t\t\t\t<\/h2>\n\t\t\t\t\t\t<\/div>\n\t<\/div>\t\t\t<\/figure>\n\t\t\t\t\t<\/div>\n\t\t\n<\/div>\n\t\t<\/div>\n\t\t\n<\/div>\n[\/vc_tta_section][vc_tta_section title=&#8221;Laureates 2024&#8243; tab_id=&#8221;1749824494422-8f982dac-ea55&#8243;]\n<div class=\"vp-portfolio vp-uid-51257241 vp-id-12254  \"\n\tdata-vp-layout=\"grid\" data-vp-content-source=\"images\" data-vp-items-style=\"default\" data-vp-items-click-action=\"popup_gallery\" data-vp-items-gap=\"15\" data-vp-items-gap-vertical=\"\" data-vp-pagination=\"load-more\" data-vp-next-page-url=\"\" data-vp-grid-columns=\"4\" data-vp-grid-images-aspect-ratio=\"3:4\" >\n\t<div class=\"vp-portfolio__preloader-wrap\">\n\t\t<div class=\"vp-portfolio__preloader\">\n\t\t\t<img decoding=\"async\" loading=\"eager\" src=\"https:\/\/www.pictofoundation.fr\/wp-content\/plugins\/visual-portfolio\/assets\/images\/logo-dark.svg\" alt=\"Visual Portfolio, Posts &amp; Image Gallery for WordPress\" width=\"20\" height=\"20\" data-skip-lazy>\n\t\t<\/div>\n\t<\/div>\n\t\t<div class=\"vp-portfolio__items-wrap\">\n\t\t\t\n<div class=\"vp-portfolio__items vp-portfolio__items-style-default vp-portfolio__items-show-overlay-hover\">\n\n\t\t<div\t\tclass=\"vp-portfolio__item-wrap vp-portfolio__item-uid-e2761c14\" data-vp-filter=\"\" \t\t>\n\t\t\t\t\t\t\t\t\t<figure class=\"vp-portfolio__item\">\n\t\t\t\t\n<div class=\"vp-portfolio__item-img-wrap\">\n\t<div class=\"vp-portfolio__item-img\">\n\t\t\t<a\n\t\thref=\"https:\/\/www.pictofoundation.fr\/finalistes-prix-picto-de-la-mode-2024-yama-ndiaye\/\"\n\t\t\t>\n\t\n\t\t<noscript><img loading=\"lazy\" decoding=\"async\" width=\"1280\" height=\"1791\" data-skip-lazy src=\"https:\/\/www.pictofoundation.fr\/wp-content\/uploads\/2024\/04\/YAMA_NDIAYE_NATAAL_09_BD-1280x1791.jpg\" class=\"wp-image-11446\" alt=\"\" srcset=\"https:\/\/www.pictofoundation.fr\/wp-content\/uploads\/2024\/04\/YAMA_NDIAYE_NATAAL_09_BD-1280x1791.jpg 1280w, https:\/\/www.pictofoundation.fr\/wp-content\/uploads\/2024\/04\/YAMA_NDIAYE_NATAAL_09_BD-214x300.jpg 214w, https:\/\/www.pictofoundation.fr\/wp-content\/uploads\/2024\/04\/YAMA_NDIAYE_NATAAL_09_BD-732x1024.jpg 732w, https:\/\/www.pictofoundation.fr\/wp-content\/uploads\/2024\/04\/YAMA_NDIAYE_NATAAL_09_BD-768x1075.jpg 768w, https:\/\/www.pictofoundation.fr\/wp-content\/uploads\/2024\/04\/YAMA_NDIAYE_NATAAL_09_BD-1097x1536.jpg 1097w, https:\/\/www.pictofoundation.fr\/wp-content\/uploads\/2024\/04\/YAMA_NDIAYE_NATAAL_09_BD-500x700.jpg 500w, https:\/\/www.pictofoundation.fr\/wp-content\/uploads\/2024\/04\/YAMA_NDIAYE_NATAAL_09_BD-800x1120.jpg 800w, https:\/\/www.pictofoundation.fr\/wp-content\/uploads\/2024\/04\/YAMA_NDIAYE_NATAAL_09_BD.jpg 1429w\" sizes=\"auto, (max-width: 1280px) 100vw, 1280px\" \/><\/noscript><img decoding=\"async\" width=\"1280\" height=\"1791\" src=\"https:\/\/www.pictofoundation.fr\/wp-content\/uploads\/2024\/04\/YAMA_NDIAYE_NATAAL_09_BD-1280x1791.jpg\" class=\"wp-image-11446 vp-lazyload\" alt srcset=\"data:image\/svg+xml;base64,PHN2ZyB3aWR0aD0iMTI4MCIgaGVpZ2h0PSIxNzkxIiB2aWV3Qm94PSIwIDAgMTI4MCAxNzkxIiBmaWxsPSJub25lIiB4bWxucz0iaHR0cDovL3d3dy53My5vcmcvMjAwMC9zdmciPjwvc3ZnPg==\" data-src=\"https:\/\/www.pictofoundation.fr\/wp-content\/uploads\/2024\/04\/YAMA_NDIAYE_NATAAL_09_BD-1280x1791.jpg\" data-srcset=\"https:\/\/www.pictofoundation.fr\/wp-content\/uploads\/2024\/04\/YAMA_NDIAYE_NATAAL_09_BD-1280x1791.jpg 1280w, https:\/\/www.pictofoundation.fr\/wp-content\/uploads\/2024\/04\/YAMA_NDIAYE_NATAAL_09_BD-214x300.jpg 214w, https:\/\/www.pictofoundation.fr\/wp-content\/uploads\/2024\/04\/YAMA_NDIAYE_NATAAL_09_BD-732x1024.jpg 732w, https:\/\/www.pictofoundation.fr\/wp-content\/uploads\/2024\/04\/YAMA_NDIAYE_NATAAL_09_BD-768x1075.jpg 768w, https:\/\/www.pictofoundation.fr\/wp-content\/uploads\/2024\/04\/YAMA_NDIAYE_NATAAL_09_BD-1097x1536.jpg 1097w, https:\/\/www.pictofoundation.fr\/wp-content\/uploads\/2024\/04\/YAMA_NDIAYE_NATAAL_09_BD-500x700.jpg 500w, https:\/\/www.pictofoundation.fr\/wp-content\/uploads\/2024\/04\/YAMA_NDIAYE_NATAAL_09_BD-800x1120.jpg 800w, https:\/\/www.pictofoundation.fr\/wp-content\/uploads\/2024\/04\/YAMA_NDIAYE_NATAAL_09_BD.jpg 1429w\" data-sizes=\"auto\" loading=\"eager\">\n\t\t<div class=\"vp-portfolio__item-overlay\">\n\t\t\t\t\t<\/div>\n\n\t\t<\/a>\t<\/div>\n<\/div>\n\n<div class=\"vp-portfolio__item-overlay vp-portfolio__item-align-center\">\n\t\t\t<div class=\"vp-portfolio__item-meta\">\n\t\t\t\t\t\t\t<h2 class=\"vp-portfolio__item-meta-title\">\n\t\t\t\t\t\t\t\t\t\t\t<a href=\"https:\/\/www.pictofoundation.fr\/finalistes-prix-picto-de-la-mode-2024-yama-ndiaye\/\"\n\t\t\t\t\t\t\t\t\t\t\t\t\t>\n\t\t\t\t\t\t\tNataal \u00a9 Yama Ndiaye\t\t\t\t\t\t<\/a>\n\t\t\t\t\t\t\t\t\t\t<\/h2>\n\t\t\t\t\t\t<\/div>\n\t<\/div>\t\t\t<\/figure>\n\t\t\t\t\t<\/div>\n\t\t\n\t\t<div\t\tclass=\"vp-portfolio__item-wrap vp-portfolio__item-uid-38ef25b5\" data-vp-filter=\"\" \t\t>\n\t\t\t\t\t\t\t\t\t<figure class=\"vp-portfolio__item\">\n\t\t\t\t\n<div class=\"vp-portfolio__item-img-wrap\">\n\t<div class=\"vp-portfolio__item-img\">\n\t\t\t<a\n\t\thref=\"https:\/\/www.pictofoundation.fr\/finalistes-prix-picto-de-la-mode-2024-tamibe-bourdanne\/\"\n\t\t\t>\n\t\n\t\t<noscript><img loading=\"lazy\" decoding=\"async\" width=\"1280\" height=\"1786\" data-skip-lazy src=\"https:\/\/www.pictofoundation.fr\/wp-content\/uploads\/2024\/03\/TamibeBourdanne_Synthetic-Dreams2_LR-1280x1786.jpg\" class=\"wp-image-10765\" alt=\"\" srcset=\"https:\/\/www.pictofoundation.fr\/wp-content\/uploads\/2024\/03\/TamibeBourdanne_Synthetic-Dreams2_LR-1280x1786.jpg 1280w, https:\/\/www.pictofoundation.fr\/wp-content\/uploads\/2024\/03\/TamibeBourdanne_Synthetic-Dreams2_LR-215x300.jpg 215w, https:\/\/www.pictofoundation.fr\/wp-content\/uploads\/2024\/03\/TamibeBourdanne_Synthetic-Dreams2_LR-734x1024.jpg 734w, https:\/\/www.pictofoundation.fr\/wp-content\/uploads\/2024\/03\/TamibeBourdanne_Synthetic-Dreams2_LR-768x1072.jpg 768w, https:\/\/www.pictofoundation.fr\/wp-content\/uploads\/2024\/03\/TamibeBourdanne_Synthetic-Dreams2_LR-1101x1536.jpg 1101w, https:\/\/www.pictofoundation.fr\/wp-content\/uploads\/2024\/03\/TamibeBourdanne_Synthetic-Dreams2_LR-500x698.jpg 500w, https:\/\/www.pictofoundation.fr\/wp-content\/uploads\/2024\/03\/TamibeBourdanne_Synthetic-Dreams2_LR-800x1117.jpg 800w, https:\/\/www.pictofoundation.fr\/wp-content\/uploads\/2024\/03\/TamibeBourdanne_Synthetic-Dreams2_LR.jpg 1433w\" sizes=\"auto, (max-width: 1280px) 100vw, 1280px\" \/><\/noscript><img decoding=\"async\" width=\"1280\" height=\"1786\" src=\"https:\/\/www.pictofoundation.fr\/wp-content\/uploads\/2024\/03\/TamibeBourdanne_Synthetic-Dreams2_LR-1280x1786.jpg\" class=\"wp-image-10765 vp-lazyload\" alt srcset=\"data:image\/svg+xml;base64,PHN2ZyB3aWR0aD0iMTI4MCIgaGVpZ2h0PSIxNzg2IiB2aWV3Qm94PSIwIDAgMTI4MCAxNzg2IiBmaWxsPSJub25lIiB4bWxucz0iaHR0cDovL3d3dy53My5vcmcvMjAwMC9zdmciPjwvc3ZnPg==\" data-src=\"https:\/\/www.pictofoundation.fr\/wp-content\/uploads\/2024\/03\/TamibeBourdanne_Synthetic-Dreams2_LR-1280x1786.jpg\" data-srcset=\"https:\/\/www.pictofoundation.fr\/wp-content\/uploads\/2024\/03\/TamibeBourdanne_Synthetic-Dreams2_LR-1280x1786.jpg 1280w, https:\/\/www.pictofoundation.fr\/wp-content\/uploads\/2024\/03\/TamibeBourdanne_Synthetic-Dreams2_LR-215x300.jpg 215w, https:\/\/www.pictofoundation.fr\/wp-content\/uploads\/2024\/03\/TamibeBourdanne_Synthetic-Dreams2_LR-734x1024.jpg 734w, https:\/\/www.pictofoundation.fr\/wp-content\/uploads\/2024\/03\/TamibeBourdanne_Synthetic-Dreams2_LR-768x1072.jpg 768w, https:\/\/www.pictofoundation.fr\/wp-content\/uploads\/2024\/03\/TamibeBourdanne_Synthetic-Dreams2_LR-1101x1536.jpg 1101w, https:\/\/www.pictofoundation.fr\/wp-content\/uploads\/2024\/03\/TamibeBourdanne_Synthetic-Dreams2_LR-500x698.jpg 500w, https:\/\/www.pictofoundation.fr\/wp-content\/uploads\/2024\/03\/TamibeBourdanne_Synthetic-Dreams2_LR-800x1117.jpg 800w, https:\/\/www.pictofoundation.fr\/wp-content\/uploads\/2024\/03\/TamibeBourdanne_Synthetic-Dreams2_LR.jpg 1433w\" data-sizes=\"auto\" loading=\"eager\">\n\t\t<div class=\"vp-portfolio__item-overlay\">\n\t\t\t\t\t<\/div>\n\n\t\t<\/a>\t<\/div>\n<\/div>\n\n<div class=\"vp-portfolio__item-overlay vp-portfolio__item-align-center\">\n\t\t\t<div class=\"vp-portfolio__item-meta\">\n\t\t\t\t\t\t\t<h2 class=\"vp-portfolio__item-meta-title\">\n\t\t\t\t\t\t\t\t\t\t\t<a href=\"https:\/\/www.pictofoundation.fr\/finalistes-prix-picto-de-la-mode-2024-tamibe-bourdanne\/\"\n\t\t\t\t\t\t\t\t\t\t\t\t\t>\n\t\t\t\t\t\t\tSynthetic Dreams \u00a9 Tamib\u00e9 Bourdann\u00e9\t\t\t\t\t\t<\/a>\n\t\t\t\t\t\t\t\t\t\t<\/h2>\n\t\t\t\t\t\t<\/div>\n\t<\/div>\t\t\t<\/figure>\n\t\t\t\t\t<\/div>\n\t\t\n\t\t<div\t\tclass=\"vp-portfolio__item-wrap vp-portfolio__item-uid-6d739f01\" data-vp-filter=\"\" \t\t>\n\t\t\t\t\t\t\t\t\t<figure class=\"vp-portfolio__item\">\n\t\t\t\t\n<div class=\"vp-portfolio__item-img-wrap\">\n\t<div class=\"vp-portfolio__item-img\">\n\t\t\t<a\n\t\thref=\"https:\/\/www.pictofoundation.fr\/finalistes-prix-picto-de-la-mode-2024-gabriel-gomez\/\"\n\t\t\t>\n\t\n\t\t<noscript><img loading=\"lazy\" decoding=\"async\" width=\"1280\" height=\"1493\" data-skip-lazy src=\"https:\/\/www.pictofoundation.fr\/wp-content\/uploads\/2024\/03\/Gabriel_Journal-Il-Fallait-venir-hier_15_BD-copie-1280x1493.jpg\" class=\"wp-image-11093\" alt=\"\" srcset=\"https:\/\/www.pictofoundation.fr\/wp-content\/uploads\/2024\/03\/Gabriel_Journal-Il-Fallait-venir-hier_15_BD-copie-1280x1493.jpg 1280w, https:\/\/www.pictofoundation.fr\/wp-content\/uploads\/2024\/03\/Gabriel_Journal-Il-Fallait-venir-hier_15_BD-copie-257x300.jpg 257w, https:\/\/www.pictofoundation.fr\/wp-content\/uploads\/2024\/03\/Gabriel_Journal-Il-Fallait-venir-hier_15_BD-copie-878x1024.jpg 878w, https:\/\/www.pictofoundation.fr\/wp-content\/uploads\/2024\/03\/Gabriel_Journal-Il-Fallait-venir-hier_15_BD-copie-768x896.jpg 768w, https:\/\/www.pictofoundation.fr\/wp-content\/uploads\/2024\/03\/Gabriel_Journal-Il-Fallait-venir-hier_15_BD-copie-1317x1536.jpg 1317w, https:\/\/www.pictofoundation.fr\/wp-content\/uploads\/2024\/03\/Gabriel_Journal-Il-Fallait-venir-hier_15_BD-copie-500x583.jpg 500w, https:\/\/www.pictofoundation.fr\/wp-content\/uploads\/2024\/03\/Gabriel_Journal-Il-Fallait-venir-hier_15_BD-copie-800x933.jpg 800w, https:\/\/www.pictofoundation.fr\/wp-content\/uploads\/2024\/03\/Gabriel_Journal-Il-Fallait-venir-hier_15_BD-copie.jpg 1715w\" sizes=\"auto, (max-width: 1280px) 100vw, 1280px\" \/><\/noscript><img decoding=\"async\" width=\"1280\" height=\"1493\" src=\"https:\/\/www.pictofoundation.fr\/wp-content\/uploads\/2024\/03\/Gabriel_Journal-Il-Fallait-venir-hier_15_BD-copie-1280x1493.jpg\" class=\"wp-image-11093 vp-lazyload\" alt srcset=\"data:image\/svg+xml;base64,PHN2ZyB3aWR0aD0iMTI4MCIgaGVpZ2h0PSIxNDkzIiB2aWV3Qm94PSIwIDAgMTI4MCAxNDkzIiBmaWxsPSJub25lIiB4bWxucz0iaHR0cDovL3d3dy53My5vcmcvMjAwMC9zdmciPjwvc3ZnPg==\" data-src=\"https:\/\/www.pictofoundation.fr\/wp-content\/uploads\/2024\/03\/Gabriel_Journal-Il-Fallait-venir-hier_15_BD-copie-1280x1493.jpg\" data-srcset=\"https:\/\/www.pictofoundation.fr\/wp-content\/uploads\/2024\/03\/Gabriel_Journal-Il-Fallait-venir-hier_15_BD-copie-1280x1493.jpg 1280w, https:\/\/www.pictofoundation.fr\/wp-content\/uploads\/2024\/03\/Gabriel_Journal-Il-Fallait-venir-hier_15_BD-copie-257x300.jpg 257w, https:\/\/www.pictofoundation.fr\/wp-content\/uploads\/2024\/03\/Gabriel_Journal-Il-Fallait-venir-hier_15_BD-copie-878x1024.jpg 878w, https:\/\/www.pictofoundation.fr\/wp-content\/uploads\/2024\/03\/Gabriel_Journal-Il-Fallait-venir-hier_15_BD-copie-768x896.jpg 768w, https:\/\/www.pictofoundation.fr\/wp-content\/uploads\/2024\/03\/Gabriel_Journal-Il-Fallait-venir-hier_15_BD-copie-1317x1536.jpg 1317w, https:\/\/www.pictofoundation.fr\/wp-content\/uploads\/2024\/03\/Gabriel_Journal-Il-Fallait-venir-hier_15_BD-copie-500x583.jpg 500w, https:\/\/www.pictofoundation.fr\/wp-content\/uploads\/2024\/03\/Gabriel_Journal-Il-Fallait-venir-hier_15_BD-copie-800x933.jpg 800w, https:\/\/www.pictofoundation.fr\/wp-content\/uploads\/2024\/03\/Gabriel_Journal-Il-Fallait-venir-hier_15_BD-copie.jpg 1715w\" data-sizes=\"auto\" loading=\"eager\">\n\t\t<div class=\"vp-portfolio__item-overlay\">\n\t\t\t\t\t<\/div>\n\n\t\t<\/a>\t<\/div>\n<\/div>\n\n<div class=\"vp-portfolio__item-overlay vp-portfolio__item-align-center\">\n\t\t\t<div class=\"vp-portfolio__item-meta\">\n\t\t\t\t\t\t\t<h2 class=\"vp-portfolio__item-meta-title\">\n\t\t\t\t\t\t\t\t\t\t\t<a href=\"https:\/\/www.pictofoundation.fr\/finalistes-prix-picto-de-la-mode-2024-gabriel-gomez\/\"\n\t\t\t\t\t\t\t\t\t\t\t\t\t>\n\t\t\t\t\t\t\tJournal Il Fallait venir hier \u00a9 Gabriel G\u00f3mez\t\t\t\t\t\t<\/a>\n\t\t\t\t\t\t\t\t\t\t<\/h2>\n\t\t\t\t\t\t<\/div>\n\t<\/div>\t\t\t<\/figure>\n\t\t\t\t\t<\/div>\n\t\t\n\t\t<div\t\tclass=\"vp-portfolio__item-wrap vp-portfolio__item-uid-fda96396\" data-vp-filter=\"\" \t\t>\n\t\t\t\t\t\t\t\t\t<figure class=\"vp-portfolio__item\">\n\t\t\t\t\n<div class=\"vp-portfolio__item-img-wrap\">\n\t<div class=\"vp-portfolio__item-img\">\n\t\t\t<a\n\t\thref=\"https:\/\/www.pictofoundation.fr\/finalistes-prix-picto-de-la-mode-2024-silvana-trevale\/\"\n\t\t\t>\n\t\n\t\t<noscript><img loading=\"lazy\" decoding=\"async\" width=\"1280\" height=\"1600\" data-skip-lazy src=\"https:\/\/www.pictofoundation.fr\/wp-content\/uploads\/2024\/04\/SilvanaTrevale_Eufonia_15_LR-copie-1280x1600.jpg\" class=\"wp-image-11618\" alt=\"\" srcset=\"https:\/\/www.pictofoundation.fr\/wp-content\/uploads\/2024\/04\/SilvanaTrevale_Eufonia_15_LR-copie-1280x1600.jpg 1280w, https:\/\/www.pictofoundation.fr\/wp-content\/uploads\/2024\/04\/SilvanaTrevale_Eufonia_15_LR-copie-240x300.jpg 240w, https:\/\/www.pictofoundation.fr\/wp-content\/uploads\/2024\/04\/SilvanaTrevale_Eufonia_15_LR-copie-819x1024.jpg 819w, https:\/\/www.pictofoundation.fr\/wp-content\/uploads\/2024\/04\/SilvanaTrevale_Eufonia_15_LR-copie-768x960.jpg 768w, https:\/\/www.pictofoundation.fr\/wp-content\/uploads\/2024\/04\/SilvanaTrevale_Eufonia_15_LR-copie-1229x1536.jpg 1229w, https:\/\/www.pictofoundation.fr\/wp-content\/uploads\/2024\/04\/SilvanaTrevale_Eufonia_15_LR-copie-500x625.jpg 500w, https:\/\/www.pictofoundation.fr\/wp-content\/uploads\/2024\/04\/SilvanaTrevale_Eufonia_15_LR-copie-800x1000.jpg 800w, https:\/\/www.pictofoundation.fr\/wp-content\/uploads\/2024\/04\/SilvanaTrevale_Eufonia_15_LR-copie.jpg 1440w\" sizes=\"auto, (max-width: 1280px) 100vw, 1280px\" \/><\/noscript><img decoding=\"async\" width=\"1280\" height=\"1600\" src=\"https:\/\/www.pictofoundation.fr\/wp-content\/uploads\/2024\/04\/SilvanaTrevale_Eufonia_15_LR-copie-1280x1600.jpg\" class=\"wp-image-11618 vp-lazyload\" alt srcset=\"data:image\/svg+xml;base64,PHN2ZyB3aWR0aD0iMTI4MCIgaGVpZ2h0PSIxNjAwIiB2aWV3Qm94PSIwIDAgMTI4MCAxNjAwIiBmaWxsPSJub25lIiB4bWxucz0iaHR0cDovL3d3dy53My5vcmcvMjAwMC9zdmciPjwvc3ZnPg==\" data-src=\"https:\/\/www.pictofoundation.fr\/wp-content\/uploads\/2024\/04\/SilvanaTrevale_Eufonia_15_LR-copie-1280x1600.jpg\" data-srcset=\"https:\/\/www.pictofoundation.fr\/wp-content\/uploads\/2024\/04\/SilvanaTrevale_Eufonia_15_LR-copie-1280x1600.jpg 1280w, https:\/\/www.pictofoundation.fr\/wp-content\/uploads\/2024\/04\/SilvanaTrevale_Eufonia_15_LR-copie-240x300.jpg 240w, https:\/\/www.pictofoundation.fr\/wp-content\/uploads\/2024\/04\/SilvanaTrevale_Eufonia_15_LR-copie-819x1024.jpg 819w, https:\/\/www.pictofoundation.fr\/wp-content\/uploads\/2024\/04\/SilvanaTrevale_Eufonia_15_LR-copie-768x960.jpg 768w, https:\/\/www.pictofoundation.fr\/wp-content\/uploads\/2024\/04\/SilvanaTrevale_Eufonia_15_LR-copie-1229x1536.jpg 1229w, https:\/\/www.pictofoundation.fr\/wp-content\/uploads\/2024\/04\/SilvanaTrevale_Eufonia_15_LR-copie-500x625.jpg 500w, https:\/\/www.pictofoundation.fr\/wp-content\/uploads\/2024\/04\/SilvanaTrevale_Eufonia_15_LR-copie-800x1000.jpg 800w, https:\/\/www.pictofoundation.fr\/wp-content\/uploads\/2024\/04\/SilvanaTrevale_Eufonia_15_LR-copie.jpg 1440w\" data-sizes=\"auto\" loading=\"eager\">\n\t\t<div class=\"vp-portfolio__item-overlay\">\n\t\t\t\t\t<\/div>\n\n\t\t<\/a>\t<\/div>\n<\/div>\n\n<div class=\"vp-portfolio__item-overlay vp-portfolio__item-align-center\">\n\t\t\t<div class=\"vp-portfolio__item-meta\">\n\t\t\t\t\t\t\t<h2 class=\"vp-portfolio__item-meta-title\">\n\t\t\t\t\t\t\t\t\t\t\t<a href=\"https:\/\/www.pictofoundation.fr\/finalistes-prix-picto-de-la-mode-2024-silvana-trevale\/\"\n\t\t\t\t\t\t\t\t\t\t\t\t\t>\n\t\t\t\t\t\t\tEufonia \u00a9 Silvana Trevale\t\t\t\t\t\t<\/a>\n\t\t\t\t\t\t\t\t\t\t<\/h2>\n\t\t\t\t\t\t<\/div>\n\t<\/div>\t\t\t<\/figure>\n\t\t\t\t\t<\/div>\n\t\t\n<\/div>\n\t\t<\/div>\n\t\t\n<\/div>\n[\/vc_tta_section][vc_tta_section title=&#8221;Laureates 2023&#8243; tab_id=&#8221;1717753115121-48dc6b00-31b0&#8243;]\n<div class=\"vp-portfolio vp-uid-8c5495a7 vp-id-9593  \"\n\tdata-vp-layout=\"tiles\" data-vp-content-source=\"images\" data-vp-items-style=\"default\" data-vp-items-click-action=\"url\" data-vp-items-gap=\"15\" data-vp-items-gap-vertical=\"\" data-vp-pagination=\"load-more\" data-vp-next-page-url=\"\" data-vp-tiles-type=\"3|1,1.3|\" >\n\t<div class=\"vp-portfolio__preloader-wrap\">\n\t\t<div class=\"vp-portfolio__preloader\">\n\t\t\t<img decoding=\"async\" loading=\"eager\" src=\"https:\/\/www.pictofoundation.fr\/wp-content\/plugins\/visual-portfolio\/assets\/images\/logo-dark.svg\" alt=\"Visual Portfolio, Posts &amp; Image Gallery for WordPress\" width=\"20\" height=\"20\" data-skip-lazy>\n\t\t<\/div>\n\t<\/div>\n\t\t<div class=\"vp-portfolio__items-wrap\">\n\t\t\t\n<div class=\"vp-portfolio__items vp-portfolio__items-style-default vp-portfolio__items-show-overlay-hover\">\n\n\t\t<div\t\tclass=\"vp-portfolio__item-wrap vp-portfolio__item-uid-342f3cc0\" data-vp-filter=\"\" \t\t>\n\t\t\t\t\t\t\t\t\t<figure class=\"vp-portfolio__item\">\n\t\t\t\t\n<div class=\"vp-portfolio__item-img-wrap\">\n\t<div class=\"vp-portfolio__item-img\">\n\t\t\t<a\n\t\thref=\"https:\/\/www.pictofoundation.fr\/prix-picto-de-la-mode\/annabelle-foucher\/\"\n\t\t\t>\n\t\n\t\t<noscript><img loading=\"lazy\" decoding=\"async\" width=\"1000\" height=\"1500\" data-skip-lazy src=\"https:\/\/www.pictofoundation.fr\/wp-content\/uploads\/2023\/03\/FOUCHER_DISTANCIATIONSOCIALE_7_HD.jpg\" class=\"wp-image-9283\" alt=\"\" srcset=\"https:\/\/www.pictofoundation.fr\/wp-content\/uploads\/2023\/03\/FOUCHER_DISTANCIATIONSOCIALE_7_HD.jpg 1000w, https:\/\/www.pictofoundation.fr\/wp-content\/uploads\/2023\/03\/FOUCHER_DISTANCIATIONSOCIALE_7_HD-200x300.jpg 200w, https:\/\/www.pictofoundation.fr\/wp-content\/uploads\/2023\/03\/FOUCHER_DISTANCIATIONSOCIALE_7_HD-683x1024.jpg 683w, https:\/\/www.pictofoundation.fr\/wp-content\/uploads\/2023\/03\/FOUCHER_DISTANCIATIONSOCIALE_7_HD-768x1152.jpg 768w, https:\/\/www.pictofoundation.fr\/wp-content\/uploads\/2023\/03\/FOUCHER_DISTANCIATIONSOCIALE_7_HD-500x750.jpg 500w, https:\/\/www.pictofoundation.fr\/wp-content\/uploads\/2023\/03\/FOUCHER_DISTANCIATIONSOCIALE_7_HD-800x1200.jpg 800w\" sizes=\"auto, (max-width: 1000px) 100vw, 1000px\" \/><\/noscript><img decoding=\"async\" width=\"1000\" height=\"1500\" src=\"https:\/\/www.pictofoundation.fr\/wp-content\/uploads\/2023\/03\/FOUCHER_DISTANCIATIONSOCIALE_7_HD.jpg\" class=\"wp-image-9283 vp-lazyload\" alt srcset=\"data:image\/svg+xml;base64,PHN2ZyB3aWR0aD0iMTAwMCIgaGVpZ2h0PSIxNTAwIiB2aWV3Qm94PSIwIDAgMTAwMCAxNTAwIiBmaWxsPSJub25lIiB4bWxucz0iaHR0cDovL3d3dy53My5vcmcvMjAwMC9zdmciPjwvc3ZnPg==\" data-src=\"https:\/\/www.pictofoundation.fr\/wp-content\/uploads\/2023\/03\/FOUCHER_DISTANCIATIONSOCIALE_7_HD.jpg\" data-srcset=\"https:\/\/www.pictofoundation.fr\/wp-content\/uploads\/2023\/03\/FOUCHER_DISTANCIATIONSOCIALE_7_HD.jpg 1000w, https:\/\/www.pictofoundation.fr\/wp-content\/uploads\/2023\/03\/FOUCHER_DISTANCIATIONSOCIALE_7_HD-200x300.jpg 200w, https:\/\/www.pictofoundation.fr\/wp-content\/uploads\/2023\/03\/FOUCHER_DISTANCIATIONSOCIALE_7_HD-683x1024.jpg 683w, https:\/\/www.pictofoundation.fr\/wp-content\/uploads\/2023\/03\/FOUCHER_DISTANCIATIONSOCIALE_7_HD-768x1152.jpg 768w, https:\/\/www.pictofoundation.fr\/wp-content\/uploads\/2023\/03\/FOUCHER_DISTANCIATIONSOCIALE_7_HD-500x750.jpg 500w, https:\/\/www.pictofoundation.fr\/wp-content\/uploads\/2023\/03\/FOUCHER_DISTANCIATIONSOCIALE_7_HD-800x1200.jpg 800w\" data-sizes=\"auto\" loading=\"eager\">\n\t\t<div class=\"vp-portfolio__item-overlay\">\n\t\t\t\t\t<\/div>\n\n\t\t<\/a>\t<\/div>\n<\/div>\n\n<div class=\"vp-portfolio__item-overlay vp-portfolio__item-align-center\">\n\t\t\t<div class=\"vp-portfolio__item-meta\">\n\t\t\t\t\t\t\t<h2 class=\"vp-portfolio__item-meta-title\">\n\t\t\t\t\t\t\t\t\t\t\t<a href=\"https:\/\/www.pictofoundation.fr\/prix-picto-de-la-mode\/annabelle-foucher\/\"\n\t\t\t\t\t\t\t\t\t\t\t\t\t>\n\t\t\t\t\t\t\t\u00a9 Annabelle Foucher \/ Laur\u00e9ate Grand Prix Picto de la Photographie de Mode 2023\t\t\t\t\t\t<\/a>\n\t\t\t\t\t\t\t\t\t\t<\/h2>\n\t\t\t\t\t\t<\/div>\n\t<\/div>\t\t\t<\/figure>\n\t\t\t\t\t<\/div>\n\t\t\n\t\t<div\t\tclass=\"vp-portfolio__item-wrap vp-portfolio__item-uid-ec146295\" data-vp-filter=\"\" style=\"--vp-images__object-position: 0% 50%;\" \t\t>\n\t\t\t\t\t\t\t\t\t<figure class=\"vp-portfolio__item\">\n\t\t\t\t\n<div class=\"vp-portfolio__item-img-wrap\">\n\t<div class=\"vp-portfolio__item-img\">\n\t\t\t<a\n\t\thref=\"https:\/\/www.pictofoundation.fr\/prix-picto-de-la-mode\/soliou-ligali\/\"\n\t\t\t>\n\t\n\t\t<noscript><img loading=\"lazy\" decoding=\"async\" width=\"1452\" height=\"1027\" data-skip-lazy src=\"https:\/\/www.pictofoundation.fr\/wp-content\/uploads\/2023\/03\/LIGALI-Soliou_MARRONAGE_N\u00b04_HD-1.jpg\" class=\"wp-image-9337\" alt=\"\" srcset=\"https:\/\/www.pictofoundation.fr\/wp-content\/uploads\/2023\/03\/LIGALI-Soliou_MARRONAGE_N\u00b04_HD-1.jpg 1452w, https:\/\/www.pictofoundation.fr\/wp-content\/uploads\/2023\/03\/LIGALI-Soliou_MARRONAGE_N\u00b04_HD-1-300x212.jpg 300w, https:\/\/www.pictofoundation.fr\/wp-content\/uploads\/2023\/03\/LIGALI-Soliou_MARRONAGE_N\u00b04_HD-1-1024x724.jpg 1024w, https:\/\/www.pictofoundation.fr\/wp-content\/uploads\/2023\/03\/LIGALI-Soliou_MARRONAGE_N\u00b04_HD-1-768x543.jpg 768w, https:\/\/www.pictofoundation.fr\/wp-content\/uploads\/2023\/03\/LIGALI-Soliou_MARRONAGE_N\u00b04_HD-1-500x354.jpg 500w, https:\/\/www.pictofoundation.fr\/wp-content\/uploads\/2023\/03\/LIGALI-Soliou_MARRONAGE_N\u00b04_HD-1-800x566.jpg 800w, https:\/\/www.pictofoundation.fr\/wp-content\/uploads\/2023\/03\/LIGALI-Soliou_MARRONAGE_N\u00b04_HD-1-1280x905.jpg 1280w\" sizes=\"auto, (max-width: 1452px) 100vw, 1452px\" \/><\/noscript><img decoding=\"async\" width=\"1452\" height=\"1027\" src=\"https:\/\/www.pictofoundation.fr\/wp-content\/uploads\/2023\/03\/LIGALI-Soliou_MARRONAGE_N\u00b04_HD-1.jpg\" class=\"wp-image-9337 vp-lazyload\" alt srcset=\"data:image\/svg+xml;base64,PHN2ZyB3aWR0aD0iMTQ1MiIgaGVpZ2h0PSIxMDI3IiB2aWV3Qm94PSIwIDAgMTQ1MiAxMDI3IiBmaWxsPSJub25lIiB4bWxucz0iaHR0cDovL3d3dy53My5vcmcvMjAwMC9zdmciPjwvc3ZnPg==\" data-src=\"https:\/\/www.pictofoundation.fr\/wp-content\/uploads\/2023\/03\/LIGALI-Soliou_MARRONAGE_N\u00b04_HD-1.jpg\" data-srcset=\"https:\/\/www.pictofoundation.fr\/wp-content\/uploads\/2023\/03\/LIGALI-Soliou_MARRONAGE_N\u00b04_HD-1.jpg 1452w, https:\/\/www.pictofoundation.fr\/wp-content\/uploads\/2023\/03\/LIGALI-Soliou_MARRONAGE_N\u00b04_HD-1-300x212.jpg 300w, https:\/\/www.pictofoundation.fr\/wp-content\/uploads\/2023\/03\/LIGALI-Soliou_MARRONAGE_N\u00b04_HD-1-1024x724.jpg 1024w, https:\/\/www.pictofoundation.fr\/wp-content\/uploads\/2023\/03\/LIGALI-Soliou_MARRONAGE_N\u00b04_HD-1-768x543.jpg 768w, https:\/\/www.pictofoundation.fr\/wp-content\/uploads\/2023\/03\/LIGALI-Soliou_MARRONAGE_N\u00b04_HD-1-500x354.jpg 500w, https:\/\/www.pictofoundation.fr\/wp-content\/uploads\/2023\/03\/LIGALI-Soliou_MARRONAGE_N\u00b04_HD-1-800x566.jpg 800w, https:\/\/www.pictofoundation.fr\/wp-content\/uploads\/2023\/03\/LIGALI-Soliou_MARRONAGE_N\u00b04_HD-1-1280x905.jpg 1280w\" data-sizes=\"auto\" loading=\"eager\">\n\t\t<div class=\"vp-portfolio__item-overlay\">\n\t\t\t\t\t<\/div>\n\n\t\t<\/a>\t<\/div>\n<\/div>\n\n<div class=\"vp-portfolio__item-overlay vp-portfolio__item-align-center\">\n\t\t\t<div class=\"vp-portfolio__item-meta\">\n\t\t\t\t\t\t\t<h2 class=\"vp-portfolio__item-meta-title\">\n\t\t\t\t\t\t\t\t\t\t\t<a href=\"https:\/\/www.pictofoundation.fr\/prix-picto-de-la-mode\/soliou-ligali\/\"\n\t\t\t\t\t\t\t\t\t\t\t\t\t>\n\t\t\t\t\t\t\t\u00a9 Soliou Ligali \/ Laur\u00e9at Dotation Le19M de la Photographie des M\u00e9tiers d\u2019art 2023\t\t\t\t\t\t<\/a>\n\t\t\t\t\t\t\t\t\t\t<\/h2>\n\t\t\t\t\t\t<\/div>\n\t<\/div>\t\t\t<\/figure>\n\t\t\t\t\t<\/div>\n\t\t\n\t\t<div\t\tclass=\"vp-portfolio__item-wrap vp-portfolio__item-uid-f712b61a\" data-vp-filter=\"\" \t\t>\n\t\t\t\t\t\t\t\t\t<figure class=\"vp-portfolio__item\">\n\t\t\t\t\n<div class=\"vp-portfolio__item-img-wrap\">\n\t<div class=\"vp-portfolio__item-img\">\n\t\t\t<a\n\t\thref=\"https:\/\/www.pictofoundation.fr\/prix-picto-de-la-mode\/maxime-antony\/\"\n\t\t\t>\n\t\n\t\t<noscript><img loading=\"lazy\" decoding=\"async\" width=\"1000\" height=\"1500\" data-skip-lazy src=\"https:\/\/www.pictofoundation.fr\/wp-content\/uploads\/2023\/03\/MAXIME_ANTONY_L-ENCEPHALE_03_HD.jpg\" class=\"wp-image-8760\" alt=\"\" srcset=\"https:\/\/www.pictofoundation.fr\/wp-content\/uploads\/2023\/03\/MAXIME_ANTONY_L-ENCEPHALE_03_HD.jpg 1000w, https:\/\/www.pictofoundation.fr\/wp-content\/uploads\/2023\/03\/MAXIME_ANTONY_L-ENCEPHALE_03_HD-200x300.jpg 200w, https:\/\/www.pictofoundation.fr\/wp-content\/uploads\/2023\/03\/MAXIME_ANTONY_L-ENCEPHALE_03_HD-683x1024.jpg 683w, https:\/\/www.pictofoundation.fr\/wp-content\/uploads\/2023\/03\/MAXIME_ANTONY_L-ENCEPHALE_03_HD-768x1152.jpg 768w, https:\/\/www.pictofoundation.fr\/wp-content\/uploads\/2023\/03\/MAXIME_ANTONY_L-ENCEPHALE_03_HD-500x750.jpg 500w, https:\/\/www.pictofoundation.fr\/wp-content\/uploads\/2023\/03\/MAXIME_ANTONY_L-ENCEPHALE_03_HD-800x1200.jpg 800w\" sizes=\"auto, (max-width: 1000px) 100vw, 1000px\" \/><\/noscript><img decoding=\"async\" width=\"1000\" height=\"1500\" src=\"https:\/\/www.pictofoundation.fr\/wp-content\/uploads\/2023\/03\/MAXIME_ANTONY_L-ENCEPHALE_03_HD.jpg\" class=\"wp-image-8760 vp-lazyload\" alt srcset=\"data:image\/svg+xml;base64,PHN2ZyB3aWR0aD0iMTAwMCIgaGVpZ2h0PSIxNTAwIiB2aWV3Qm94PSIwIDAgMTAwMCAxNTAwIiBmaWxsPSJub25lIiB4bWxucz0iaHR0cDovL3d3dy53My5vcmcvMjAwMC9zdmciPjwvc3ZnPg==\" data-src=\"https:\/\/www.pictofoundation.fr\/wp-content\/uploads\/2023\/03\/MAXIME_ANTONY_L-ENCEPHALE_03_HD.jpg\" data-srcset=\"https:\/\/www.pictofoundation.fr\/wp-content\/uploads\/2023\/03\/MAXIME_ANTONY_L-ENCEPHALE_03_HD.jpg 1000w, https:\/\/www.pictofoundation.fr\/wp-content\/uploads\/2023\/03\/MAXIME_ANTONY_L-ENCEPHALE_03_HD-200x300.jpg 200w, https:\/\/www.pictofoundation.fr\/wp-content\/uploads\/2023\/03\/MAXIME_ANTONY_L-ENCEPHALE_03_HD-683x1024.jpg 683w, https:\/\/www.pictofoundation.fr\/wp-content\/uploads\/2023\/03\/MAXIME_ANTONY_L-ENCEPHALE_03_HD-768x1152.jpg 768w, https:\/\/www.pictofoundation.fr\/wp-content\/uploads\/2023\/03\/MAXIME_ANTONY_L-ENCEPHALE_03_HD-500x750.jpg 500w, https:\/\/www.pictofoundation.fr\/wp-content\/uploads\/2023\/03\/MAXIME_ANTONY_L-ENCEPHALE_03_HD-800x1200.jpg 800w\" data-sizes=\"auto\" loading=\"eager\">\n\t\t<div class=\"vp-portfolio__item-overlay\">\n\t\t\t\t\t<\/div>\n\n\t\t<\/a>\t<\/div>\n<\/div>\n\n<div class=\"vp-portfolio__item-overlay vp-portfolio__item-align-center\">\n\t\t\t<div class=\"vp-portfolio__item-meta\">\n\t\t\t\t\t\t\t<h2 class=\"vp-portfolio__item-meta-title\">\n\t\t\t\t\t\t\t\t\t\t\t<a href=\"https:\/\/www.pictofoundation.fr\/prix-picto-de-la-mode\/maxime-antony\/\"\n\t\t\t\t\t\t\t\t\t\t\t\t\t>\n\t\t\t\t\t\t\t\u00a9 Maxime Antony \/ Laur\u00e9at Dotation Filippo Roversi \u2013 Picto de la Photographie de Mode 2023\t\t\t\t\t\t<\/a>\n\t\t\t\t\t\t\t\t\t\t<\/h2>\n\t\t\t\t\t\t<\/div>\n\t<\/div>\t\t\t<\/figure>\n\t\t\t\t\t<\/div>\n\t\t\n<\/div>\n\t\t<\/div>\n\t\t\n<\/div>\n[\/vc_tta_section][vc_tta_section title=&#8221;Laureates 2022&#8243; tab_id=&#8221;1684854392021-3a219dde-188c&#8221;]\n<div class=\"vp-portfolio vp-uid-aac64999 vp-id-7433  \"\n\tdata-vp-layout=\"tiles\" data-vp-content-source=\"images\" data-vp-items-style=\"default\" data-vp-items-click-action=\"url\" data-vp-items-gap=\"15\" data-vp-items-gap-vertical=\"\" data-vp-pagination=\"load-more\" data-vp-next-page-url=\"\" data-vp-tiles-type=\"3|1,1.3|\" >\n\t<div class=\"vp-portfolio__preloader-wrap\">\n\t\t<div class=\"vp-portfolio__preloader\">\n\t\t\t<img decoding=\"async\" loading=\"eager\" src=\"https:\/\/www.pictofoundation.fr\/wp-content\/plugins\/visual-portfolio\/assets\/images\/logo-dark.svg\" alt=\"Visual Portfolio, Posts &amp; Image Gallery for WordPress\" width=\"20\" height=\"20\" data-skip-lazy>\n\t\t<\/div>\n\t<\/div>\n\t\t<div class=\"vp-portfolio__items-wrap\">\n\t\t\t\n<div class=\"vp-portfolio__items vp-portfolio__items-style-default vp-portfolio__items-show-overlay-hover\">\n\n\t\t<div\t\tclass=\"vp-portfolio__item-wrap vp-portfolio__item-uid-a45b3702\" data-vp-filter=\"\" \t\t>\n\t\t\t\t\t\t\t\t\t<figure class=\"vp-portfolio__item\">\n\t\t\t\t\n<div class=\"vp-portfolio__item-img-wrap\">\n\t<div class=\"vp-portfolio__item-img\">\n\t\t\t<a\n\t\thref=\"\/prix-picto-de-la-mode\/christopher-barraja\/\"\n\t\t\t>\n\t\n\t\t<noscript><img loading=\"lazy\" decoding=\"async\" width=\"683\" height=\"1024\" data-skip-lazy src=\"https:\/\/www.pictofoundation.fr\/wp-content\/uploads\/2022\/04\/BARRAJACHRISTOPHER_DECHLOREETDEROSE\u0301_01_BD.jpg\" class=\"wp-image-7438\" alt=\"\" srcset=\"https:\/\/www.pictofoundation.fr\/wp-content\/uploads\/2022\/04\/BARRAJACHRISTOPHER_DECHLOREETDEROSE\u0301_01_BD.jpg 683w, https:\/\/www.pictofoundation.fr\/wp-content\/uploads\/2022\/04\/BARRAJACHRISTOPHER_DECHLOREETDEROSE\u0301_01_BD-200x300.jpg 200w, https:\/\/www.pictofoundation.fr\/wp-content\/uploads\/2022\/04\/BARRAJACHRISTOPHER_DECHLOREETDEROSE\u0301_01_BD-500x750.jpg 500w\" sizes=\"auto, (max-width: 683px) 100vw, 683px\" \/><\/noscript><img decoding=\"async\" width=\"683\" height=\"1024\" src=\"https:\/\/www.pictofoundation.fr\/wp-content\/uploads\/2022\/04\/BARRAJACHRISTOPHER_DECHLOREETDEROSE\u0301_01_BD.jpg\" class=\"wp-image-7438 vp-lazyload\" alt srcset=\"data:image\/svg+xml;base64,PHN2ZyB3aWR0aD0iNjgzIiBoZWlnaHQ9IjEwMjQiIHZpZXdCb3g9IjAgMCA2ODMgMTAyNCIgZmlsbD0ibm9uZSIgeG1sbnM9Imh0dHA6Ly93d3cudzMub3JnLzIwMDAvc3ZnIj48L3N2Zz4=\" data-src=\"https:\/\/www.pictofoundation.fr\/wp-content\/uploads\/2022\/04\/BARRAJACHRISTOPHER_DECHLOREETDEROSE\u0301_01_BD.jpg\" data-srcset=\"https:\/\/www.pictofoundation.fr\/wp-content\/uploads\/2022\/04\/BARRAJACHRISTOPHER_DECHLOREETDEROSE\u0301_01_BD.jpg 683w, https:\/\/www.pictofoundation.fr\/wp-content\/uploads\/2022\/04\/BARRAJACHRISTOPHER_DECHLOREETDEROSE\u0301_01_BD-200x300.jpg 200w, https:\/\/www.pictofoundation.fr\/wp-content\/uploads\/2022\/04\/BARRAJACHRISTOPHER_DECHLOREETDEROSE\u0301_01_BD-500x750.jpg 500w\" data-sizes=\"auto\" loading=\"eager\">\n\t\t<div class=\"vp-portfolio__item-overlay\">\n\t\t\t\t\t<\/div>\n\n\t\t<\/a>\t<\/div>\n<\/div>\n\n<div class=\"vp-portfolio__item-overlay vp-portfolio__item-align-center\">\n\t\t\t<div class=\"vp-portfolio__item-meta\">\n\t\t\t\t\t\t\t<h2 class=\"vp-portfolio__item-meta-title\">\n\t\t\t\t\t\t\t\t\t\t\t<a href=\"\/prix-picto-de-la-mode\/christopher-barraja\/\"\n\t\t\t\t\t\t\t\t\t\t\t\t\t>\n\t\t\t\t\t\t\t\u00a9 Christopher Barraja \/ Laur\u00e9at Grand Prix Picto de la Photographie de Mode 2022\t\t\t\t\t\t<\/a>\n\t\t\t\t\t\t\t\t\t\t<\/h2>\n\t\t\t\t\t\t<\/div>\n\t<\/div>\t\t\t<\/figure>\n\t\t\t\t\t<\/div>\n\t\t\n\t\t<div\t\tclass=\"vp-portfolio__item-wrap vp-portfolio__item-uid-7e8333b5\" data-vp-filter=\"\" \t\t>\n\t\t\t\t\t\t\t\t\t<figure class=\"vp-portfolio__item\">\n\t\t\t\t\n<div class=\"vp-portfolio__item-img-wrap\">\n\t<div class=\"vp-portfolio__item-img\">\n\t\t\t<a\n\t\thref=\"\/prix-picto-de-la-mode\/camille-brasselet\/\"\n\t\t\t>\n\t\n\t\t<noscript><img loading=\"lazy\" decoding=\"async\" width=\"683\" height=\"1024\" data-skip-lazy src=\"https:\/\/www.pictofoundation.fr\/wp-content\/uploads\/2022\/04\/BRASSELET_DIAPHANE_5_BD.jpg\" class=\"wp-image-7436\" alt=\"\" srcset=\"https:\/\/www.pictofoundation.fr\/wp-content\/uploads\/2022\/04\/BRASSELET_DIAPHANE_5_BD.jpg 683w, https:\/\/www.pictofoundation.fr\/wp-content\/uploads\/2022\/04\/BRASSELET_DIAPHANE_5_BD-200x300.jpg 200w, https:\/\/www.pictofoundation.fr\/wp-content\/uploads\/2022\/04\/BRASSELET_DIAPHANE_5_BD-500x750.jpg 500w\" sizes=\"auto, (max-width: 683px) 100vw, 683px\" \/><\/noscript><img decoding=\"async\" width=\"683\" height=\"1024\" src=\"https:\/\/www.pictofoundation.fr\/wp-content\/uploads\/2022\/04\/BRASSELET_DIAPHANE_5_BD.jpg\" class=\"wp-image-7436 vp-lazyload\" alt srcset=\"data:image\/svg+xml;base64,PHN2ZyB3aWR0aD0iNjgzIiBoZWlnaHQ9IjEwMjQiIHZpZXdCb3g9IjAgMCA2ODMgMTAyNCIgZmlsbD0ibm9uZSIgeG1sbnM9Imh0dHA6Ly93d3cudzMub3JnLzIwMDAvc3ZnIj48L3N2Zz4=\" data-src=\"https:\/\/www.pictofoundation.fr\/wp-content\/uploads\/2022\/04\/BRASSELET_DIAPHANE_5_BD.jpg\" data-srcset=\"https:\/\/www.pictofoundation.fr\/wp-content\/uploads\/2022\/04\/BRASSELET_DIAPHANE_5_BD.jpg 683w, https:\/\/www.pictofoundation.fr\/wp-content\/uploads\/2022\/04\/BRASSELET_DIAPHANE_5_BD-200x300.jpg 200w, https:\/\/www.pictofoundation.fr\/wp-content\/uploads\/2022\/04\/BRASSELET_DIAPHANE_5_BD-500x750.jpg 500w\" data-sizes=\"auto\" loading=\"eager\">\n\t\t<div class=\"vp-portfolio__item-overlay\">\n\t\t\t\t\t<\/div>\n\n\t\t<\/a>\t<\/div>\n<\/div>\n\n<div class=\"vp-portfolio__item-overlay vp-portfolio__item-align-center\">\n\t\t\t<div class=\"vp-portfolio__item-meta\">\n\t\t\t\t\t\t\t<h2 class=\"vp-portfolio__item-meta-title\">\n\t\t\t\t\t\t\t\t\t\t\t<a href=\"\/prix-picto-de-la-mode\/camille-brasselet\/\"\n\t\t\t\t\t\t\t\t\t\t\t\t\t>\n\t\t\t\t\t\t\t\u00a9 Camille Brasselet \/ Laur\u00e9ate Dotation Le19M de la Photographie des M\u00e9tiers d\u2019art 2022\t\t\t\t\t\t<\/a>\n\t\t\t\t\t\t\t\t\t\t<\/h2>\n\t\t\t\t\t\t<\/div>\n\t<\/div>\t\t\t<\/figure>\n\t\t\t\t\t<\/div>\n\t\t\n\t\t<div\t\tclass=\"vp-portfolio__item-wrap vp-portfolio__item-uid-d72d2849\" data-vp-filter=\"\" \t\t>\n\t\t\t\t\t\t\t\t\t<figure class=\"vp-portfolio__item\">\n\t\t\t\t\n<div class=\"vp-portfolio__item-img-wrap\">\n\t<div class=\"vp-portfolio__item-img\">\n\t\t\t<a\n\t\thref=\"\/prix-picto-de-la-mode\/antoine-henault\/\"\n\t\t\t>\n\t\n\t\t<noscript><img loading=\"lazy\" decoding=\"async\" width=\"819\" height=\"1024\" data-skip-lazy src=\"https:\/\/www.pictofoundation.fr\/wp-content\/uploads\/2022\/04\/ANTOINE-HENAULT_FLORENT-ET-MOI_N\u00b02_BD.jpg\" class=\"wp-image-7434\" alt=\"\" srcset=\"https:\/\/www.pictofoundation.fr\/wp-content\/uploads\/2022\/04\/ANTOINE-HENAULT_FLORENT-ET-MOI_N\u00b02_BD.jpg 819w, https:\/\/www.pictofoundation.fr\/wp-content\/uploads\/2022\/04\/ANTOINE-HENAULT_FLORENT-ET-MOI_N\u00b02_BD-240x300.jpg 240w, https:\/\/www.pictofoundation.fr\/wp-content\/uploads\/2022\/04\/ANTOINE-HENAULT_FLORENT-ET-MOI_N\u00b02_BD-768x960.jpg 768w, https:\/\/www.pictofoundation.fr\/wp-content\/uploads\/2022\/04\/ANTOINE-HENAULT_FLORENT-ET-MOI_N\u00b02_BD-500x625.jpg 500w, https:\/\/www.pictofoundation.fr\/wp-content\/uploads\/2022\/04\/ANTOINE-HENAULT_FLORENT-ET-MOI_N\u00b02_BD-800x1000.jpg 800w\" sizes=\"auto, (max-width: 819px) 100vw, 819px\" \/><\/noscript><img decoding=\"async\" width=\"819\" height=\"1024\" src=\"https:\/\/www.pictofoundation.fr\/wp-content\/uploads\/2022\/04\/ANTOINE-HENAULT_FLORENT-ET-MOI_N\u00b02_BD.jpg\" class=\"wp-image-7434 vp-lazyload\" alt srcset=\"data:image\/svg+xml;base64,PHN2ZyB3aWR0aD0iODE5IiBoZWlnaHQ9IjEwMjQiIHZpZXdCb3g9IjAgMCA4MTkgMTAyNCIgZmlsbD0ibm9uZSIgeG1sbnM9Imh0dHA6Ly93d3cudzMub3JnLzIwMDAvc3ZnIj48L3N2Zz4=\" data-src=\"https:\/\/www.pictofoundation.fr\/wp-content\/uploads\/2022\/04\/ANTOINE-HENAULT_FLORENT-ET-MOI_N\u00b02_BD.jpg\" data-srcset=\"https:\/\/www.pictofoundation.fr\/wp-content\/uploads\/2022\/04\/ANTOINE-HENAULT_FLORENT-ET-MOI_N\u00b02_BD.jpg 819w, https:\/\/www.pictofoundation.fr\/wp-content\/uploads\/2022\/04\/ANTOINE-HENAULT_FLORENT-ET-MOI_N\u00b02_BD-240x300.jpg 240w, https:\/\/www.pictofoundation.fr\/wp-content\/uploads\/2022\/04\/ANTOINE-HENAULT_FLORENT-ET-MOI_N\u00b02_BD-768x960.jpg 768w, https:\/\/www.pictofoundation.fr\/wp-content\/uploads\/2022\/04\/ANTOINE-HENAULT_FLORENT-ET-MOI_N\u00b02_BD-500x625.jpg 500w, https:\/\/www.pictofoundation.fr\/wp-content\/uploads\/2022\/04\/ANTOINE-HENAULT_FLORENT-ET-MOI_N\u00b02_BD-800x1000.jpg 800w\" data-sizes=\"auto\" loading=\"eager\">\n\t\t<div class=\"vp-portfolio__item-overlay\">\n\t\t\t\t\t<\/div>\n\n\t\t<\/a>\t<\/div>\n<\/div>\n\n<div class=\"vp-portfolio__item-overlay vp-portfolio__item-align-center\">\n\t\t\t<div class=\"vp-portfolio__item-meta\">\n\t\t\t\t\t\t\t<h2 class=\"vp-portfolio__item-meta-title\">\n\t\t\t\t\t\t\t\t\t\t\t<a href=\"\/prix-picto-de-la-mode\/antoine-henault\/\"\n\t\t\t\t\t\t\t\t\t\t\t\t\t>\n\t\t\t\t\t\t\t\u00a9 Antoine Henault \/ Laur\u00e9at Dotation Filippo Roversi \u2013 Picto de la Photographie de Mode 2022\t\t\t\t\t\t<\/a>\n\t\t\t\t\t\t\t\t\t\t<\/h2>\n\t\t\t\t\t\t<\/div>\n\t<\/div>\t\t\t<\/figure>\n\t\t\t\t\t<\/div>\n\t\t\n<\/div>\n\t\t<\/div>\n\t\t\n<\/div>\n[\/vc_tta_section][vc_tta_section title=&#8221;Laureates 2021&#8243; tab_id=&#8221;1634116618397-20be581b-e710&#8243;]\n<div class=\"vp-portfolio vp-uid-8f139571 vp-id-5609  \"\n\tdata-vp-layout=\"tiles\" data-vp-content-source=\"images\" data-vp-items-style=\"default\" data-vp-items-click-action=\"url\" data-vp-items-gap=\"15\" data-vp-items-gap-vertical=\"\" data-vp-pagination=\"load-more\" data-vp-next-page-url=\"\" data-vp-tiles-type=\"3|1,1.3|\" >\n\t<div class=\"vp-portfolio__preloader-wrap\">\n\t\t<div class=\"vp-portfolio__preloader\">\n\t\t\t<img decoding=\"async\" loading=\"eager\" src=\"https:\/\/www.pictofoundation.fr\/wp-content\/plugins\/visual-portfolio\/assets\/images\/logo-dark.svg\" alt=\"Visual Portfolio, Posts &amp; Image Gallery for WordPress\" width=\"20\" height=\"20\" data-skip-lazy>\n\t\t<\/div>\n\t<\/div>\n\t\t<div class=\"vp-portfolio__items-wrap\">\n\t\t\t\n<div class=\"vp-portfolio__items vp-portfolio__items-style-default vp-portfolio__items-show-overlay-hover\">\n\n\t\t<div\t\tclass=\"vp-portfolio__item-wrap vp-portfolio__item-uid-e2bfc447\" data-vp-filter=\"\" \t\t>\n\t\t\t\t\t\t\t\t\t<figure class=\"vp-portfolio__item\">\n\t\t\t\t\n<div class=\"vp-portfolio__item-img-wrap\">\n\t<div class=\"vp-portfolio__item-img\">\n\t\t\t<a\n\t\thref=\"https:\/\/www.pictofoundation.fr\/prix-picto-de-la-mode\/natalia-evelyn-bencicova\/\"\n\t\t\t>\n\t\n\t\t<noscript><img loading=\"lazy\" decoding=\"async\" width=\"728\" height=\"1024\" data-skip-lazy src=\"https:\/\/www.pictofoundation.fr\/wp-content\/uploads\/2021\/10\/evelyn_bencicova_enlightenment_7_LR.jpg\" class=\"wp-image-5580\" alt=\"\" srcset=\"https:\/\/www.pictofoundation.fr\/wp-content\/uploads\/2021\/10\/evelyn_bencicova_enlightenment_7_LR.jpg 728w, https:\/\/www.pictofoundation.fr\/wp-content\/uploads\/2021\/10\/evelyn_bencicova_enlightenment_7_LR-213x300.jpg 213w, https:\/\/www.pictofoundation.fr\/wp-content\/uploads\/2021\/10\/evelyn_bencicova_enlightenment_7_LR-500x703.jpg 500w\" sizes=\"auto, (max-width: 728px) 100vw, 728px\" \/><\/noscript><img decoding=\"async\" width=\"728\" height=\"1024\" src=\"https:\/\/www.pictofoundation.fr\/wp-content\/uploads\/2021\/10\/evelyn_bencicova_enlightenment_7_LR.jpg\" class=\"wp-image-5580 vp-lazyload\" alt srcset=\"data:image\/svg+xml;base64,PHN2ZyB3aWR0aD0iNzI4IiBoZWlnaHQ9IjEwMjQiIHZpZXdCb3g9IjAgMCA3MjggMTAyNCIgZmlsbD0ibm9uZSIgeG1sbnM9Imh0dHA6Ly93d3cudzMub3JnLzIwMDAvc3ZnIj48L3N2Zz4=\" data-src=\"https:\/\/www.pictofoundation.fr\/wp-content\/uploads\/2021\/10\/evelyn_bencicova_enlightenment_7_LR.jpg\" data-srcset=\"https:\/\/www.pictofoundation.fr\/wp-content\/uploads\/2021\/10\/evelyn_bencicova_enlightenment_7_LR.jpg 728w, https:\/\/www.pictofoundation.fr\/wp-content\/uploads\/2021\/10\/evelyn_bencicova_enlightenment_7_LR-213x300.jpg 213w, https:\/\/www.pictofoundation.fr\/wp-content\/uploads\/2021\/10\/evelyn_bencicova_enlightenment_7_LR-500x703.jpg 500w\" data-sizes=\"auto\" loading=\"eager\">\n\t\t<div class=\"vp-portfolio__item-overlay\">\n\t\t\t\t\t<\/div>\n\n\t\t<\/a>\t<\/div>\n<\/div>\n\n<div class=\"vp-portfolio__item-overlay vp-portfolio__item-align-center\">\n\t\t\t<div class=\"vp-portfolio__item-meta\">\n\t\t\t\t\t\t\t<h2 class=\"vp-portfolio__item-meta-title\">\n\t\t\t\t\t\t\t\t\t\t\t<a href=\"https:\/\/www.pictofoundation.fr\/prix-picto-de-la-mode\/natalia-evelyn-bencicova\/\"\n\t\t\t\t\t\t\t\t\t\t\t\t\t>\n\t\t\t\t\t\t\t\u00a9 Natalia Evelyn Bencicova \/ Laur\u00e9ate 1er Prix Picto de la Photographie de Mode 2021\t\t\t\t\t\t<\/a>\n\t\t\t\t\t\t\t\t\t\t<\/h2>\n\t\t\t\t\t\t<\/div>\n\t<\/div>\t\t\t<\/figure>\n\t\t\t\t\t<\/div>\n\t\t\n\t\t<div\t\tclass=\"vp-portfolio__item-wrap vp-portfolio__item-uid-afb51978\" data-vp-filter=\"\" \t\t>\n\t\t\t\t\t\t\t\t\t<figure class=\"vp-portfolio__item\">\n\t\t\t\t\n<div class=\"vp-portfolio__item-img-wrap\">\n\t<div class=\"vp-portfolio__item-img\">\n\t\t\t<a\n\t\thref=\"https:\/\/www.pictofoundation.fr\/prix-picto-de-la-mode\/laurent-poleo-garnier\/\"\n\t\t\t>\n\t\n\t\t<noscript><img loading=\"lazy\" decoding=\"async\" width=\"682\" height=\"1024\" data-skip-lazy src=\"https:\/\/www.pictofoundation.fr\/wp-content\/uploads\/2021\/10\/POLEOGARNIER_CINEMAINTIME_10_BD.jpg\" class=\"wp-image-5585\" alt=\"\" srcset=\"https:\/\/www.pictofoundation.fr\/wp-content\/uploads\/2021\/10\/POLEOGARNIER_CINEMAINTIME_10_BD.jpg 682w, https:\/\/www.pictofoundation.fr\/wp-content\/uploads\/2021\/10\/POLEOGARNIER_CINEMAINTIME_10_BD-200x300.jpg 200w, https:\/\/www.pictofoundation.fr\/wp-content\/uploads\/2021\/10\/POLEOGARNIER_CINEMAINTIME_10_BD-500x751.jpg 500w\" sizes=\"auto, (max-width: 682px) 100vw, 682px\" \/><\/noscript><img decoding=\"async\" width=\"682\" height=\"1024\" src=\"https:\/\/www.pictofoundation.fr\/wp-content\/uploads\/2021\/10\/POLEOGARNIER_CINEMAINTIME_10_BD.jpg\" class=\"wp-image-5585 vp-lazyload\" alt srcset=\"data:image\/svg+xml;base64,PHN2ZyB3aWR0aD0iNjgyIiBoZWlnaHQ9IjEwMjQiIHZpZXdCb3g9IjAgMCA2ODIgMTAyNCIgZmlsbD0ibm9uZSIgeG1sbnM9Imh0dHA6Ly93d3cudzMub3JnLzIwMDAvc3ZnIj48L3N2Zz4=\" data-src=\"https:\/\/www.pictofoundation.fr\/wp-content\/uploads\/2021\/10\/POLEOGARNIER_CINEMAINTIME_10_BD.jpg\" data-srcset=\"https:\/\/www.pictofoundation.fr\/wp-content\/uploads\/2021\/10\/POLEOGARNIER_CINEMAINTIME_10_BD.jpg 682w, https:\/\/www.pictofoundation.fr\/wp-content\/uploads\/2021\/10\/POLEOGARNIER_CINEMAINTIME_10_BD-200x300.jpg 200w, https:\/\/www.pictofoundation.fr\/wp-content\/uploads\/2021\/10\/POLEOGARNIER_CINEMAINTIME_10_BD-500x751.jpg 500w\" data-sizes=\"auto\" loading=\"eager\">\n\t\t<div class=\"vp-portfolio__item-overlay\">\n\t\t\t\t\t<\/div>\n\n\t\t<\/a>\t<\/div>\n<\/div>\n\n<div class=\"vp-portfolio__item-overlay vp-portfolio__item-align-center\">\n\t\t\t<div class=\"vp-portfolio__item-meta\">\n\t\t\t\t\t\t\t<h2 class=\"vp-portfolio__item-meta-title\">\n\t\t\t\t\t\t\t\t\t\t\t<a href=\"https:\/\/www.pictofoundation.fr\/prix-picto-de-la-mode\/laurent-poleo-garnier\/\"\n\t\t\t\t\t\t\t\t\t\t\t\t\t>\n\t\t\t\t\t\t\t\u00a9 Laurent Poleo-Garnier \/ Laur\u00e9at Dotation Le19M de la Photographie des M\u00e9tiers d\u2019art 2021\t\t\t\t\t\t<\/a>\n\t\t\t\t\t\t\t\t\t\t<\/h2>\n\t\t\t\t\t\t<\/div>\n\t<\/div>\t\t\t<\/figure>\n\t\t\t\t\t<\/div>\n\t\t\n\t\t<div\t\tclass=\"vp-portfolio__item-wrap vp-portfolio__item-uid-061b0284\" data-vp-filter=\"\" \t\t>\n\t\t\t\t\t\t\t\t\t<figure class=\"vp-portfolio__item\">\n\t\t\t\t\n<div class=\"vp-portfolio__item-img-wrap\">\n\t<div class=\"vp-portfolio__item-img\">\n\t\t\t<a\n\t\thref=\"https:\/\/www.pictofoundation.fr\/prix-picto-de-la-mode\/olivia-malena-vidal\/\"\n\t\t\t>\n\t\n\t\t<noscript><img loading=\"lazy\" decoding=\"async\" width=\"735\" height=\"1024\" data-skip-lazy src=\"https:\/\/www.pictofoundation.fr\/wp-content\/uploads\/2021\/10\/VIDAL_LELO_6_BD.jpg\" class=\"wp-image-5587\" alt=\"\" srcset=\"https:\/\/www.pictofoundation.fr\/wp-content\/uploads\/2021\/10\/VIDAL_LELO_6_BD.jpg 735w, https:\/\/www.pictofoundation.fr\/wp-content\/uploads\/2021\/10\/VIDAL_LELO_6_BD-215x300.jpg 215w, https:\/\/www.pictofoundation.fr\/wp-content\/uploads\/2021\/10\/VIDAL_LELO_6_BD-500x697.jpg 500w\" sizes=\"auto, (max-width: 735px) 100vw, 735px\" \/><\/noscript><img decoding=\"async\" width=\"735\" height=\"1024\" src=\"https:\/\/www.pictofoundation.fr\/wp-content\/uploads\/2021\/10\/VIDAL_LELO_6_BD.jpg\" class=\"wp-image-5587 vp-lazyload\" alt srcset=\"data:image\/svg+xml;base64,PHN2ZyB3aWR0aD0iNzM1IiBoZWlnaHQ9IjEwMjQiIHZpZXdCb3g9IjAgMCA3MzUgMTAyNCIgZmlsbD0ibm9uZSIgeG1sbnM9Imh0dHA6Ly93d3cudzMub3JnLzIwMDAvc3ZnIj48L3N2Zz4=\" data-src=\"https:\/\/www.pictofoundation.fr\/wp-content\/uploads\/2021\/10\/VIDAL_LELO_6_BD.jpg\" data-srcset=\"https:\/\/www.pictofoundation.fr\/wp-content\/uploads\/2021\/10\/VIDAL_LELO_6_BD.jpg 735w, https:\/\/www.pictofoundation.fr\/wp-content\/uploads\/2021\/10\/VIDAL_LELO_6_BD-215x300.jpg 215w, https:\/\/www.pictofoundation.fr\/wp-content\/uploads\/2021\/10\/VIDAL_LELO_6_BD-500x697.jpg 500w\" data-sizes=\"auto\" loading=\"eager\">\n\t\t<div class=\"vp-portfolio__item-overlay\">\n\t\t\t\t\t<\/div>\n\n\t\t<\/a>\t<\/div>\n<\/div>\n\n<div class=\"vp-portfolio__item-overlay vp-portfolio__item-align-center\">\n\t\t\t<div class=\"vp-portfolio__item-meta\">\n\t\t\t\t\t\t\t<h2 class=\"vp-portfolio__item-meta-title\">\n\t\t\t\t\t\t\t\t\t\t\t<a href=\"https:\/\/www.pictofoundation.fr\/prix-picto-de-la-mode\/olivia-malena-vidal\/\"\n\t\t\t\t\t\t\t\t\t\t\t\t\t>\n\t\t\t\t\t\t\t\u00a9 Olivia Malena Vidal \/ Laur\u00e9ate Dotation Filippo Roversi \u2013 Picto de la Photographie de Mode 2021\t\t\t\t\t\t<\/a>\n\t\t\t\t\t\t\t\t\t\t<\/h2>\n\t\t\t\t\t\t<\/div>\n\t<\/div>\t\t\t<\/figure>\n\t\t\t\t\t<\/div>\n\t\t\n<\/div>\n\t\t<\/div>\n\t\t\n<\/div>\n[\/vc_tta_section][vc_tta_section title=&#8221;Laureates 2020&#8243; tab_id=&#8221;1624980061924-f83e4af3-c700&#8243;]\n<div class=\"vp-portfolio vp-uid-9eecf3a0 vp-id-3458  \"\n\tdata-vp-layout=\"tiles\" data-vp-content-source=\"images\" data-vp-items-style=\"default\" data-vp-items-click-action=\"url\" data-vp-items-gap=\"15\" data-vp-items-gap-vertical=\"\" data-vp-pagination=\"load-more\" data-vp-next-page-url=\"\" data-vp-tiles-type=\"3|1,1.3|\" >\n\t<div class=\"vp-portfolio__preloader-wrap\">\n\t\t<div class=\"vp-portfolio__preloader\">\n\t\t\t<img decoding=\"async\" loading=\"eager\" src=\"https:\/\/www.pictofoundation.fr\/wp-content\/plugins\/visual-portfolio\/assets\/images\/logo-dark.svg\" alt=\"Visual Portfolio, Posts &amp; Image Gallery for WordPress\" width=\"20\" height=\"20\" data-skip-lazy>\n\t\t<\/div>\n\t<\/div>\n\t\t<div class=\"vp-portfolio__items-wrap\">\n\t\t\t\n<div class=\"vp-portfolio__items vp-portfolio__items-style-default vp-portfolio__items-show-overlay-hover\">\n\n\t\t<div\t\tclass=\"vp-portfolio__item-wrap vp-portfolio__item-uid-0a643745\" data-vp-filter=\"\" \t\t>\n\t\t\t\t\t\t\t\t\t<figure class=\"vp-portfolio__item\">\n\t\t\t\t\n<div class=\"vp-portfolio__item-img-wrap\">\n\t<div class=\"vp-portfolio__item-img\">\n\t\t\t<a\n\t\thref=\"\/prix-picto-de-la-mode\/chiron-duong\/\"\n\t\ttarget=\"_blank\" rel=\"noopener noreferrer\" \t>\n\t\n\t\t<noscript><img loading=\"lazy\" decoding=\"async\" width=\"682\" height=\"1024\" data-skip-lazy src=\"https:\/\/www.pictofoundation.fr\/wp-content\/uploads\/2021\/06\/CHIRON-DUONG_FLAMING-ASIA_N\u20702_BD.jpeg\" class=\"wp-image-3459\" alt=\"\" srcset=\"https:\/\/www.pictofoundation.fr\/wp-content\/uploads\/2021\/06\/CHIRON-DUONG_FLAMING-ASIA_N\u20702_BD.jpeg 682w, https:\/\/www.pictofoundation.fr\/wp-content\/uploads\/2021\/06\/CHIRON-DUONG_FLAMING-ASIA_N\u20702_BD-200x300.jpeg 200w, https:\/\/www.pictofoundation.fr\/wp-content\/uploads\/2021\/06\/CHIRON-DUONG_FLAMING-ASIA_N\u20702_BD-500x751.jpeg 500w\" sizes=\"auto, (max-width: 682px) 100vw, 682px\" \/><\/noscript><img decoding=\"async\" width=\"682\" height=\"1024\" src=\"https:\/\/www.pictofoundation.fr\/wp-content\/uploads\/2021\/06\/CHIRON-DUONG_FLAMING-ASIA_N\u20702_BD.jpeg\" class=\"wp-image-3459 vp-lazyload\" alt srcset=\"data:image\/svg+xml;base64,PHN2ZyB3aWR0aD0iNjgyIiBoZWlnaHQ9IjEwMjQiIHZpZXdCb3g9IjAgMCA2ODIgMTAyNCIgZmlsbD0ibm9uZSIgeG1sbnM9Imh0dHA6Ly93d3cudzMub3JnLzIwMDAvc3ZnIj48L3N2Zz4=\" data-src=\"https:\/\/www.pictofoundation.fr\/wp-content\/uploads\/2021\/06\/CHIRON-DUONG_FLAMING-ASIA_N\u20702_BD.jpeg\" data-srcset=\"https:\/\/www.pictofoundation.fr\/wp-content\/uploads\/2021\/06\/CHIRON-DUONG_FLAMING-ASIA_N\u20702_BD.jpeg 682w, https:\/\/www.pictofoundation.fr\/wp-content\/uploads\/2021\/06\/CHIRON-DUONG_FLAMING-ASIA_N\u20702_BD-200x300.jpeg 200w, https:\/\/www.pictofoundation.fr\/wp-content\/uploads\/2021\/06\/CHIRON-DUONG_FLAMING-ASIA_N\u20702_BD-500x751.jpeg 500w\" data-sizes=\"auto\" loading=\"eager\">\n\t\t<div class=\"vp-portfolio__item-overlay\">\n\t\t\t\t\t<\/div>\n\n\t\t<\/a>\t<\/div>\n<\/div>\n\n<div class=\"vp-portfolio__item-overlay vp-portfolio__item-align-center\">\n\t\t\t<div class=\"vp-portfolio__item-meta\">\n\t\t\t\t\t\t\t<h2 class=\"vp-portfolio__item-meta-title\">\n\t\t\t\t\t\t\t\t\t\t\t<a href=\"\/prix-picto-de-la-mode\/chiron-duong\/\"\n\t\t\t\t\t\t\t\t\t\t\t\t\t\t\ttarget=\"_blank\"\n\t\t\t\t\t\t\t\trel=\"noopener noreferrer\"\n\t\t\t\t\t\t\t\t\t\t\t\t\t\t>\n\t\t\t\t\t\t\t\u00a9 Chiron Duong. S\u00e9rie Flaming Asia \/ Laur\u00e9at 1er Prix Picto de la Photographie de Mode 2020\t\t\t\t\t\t<\/a>\n\t\t\t\t\t\t\t\t\t\t<\/h2>\n\t\t\t\t\t\t<\/div>\n\t<\/div>\t\t\t<\/figure>\n\t\t\t\t\t<\/div>\n\t\t\n\t\t<div\t\tclass=\"vp-portfolio__item-wrap vp-portfolio__item-uid-49b56248\" data-vp-filter=\"\" \t\t>\n\t\t\t\t\t\t\t\t\t<figure class=\"vp-portfolio__item\">\n\t\t\t\t\n<div class=\"vp-portfolio__item-img-wrap\">\n\t<div class=\"vp-portfolio__item-img\">\n\t\t\t<a\n\t\thref=\"\/prix-picto-de-la-mode\/lucie-khahoutian\/\"\n\t\ttarget=\"_blank\" rel=\"noopener noreferrer\" \t>\n\t\n\t\t<noscript><img loading=\"lazy\" decoding=\"async\" width=\"770\" height=\"1024\" data-skip-lazy src=\"https:\/\/www.pictofoundation.fr\/wp-content\/uploads\/2021\/06\/LUCIEKHAHOUTIAN_STILLLIFES_02_BD.jpeg\" class=\"wp-image-3454\" alt=\"\" srcset=\"https:\/\/www.pictofoundation.fr\/wp-content\/uploads\/2021\/06\/LUCIEKHAHOUTIAN_STILLLIFES_02_BD.jpeg 770w, https:\/\/www.pictofoundation.fr\/wp-content\/uploads\/2021\/06\/LUCIEKHAHOUTIAN_STILLLIFES_02_BD-226x300.jpeg 226w, https:\/\/www.pictofoundation.fr\/wp-content\/uploads\/2021\/06\/LUCIEKHAHOUTIAN_STILLLIFES_02_BD-768x1021.jpeg 768w, https:\/\/www.pictofoundation.fr\/wp-content\/uploads\/2021\/06\/LUCIEKHAHOUTIAN_STILLLIFES_02_BD-500x665.jpeg 500w\" sizes=\"auto, (max-width: 770px) 100vw, 770px\" \/><\/noscript><img decoding=\"async\" width=\"770\" height=\"1024\" src=\"https:\/\/www.pictofoundation.fr\/wp-content\/uploads\/2021\/06\/LUCIEKHAHOUTIAN_STILLLIFES_02_BD.jpeg\" class=\"wp-image-3454 vp-lazyload\" alt srcset=\"data:image\/svg+xml;base64,PHN2ZyB3aWR0aD0iNzcwIiBoZWlnaHQ9IjEwMjQiIHZpZXdCb3g9IjAgMCA3NzAgMTAyNCIgZmlsbD0ibm9uZSIgeG1sbnM9Imh0dHA6Ly93d3cudzMub3JnLzIwMDAvc3ZnIj48L3N2Zz4=\" data-src=\"https:\/\/www.pictofoundation.fr\/wp-content\/uploads\/2021\/06\/LUCIEKHAHOUTIAN_STILLLIFES_02_BD.jpeg\" data-srcset=\"https:\/\/www.pictofoundation.fr\/wp-content\/uploads\/2021\/06\/LUCIEKHAHOUTIAN_STILLLIFES_02_BD.jpeg 770w, https:\/\/www.pictofoundation.fr\/wp-content\/uploads\/2021\/06\/LUCIEKHAHOUTIAN_STILLLIFES_02_BD-226x300.jpeg 226w, https:\/\/www.pictofoundation.fr\/wp-content\/uploads\/2021\/06\/LUCIEKHAHOUTIAN_STILLLIFES_02_BD-768x1021.jpeg 768w, https:\/\/www.pictofoundation.fr\/wp-content\/uploads\/2021\/06\/LUCIEKHAHOUTIAN_STILLLIFES_02_BD-500x665.jpeg 500w\" data-sizes=\"auto\" loading=\"eager\">\n\t\t<div class=\"vp-portfolio__item-overlay\">\n\t\t\t\t\t<\/div>\n\n\t\t<\/a>\t<\/div>\n<\/div>\n\n<div class=\"vp-portfolio__item-overlay vp-portfolio__item-align-center\">\n\t\t\t<div class=\"vp-portfolio__item-meta\">\n\t\t\t\t\t\t\t<h2 class=\"vp-portfolio__item-meta-title\">\n\t\t\t\t\t\t\t\t\t\t\t<a href=\"\/prix-picto-de-la-mode\/lucie-khahoutian\/\"\n\t\t\t\t\t\t\t\t\t\t\t\t\t\t\ttarget=\"_blank\"\n\t\t\t\t\t\t\t\trel=\"noopener noreferrer\"\n\t\t\t\t\t\t\t\t\t\t\t\t\t\t>\n\t\t\t\t\t\t\t\u00a9 Lucie Khahoutian. S\u00e9rie Still life \/ Laur\u00e9ate 2\u00e8me Prix Picto de la Photographie de Mode 2020\t\t\t\t\t\t<\/a>\n\t\t\t\t\t\t\t\t\t\t<\/h2>\n\t\t\t\t\t\t<\/div>\n\t<\/div>\t\t\t<\/figure>\n\t\t\t\t\t<\/div>\n\t\t\n\t\t<div\t\tclass=\"vp-portfolio__item-wrap vp-portfolio__item-uid-7912280e\" data-vp-filter=\"\" \t\t>\n\t\t\t\t\t\t\t\t\t<figure class=\"vp-portfolio__item\">\n\t\t\t\t\n<div class=\"vp-portfolio__item-img-wrap\">\n\t<div class=\"vp-portfolio__item-img\">\n\t\t\t<a\n\t\thref=\"\/prix-picto-de-la-mode\/gabriel-dia\/\"\n\t\ttarget=\"_blank\" rel=\"noopener noreferrer\" \t>\n\t\n\t\t<noscript><img loading=\"lazy\" decoding=\"async\" width=\"683\" height=\"1024\" data-skip-lazy src=\"https:\/\/www.pictofoundation.fr\/wp-content\/uploads\/2021\/06\/GABRIEL-DIA-BURNING-D-BD.jpeg\" class=\"wp-image-3455\" alt=\"\" srcset=\"https:\/\/www.pictofoundation.fr\/wp-content\/uploads\/2021\/06\/GABRIEL-DIA-BURNING-D-BD.jpeg 683w, https:\/\/www.pictofoundation.fr\/wp-content\/uploads\/2021\/06\/GABRIEL-DIA-BURNING-D-BD-200x300.jpeg 200w, https:\/\/www.pictofoundation.fr\/wp-content\/uploads\/2021\/06\/GABRIEL-DIA-BURNING-D-BD-500x750.jpeg 500w\" sizes=\"auto, (max-width: 683px) 100vw, 683px\" \/><\/noscript><img decoding=\"async\" width=\"683\" height=\"1024\" src=\"https:\/\/www.pictofoundation.fr\/wp-content\/uploads\/2021\/06\/GABRIEL-DIA-BURNING-D-BD.jpeg\" class=\"wp-image-3455 vp-lazyload\" alt srcset=\"data:image\/svg+xml;base64,PHN2ZyB3aWR0aD0iNjgzIiBoZWlnaHQ9IjEwMjQiIHZpZXdCb3g9IjAgMCA2ODMgMTAyNCIgZmlsbD0ibm9uZSIgeG1sbnM9Imh0dHA6Ly93d3cudzMub3JnLzIwMDAvc3ZnIj48L3N2Zz4=\" data-src=\"https:\/\/www.pictofoundation.fr\/wp-content\/uploads\/2021\/06\/GABRIEL-DIA-BURNING-D-BD.jpeg\" data-srcset=\"https:\/\/www.pictofoundation.fr\/wp-content\/uploads\/2021\/06\/GABRIEL-DIA-BURNING-D-BD.jpeg 683w, https:\/\/www.pictofoundation.fr\/wp-content\/uploads\/2021\/06\/GABRIEL-DIA-BURNING-D-BD-200x300.jpeg 200w, https:\/\/www.pictofoundation.fr\/wp-content\/uploads\/2021\/06\/GABRIEL-DIA-BURNING-D-BD-500x750.jpeg 500w\" data-sizes=\"auto\" loading=\"eager\">\n\t\t<div class=\"vp-portfolio__item-overlay\">\n\t\t\t\t\t<\/div>\n\n\t\t<\/a>\t<\/div>\n<\/div>\n\n<div class=\"vp-portfolio__item-overlay vp-portfolio__item-align-center\">\n\t\t\t<div class=\"vp-portfolio__item-meta\">\n\t\t\t\t\t\t\t<h2 class=\"vp-portfolio__item-meta-title\">\n\t\t\t\t\t\t\t\t\t\t\t<a href=\"\/prix-picto-de-la-mode\/gabriel-dia\/\"\n\t\t\t\t\t\t\t\t\t\t\t\t\t\t\ttarget=\"_blank\"\n\t\t\t\t\t\t\t\trel=\"noopener noreferrer\"\n\t\t\t\t\t\t\t\t\t\t\t\t\t\t>\n\t\t\t\t\t\t\t\u00a9 Gabriel Dia. S\u00e9rie Burning \/ Laur\u00e9at 3\u00e8me Prix Picto de la Photographie de Mode 2020\t\t\t\t\t\t<\/a>\n\t\t\t\t\t\t\t\t\t\t<\/h2>\n\t\t\t\t\t\t<\/div>\n\t<\/div>\t\t\t<\/figure>\n\t\t\t\t\t<\/div>\n\t\t\n<\/div>\n\t\t<\/div>\n\t\t\n<\/div>\n[\/vc_tta_section][vc_tta_section title=&#8221;Laureates 2019&#8243; tab_id=&#8221;1624980061978-ca5c18da-7257&#8243;]\n<div class=\"vp-portfolio vp-uid-a72e2a23 vp-id-3467  \"\n\tdata-vp-layout=\"tiles\" data-vp-content-source=\"images\" data-vp-items-style=\"default\" data-vp-items-click-action=\"url\" data-vp-items-gap=\"15\" data-vp-items-gap-vertical=\"\" data-vp-pagination=\"load-more\" data-vp-next-page-url=\"\" data-vp-tiles-type=\"3|1,1.3|\" >\n\t<div class=\"vp-portfolio__preloader-wrap\">\n\t\t<div class=\"vp-portfolio__preloader\">\n\t\t\t<img decoding=\"async\" loading=\"eager\" src=\"https:\/\/www.pictofoundation.fr\/wp-content\/plugins\/visual-portfolio\/assets\/images\/logo-dark.svg\" alt=\"Visual Portfolio, Posts &amp; Image Gallery for WordPress\" width=\"20\" height=\"20\" data-skip-lazy>\n\t\t<\/div>\n\t<\/div>\n\t\t<div class=\"vp-portfolio__items-wrap\">\n\t\t\t\n<div class=\"vp-portfolio__items vp-portfolio__items-style-default vp-portfolio__items-show-overlay-hover\">\n\n\t\t<div\t\tclass=\"vp-portfolio__item-wrap vp-portfolio__item-uid-af808c4f\" data-vp-filter=\"\" \t\t>\n\t\t\t\t\t\t\t\t\t<figure class=\"vp-portfolio__item\">\n\t\t\t\t\n<div class=\"vp-portfolio__item-img-wrap\">\n\t<div class=\"vp-portfolio__item-img\">\n\t\t\t<a\n\t\thref=\"\/prix-picto-de-la-mode\/adeline-care\/\"\n\t\ttarget=\"_blank\" rel=\"noopener noreferrer\" \t>\n\t\n\t\t<noscript><img loading=\"lazy\" decoding=\"async\" width=\"671\" height=\"1024\" data-skip-lazy src=\"https:\/\/www.pictofoundation.fr\/wp-content\/uploads\/2021\/06\/3eaae3fe-7186-4f37-bc85-59001131f6e4-copie.jpg\" class=\"wp-image-3472\" alt=\"\" srcset=\"https:\/\/www.pictofoundation.fr\/wp-content\/uploads\/2021\/06\/3eaae3fe-7186-4f37-bc85-59001131f6e4-copie.jpg 671w, https:\/\/www.pictofoundation.fr\/wp-content\/uploads\/2021\/06\/3eaae3fe-7186-4f37-bc85-59001131f6e4-copie-197x300.jpg 197w, https:\/\/www.pictofoundation.fr\/wp-content\/uploads\/2021\/06\/3eaae3fe-7186-4f37-bc85-59001131f6e4-copie-500x763.jpg 500w\" sizes=\"auto, (max-width: 671px) 100vw, 671px\" \/><\/noscript><img decoding=\"async\" width=\"671\" height=\"1024\" src=\"https:\/\/www.pictofoundation.fr\/wp-content\/uploads\/2021\/06\/3eaae3fe-7186-4f37-bc85-59001131f6e4-copie.jpg\" class=\"wp-image-3472 vp-lazyload\" alt srcset=\"data:image\/svg+xml;base64,PHN2ZyB3aWR0aD0iNjcxIiBoZWlnaHQ9IjEwMjQiIHZpZXdCb3g9IjAgMCA2NzEgMTAyNCIgZmlsbD0ibm9uZSIgeG1sbnM9Imh0dHA6Ly93d3cudzMub3JnLzIwMDAvc3ZnIj48L3N2Zz4=\" data-src=\"https:\/\/www.pictofoundation.fr\/wp-content\/uploads\/2021\/06\/3eaae3fe-7186-4f37-bc85-59001131f6e4-copie.jpg\" data-srcset=\"https:\/\/www.pictofoundation.fr\/wp-content\/uploads\/2021\/06\/3eaae3fe-7186-4f37-bc85-59001131f6e4-copie.jpg 671w, https:\/\/www.pictofoundation.fr\/wp-content\/uploads\/2021\/06\/3eaae3fe-7186-4f37-bc85-59001131f6e4-copie-197x300.jpg 197w, https:\/\/www.pictofoundation.fr\/wp-content\/uploads\/2021\/06\/3eaae3fe-7186-4f37-bc85-59001131f6e4-copie-500x763.jpg 500w\" data-sizes=\"auto\" loading=\"eager\">\n\t\t<div class=\"vp-portfolio__item-overlay\">\n\t\t\t\t\t<\/div>\n\n\t\t<\/a>\t<\/div>\n<\/div>\n\n<div class=\"vp-portfolio__item-overlay vp-portfolio__item-align-center\">\n\t\t\t<div class=\"vp-portfolio__item-meta\">\n\t\t\t\t\t\t\t<h2 class=\"vp-portfolio__item-meta-title\">\n\t\t\t\t\t\t\t\t\t\t\t<a href=\"\/prix-picto-de-la-mode\/adeline-care\/\"\n\t\t\t\t\t\t\t\t\t\t\t\t\t\t\ttarget=\"_blank\"\n\t\t\t\t\t\t\t\trel=\"noopener noreferrer\"\n\t\t\t\t\t\t\t\t\t\t\t\t\t\t>\n\t\t\t\t\t\t\t\u00a9 Adeline Care \/ Laur\u00e9ate 1er Prix Picto de la Mode 2019\t\t\t\t\t\t<\/a>\n\t\t\t\t\t\t\t\t\t\t<\/h2>\n\t\t\t\t\t\t<\/div>\n\t<\/div>\t\t\t<\/figure>\n\t\t\t\t\t<\/div>\n\t\t\n\t\t<div\t\tclass=\"vp-portfolio__item-wrap vp-portfolio__item-uid-0be9f445\" data-vp-filter=\"\" \t\t>\n\t\t\t\t\t\t\t\t\t<figure class=\"vp-portfolio__item\">\n\t\t\t\t\n<div class=\"vp-portfolio__item-img-wrap\">\n\t<div class=\"vp-portfolio__item-img\">\n\t\t\t<a\n\t\thref=\"\/prix-picto-de-la-mode\/sean-mc-girr\/\"\n\t\ttarget=\"_blank\" rel=\"noopener noreferrer\" \t>\n\t\n\t\t<noscript><img loading=\"lazy\" decoding=\"async\" width=\"686\" height=\"1024\" data-skip-lazy src=\"https:\/\/www.pictofoundation.fr\/wp-content\/uploads\/2021\/06\/135a888f-3efb-4ff8-8922-e3e965ca3696-copie.jpg\" class=\"wp-image-3471\" alt=\"\" srcset=\"https:\/\/www.pictofoundation.fr\/wp-content\/uploads\/2021\/06\/135a888f-3efb-4ff8-8922-e3e965ca3696-copie.jpg 686w, https:\/\/www.pictofoundation.fr\/wp-content\/uploads\/2021\/06\/135a888f-3efb-4ff8-8922-e3e965ca3696-copie-201x300.jpg 201w, https:\/\/www.pictofoundation.fr\/wp-content\/uploads\/2021\/06\/135a888f-3efb-4ff8-8922-e3e965ca3696-copie-500x746.jpg 500w\" sizes=\"auto, (max-width: 686px) 100vw, 686px\" \/><\/noscript><img decoding=\"async\" width=\"686\" height=\"1024\" src=\"https:\/\/www.pictofoundation.fr\/wp-content\/uploads\/2021\/06\/135a888f-3efb-4ff8-8922-e3e965ca3696-copie.jpg\" class=\"wp-image-3471 vp-lazyload\" alt srcset=\"data:image\/svg+xml;base64,PHN2ZyB3aWR0aD0iNjg2IiBoZWlnaHQ9IjEwMjQiIHZpZXdCb3g9IjAgMCA2ODYgMTAyNCIgZmlsbD0ibm9uZSIgeG1sbnM9Imh0dHA6Ly93d3cudzMub3JnLzIwMDAvc3ZnIj48L3N2Zz4=\" data-src=\"https:\/\/www.pictofoundation.fr\/wp-content\/uploads\/2021\/06\/135a888f-3efb-4ff8-8922-e3e965ca3696-copie.jpg\" data-srcset=\"https:\/\/www.pictofoundation.fr\/wp-content\/uploads\/2021\/06\/135a888f-3efb-4ff8-8922-e3e965ca3696-copie.jpg 686w, https:\/\/www.pictofoundation.fr\/wp-content\/uploads\/2021\/06\/135a888f-3efb-4ff8-8922-e3e965ca3696-copie-201x300.jpg 201w, https:\/\/www.pictofoundation.fr\/wp-content\/uploads\/2021\/06\/135a888f-3efb-4ff8-8922-e3e965ca3696-copie-500x746.jpg 500w\" data-sizes=\"auto\" loading=\"eager\">\n\t\t<div class=\"vp-portfolio__item-overlay\">\n\t\t\t\t\t<\/div>\n\n\t\t<\/a>\t<\/div>\n<\/div>\n\n<div class=\"vp-portfolio__item-overlay vp-portfolio__item-align-center\">\n\t\t\t<div class=\"vp-portfolio__item-meta\">\n\t\t\t\t\t\t\t<h2 class=\"vp-portfolio__item-meta-title\">\n\t\t\t\t\t\t\t\t\t\t\t<a href=\"\/prix-picto-de-la-mode\/sean-mc-girr\/\"\n\t\t\t\t\t\t\t\t\t\t\t\t\t\t\ttarget=\"_blank\"\n\t\t\t\t\t\t\t\trel=\"noopener noreferrer\"\n\t\t\t\t\t\t\t\t\t\t\t\t\t\t>\n\t\t\t\t\t\t\t\u00a9 Sea\u0301n McGirr \/ Laur\u00e9at 2\u00e8me Prix Picto de la Mode 2019\t\t\t\t\t\t<\/a>\n\t\t\t\t\t\t\t\t\t\t<\/h2>\n\t\t\t\t\t\t<\/div>\n\t<\/div>\t\t\t<\/figure>\n\t\t\t\t\t<\/div>\n\t\t\n\t\t<div\t\tclass=\"vp-portfolio__item-wrap vp-portfolio__item-uid-3b4ebe03\" data-vp-filter=\"\" \t\t>\n\t\t\t\t\t\t\t\t\t<figure class=\"vp-portfolio__item\">\n\t\t\t\t\n<div class=\"vp-portfolio__item-img-wrap\">\n\t<div class=\"vp-portfolio__item-img\">\n\t\t\t<a\n\t\thref=\"\/prix-picto-de-la-mode\/rosanna-lefeuvre\/\"\n\t\ttarget=\"_blank\" rel=\"noopener noreferrer\" \t>\n\t\n\t\t<noscript><img loading=\"lazy\" decoding=\"async\" width=\"768\" height=\"1024\" data-skip-lazy src=\"https:\/\/www.pictofoundation.fr\/wp-content\/uploads\/2021\/06\/7c74e70e-c39c-4e9a-895d-2b6928acdad0-copie.jpg\" class=\"wp-image-3470\" alt=\"\" srcset=\"https:\/\/www.pictofoundation.fr\/wp-content\/uploads\/2021\/06\/7c74e70e-c39c-4e9a-895d-2b6928acdad0-copie.jpg 768w, https:\/\/www.pictofoundation.fr\/wp-content\/uploads\/2021\/06\/7c74e70e-c39c-4e9a-895d-2b6928acdad0-copie-225x300.jpg 225w, https:\/\/www.pictofoundation.fr\/wp-content\/uploads\/2021\/06\/7c74e70e-c39c-4e9a-895d-2b6928acdad0-copie-500x667.jpg 500w\" sizes=\"auto, (max-width: 768px) 100vw, 768px\" \/><\/noscript><img decoding=\"async\" width=\"768\" height=\"1024\" src=\"https:\/\/www.pictofoundation.fr\/wp-content\/uploads\/2021\/06\/7c74e70e-c39c-4e9a-895d-2b6928acdad0-copie.jpg\" class=\"wp-image-3470 vp-lazyload\" alt srcset=\"data:image\/svg+xml;base64,PHN2ZyB3aWR0aD0iNzY4IiBoZWlnaHQ9IjEwMjQiIHZpZXdCb3g9IjAgMCA3NjggMTAyNCIgZmlsbD0ibm9uZSIgeG1sbnM9Imh0dHA6Ly93d3cudzMub3JnLzIwMDAvc3ZnIj48L3N2Zz4=\" data-src=\"https:\/\/www.pictofoundation.fr\/wp-content\/uploads\/2021\/06\/7c74e70e-c39c-4e9a-895d-2b6928acdad0-copie.jpg\" data-srcset=\"https:\/\/www.pictofoundation.fr\/wp-content\/uploads\/2021\/06\/7c74e70e-c39c-4e9a-895d-2b6928acdad0-copie.jpg 768w, https:\/\/www.pictofoundation.fr\/wp-content\/uploads\/2021\/06\/7c74e70e-c39c-4e9a-895d-2b6928acdad0-copie-225x300.jpg 225w, https:\/\/www.pictofoundation.fr\/wp-content\/uploads\/2021\/06\/7c74e70e-c39c-4e9a-895d-2b6928acdad0-copie-500x667.jpg 500w\" data-sizes=\"auto\" loading=\"eager\">\n\t\t<div class=\"vp-portfolio__item-overlay\">\n\t\t\t\t\t<\/div>\n\n\t\t<\/a>\t<\/div>\n<\/div>\n\n<div class=\"vp-portfolio__item-overlay vp-portfolio__item-align-center\">\n\t\t\t<div class=\"vp-portfolio__item-meta\">\n\t\t\t\t\t\t\t<h2 class=\"vp-portfolio__item-meta-title\">\n\t\t\t\t\t\t\t\t\t\t\t<a href=\"\/prix-picto-de-la-mode\/rosanna-lefeuvre\/\"\n\t\t\t\t\t\t\t\t\t\t\t\t\t\t\ttarget=\"_blank\"\n\t\t\t\t\t\t\t\trel=\"noopener noreferrer\"\n\t\t\t\t\t\t\t\t\t\t\t\t\t\t>\n\t\t\t\t\t\t\t\u00a9 Rosanna Lefeuvre \/ Laur\u00e9ate 3\u00e8me Prix Picto de la Mode 2019\t\t\t\t\t\t<\/a>\n\t\t\t\t\t\t\t\t\t\t<\/h2>\n\t\t\t\t\t\t<\/div>\n\t<\/div>\t\t\t<\/figure>\n\t\t\t\t\t<\/div>\n\t\t\n<\/div>\n\t\t<\/div>\n\t\t\n<\/div>\n[\/vc_tta_section][\/vc_tta_tabs]<div class=\"ult-spacer spacer-69f02239c69da\" data-id=\"69f02239c69da\" data-height=\"20\" data-height-mobile=\"20\" data-height-tab=\"20\" data-height-tab-portrait=\"\" data-height-mobile-landscape=\"\" style=\"clear:both;display:block;\"><\/div>[vc_row_inner content_placement=&#8221;top&#8221;][vc_column_inner width=&#8221;1\/3&#8243;][vc_column_text]<\/p>\n<p style=\"text-align: center;\"><strong>Laureates 2025 :<br \/>\n<\/strong>1st Prize : <a href=\"https:\/\/www.pictofoundation.fr\/en\/finalistes-prix-picto-de-la-mode-2025-arash-khaksari\/\">Arash Khaksari<\/a><br \/>\n2nd Prize : <a href=\"https:\/\/www.pictofoundation.fr\/en\/finalistes-prix-picto-de-la-mode-2025-jean-marques\/\">Jean Marques <\/a><br \/>\n3rd Prize : <a href=\"https:\/\/www.pictofoundation.fr\/en\/finalistes-prix-picto-de-la-mode-2025-steve-ney\/\"> Steve Ney <\/a><br \/>\n4th Prize : <a href=\"https:\/\/www.pictofoundation.fr\/en\/finalistes-prix-picto-de-la-mode-2025-anna-leonte-loron\/\">Anna Leonte Loron<\/a><\/p>\n<p style=\"text-align: center;\"><strong>Laureates 2024 :<\/strong><br \/>\n1st Prize :\u00a0<a href=\"https:\/\/www.pictofoundation.fr\/en\/finalistes-prix-picto-de-la-mode-2024-yama-ndiaye\/\">Yama Ndiaye<\/a><br \/>\n2nd Prize : <a href=\"https:\/\/www.pictofoundation.fr\/en\/finalistes-prix-picto-de-la-mode-2024-tamibe-bourdanne\/\">Tamib\u00e9 Bourdann\u00e9<\/a><br \/>\n3rd Prize : <a href=\"https:\/\/www.pictofoundation.fr\/en\/finalistes-prix-picto-de-la-mode-2024-gabriel-gomez\/\">Gabriel G\u00f3mez<\/a><br \/>\n4th Prize : <a href=\"https:\/\/www.pictofoundation.fr\/en\/finalistes-prix-picto-de-la-mode-2024-silvana-trevale\/\">Silvana Trevale<\/a><br \/>\nSpecial mention : \u00a0<a href=\"https:\/\/www.pictofoundation.fr\/en\/finalistes-prix-picto-de-la-mode-2024-luca-meneghel\/\">Luca Meneghel<\/a><\/p>\n<p style=\"text-align: center;\"><strong>Laureates 2023 :<\/strong><br \/>\n1st Prize : Annabelle Foucher<br \/>\n2nd Prize : Soliou Ligali<br \/>\n3rd Prize : Maxime Antony<\/p>\n<p style=\"text-align: center;\"><strong>Laureates 2022 :<\/strong><br \/>\n1st Prize : Christophe Barraja<br \/>\n2nd Prize : Camille Brasselet<br \/>\n3rd Prize : Antoine Henault<\/p>\n<p style=\"text-align: center;\"><strong>Laureates 2021 :<\/strong><br \/>\n1st Prize : Natalia Evelyn Bencicova<br \/>\n2nd Prize : Laurent Poleo-Garnier<br \/>\n3rd Prize : Olivia Malena Vidal<\/p>\n<p style=\"text-align: center;\"><strong>Laureates 2020 :<\/strong><br \/>\n1st Prize : Chiron Duong<br \/>\n2nd Prize : Lucie Khahoutian<br \/>\n3rd Prize : Gabriel Dia<\/p>\n<p style=\"text-align: center;\"><strong>Laureates 2019 :<\/strong><br \/>\n1st Prize : Adeline Care<br \/>\n2nd Prize : Sea\u0301n McGirr<br \/>\n3rd Prize : Rosanna Lefeuvre<\/p>\n<p style=\"text-align: center;\"><strong>Laureates 2017<\/strong> :<br \/>\n1st Prize : Pascale ARNAUD<br \/>\n2nd Prize : Elsa &amp; Johanna<br \/>\n3rd\u00a0Prize : William WATERWORTH<\/p>\n<p>[\/vc_column_text][\/vc_column_inner][vc_column_inner width=&#8221;1\/3&#8243;][vc_column_text]<\/p>\n<p style=\"text-align: center;\"><strong>Laureates 2016<\/strong> :<br \/>\n1st Prize : Laurent HENRION<br \/>\n2nd Prize : Julie PONCET<br \/>\n3rd\u00a0Prize : Sasha MARRO<\/p>\n<p style=\"text-align: center;\"><strong>Laureates 2015<\/strong> :<br \/>\n1st Prize &amp; Special Prize Directeurs cr\u00e9ation : Laura BONNEFOUS<br \/>\n2nd Prize : Julie JOURDAIN<br \/>\n3rd\u00a0Prize : Jean-Philippe LEB\u00c9E<\/p>\n<p style=\"text-align: center;\"><strong>Laureates 2014 :<\/strong><br \/>\n1st Prize : Charlotte ABRAMOW<br \/>\n2nd Prize : Solene BALLESTA<br \/>\n3rd\u00a0Prize : Victoire LE TARNEC<\/p>\n<p style=\"text-align: center;\"><strong>Laureates 2013<\/strong> :<br \/>\nTing ting WANG<br \/>\nAlice Pavesi FIORI (special mention)<\/p>\n<p style=\"text-align: center;\"><strong>Laureates 2012<\/strong> :<br \/>\nOliver FRITZE<br \/>\nAlexandra TAUPIAC (special mention)<\/p>\n<p style=\"text-align: center;\"><strong>Laureate 2011<\/strong> :<br \/>\nDiane SAGNIER<\/p>\n<p style=\"text-align: center;\"><strong>Laureate 2010<\/strong> :<br \/>\nIsabelle CHAPUIS<\/p>\n<p style=\"text-align: center;\"><strong>Laureates 2009<\/strong> :<br \/>\nEva SAKELLARIDES<br \/>\nRomain SELLIER (special mention)<\/p>\n<p style=\"text-align: center;\"><strong>Laureates 2008<\/strong> :<br \/>\nSuzie Q &amp; L\u00e9o SIBONI<\/p>\n<p>[\/vc_column_text][\/vc_column_inner][vc_column_inner width=&#8221;1\/3&#8243;][vc_column_text]<\/p>\n<p style=\"text-align: center;\"><strong>Laureates 2007<\/strong> :<br \/>\nJa\u00efr SFEZ<br \/>\nKourtney ROY (special mention)<\/p>\n<p style=\"text-align: center;\"><strong>Laureates 2006 :<\/strong><br \/>\nElene USDIN<br \/>\nHenrike STAHL (special mention)<\/p>\n<p style=\"text-align: center;\"><strong>Laureate 2005<\/strong> :<br \/>\nVincent GAPAILLARD<\/p>\n<p style=\"text-align: center;\"><strong>Laureate 2004<\/strong> :<br \/>\nSt\u00e9phanie ERARD<\/p>\n<p style=\"text-align: center;\"><strong>Laureate 2003<\/strong> :<br \/>\nMarjolijn DE GROOT<\/p>\n<p style=\"text-align: center;\"><strong>Laureates 2002<\/strong> :<br \/>\nSofia SANCHEZ &amp; Mauro MONGIELLO<br \/>\nCamille VIVIER (special mention)<\/p>\n<p style=\"text-align: center;\"><strong>Laureate 2001<\/strong> :<br \/>\nChristian LESEMANN<\/p>\n<p style=\"text-align: center;\"><strong>Laureates 2000<\/strong> :<br \/>\nDmon PRUNNER<br \/>\nDaniele TEDESCHI (special mention)<\/p>\n<p style=\"text-align: center;\"><strong>Laureate 1999<\/strong> :<br \/>\nAndr\u00e9 WOLFF<\/p>\n<p style=\"text-align: center;\"><strong>Laureate 1998<\/strong> :<br \/>\nLouis DECAMPS<\/p>\n<p>[\/vc_column_text][\/vc_column_inner][\/vc_row_inner][\/vc_column][\/vc_row][\/vc_section][vc_row][vc_column][vc_column_text]<\/p>\n<h2>The 20th anniversary of the Picto Fashion Photography Award<\/h2>\n<p>The evening of the 20th anniversary of the Picto Fashion Photography Award &#8211; Outstanding installation at the Palais Galliera in 2018.<\/p>\n<div class=\"vp-portfolio vp-uid-835532d2 vp-id-3477  \"\n\tdata-vp-layout=\"tiles\" data-vp-content-source=\"images\" data-vp-items-style=\"default\" data-vp-items-click-action=\"popup_gallery\" data-vp-items-gap=\"0\" data-vp-items-gap-vertical=\"\" data-vp-pagination=\"load-more\" data-vp-next-page-url=\"\" data-vp-tiles-type=\"4|1,1|\" >\n\t<div class=\"vp-portfolio__preloader-wrap\">\n\t\t<div class=\"vp-portfolio__preloader\">\n\t\t\t<img decoding=\"async\" loading=\"eager\" src=\"https:\/\/www.pictofoundation.fr\/wp-content\/plugins\/visual-portfolio\/assets\/images\/logo-dark.svg\" alt=\"Visual Portfolio, Posts &amp; Image Gallery for WordPress\" width=\"20\" height=\"20\" data-skip-lazy>\n\t\t<\/div>\n\t<\/div>\n\t\t<div class=\"vp-portfolio__items-wrap\">\n\t\t\t\n<div class=\"vp-portfolio__items vp-portfolio__items-style-default vp-portfolio__items-show-overlay-hover\">\n\n\t\t<div\t\tclass=\"vp-portfolio__item-wrap vp-portfolio__item-uid-28189080\" data-vp-filter=\"\" \t\t>\n\t\t\t<template class=\"vp-portfolio__item-popup\" data-vp-popup-img=\"https:\/\/www.pictofoundation.fr\/wp-content\/uploads\/2021\/06\/40B7541-1920x1280.jpeg\" data-vp-popup-img-srcset=\"https:\/\/www.pictofoundation.fr\/wp-content\/uploads\/2021\/06\/40B7541-1920x1280.jpeg 1920w, https:\/\/www.pictofoundation.fr\/wp-content\/uploads\/2021\/06\/40B7541-300x200.jpeg 300w, https:\/\/www.pictofoundation.fr\/wp-content\/uploads\/2021\/06\/40B7541-1024x683.jpeg 1024w, https:\/\/www.pictofoundation.fr\/wp-content\/uploads\/2021\/06\/40B7541-768x512.jpeg 768w, https:\/\/www.pictofoundation.fr\/wp-content\/uploads\/2021\/06\/40B7541-1536x1024.jpeg 1536w, https:\/\/www.pictofoundation.fr\/wp-content\/uploads\/2021\/06\/40B7541-500x333.jpeg 500w, https:\/\/www.pictofoundation.fr\/wp-content\/uploads\/2021\/06\/40B7541-800x533.jpeg 800w, https:\/\/www.pictofoundation.fr\/wp-content\/uploads\/2021\/06\/40B7541-1280x854.jpeg 1280w, https:\/\/www.pictofoundation.fr\/wp-content\/uploads\/2021\/06\/40B7541.jpeg 1999w\" data-vp-popup-img-size=\"1920x1280\" data-vp-popup-md-img=\"https:\/\/www.pictofoundation.fr\/wp-content\/uploads\/2021\/06\/40B7541-800x533.jpeg\" data-vp-popup-md-img-size=\"800x533\" data-vp-popup-sm-img=\"https:\/\/www.pictofoundation.fr\/wp-content\/uploads\/2021\/06\/40B7541-500x333.jpeg\" data-vp-popup-sm-img-size=\"500x333\">\n\t\t\t<h3 class=\"vp-portfolio__item-popup-title\">Installation 20 ans du prix Picto de la Mode<\/h3>\n\t\t<\/template>\n\t\t\t\t\t\t<figure class=\"vp-portfolio__item\">\n\t\t\t\t\n<div class=\"vp-portfolio__item-img-wrap\">\n\t<div class=\"vp-portfolio__item-img\">\n\t\t\t<a\n\t\thref=\"https:\/\/www.pictofoundation.fr\/wp-content\/uploads\/2021\/06\/40B7541-1920x1280.jpeg\"\n\t\t\t>\n\t\n\t\t<noscript><img loading=\"lazy\" decoding=\"async\" width=\"1280\" height=\"854\" data-skip-lazy src=\"https:\/\/www.pictofoundation.fr\/wp-content\/uploads\/2021\/06\/40B7541-1280x854.jpeg\" class=\"wp-image-3482\" alt=\"\" srcset=\"https:\/\/www.pictofoundation.fr\/wp-content\/uploads\/2021\/06\/40B7541-1280x854.jpeg 1280w, https:\/\/www.pictofoundation.fr\/wp-content\/uploads\/2021\/06\/40B7541-300x200.jpeg 300w, https:\/\/www.pictofoundation.fr\/wp-content\/uploads\/2021\/06\/40B7541-1024x683.jpeg 1024w, https:\/\/www.pictofoundation.fr\/wp-content\/uploads\/2021\/06\/40B7541-768x512.jpeg 768w, https:\/\/www.pictofoundation.fr\/wp-content\/uploads\/2021\/06\/40B7541-1536x1024.jpeg 1536w, https:\/\/www.pictofoundation.fr\/wp-content\/uploads\/2021\/06\/40B7541-500x333.jpeg 500w, https:\/\/www.pictofoundation.fr\/wp-content\/uploads\/2021\/06\/40B7541-800x533.jpeg 800w, https:\/\/www.pictofoundation.fr\/wp-content\/uploads\/2021\/06\/40B7541-1920x1280.jpeg 1920w, https:\/\/www.pictofoundation.fr\/wp-content\/uploads\/2021\/06\/40B7541.jpeg 1999w\" sizes=\"auto, (max-width: 1280px) 100vw, 1280px\" \/><\/noscript><img decoding=\"async\" width=\"1280\" height=\"854\" src=\"https:\/\/www.pictofoundation.fr\/wp-content\/uploads\/2021\/06\/40B7541-1280x854.jpeg\" class=\"wp-image-3482 vp-lazyload\" alt srcset=\"data:image\/svg+xml;base64,PHN2ZyB3aWR0aD0iMTI4MCIgaGVpZ2h0PSI4NTQiIHZpZXdCb3g9IjAgMCAxMjgwIDg1NCIgZmlsbD0ibm9uZSIgeG1sbnM9Imh0dHA6Ly93d3cudzMub3JnLzIwMDAvc3ZnIj48L3N2Zz4=\" data-src=\"https:\/\/www.pictofoundation.fr\/wp-content\/uploads\/2021\/06\/40B7541-1280x854.jpeg\" data-srcset=\"https:\/\/www.pictofoundation.fr\/wp-content\/uploads\/2021\/06\/40B7541-1280x854.jpeg 1280w, https:\/\/www.pictofoundation.fr\/wp-content\/uploads\/2021\/06\/40B7541-300x200.jpeg 300w, https:\/\/www.pictofoundation.fr\/wp-content\/uploads\/2021\/06\/40B7541-1024x683.jpeg 1024w, https:\/\/www.pictofoundation.fr\/wp-content\/uploads\/2021\/06\/40B7541-768x512.jpeg 768w, https:\/\/www.pictofoundation.fr\/wp-content\/uploads\/2021\/06\/40B7541-1536x1024.jpeg 1536w, https:\/\/www.pictofoundation.fr\/wp-content\/uploads\/2021\/06\/40B7541-500x333.jpeg 500w, https:\/\/www.pictofoundation.fr\/wp-content\/uploads\/2021\/06\/40B7541-800x533.jpeg 800w, https:\/\/www.pictofoundation.fr\/wp-content\/uploads\/2021\/06\/40B7541-1920x1280.jpeg 1920w, https:\/\/www.pictofoundation.fr\/wp-content\/uploads\/2021\/06\/40B7541.jpeg 1999w\" data-sizes=\"auto\" loading=\"eager\">\n\t\t<div class=\"vp-portfolio__item-overlay\">\n\t\t\t\t\t<\/div>\n\n\t\t<\/a>\t<\/div>\n<\/div>\n\n<div class=\"vp-portfolio__item-overlay vp-portfolio__item-align-center\">\n\t\t\t<div class=\"vp-portfolio__item-meta\">\n\t\t\t\t\t\t\t<h2 class=\"vp-portfolio__item-meta-title\">\n\t\t\t\t\t\t\t\t\t\t\t<a href=\"https:\/\/www.pictofoundation.fr\/wp-content\/uploads\/2021\/06\/40B7541-1920x1280.jpeg\"\n\t\t\t\t\t\t\t\t\t\t\t\t\t>\n\t\t\t\t\t\t\tInstallation 20 ans du Prix Picto de la Photographie de Mode\t\t\t\t\t\t<\/a>\n\t\t\t\t\t\t\t\t\t\t<\/h2>\n\t\t\t\t\t\t<\/div>\n\t<\/div>\t\t\t<\/figure>\n\t\t\t\t\t<\/div>\n\t\t\n\t\t<div\t\tclass=\"vp-portfolio__item-wrap vp-portfolio__item-uid-fb76d81c\" data-vp-filter=\"\" \t\t>\n\t\t\t<template class=\"vp-portfolio__item-popup\" data-vp-popup-img=\"https:\/\/www.pictofoundation.fr\/wp-content\/uploads\/2021\/06\/40B7272-1920x1280.jpeg\" data-vp-popup-img-srcset=\"https:\/\/www.pictofoundation.fr\/wp-content\/uploads\/2021\/06\/40B7272-1920x1280.jpeg 1920w, https:\/\/www.pictofoundation.fr\/wp-content\/uploads\/2021\/06\/40B7272-300x200.jpeg 300w, https:\/\/www.pictofoundation.fr\/wp-content\/uploads\/2021\/06\/40B7272-1024x682.jpeg 1024w, https:\/\/www.pictofoundation.fr\/wp-content\/uploads\/2021\/06\/40B7272-768x512.jpeg 768w, https:\/\/www.pictofoundation.fr\/wp-content\/uploads\/2021\/06\/40B7272-1536x1024.jpeg 1536w, https:\/\/www.pictofoundation.fr\/wp-content\/uploads\/2021\/06\/40B7272-500x333.jpeg 500w, https:\/\/www.pictofoundation.fr\/wp-content\/uploads\/2021\/06\/40B7272-800x533.jpeg 800w, https:\/\/www.pictofoundation.fr\/wp-content\/uploads\/2021\/06\/40B7272-1280x853.jpeg 1280w, https:\/\/www.pictofoundation.fr\/wp-content\/uploads\/2021\/06\/40B7272.jpeg 2000w\" data-vp-popup-img-size=\"1920x1280\" data-vp-popup-md-img=\"https:\/\/www.pictofoundation.fr\/wp-content\/uploads\/2021\/06\/40B7272-800x533.jpeg\" data-vp-popup-md-img-size=\"800x533\" data-vp-popup-sm-img=\"https:\/\/www.pictofoundation.fr\/wp-content\/uploads\/2021\/06\/40B7272-500x333.jpeg\" data-vp-popup-sm-img-size=\"500x333\">\n\t\t\t<h3 class=\"vp-portfolio__item-popup-title\">Installation, Suzie &amp; Leo - \u00e9dition 2008<\/h3>\n\t\t<\/template>\n\t\t\t\t\t\t<figure class=\"vp-portfolio__item\">\n\t\t\t\t\n<div class=\"vp-portfolio__item-img-wrap\">\n\t<div class=\"vp-portfolio__item-img\">\n\t\t\t<a\n\t\thref=\"https:\/\/www.pictofoundation.fr\/wp-content\/uploads\/2021\/06\/40B7272-1920x1280.jpeg\"\n\t\t\t>\n\t\n\t\t<noscript><img loading=\"lazy\" decoding=\"async\" width=\"1280\" height=\"853\" data-skip-lazy src=\"https:\/\/www.pictofoundation.fr\/wp-content\/uploads\/2021\/06\/40B7272-1280x853.jpeg\" class=\"wp-image-3480\" alt=\"\" srcset=\"https:\/\/www.pictofoundation.fr\/wp-content\/uploads\/2021\/06\/40B7272-1280x853.jpeg 1280w, https:\/\/www.pictofoundation.fr\/wp-content\/uploads\/2021\/06\/40B7272-300x200.jpeg 300w, https:\/\/www.pictofoundation.fr\/wp-content\/uploads\/2021\/06\/40B7272-1024x682.jpeg 1024w, https:\/\/www.pictofoundation.fr\/wp-content\/uploads\/2021\/06\/40B7272-768x512.jpeg 768w, https:\/\/www.pictofoundation.fr\/wp-content\/uploads\/2021\/06\/40B7272-1536x1024.jpeg 1536w, https:\/\/www.pictofoundation.fr\/wp-content\/uploads\/2021\/06\/40B7272-500x333.jpeg 500w, https:\/\/www.pictofoundation.fr\/wp-content\/uploads\/2021\/06\/40B7272-800x533.jpeg 800w, https:\/\/www.pictofoundation.fr\/wp-content\/uploads\/2021\/06\/40B7272-1920x1280.jpeg 1920w, https:\/\/www.pictofoundation.fr\/wp-content\/uploads\/2021\/06\/40B7272.jpeg 2000w\" sizes=\"auto, (max-width: 1280px) 100vw, 1280px\" \/><\/noscript><img decoding=\"async\" width=\"1280\" height=\"853\" src=\"https:\/\/www.pictofoundation.fr\/wp-content\/uploads\/2021\/06\/40B7272-1280x853.jpeg\" class=\"wp-image-3480 vp-lazyload\" alt srcset=\"data:image\/svg+xml;base64,PHN2ZyB3aWR0aD0iMTI4MCIgaGVpZ2h0PSI4NTMiIHZpZXdCb3g9IjAgMCAxMjgwIDg1MyIgZmlsbD0ibm9uZSIgeG1sbnM9Imh0dHA6Ly93d3cudzMub3JnLzIwMDAvc3ZnIj48L3N2Zz4=\" data-src=\"https:\/\/www.pictofoundation.fr\/wp-content\/uploads\/2021\/06\/40B7272-1280x853.jpeg\" data-srcset=\"https:\/\/www.pictofoundation.fr\/wp-content\/uploads\/2021\/06\/40B7272-1280x853.jpeg 1280w, https:\/\/www.pictofoundation.fr\/wp-content\/uploads\/2021\/06\/40B7272-300x200.jpeg 300w, https:\/\/www.pictofoundation.fr\/wp-content\/uploads\/2021\/06\/40B7272-1024x682.jpeg 1024w, https:\/\/www.pictofoundation.fr\/wp-content\/uploads\/2021\/06\/40B7272-768x512.jpeg 768w, https:\/\/www.pictofoundation.fr\/wp-content\/uploads\/2021\/06\/40B7272-1536x1024.jpeg 1536w, https:\/\/www.pictofoundation.fr\/wp-content\/uploads\/2021\/06\/40B7272-500x333.jpeg 500w, https:\/\/www.pictofoundation.fr\/wp-content\/uploads\/2021\/06\/40B7272-800x533.jpeg 800w, https:\/\/www.pictofoundation.fr\/wp-content\/uploads\/2021\/06\/40B7272-1920x1280.jpeg 1920w, https:\/\/www.pictofoundation.fr\/wp-content\/uploads\/2021\/06\/40B7272.jpeg 2000w\" data-sizes=\"auto\" loading=\"eager\">\n\t\t<div class=\"vp-portfolio__item-overlay\">\n\t\t\t\t\t<\/div>\n\n\t\t<\/a>\t<\/div>\n<\/div>\n\n<div class=\"vp-portfolio__item-overlay vp-portfolio__item-align-center\">\n\t\t\t<div class=\"vp-portfolio__item-meta\">\n\t\t\t\t\t\t\t<h2 class=\"vp-portfolio__item-meta-title\">\n\t\t\t\t\t\t\t\t\t\t\t<a href=\"https:\/\/www.pictofoundation.fr\/wp-content\/uploads\/2021\/06\/40B7272-1920x1280.jpeg\"\n\t\t\t\t\t\t\t\t\t\t\t\t\t>\n\t\t\t\t\t\t\tInstallation, Suzie &amp; Leo - \u00e9dition 2008\t\t\t\t\t\t<\/a>\n\t\t\t\t\t\t\t\t\t\t<\/h2>\n\t\t\t\t\t\t<\/div>\n\t<\/div>\t\t\t<\/figure>\n\t\t\t\t\t<\/div>\n\t\t\n\t\t<div\t\tclass=\"vp-portfolio__item-wrap vp-portfolio__item-uid-cbd1925a\" data-vp-filter=\"\" \t\t>\n\t\t\t<template class=\"vp-portfolio__item-popup\" data-vp-popup-img=\"https:\/\/www.pictofoundation.fr\/wp-content\/uploads\/2021\/06\/40B7286-1920x1280.jpeg\" data-vp-popup-img-srcset=\"https:\/\/www.pictofoundation.fr\/wp-content\/uploads\/2021\/06\/40B7286-1920x1280.jpeg 1920w, https:\/\/www.pictofoundation.fr\/wp-content\/uploads\/2021\/06\/40B7286-300x200.jpeg 300w, https:\/\/www.pictofoundation.fr\/wp-content\/uploads\/2021\/06\/40B7286-1024x682.jpeg 1024w, https:\/\/www.pictofoundation.fr\/wp-content\/uploads\/2021\/06\/40B7286-768x512.jpeg 768w, https:\/\/www.pictofoundation.fr\/wp-content\/uploads\/2021\/06\/40B7286-1536x1024.jpeg 1536w, https:\/\/www.pictofoundation.fr\/wp-content\/uploads\/2021\/06\/40B7286-500x333.jpeg 500w, https:\/\/www.pictofoundation.fr\/wp-content\/uploads\/2021\/06\/40B7286-800x533.jpeg 800w, https:\/\/www.pictofoundation.fr\/wp-content\/uploads\/2021\/06\/40B7286-1280x853.jpeg 1280w, https:\/\/www.pictofoundation.fr\/wp-content\/uploads\/2021\/06\/40B7286.jpeg 2000w\" data-vp-popup-img-size=\"1920x1280\" data-vp-popup-md-img=\"https:\/\/www.pictofoundation.fr\/wp-content\/uploads\/2021\/06\/40B7286-800x533.jpeg\" data-vp-popup-md-img-size=\"800x533\" data-vp-popup-sm-img=\"https:\/\/www.pictofoundation.fr\/wp-content\/uploads\/2021\/06\/40B7286-500x333.jpeg\" data-vp-popup-sm-img-size=\"500x333\">\n\t\t\t<h3 class=\"vp-portfolio__item-popup-title\">Installation Henrike Stahl - \u00e9dition 2006<\/h3>\n\t\t<\/template>\n\t\t\t\t\t\t<figure class=\"vp-portfolio__item\">\n\t\t\t\t\n<div class=\"vp-portfolio__item-img-wrap\">\n\t<div class=\"vp-portfolio__item-img\">\n\t\t\t<a\n\t\thref=\"https:\/\/www.pictofoundation.fr\/wp-content\/uploads\/2021\/06\/40B7286-1920x1280.jpeg\"\n\t\t\t>\n\t\n\t\t<noscript><img loading=\"lazy\" decoding=\"async\" width=\"1280\" height=\"853\" data-skip-lazy src=\"https:\/\/www.pictofoundation.fr\/wp-content\/uploads\/2021\/06\/40B7286-1280x853.jpeg\" class=\"wp-image-3481\" alt=\"\" srcset=\"https:\/\/www.pictofoundation.fr\/wp-content\/uploads\/2021\/06\/40B7286-1280x853.jpeg 1280w, https:\/\/www.pictofoundation.fr\/wp-content\/uploads\/2021\/06\/40B7286-300x200.jpeg 300w, https:\/\/www.pictofoundation.fr\/wp-content\/uploads\/2021\/06\/40B7286-1024x682.jpeg 1024w, https:\/\/www.pictofoundation.fr\/wp-content\/uploads\/2021\/06\/40B7286-768x512.jpeg 768w, https:\/\/www.pictofoundation.fr\/wp-content\/uploads\/2021\/06\/40B7286-1536x1024.jpeg 1536w, https:\/\/www.pictofoundation.fr\/wp-content\/uploads\/2021\/06\/40B7286-500x333.jpeg 500w, https:\/\/www.pictofoundation.fr\/wp-content\/uploads\/2021\/06\/40B7286-800x533.jpeg 800w, https:\/\/www.pictofoundation.fr\/wp-content\/uploads\/2021\/06\/40B7286-1920x1280.jpeg 1920w, https:\/\/www.pictofoundation.fr\/wp-content\/uploads\/2021\/06\/40B7286.jpeg 2000w\" sizes=\"auto, (max-width: 1280px) 100vw, 1280px\" \/><\/noscript><img decoding=\"async\" width=\"1280\" height=\"853\" src=\"https:\/\/www.pictofoundation.fr\/wp-content\/uploads\/2021\/06\/40B7286-1280x853.jpeg\" class=\"wp-image-3481 vp-lazyload\" alt srcset=\"data:image\/svg+xml;base64,PHN2ZyB3aWR0aD0iMTI4MCIgaGVpZ2h0PSI4NTMiIHZpZXdCb3g9IjAgMCAxMjgwIDg1MyIgZmlsbD0ibm9uZSIgeG1sbnM9Imh0dHA6Ly93d3cudzMub3JnLzIwMDAvc3ZnIj48L3N2Zz4=\" data-src=\"https:\/\/www.pictofoundation.fr\/wp-content\/uploads\/2021\/06\/40B7286-1280x853.jpeg\" data-srcset=\"https:\/\/www.pictofoundation.fr\/wp-content\/uploads\/2021\/06\/40B7286-1280x853.jpeg 1280w, https:\/\/www.pictofoundation.fr\/wp-content\/uploads\/2021\/06\/40B7286-300x200.jpeg 300w, https:\/\/www.pictofoundation.fr\/wp-content\/uploads\/2021\/06\/40B7286-1024x682.jpeg 1024w, https:\/\/www.pictofoundation.fr\/wp-content\/uploads\/2021\/06\/40B7286-768x512.jpeg 768w, https:\/\/www.pictofoundation.fr\/wp-content\/uploads\/2021\/06\/40B7286-1536x1024.jpeg 1536w, https:\/\/www.pictofoundation.fr\/wp-content\/uploads\/2021\/06\/40B7286-500x333.jpeg 500w, https:\/\/www.pictofoundation.fr\/wp-content\/uploads\/2021\/06\/40B7286-800x533.jpeg 800w, https:\/\/www.pictofoundation.fr\/wp-content\/uploads\/2021\/06\/40B7286-1920x1280.jpeg 1920w, https:\/\/www.pictofoundation.fr\/wp-content\/uploads\/2021\/06\/40B7286.jpeg 2000w\" data-sizes=\"auto\" loading=\"eager\">\n\t\t<div class=\"vp-portfolio__item-overlay\">\n\t\t\t\t\t<\/div>\n\n\t\t<\/a>\t<\/div>\n<\/div>\n\n<div class=\"vp-portfolio__item-overlay vp-portfolio__item-align-center\">\n\t\t\t<div class=\"vp-portfolio__item-meta\">\n\t\t\t\t\t\t\t<h2 class=\"vp-portfolio__item-meta-title\">\n\t\t\t\t\t\t\t\t\t\t\t<a href=\"https:\/\/www.pictofoundation.fr\/wp-content\/uploads\/2021\/06\/40B7286-1920x1280.jpeg\"\n\t\t\t\t\t\t\t\t\t\t\t\t\t>\n\t\t\t\t\t\t\tInstallation Henrike Stahl - \u00e9dition 2006\t\t\t\t\t\t<\/a>\n\t\t\t\t\t\t\t\t\t\t<\/h2>\n\t\t\t\t\t\t<\/div>\n\t<\/div>\t\t\t<\/figure>\n\t\t\t\t\t<\/div>\n\t\t\n\t\t<div\t\tclass=\"vp-portfolio__item-wrap vp-portfolio__item-uid-7ff22f17\" data-vp-filter=\"\" \t\t>\n\t\t\t<template class=\"vp-portfolio__item-popup\" data-vp-popup-img=\"https:\/\/www.pictofoundation.fr\/wp-content\/uploads\/2021\/06\/40B7369-1920x1280.jpeg\" data-vp-popup-img-srcset=\"https:\/\/www.pictofoundation.fr\/wp-content\/uploads\/2021\/06\/40B7369-1920x1280.jpeg 1920w, https:\/\/www.pictofoundation.fr\/wp-content\/uploads\/2021\/06\/40B7369-300x200.jpeg 300w, https:\/\/www.pictofoundation.fr\/wp-content\/uploads\/2021\/06\/40B7369-1024x683.jpeg 1024w, https:\/\/www.pictofoundation.fr\/wp-content\/uploads\/2021\/06\/40B7369-768x512.jpeg 768w, https:\/\/www.pictofoundation.fr\/wp-content\/uploads\/2021\/06\/40B7369-1536x1024.jpeg 1536w, https:\/\/www.pictofoundation.fr\/wp-content\/uploads\/2021\/06\/40B7369-500x333.jpeg 500w, https:\/\/www.pictofoundation.fr\/wp-content\/uploads\/2021\/06\/40B7369-800x533.jpeg 800w, https:\/\/www.pictofoundation.fr\/wp-content\/uploads\/2021\/06\/40B7369-1280x854.jpeg 1280w, https:\/\/www.pictofoundation.fr\/wp-content\/uploads\/2021\/06\/40B7369.jpeg 1999w\" data-vp-popup-img-size=\"1920x1280\" data-vp-popup-md-img=\"https:\/\/www.pictofoundation.fr\/wp-content\/uploads\/2021\/06\/40B7369-800x533.jpeg\" data-vp-popup-md-img-size=\"800x533\" data-vp-popup-sm-img=\"https:\/\/www.pictofoundation.fr\/wp-content\/uploads\/2021\/06\/40B7369-500x333.jpeg\" data-vp-popup-sm-img-size=\"500x333\">\n\t\t\t<h3 class=\"vp-portfolio__item-popup-title\">Installation, Pascale Arnaud - \u00e9dition 2017<\/h3>\n\t\t<\/template>\n\t\t\t\t\t\t<figure class=\"vp-portfolio__item\">\n\t\t\t\t\n<div class=\"vp-portfolio__item-img-wrap\">\n\t<div class=\"vp-portfolio__item-img\">\n\t\t\t<a\n\t\thref=\"https:\/\/www.pictofoundation.fr\/wp-content\/uploads\/2021\/06\/40B7369-1920x1280.jpeg\"\n\t\t\t>\n\t\n\t\t<noscript><img loading=\"lazy\" decoding=\"async\" width=\"1280\" height=\"854\" data-skip-lazy src=\"https:\/\/www.pictofoundation.fr\/wp-content\/uploads\/2021\/06\/40B7369-1280x854.jpeg\" class=\"wp-image-3479\" alt=\"\" srcset=\"https:\/\/www.pictofoundation.fr\/wp-content\/uploads\/2021\/06\/40B7369-1280x854.jpeg 1280w, https:\/\/www.pictofoundation.fr\/wp-content\/uploads\/2021\/06\/40B7369-300x200.jpeg 300w, https:\/\/www.pictofoundation.fr\/wp-content\/uploads\/2021\/06\/40B7369-1024x683.jpeg 1024w, https:\/\/www.pictofoundation.fr\/wp-content\/uploads\/2021\/06\/40B7369-768x512.jpeg 768w, https:\/\/www.pictofoundation.fr\/wp-content\/uploads\/2021\/06\/40B7369-1536x1024.jpeg 1536w, https:\/\/www.pictofoundation.fr\/wp-content\/uploads\/2021\/06\/40B7369-500x333.jpeg 500w, https:\/\/www.pictofoundation.fr\/wp-content\/uploads\/2021\/06\/40B7369-800x533.jpeg 800w, https:\/\/www.pictofoundation.fr\/wp-content\/uploads\/2021\/06\/40B7369-1920x1280.jpeg 1920w, https:\/\/www.pictofoundation.fr\/wp-content\/uploads\/2021\/06\/40B7369.jpeg 1999w\" sizes=\"auto, (max-width: 1280px) 100vw, 1280px\" \/><\/noscript><img decoding=\"async\" width=\"1280\" height=\"854\" src=\"https:\/\/www.pictofoundation.fr\/wp-content\/uploads\/2021\/06\/40B7369-1280x854.jpeg\" class=\"wp-image-3479 vp-lazyload\" alt srcset=\"data:image\/svg+xml;base64,PHN2ZyB3aWR0aD0iMTI4MCIgaGVpZ2h0PSI4NTQiIHZpZXdCb3g9IjAgMCAxMjgwIDg1NCIgZmlsbD0ibm9uZSIgeG1sbnM9Imh0dHA6Ly93d3cudzMub3JnLzIwMDAvc3ZnIj48L3N2Zz4=\" data-src=\"https:\/\/www.pictofoundation.fr\/wp-content\/uploads\/2021\/06\/40B7369-1280x854.jpeg\" data-srcset=\"https:\/\/www.pictofoundation.fr\/wp-content\/uploads\/2021\/06\/40B7369-1280x854.jpeg 1280w, https:\/\/www.pictofoundation.fr\/wp-content\/uploads\/2021\/06\/40B7369-300x200.jpeg 300w, https:\/\/www.pictofoundation.fr\/wp-content\/uploads\/2021\/06\/40B7369-1024x683.jpeg 1024w, https:\/\/www.pictofoundation.fr\/wp-content\/uploads\/2021\/06\/40B7369-768x512.jpeg 768w, https:\/\/www.pictofoundation.fr\/wp-content\/uploads\/2021\/06\/40B7369-1536x1024.jpeg 1536w, https:\/\/www.pictofoundation.fr\/wp-content\/uploads\/2021\/06\/40B7369-500x333.jpeg 500w, https:\/\/www.pictofoundation.fr\/wp-content\/uploads\/2021\/06\/40B7369-800x533.jpeg 800w, https:\/\/www.pictofoundation.fr\/wp-content\/uploads\/2021\/06\/40B7369-1920x1280.jpeg 1920w, https:\/\/www.pictofoundation.fr\/wp-content\/uploads\/2021\/06\/40B7369.jpeg 1999w\" data-sizes=\"auto\" loading=\"eager\">\n\t\t<div class=\"vp-portfolio__item-overlay\">\n\t\t\t\t\t<\/div>\n\n\t\t<\/a>\t<\/div>\n<\/div>\n\n<div class=\"vp-portfolio__item-overlay vp-portfolio__item-align-center\">\n\t\t\t<div class=\"vp-portfolio__item-meta\">\n\t\t\t\t\t\t\t<h2 class=\"vp-portfolio__item-meta-title\">\n\t\t\t\t\t\t\t\t\t\t\t<a href=\"https:\/\/www.pictofoundation.fr\/wp-content\/uploads\/2021\/06\/40B7369-1920x1280.jpeg\"\n\t\t\t\t\t\t\t\t\t\t\t\t\t>\n\t\t\t\t\t\t\tInstallation, Pascale Arnaud - \u00e9dition 2017\t\t\t\t\t\t<\/a>\n\t\t\t\t\t\t\t\t\t\t<\/h2>\n\t\t\t\t\t\t<\/div>\n\t<\/div>\t\t\t<\/figure>\n\t\t\t\t\t<\/div>\n\t\t\n<\/div>\n\t\t<\/div>\n\t\t\n<\/div>\n[\/vc_column_text][\/vc_column][\/vc_row][vc_section full_width=&#8221;stretch_row&#8221; css=&#8221;.vc_custom_1623248221568{background-color: #f5f5f5 !important;}&#8221;][vc_row][vc_column][vc_raw_html]JTNDZGl2JTIwY2xhc3MlM0QlMjJtYWluJTIyJTIwaWQlM0QlMjJzZWN0aW9uNSUyMiUzRQ==[\/vc_raw_html][\/vc_column][\/vc_row][vc_row content_placement=&#8221;middle&#8221;][vc_column width=&#8221;1\/5&#8243;][vc_single_image image=&#8221;6312&#8243; img_size=&#8221;106&#215;50&#8243; alignment=&#8221;center&#8221;][vc_column_text el_class=&#8221;legendes&#8221;]<\/p>\n<p style=\"text-align: center;\">The Palais Galliera hosts the awards ceremony and offers the winners an opportunity to join their collection.<\/p>\n<p>[\/vc_column_text][\/vc_column][vc_column width=&#8221;1\/5&#8243;][vc_single_image image=&#8221;6306&#8243; img_size=&#8221;100&#215;100&#8243; alignment=&#8221;center&#8221;][vc_column_text el_class=&#8221;legendes&#8221;]<\/p>\n<p style=\"text-align: center;\">Renowned manufacturer of cameras, Leica provides a camera for the first prize.<\/p>\n<p>[\/vc_column_text][\/vc_column][vc_column width=&#8221;1\/5&#8243;][vc_single_image image=&#8221;6311&#8243; img_size=&#8221;93&#215;50&#8243; alignment=&#8221;center&#8221; onclick=&#8221;custom_link&#8221; link=&#8221;https:\/\/www.pictofoundation.fr\/en\/prix-picto-de-la-mode-le19m-metiers-dart-photography-grant\/&#8221;][vc_column_text el_class=&#8221;legendes&#8221;]<\/p>\n<p style=\"text-align: center;\"><em>le<\/em>19M presents <em>le<\/em>19M M\u00e9tiers d\u2019Art Photography grant<\/p>\n<p>[\/vc_column_text][\/vc_column][vc_column width=&#8221;1\/5&#8243;][vc_single_image image=&#8221;10455&#8243; img_size=&#8221;100&#215;80&#8243; alignment=&#8221;center&#8221;][vc_column_text el_class=&#8221;legendes&#8221;]<\/p>\n<p style=\"text-align: center;\">Photographic Agency.<\/p>\n<p>[\/vc_column_text][\/vc_column][vc_column width=&#8221;1\/5&#8243;][vc_single_image image=&#8221;10457&#8243; img_size=&#8221;100&#215;82&#8243; alignment=&#8221;center&#8221;][vc_column_text el_class=&#8221;legendes&#8221;]<\/p>\n<p style=\"text-align: center;\">Digital Photo Lab.<\/p>\n<p>[\/vc_column_text][\/vc_column][\/vc_row][vc_row content_placement=&#8221;middle&#8221;][vc_column width=&#8221;1\/4&#8243;][vc_single_image image=&#8221;8221&#8243; img_size=&#8221;164&#215;41&#8243; alignment=&#8221;center&#8221;][vc_column_text el_class=&#8221;legendes&#8221;]<\/p>\n<p style=\"text-align: center;\">Louis Roederer champagne accompanies the Picto Fashion Photography Award prize ceremony.<\/p>\n<p>[\/vc_column_text][\/vc_column][vc_column width=&#8221;1\/4&#8243;][vc_single_image image=&#8221;9823&#8243; img_size=&#8221;130&#215;75&#8243; alignment=&#8221;center&#8221;][vc_column_text el_class=&#8221;legendes&#8221;]<\/p>\n<p style=\"text-align: center;\">The Soci\u00e9t\u00e9 des auteurs des arts visuels et de l&#8217;image fixe (SAIF) is a private French copyright management company.<\/p>\n<p>[\/vc_column_text][\/vc_column][vc_column width=&#8221;1\/4&#8243;][vc_single_image image=&#8221;9501&#8243; img_size=&#8221;150&#215;52&#8243; alignment=&#8221;center&#8221;][vc_column_text el_class=&#8221;legendes&#8221;]<\/p>\n<p style=\"text-align: center;\">A label that raises the profile of endangered private copying, and underlines its essential role in the cultural diversity and dynamism.<\/p>\n<p>[\/vc_column_text][\/vc_column][vc_column width=&#8221;1\/4&#8243;][vc_single_image image=&#8221;10453&#8243; img_size=&#8221;120&#215;63&#8243; alignment=&#8221;center&#8221;][vc_column_text el_class=&#8221;legendes&#8221;]<\/p>\n<p style=\"text-align: center;\">Style, media and creative industry is the baseline of this issue.<\/p>\n<p>[\/vc_column_text][\/vc_column][\/vc_row][vc_row content_placement=&#8221;middle&#8221;][vc_column width=&#8221;1\/4&#8243;][vc_single_image image=&#8221;15803&#8243; img_size=&#8221;500&#215;57&#8243; alignment=&#8221;center&#8221;][vc_column_text el_class=&#8221;legendes&#8221;]<\/p>\n<p style=\"text-align: center;\">studio demi is an image consultancy specialised in art buying, creative production, and brand production strategy.<\/p>\n<p>[\/vc_column_text][\/vc_column][vc_column width=&#8221;1\/4&#8243;][vc_single_image image=&#8221;15810&#8243; img_size=&#8221;81&#215;100&#8243; alignment=&#8221;center&#8221;][vc_column_text el_class=&#8221;legendes&#8221;]<\/p>\n<p style=\"text-align: center;\">Prophot supports the production of the portfolios of the nominated photographers.<\/p>\n<p>[\/vc_column_text][\/vc_column][vc_column width=&#8221;1\/4&#8243;][vc_single_image image=&#8221;13503&#8243; img_size=&#8221;226&#215;30&#8243; alignment=&#8221;center&#8221;][vc_column_text el_class=&#8221;legendes&#8221;]<\/p>\n<p style=\"text-align: center;\">Ilford Photo is a British manufacturer of Black and White photographic products.<\/p>\n<p>[\/vc_column_text][\/vc_column][vc_column width=&#8221;1\/4&#8243;][vc_single_image image=&#8221;6319&#8243; img_size=&#8221;157&#215;50&#8243; alignment=&#8221;center&#8221;][vc_column_text el_class=&#8221;legendes&#8221;]<\/p>\n<p style=\"text-align: center;\">Fisheye deciphers the world through contemporary photography, keeping an eye out for emerging talent.<\/p>\n<p>[\/vc_column_text][\/vc_column][\/vc_row][\/vc_section][vc_section][vc_row][vc_column][vc_raw_html]JTNDZGl2JTIwY2xhc3MlM0QlMjJtYWluJTIyJTIwaWQlM0QlMjJzZWN0aW9uOCUyMiUzRQ==[\/vc_raw_html][\/vc_column][\/vc_row][vc_row full_width=&#8221;stretch_row&#8221; content_placement=&#8221;middle&#8221; vlt_overflow_hidden=&#8221;&#8221; css=&#8221;.vc_custom_1538150349363{background-color: #f5f5f5 !important;}&#8221;][vc_column width=&#8221;5\/12&#8243;]<div class=\"ult-spacer spacer-69f02239c93dd\" data-id=\"69f02239c93dd\" data-height=\"80\" data-height-mobile=\"80\" data-height-tab=\"80\" data-height-tab-portrait=\"\" data-height-mobile-landscape=\"\" style=\"clear:both;display:block;\"><\/div><div class=\"vlthemes_custom_69f02239c9402   vlt-animation-block\" data-aos=\"fade\" data-aos-delay=\"0\"><div class=\"vlthemes_custom_69f02239c944d   vlt-section-title text-left\"><h2 style=\"color:;\">Contacts<\/h2><p style=\"color:;\">Head of PICTO Foundation : Chlo\u00e9 Tocabens<br \/>\nProject manager PICTO Foundation : Elena Heurtel-Zannoni <\/p><\/div><\/div><div class=\"vlthemes_custom_69f02239c94a4   vlt-social-icons text-center\"><a href=\"https:\/\/www.facebook.com\/picto.fr\" target=\"_blank\" class=\" vlt-social-icon vlt-social-icon--style-2 facebook-f\"><i class=\"fab fa-facebook-f\"><\/i><\/a><a href=\"http:\/\/www.youtube.com\/channel\/UCsqfP_sDJwM6boWeP7XjNpQ\" target=\"_blank\" class=\" vlt-social-icon vlt-social-icon--style-2 youtube\"><i class=\"fab fa-youtube\"><\/i><\/a><a href=\"https:\/\/www.instagram.com\/pictofr\/\" target=\"_blank\" class=\" vlt-social-icon vlt-social-icon--style-2 instagram\"><i class=\"fab fa-instagram\"><\/i><\/a><\/div><div class=\"vlthemes_custom_69f02239c950f   vlt-animation-block\" data-aos=\"fade\" data-aos-delay=\"0\"><div class=\"vlthemes_custom_69f02239c9542   vlt-section-title text-left\"><p style=\"color:;\">If you wish to contact us regarding the Picto Fashion Photography Award, please use the form below, we will reply as soon as possible.<\/p><\/div><\/div><div class=\"ult-spacer spacer-69f02239c9570\" data-id=\"69f02239c9570\" data-height=\"40\" data-height-mobile=\"40\" data-height-tab=\"40\" data-height-tab-portrait=\"\" data-height-mobile-landscape=\"\" style=\"clear:both;display:block;\"><\/div><div class=\"vlthemes_custom_69f02239c958b   vlt-animation-block\" data-aos=\"fade\" data-aos-delay=\"100\"><div class=\"vlthemes_custom_69f02239c95b7   contact-prix-picto-de-la-mode vlt-dark-alert\">\n<div class=\"wpcf7 no-js\" id=\"wpcf7-f7134-o1\" lang=\"en-US\" dir=\"ltr\" data-wpcf7-id=\"7134\">\n<div class=\"screen-reader-response\"><p role=\"status\" aria-live=\"polite\" aria-atomic=\"true\"><\/p> <ul><\/ul><\/div>\n<form action=\"\/en\/wp-json\/wp\/v2\/pages\/7127#wpcf7-f7134-o1\" method=\"post\" class=\"wpcf7-form init\" aria-label=\"Contact form\" novalidate=\"novalidate\" data-status=\"init\">\n<fieldset class=\"hidden-fields-container\"><input type=\"hidden\" name=\"_wpcf7\" value=\"7134\" \/><input type=\"hidden\" name=\"_wpcf7_version\" value=\"6.1\" \/><input type=\"hidden\" name=\"_wpcf7_locale\" value=\"en_US\" \/><input type=\"hidden\" name=\"_wpcf7_unit_tag\" value=\"wpcf7-f7134-o1\" \/><input type=\"hidden\" name=\"_wpcf7_container_post\" value=\"0\" \/><input type=\"hidden\" name=\"_wpcf7_posted_data_hash\" value=\"\" \/><input type=\"hidden\" name=\"_wpcf7_recaptcha_response\" value=\"\" \/>\n<\/fieldset>\n<div class=\"vlt-form-group vlt-form-group--small\">\n\t<p><span class=\"wpcf7-form-control-wrap\" data-name=\"your-name\"><input size=\"40\" maxlength=\"400\" class=\"wpcf7-form-control wpcf7-text wpcf7-validates-as-required\" aria-required=\"true\" aria-invalid=\"false\" placeholder=\"Votre Nom\" value=\"\" type=\"text\" name=\"your-name\" \/><\/span>\n\t<\/p>\n<\/div>\n<div class=\"vlt-form-group vlt-form-group--small\">\n\t<p><span class=\"wpcf7-form-control-wrap\" data-name=\"your-email\"><input size=\"40\" maxlength=\"400\" class=\"wpcf7-form-control wpcf7-email wpcf7-validates-as-required wpcf7-text wpcf7-validates-as-email\" aria-required=\"true\" aria-invalid=\"false\" placeholder=\"Votre adresse email\" value=\"\" type=\"email\" name=\"your-email\" \/><\/span>\n\t<\/p>\n<\/div>\n<div class=\"vlt-form-group vlt-form-group--small\">\n\t<p><span class=\"wpcf7-form-control-wrap\" data-name=\"your-message\"><textarea cols=\"40\" rows=\"4\" maxlength=\"2000\" class=\"wpcf7-form-control wpcf7-textarea\" aria-invalid=\"false\" placeholder=\"Votre message\" name=\"your-message\"><\/textarea><\/span>\n\t<\/p>\n<\/div>\n<div class=\"vlt-form-group vlt-form-group--small\">\n\t<p><span class=\"wpcf7-form-control-wrap\" data-name=\"contact_acceptance\"><span class=\"wpcf7-form-control wpcf7-acceptance\"><span class=\"wpcf7-list-item\"><label><input type=\"checkbox\" name=\"contact_acceptance\" value=\"1\" aria-invalid=\"false\" \/><span class=\"wpcf7-list-item-label\">En cochant cette case, j'accepte que mes donn\u00e9es soient collect\u00e9es et stock\u00e9es pour l'envoi de ce message.<\/span><\/label><\/span><\/span><\/span>\n\t<\/p>\n<\/div>\n<p><button class=\"wpcf7-form-control wpcf7-submit vlt-btn vlt-btn--primary vlt-btn--lg vlt-btn--effect\"><span>ENVOYER<\/span><\/button>\n<\/p><div class=\"wpcf7-response-output\" aria-hidden=\"true\"><\/div>\n<\/form>\n<\/div>\n<\/div><\/div><div class=\"ult-spacer spacer-69f02239c9fe1\" data-id=\"69f02239c9fe1\" data-height=\"80\" data-height-mobile=\"80\" data-height-tab=\"80\" data-height-tab-portrait=\"\" data-height-mobile-landscape=\"\" style=\"clear:both;display:block;\"><\/div>[\/vc_column][vc_column width=&#8221;1\/12&#8243;][\/vc_column][vc_column width=&#8221;1\/2&#8243; css=&#8221;.vc_custom_1538150499159{padding-left: 0px !important;}&#8221;]<div class=\"vlthemes_custom_69f02239ca00f vlt-stretch-element-inside-column  vlt-simple-image\"><div class=\"vlt-fit-image\" style=\"--size-md: 900px; --size-sm: 100%;\"><img loading=\"lazy\" decoding=\"async\" width=\"718\" height=\"1080\" src=\"https:\/\/www.pictofoundation.fr\/wp-content\/uploads\/2021\/06\/DSC026122-34.jpeg\" class=\"\" alt=\"\" srcset=\"https:\/\/www.pictofoundation.fr\/wp-content\/uploads\/2021\/06\/DSC026122-34.jpeg 718w, https:\/\/www.pictofoundation.fr\/wp-content\/uploads\/2021\/06\/DSC026122-34-199x300.jpeg 199w, https:\/\/www.pictofoundation.fr\/wp-content\/uploads\/2021\/06\/DSC026122-34-681x1024.jpeg 681w, https:\/\/www.pictofoundation.fr\/wp-content\/uploads\/2021\/06\/DSC026122-34-500x752.jpeg 500w\" \/><\/div><\/div>[\/vc_column][\/vc_row][\/vc_section]<\/p>\n","protected":false},"excerpt":{"rendered":"<p>[vc_row full_width=&#8221;stretch_row_content_no_spaces&#8221; full_height=&#8221;yes&#8221; awb_type=&#8221;image&#8221; awb_image_background_position=&#8221;50% 50%&#8221; awb_color=&#8221;rgba(0,0,0,0.83)&#8221; awb_image=&#8221;3299&#8243;][vc_column][vc_empty_space][vc_custom_heading text=&#8221;THE PICTO FASHION PHOTOGRAPHY AWARD&#8221; font_container=&#8221;tag:div|font_size:50|text_align:center|color:%23ffffff&#8221; google_fonts=&#8221;font_family:Lato%3A100%2C100italic%2C300%2C300italic%2Cregular%2Citalic%2C700%2C700italic%2C900%2C900italic|font_style:700%20bold%20regular%3A700%3Anormal&#8221;][\/vc_column][\/vc_row][vc_row full_width=&#8221;stretch_row_content&#8221;][vc_column][vc_column_text el_class=&#8221;legendes&#8221;] \u00a9 Chiron Duong \/ Laureate First Prize &#8211; Picto Fashion Photography Award 2020 [\/vc_column_text][\/vc_column][\/vc_row][vc_row][vc_column][vc_raw_html]JTNDc3R5bGUlM0UlMEFodG1sJTIwJTdCJTBBJTIwJTIwc2Nyb2xsLWJlaGF2aW9yJTNBJTIwc21vb3RoJTNCJTBBJTdEJTBBJTNDJTJGc3R5bGUlM0U=[\/vc_raw_html][\/vc_column][\/vc_row][vc_section][vc_row][vc_column][vc_raw_html]JTNDZGl2JTIwY2xhc3MlM0QlMjJtYWluJTIyJTIwaWQlM0QlMjJzZWN0aW9uMSUyMiUzRQ==[\/vc_raw_html][\/vc_column][\/vc_row][vc_row][vc_column width=&#8221;1\/6&#8243;][\/vc_column][vc_column width=&#8221;2\/3&#8243;][vc_column_text] Presentation The Picto Fashion Photography Award\u00a0 (Prix Picto de la Photographie de Mode) has been a benchmark award for emerging talent in [&hellip;]<\/p>\n","protected":false},"author":3,"featured_media":9588,"parent":0,"menu_order":0,"comment_status":"closed","ping_status":"closed","template":"template-custom-page.php","meta":{"_acf_changed":false,"_vp_format_video_url":"","_vp_image_focal_point":[],"footnotes":""},"class_list":["post-7127","page","type-page","status-publish","has-post-thumbnail","hentry"],"acf":[],"yoast_head":"<!-- This site is optimized with the Yoast SEO plugin v25.4 - https:\/\/yoast.com\/wordpress\/plugins\/seo\/ -->\n<title>Picto Fashion Photography Award - Picto Foundation<\/title>\n<meta name=\"robots\" content=\"index, follow, max-snippet:-1, max-image-preview:large, max-video-preview:-1\" \/>\n<link rel=\"canonical\" href=\"https:\/\/www.pictofoundation.fr\/en\/picto-fashion-photography-award\/\" \/>\n<meta property=\"og:locale\" content=\"en_US\" \/>\n<meta property=\"og:type\" content=\"article\" \/>\n<meta property=\"og:title\" content=\"Picto Fashion Photography Award - Picto Foundation\" \/>\n<meta property=\"og:description\" content=\"[vc_row full_width=&#8221;stretch_row_content_no_spaces&#8221; full_height=&#8221;yes&#8221; awb_type=&#8221;image&#8221; awb_image_background_position=&#8221;50% 50%&#8221; awb_color=&#8221;rgba(0,0,0,0.83)&#8221; awb_image=&#8221;3299&#8243;][vc_column][vc_empty_space][vc_custom_heading text=&#8221;THE PICTO FASHION PHOTOGRAPHY AWARD&#8221; font_container=&#8221;tag:div|font_size:50|text_align:center|color:%23ffffff&#8221; google_fonts=&#8221;font_family:Lato%3A100%2C100italic%2C300%2C300italic%2Cregular%2Citalic%2C700%2C700italic%2C900%2C900italic|font_style:700%20bold%20regular%3A700%3Anormal&#8221;][\/vc_column][\/vc_row][vc_row full_width=&#8221;stretch_row_content&#8221;][vc_column][vc_column_text el_class=&#8221;legendes&#8221;] \u00a9 Chiron Duong \/ Laureate First Prize &#8211; Picto Fashion Photography Award 2020 [\/vc_column_text][\/vc_column][\/vc_row][vc_row][vc_column][vc_raw_html]JTNDc3R5bGUlM0UlMEFodG1sJTIwJTdCJTBBJTIwJTIwc2Nyb2xsLWJlaGF2aW9yJTNBJTIwc21vb3RoJTNCJTBBJTdEJTBBJTNDJTJGc3R5bGUlM0U=[\/vc_raw_html][\/vc_column][\/vc_row][vc_section][vc_row][vc_column][vc_raw_html]JTNDZGl2JTIwY2xhc3MlM0QlMjJtYWluJTIyJTIwaWQlM0QlMjJzZWN0aW9uMSUyMiUzRQ==[\/vc_raw_html][\/vc_column][\/vc_row][vc_row][vc_column width=&#8221;1\/6&#8243;][\/vc_column][vc_column width=&#8221;2\/3&#8243;][vc_column_text] Presentation The Picto Fashion Photography Award\u00a0 (Prix Picto de la Photographie de Mode) has been a benchmark award for emerging talent in [&hellip;]\" \/>\n<meta property=\"og:url\" content=\"https:\/\/www.pictofoundation.fr\/en\/picto-fashion-photography-award\/\" \/>\n<meta property=\"og:site_name\" content=\"Picto Foundation\" \/>\n<meta property=\"article:modified_time\" content=\"2026-02-17T15:01:52+00:00\" \/>\n<meta property=\"og:image\" content=\"https:\/\/www.pictofoundation.fr\/wp-content\/uploads\/2023\/05\/FOUCHER_DISTANCIATIONSOCIALE_7_HD-copie.jpg\" \/>\n\t<meta property=\"og:image:width\" content=\"2500\" \/>\n\t<meta property=\"og:image:height\" content=\"2026\" \/>\n\t<meta property=\"og:image:type\" content=\"image\/jpeg\" \/>\n<meta name=\"twitter:card\" content=\"summary_large_image\" \/>\n<meta name=\"twitter:label1\" content=\"Est. reading time\" \/>\n\t<meta name=\"twitter:data1\" content=\"8 minutes\" \/>\n<script type=\"application\/ld+json\" class=\"yoast-schema-graph\">{\"@context\":\"https:\/\/schema.org\",\"@graph\":[{\"@type\":\"WebPage\",\"@id\":\"https:\/\/www.pictofoundation.fr\/en\/picto-fashion-photography-award\/\",\"url\":\"https:\/\/www.pictofoundation.fr\/en\/picto-fashion-photography-award\/\",\"name\":\"Picto Fashion Photography Award - Picto Foundation\",\"isPartOf\":{\"@id\":\"https:\/\/www.pictofoundation.fr\/en\/#website\"},\"primaryImageOfPage\":{\"@id\":\"https:\/\/www.pictofoundation.fr\/en\/picto-fashion-photography-award\/#primaryimage\"},\"image\":{\"@id\":\"https:\/\/www.pictofoundation.fr\/en\/picto-fashion-photography-award\/#primaryimage\"},\"thumbnailUrl\":\"https:\/\/www.pictofoundation.fr\/wp-content\/uploads\/2023\/05\/FOUCHER_DISTANCIATIONSOCIALE_7_HD-copie.jpg\",\"datePublished\":\"2021-06-01T16:03:01+00:00\",\"dateModified\":\"2026-02-17T15:01:52+00:00\",\"breadcrumb\":{\"@id\":\"https:\/\/www.pictofoundation.fr\/en\/picto-fashion-photography-award\/#breadcrumb\"},\"inLanguage\":\"en-US\",\"potentialAction\":[{\"@type\":\"ReadAction\",\"target\":[\"https:\/\/www.pictofoundation.fr\/en\/picto-fashion-photography-award\/\"]}]},{\"@type\":\"ImageObject\",\"inLanguage\":\"en-US\",\"@id\":\"https:\/\/www.pictofoundation.fr\/en\/picto-fashion-photography-award\/#primaryimage\",\"url\":\"https:\/\/www.pictofoundation.fr\/wp-content\/uploads\/2023\/05\/FOUCHER_DISTANCIATIONSOCIALE_7_HD-copie.jpg\",\"contentUrl\":\"https:\/\/www.pictofoundation.fr\/wp-content\/uploads\/2023\/05\/FOUCHER_DISTANCIATIONSOCIALE_7_HD-copie.jpg\",\"width\":2500,\"height\":2026,\"caption\":\"\u00a9 Annabelle Foucher, Laureate of the Grand Prix Picto de la Photographie de Mode 2023\"},{\"@type\":\"BreadcrumbList\",\"@id\":\"https:\/\/www.pictofoundation.fr\/en\/picto-fashion-photography-award\/#breadcrumb\",\"itemListElement\":[{\"@type\":\"ListItem\",\"position\":1,\"name\":\"Accueil\",\"item\":\"https:\/\/www.pictofoundation.fr\/en\/\"},{\"@type\":\"ListItem\",\"position\":2,\"name\":\"Picto Fashion Photography Award\"}]},{\"@type\":\"WebSite\",\"@id\":\"https:\/\/www.pictofoundation.fr\/en\/#website\",\"url\":\"https:\/\/www.pictofoundation.fr\/en\/\",\"name\":\"Picto Foundation\",\"description\":\"Site de la fondation Picto, Groupe Picto\",\"potentialAction\":[{\"@type\":\"SearchAction\",\"target\":{\"@type\":\"EntryPoint\",\"urlTemplate\":\"https:\/\/www.pictofoundation.fr\/en\/?s={search_term_string}\"},\"query-input\":{\"@type\":\"PropertyValueSpecification\",\"valueRequired\":true,\"valueName\":\"search_term_string\"}}],\"inLanguage\":\"en-US\"}]}<\/script>\n<!-- \/ Yoast SEO plugin. -->","yoast_head_json":{"title":"Picto Fashion Photography Award - Picto Foundation","robots":{"index":"index","follow":"follow","max-snippet":"max-snippet:-1","max-image-preview":"max-image-preview:large","max-video-preview":"max-video-preview:-1"},"canonical":"https:\/\/www.pictofoundation.fr\/en\/picto-fashion-photography-award\/","og_locale":"en_US","og_type":"article","og_title":"Picto Fashion Photography Award - Picto Foundation","og_description":"[vc_row full_width=&#8221;stretch_row_content_no_spaces&#8221; full_height=&#8221;yes&#8221; awb_type=&#8221;image&#8221; awb_image_background_position=&#8221;50% 50%&#8221; awb_color=&#8221;rgba(0,0,0,0.83)&#8221; awb_image=&#8221;3299&#8243;][vc_column][vc_empty_space][vc_custom_heading text=&#8221;THE PICTO FASHION PHOTOGRAPHY AWARD&#8221; font_container=&#8221;tag:div|font_size:50|text_align:center|color:%23ffffff&#8221; google_fonts=&#8221;font_family:Lato%3A100%2C100italic%2C300%2C300italic%2Cregular%2Citalic%2C700%2C700italic%2C900%2C900italic|font_style:700%20bold%20regular%3A700%3Anormal&#8221;][\/vc_column][\/vc_row][vc_row full_width=&#8221;stretch_row_content&#8221;][vc_column][vc_column_text el_class=&#8221;legendes&#8221;] \u00a9 Chiron Duong \/ Laureate First Prize &#8211; Picto Fashion Photography Award 2020 [\/vc_column_text][\/vc_column][\/vc_row][vc_row][vc_column][vc_raw_html]JTNDc3R5bGUlM0UlMEFodG1sJTIwJTdCJTBBJTIwJTIwc2Nyb2xsLWJlaGF2aW9yJTNBJTIwc21vb3RoJTNCJTBBJTdEJTBBJTNDJTJGc3R5bGUlM0U=[\/vc_raw_html][\/vc_column][\/vc_row][vc_section][vc_row][vc_column][vc_raw_html]JTNDZGl2JTIwY2xhc3MlM0QlMjJtYWluJTIyJTIwaWQlM0QlMjJzZWN0aW9uMSUyMiUzRQ==[\/vc_raw_html][\/vc_column][\/vc_row][vc_row][vc_column width=&#8221;1\/6&#8243;][\/vc_column][vc_column width=&#8221;2\/3&#8243;][vc_column_text] Presentation The Picto Fashion Photography Award\u00a0 (Prix Picto de la Photographie de Mode) has been a benchmark award for emerging talent in [&hellip;]","og_url":"https:\/\/www.pictofoundation.fr\/en\/picto-fashion-photography-award\/","og_site_name":"Picto Foundation","article_modified_time":"2026-02-17T15:01:52+00:00","og_image":[{"width":2500,"height":2026,"url":"https:\/\/www.pictofoundation.fr\/wp-content\/uploads\/2023\/05\/FOUCHER_DISTANCIATIONSOCIALE_7_HD-copie.jpg","type":"image\/jpeg"}],"twitter_card":"summary_large_image","twitter_misc":{"Est. reading time":"8 minutes"},"schema":{"@context":"https:\/\/schema.org","@graph":[{"@type":"WebPage","@id":"https:\/\/www.pictofoundation.fr\/en\/picto-fashion-photography-award\/","url":"https:\/\/www.pictofoundation.fr\/en\/picto-fashion-photography-award\/","name":"Picto Fashion Photography Award - Picto Foundation","isPartOf":{"@id":"https:\/\/www.pictofoundation.fr\/en\/#website"},"primaryImageOfPage":{"@id":"https:\/\/www.pictofoundation.fr\/en\/picto-fashion-photography-award\/#primaryimage"},"image":{"@id":"https:\/\/www.pictofoundation.fr\/en\/picto-fashion-photography-award\/#primaryimage"},"thumbnailUrl":"https:\/\/www.pictofoundation.fr\/wp-content\/uploads\/2023\/05\/FOUCHER_DISTANCIATIONSOCIALE_7_HD-copie.jpg","datePublished":"2021-06-01T16:03:01+00:00","dateModified":"2026-02-17T15:01:52+00:00","breadcrumb":{"@id":"https:\/\/www.pictofoundation.fr\/en\/picto-fashion-photography-award\/#breadcrumb"},"inLanguage":"en-US","potentialAction":[{"@type":"ReadAction","target":["https:\/\/www.pictofoundation.fr\/en\/picto-fashion-photography-award\/"]}]},{"@type":"ImageObject","inLanguage":"en-US","@id":"https:\/\/www.pictofoundation.fr\/en\/picto-fashion-photography-award\/#primaryimage","url":"https:\/\/www.pictofoundation.fr\/wp-content\/uploads\/2023\/05\/FOUCHER_DISTANCIATIONSOCIALE_7_HD-copie.jpg","contentUrl":"https:\/\/www.pictofoundation.fr\/wp-content\/uploads\/2023\/05\/FOUCHER_DISTANCIATIONSOCIALE_7_HD-copie.jpg","width":2500,"height":2026,"caption":"\u00a9 Annabelle Foucher, Laureate of the Grand Prix Picto de la Photographie de Mode 2023"},{"@type":"BreadcrumbList","@id":"https:\/\/www.pictofoundation.fr\/en\/picto-fashion-photography-award\/#breadcrumb","itemListElement":[{"@type":"ListItem","position":1,"name":"Accueil","item":"https:\/\/www.pictofoundation.fr\/en\/"},{"@type":"ListItem","position":2,"name":"Picto Fashion Photography Award"}]},{"@type":"WebSite","@id":"https:\/\/www.pictofoundation.fr\/en\/#website","url":"https:\/\/www.pictofoundation.fr\/en\/","name":"Picto Foundation","description":"Site de la fondation Picto, Groupe Picto","potentialAction":[{"@type":"SearchAction","target":{"@type":"EntryPoint","urlTemplate":"https:\/\/www.pictofoundation.fr\/en\/?s={search_term_string}"},"query-input":{"@type":"PropertyValueSpecification","valueRequired":true,"valueName":"search_term_string"}}],"inLanguage":"en-US"}]}},"_links":{"self":[{"href":"https:\/\/www.pictofoundation.fr\/en\/wp-json\/wp\/v2\/pages\/7127","targetHints":{"allow":["GET"]}}],"collection":[{"href":"https:\/\/www.pictofoundation.fr\/en\/wp-json\/wp\/v2\/pages"}],"about":[{"href":"https:\/\/www.pictofoundation.fr\/en\/wp-json\/wp\/v2\/types\/page"}],"author":[{"embeddable":true,"href":"https:\/\/www.pictofoundation.fr\/en\/wp-json\/wp\/v2\/users\/3"}],"replies":[{"embeddable":true,"href":"https:\/\/www.pictofoundation.fr\/en\/wp-json\/wp\/v2\/comments?post=7127"}],"version-history":[{"count":11,"href":"https:\/\/www.pictofoundation.fr\/en\/wp-json\/wp\/v2\/pages\/7127\/revisions"}],"predecessor-version":[{"id":15823,"href":"https:\/\/www.pictofoundation.fr\/en\/wp-json\/wp\/v2\/pages\/7127\/revisions\/15823"}],"wp:featuredmedia":[{"embeddable":true,"href":"https:\/\/www.pictofoundation.fr\/en\/wp-json\/wp\/v2\/media\/9588"}],"wp:attachment":[{"href":"https:\/\/www.pictofoundation.fr\/en\/wp-json\/wp\/v2\/media?parent=7127"}],"curies":[{"name":"wp","href":"https:\/\/api.w.org\/{rel}","templated":true}]}}