{"id":7256,"date":"2021-07-28T17:15:34","date_gmt":"2021-07-28T15:15:34","guid":{"rendered":"https:\/\/www.pictofoundation.fr\/1648455247864\/experimenting-with-images\/les-rencontres-darles\/"},"modified":"2022-03-29T18:00:41","modified_gmt":"2022-03-29T16:00:41","slug":"les-rencontres-darles","status":"publish","type":"page","link":"https:\/\/www.pictofoundation.fr\/en\/experimenting-with-images\/les-rencontres-darles\/","title":{"rendered":"Les Rencontres d&#8217;Arles"},"content":{"rendered":"<p>[vc_row full_width=&#8221;stretch_row_content_no_spaces&#8221; full_height=&#8221;yes&#8221; awb_type=&#8221;image&#8221; awb_image_background_position=&#8221;50% 50%&#8221; awb_color=&#8221;rgba(0,0,0,0.75)&#8221; awb_image=&#8221;4503&#8243;][vc_column][vc_custom_heading source=&#8221;post_title&#8221; font_container=&#8221;tag:div|font_size:50|text_align:center|color:%23ffffff&#8221; google_fonts=&#8221;font_family:Lato%3A100%2C100italic%2C300%2C300italic%2Cregular%2Citalic%2C700%2C700italic%2C900%2C900italic|font_style:700%20bold%20regular%3A700%3Anormal&#8221;]<div id=\"ultimate-heading-134469f035099d00e\" class=\"uvc-heading ult-adjust-bottom-margin ultimate-heading-134469f035099d00e uvc-56 \" data-hspacer=\"no_spacer\"  data-halign=\"center\" style=\"text-align:center\"><div class=\"uvc-heading-spacer no_spacer\" style=\"top\"><\/div><div class=\"uvc-sub-heading ult-responsive\"  data-ultimate-target='.uvc-heading.ultimate-heading-134469f035099d00e .uvc-sub-heading '  data-responsive-json-new='{\"font-size\":\"desktop:20px;\",\"line-height\":\"\"}'  style=\"font-family:&#039;Lato&#039;;font-weight:300;color:#ffffff;\">The first international festival dedicated to photography<\/div><\/div>[\/vc_column][\/vc_row][vc_row full_width=&#8221;stretch_row_content&#8221;][vc_column][vc_column_text el_class=&#8221;legendes&#8221;]<\/p>\n<p style=\"text-align: right;\">Untitled, D\u00e9sid\u00e9ration series, 2000-2021 \u00a9 SMITH<\/p>\n<p>[\/vc_column_text][\/vc_column][\/vc_row][vc_section][vc_row][vc_column width=&#8221;1\/6&#8243;][\/vc_column][vc_column width=&#8221;2\/3&#8243;][vc_column_text]Since 1970, Les Rencontres d&#8217;Arles, founded by Lucien Clergue, Michel Tournier and Jean-Maurice Rouquette, has brought together the best of contemporary photography every summer. The photographs exhibited there are usually new productions.<\/p>\n<p>In addition to the exhibitions, the festival, directed by Christoph Wiesner, offers a programme of screenings, meetings and debates, as well as various initiatives dedicated to photo editing and the famous Nuit de l\u2019Ann\u00e9e.<\/p>\n<p>An event that Picto Foundation has chosen to support in the long term by placing the expertise of Picto laboratories at the service of the organisers&#8217; ambitions and the needs of photographers.[\/vc_column_text]<div class=\"ult-spacer spacer-69f035099d05f\" data-id=\"69f035099d05f\" data-height=\"50\" data-height-mobile=\"50\" data-height-tab=\"50\" data-height-tab-portrait=\"\" data-height-mobile-landscape=\"\" style=\"clear:both;display:block;\"><\/div>[\/vc_column][vc_column width=&#8221;1\/6&#8243;][\/vc_column][\/vc_row][\/vc_section]<\/p>\n","protected":false},"excerpt":{"rendered":"<p>[vc_row full_width=&#8221;stretch_row_content_no_spaces&#8221; full_height=&#8221;yes&#8221; awb_type=&#8221;image&#8221; awb_image_background_position=&#8221;50% 50%&#8221; awb_color=&#8221;rgba(0,0,0,0.75)&#8221; awb_image=&#8221;4503&#8243;][vc_column][vc_custom_heading source=&#8221;post_title&#8221; font_container=&#8221;tag:div|font_size:50|text_align:center|color:%23ffffff&#8221; google_fonts=&#8221;font_family:Lato%3A100%2C100italic%2C300%2C300italic%2Cregular%2Citalic%2C700%2C700italic%2C900%2C900italic|font_style:700%20bold%20regular%3A700%3Anormal&#8221;][\/vc_column][\/vc_row][vc_row full_width=&#8221;stretch_row_content&#8221;][vc_column][vc_column_text el_class=&#8221;legendes&#8221;] Untitled, D\u00e9sid\u00e9ration series, 2000-2021 \u00a9 SMITH [\/vc_column_text][\/vc_column][\/vc_row][vc_section][vc_row][vc_column width=&#8221;1\/6&#8243;][\/vc_column][vc_column width=&#8221;2\/3&#8243;][vc_column_text]Since 1970, Les Rencontres d&#8217;Arles, founded by Lucien Clergue, Michel Tournier and Jean-Maurice Rouquette, has brought together the best of contemporary photography every summer. The photographs exhibited there are usually new productions. In addition [&hellip;]<\/p>\n","protected":false},"author":3,"featured_media":6627,"parent":7141,"menu_order":0,"comment_status":"closed","ping_status":"closed","template":"template-custom-page.php","meta":{"_acf_changed":false,"_vp_format_video_url":"","_vp_image_focal_point":[],"footnotes":""},"class_list":["post-7256","page","type-page","status-publish","has-post-thumbnail","hentry"],"acf":[],"yoast_head":"<!-- This site is optimized with the Yoast SEO plugin v25.4 - https:\/\/yoast.com\/wordpress\/plugins\/seo\/ -->\n<title>Les Rencontres d&#039;Arles - Picto Foundation<\/title>\n<meta name=\"robots\" content=\"index, follow, max-snippet:-1, max-image-preview:large, max-video-preview:-1\" \/>\n<link rel=\"canonical\" href=\"https:\/\/www.pictofoundation.fr\/en\/experimenting-with-images\/les-rencontres-darles\/\" \/>\n<meta property=\"og:locale\" content=\"en_US\" \/>\n<meta property=\"og:type\" content=\"article\" \/>\n<meta property=\"og:title\" content=\"Les Rencontres d&#039;Arles - Picto Foundation\" \/>\n<meta property=\"og:description\" content=\"[vc_row full_width=&#8221;stretch_row_content_no_spaces&#8221; full_height=&#8221;yes&#8221; awb_type=&#8221;image&#8221; awb_image_background_position=&#8221;50% 50%&#8221; awb_color=&#8221;rgba(0,0,0,0.75)&#8221; awb_image=&#8221;4503&#8243;][vc_column][vc_custom_heading source=&#8221;post_title&#8221; font_container=&#8221;tag:div|font_size:50|text_align:center|color:%23ffffff&#8221; google_fonts=&#8221;font_family:Lato%3A100%2C100italic%2C300%2C300italic%2Cregular%2Citalic%2C700%2C700italic%2C900%2C900italic|font_style:700%20bold%20regular%3A700%3Anormal&#8221;][\/vc_column][\/vc_row][vc_row full_width=&#8221;stretch_row_content&#8221;][vc_column][vc_column_text el_class=&#8221;legendes&#8221;] Untitled, D\u00e9sid\u00e9ration series, 2000-2021 \u00a9 SMITH [\/vc_column_text][\/vc_column][\/vc_row][vc_section][vc_row][vc_column width=&#8221;1\/6&#8243;][\/vc_column][vc_column width=&#8221;2\/3&#8243;][vc_column_text]Since 1970, Les Rencontres d&#8217;Arles, founded by Lucien Clergue, Michel Tournier and Jean-Maurice Rouquette, has brought together the best of contemporary photography every summer. The photographs exhibited there are usually new productions. In addition [&hellip;]\" \/>\n<meta property=\"og:url\" content=\"https:\/\/www.pictofoundation.fr\/en\/experimenting-with-images\/les-rencontres-darles\/\" \/>\n<meta property=\"og:site_name\" content=\"Picto Foundation\" \/>\n<meta property=\"article:modified_time\" content=\"2022-03-29T16:00:41+00:00\" \/>\n<meta property=\"og:image\" content=\"https:\/\/www.pictofoundation.fr\/wp-content\/uploads\/2021\/07\/home_block_item_file_4.jpeg\" \/>\n\t<meta property=\"og:image:width\" content=\"1600\" \/>\n\t<meta property=\"og:image:height\" content=\"1213\" \/>\n\t<meta property=\"og:image:type\" content=\"image\/jpeg\" \/>\n<meta name=\"twitter:card\" content=\"summary_large_image\" \/>\n<meta name=\"twitter:label1\" content=\"Est. reading time\" \/>\n\t<meta name=\"twitter:data1\" content=\"1 minute\" \/>\n<script type=\"application\/ld+json\" class=\"yoast-schema-graph\">{\"@context\":\"https:\/\/schema.org\",\"@graph\":[{\"@type\":\"WebPage\",\"@id\":\"https:\/\/www.pictofoundation.fr\/en\/experimenting-with-images\/les-rencontres-darles\/\",\"url\":\"https:\/\/www.pictofoundation.fr\/en\/experimenting-with-images\/les-rencontres-darles\/\",\"name\":\"Les Rencontres d'Arles - Picto Foundation\",\"isPartOf\":{\"@id\":\"https:\/\/www.pictofoundation.fr\/en\/#website\"},\"primaryImageOfPage\":{\"@id\":\"https:\/\/www.pictofoundation.fr\/en\/experimenting-with-images\/les-rencontres-darles\/#primaryimage\"},\"image\":{\"@id\":\"https:\/\/www.pictofoundation.fr\/en\/experimenting-with-images\/les-rencontres-darles\/#primaryimage\"},\"thumbnailUrl\":\"https:\/\/www.pictofoundation.fr\/wp-content\/uploads\/2021\/07\/home_block_item_file_4.jpeg\",\"datePublished\":\"2021-07-28T15:15:34+00:00\",\"dateModified\":\"2022-03-29T16:00:41+00:00\",\"breadcrumb\":{\"@id\":\"https:\/\/www.pictofoundation.fr\/en\/experimenting-with-images\/les-rencontres-darles\/#breadcrumb\"},\"inLanguage\":\"en-US\",\"potentialAction\":[{\"@type\":\"ReadAction\",\"target\":[\"https:\/\/www.pictofoundation.fr\/en\/experimenting-with-images\/les-rencontres-darles\/\"]}]},{\"@type\":\"ImageObject\",\"inLanguage\":\"en-US\",\"@id\":\"https:\/\/www.pictofoundation.fr\/en\/experimenting-with-images\/les-rencontres-darles\/#primaryimage\",\"url\":\"https:\/\/www.pictofoundation.fr\/wp-content\/uploads\/2021\/07\/home_block_item_file_4.jpeg\",\"contentUrl\":\"https:\/\/www.pictofoundation.fr\/wp-content\/uploads\/2021\/07\/home_block_item_file_4.jpeg\",\"width\":1600,\"height\":1213,\"caption\":\"Sans titre, s\u00e9rie D\u00e9sid\u00e9ration, 2000-2021 \u00a9 SMITH\"},{\"@type\":\"BreadcrumbList\",\"@id\":\"https:\/\/www.pictofoundation.fr\/en\/experimenting-with-images\/les-rencontres-darles\/#breadcrumb\",\"itemListElement\":[{\"@type\":\"ListItem\",\"position\":1,\"name\":\"Accueil\",\"item\":\"https:\/\/www.pictofoundation.fr\/en\/\"},{\"@type\":\"ListItem\",\"position\":2,\"name\":\"EXPERIMENTING WITH IMAGES\",\"item\":\"https:\/\/www.pictofoundation.fr\/en\/experimenting-with-images\/\"},{\"@type\":\"ListItem\",\"position\":3,\"name\":\"Les Rencontres d&#8217;Arles\"}]},{\"@type\":\"WebSite\",\"@id\":\"https:\/\/www.pictofoundation.fr\/en\/#website\",\"url\":\"https:\/\/www.pictofoundation.fr\/en\/\",\"name\":\"Picto Foundation\",\"description\":\"Site de la fondation Picto, Groupe Picto\",\"potentialAction\":[{\"@type\":\"SearchAction\",\"target\":{\"@type\":\"EntryPoint\",\"urlTemplate\":\"https:\/\/www.pictofoundation.fr\/en\/?s={search_term_string}\"},\"query-input\":{\"@type\":\"PropertyValueSpecification\",\"valueRequired\":true,\"valueName\":\"search_term_string\"}}],\"inLanguage\":\"en-US\"}]}<\/script>\n<!-- \/ Yoast SEO plugin. -->","yoast_head_json":{"title":"Les Rencontres d'Arles - Picto Foundation","robots":{"index":"index","follow":"follow","max-snippet":"max-snippet:-1","max-image-preview":"max-image-preview:large","max-video-preview":"max-video-preview:-1"},"canonical":"https:\/\/www.pictofoundation.fr\/en\/experimenting-with-images\/les-rencontres-darles\/","og_locale":"en_US","og_type":"article","og_title":"Les Rencontres d'Arles - Picto Foundation","og_description":"[vc_row full_width=&#8221;stretch_row_content_no_spaces&#8221; full_height=&#8221;yes&#8221; awb_type=&#8221;image&#8221; awb_image_background_position=&#8221;50% 50%&#8221; awb_color=&#8221;rgba(0,0,0,0.75)&#8221; awb_image=&#8221;4503&#8243;][vc_column][vc_custom_heading source=&#8221;post_title&#8221; font_container=&#8221;tag:div|font_size:50|text_align:center|color:%23ffffff&#8221; google_fonts=&#8221;font_family:Lato%3A100%2C100italic%2C300%2C300italic%2Cregular%2Citalic%2C700%2C700italic%2C900%2C900italic|font_style:700%20bold%20regular%3A700%3Anormal&#8221;][\/vc_column][\/vc_row][vc_row full_width=&#8221;stretch_row_content&#8221;][vc_column][vc_column_text el_class=&#8221;legendes&#8221;] Untitled, D\u00e9sid\u00e9ration series, 2000-2021 \u00a9 SMITH [\/vc_column_text][\/vc_column][\/vc_row][vc_section][vc_row][vc_column width=&#8221;1\/6&#8243;][\/vc_column][vc_column width=&#8221;2\/3&#8243;][vc_column_text]Since 1970, Les Rencontres d&#8217;Arles, founded by Lucien Clergue, Michel Tournier and Jean-Maurice Rouquette, has brought together the best of contemporary photography every summer. The photographs exhibited there are usually new productions. In addition [&hellip;]","og_url":"https:\/\/www.pictofoundation.fr\/en\/experimenting-with-images\/les-rencontres-darles\/","og_site_name":"Picto Foundation","article_modified_time":"2022-03-29T16:00:41+00:00","og_image":[{"width":1600,"height":1213,"url":"https:\/\/www.pictofoundation.fr\/wp-content\/uploads\/2021\/07\/home_block_item_file_4.jpeg","type":"image\/jpeg"}],"twitter_card":"summary_large_image","twitter_misc":{"Est. reading time":"1 minute"},"schema":{"@context":"https:\/\/schema.org","@graph":[{"@type":"WebPage","@id":"https:\/\/www.pictofoundation.fr\/en\/experimenting-with-images\/les-rencontres-darles\/","url":"https:\/\/www.pictofoundation.fr\/en\/experimenting-with-images\/les-rencontres-darles\/","name":"Les Rencontres d'Arles - Picto Foundation","isPartOf":{"@id":"https:\/\/www.pictofoundation.fr\/en\/#website"},"primaryImageOfPage":{"@id":"https:\/\/www.pictofoundation.fr\/en\/experimenting-with-images\/les-rencontres-darles\/#primaryimage"},"image":{"@id":"https:\/\/www.pictofoundation.fr\/en\/experimenting-with-images\/les-rencontres-darles\/#primaryimage"},"thumbnailUrl":"https:\/\/www.pictofoundation.fr\/wp-content\/uploads\/2021\/07\/home_block_item_file_4.jpeg","datePublished":"2021-07-28T15:15:34+00:00","dateModified":"2022-03-29T16:00:41+00:00","breadcrumb":{"@id":"https:\/\/www.pictofoundation.fr\/en\/experimenting-with-images\/les-rencontres-darles\/#breadcrumb"},"inLanguage":"en-US","potentialAction":[{"@type":"ReadAction","target":["https:\/\/www.pictofoundation.fr\/en\/experimenting-with-images\/les-rencontres-darles\/"]}]},{"@type":"ImageObject","inLanguage":"en-US","@id":"https:\/\/www.pictofoundation.fr\/en\/experimenting-with-images\/les-rencontres-darles\/#primaryimage","url":"https:\/\/www.pictofoundation.fr\/wp-content\/uploads\/2021\/07\/home_block_item_file_4.jpeg","contentUrl":"https:\/\/www.pictofoundation.fr\/wp-content\/uploads\/2021\/07\/home_block_item_file_4.jpeg","width":1600,"height":1213,"caption":"Sans titre, s\u00e9rie D\u00e9sid\u00e9ration, 2000-2021 \u00a9 SMITH"},{"@type":"BreadcrumbList","@id":"https:\/\/www.pictofoundation.fr\/en\/experimenting-with-images\/les-rencontres-darles\/#breadcrumb","itemListElement":[{"@type":"ListItem","position":1,"name":"Accueil","item":"https:\/\/www.pictofoundation.fr\/en\/"},{"@type":"ListItem","position":2,"name":"EXPERIMENTING WITH IMAGES","item":"https:\/\/www.pictofoundation.fr\/en\/experimenting-with-images\/"},{"@type":"ListItem","position":3,"name":"Les Rencontres d&#8217;Arles"}]},{"@type":"WebSite","@id":"https:\/\/www.pictofoundation.fr\/en\/#website","url":"https:\/\/www.pictofoundation.fr\/en\/","name":"Picto Foundation","description":"Site de la fondation Picto, Groupe Picto","potentialAction":[{"@type":"SearchAction","target":{"@type":"EntryPoint","urlTemplate":"https:\/\/www.pictofoundation.fr\/en\/?s={search_term_string}"},"query-input":{"@type":"PropertyValueSpecification","valueRequired":true,"valueName":"search_term_string"}}],"inLanguage":"en-US"}]}},"_links":{"self":[{"href":"https:\/\/www.pictofoundation.fr\/en\/wp-json\/wp\/v2\/pages\/7256","targetHints":{"allow":["GET"]}}],"collection":[{"href":"https:\/\/www.pictofoundation.fr\/en\/wp-json\/wp\/v2\/pages"}],"about":[{"href":"https:\/\/www.pictofoundation.fr\/en\/wp-json\/wp\/v2\/types\/page"}],"author":[{"embeddable":true,"href":"https:\/\/www.pictofoundation.fr\/en\/wp-json\/wp\/v2\/users\/3"}],"replies":[{"embeddable":true,"href":"https:\/\/www.pictofoundation.fr\/en\/wp-json\/wp\/v2\/comments?post=7256"}],"version-history":[{"count":0,"href":"https:\/\/www.pictofoundation.fr\/en\/wp-json\/wp\/v2\/pages\/7256\/revisions"}],"up":[{"embeddable":true,"href":"https:\/\/www.pictofoundation.fr\/en\/wp-json\/wp\/v2\/pages\/7141"}],"wp:featuredmedia":[{"embeddable":true,"href":"https:\/\/www.pictofoundation.fr\/en\/wp-json\/wp\/v2\/media\/6627"}],"wp:attachment":[{"href":"https:\/\/www.pictofoundation.fr\/en\/wp-json\/wp\/v2\/media?parent=7256"}],"curies":[{"name":"wp","href":"https:\/\/api.w.org\/{rel}","templated":true}]}}