{"id":7277,"date":"2021-08-07T11:56:14","date_gmt":"2021-08-07T09:56:14","guid":{"rendered":"https:\/\/www.pictofoundation.fr\/1648455247864\/experimenting-with-images\/estee-lauder-pink-ribbon-photo-award\/"},"modified":"2024-05-30T16:37:50","modified_gmt":"2024-05-30T14:37:50","slug":"estee-lauder-pink-ribbon-photo-award","status":"publish","type":"page","link":"https:\/\/www.pictofoundation.fr\/en\/experimenting-with-images\/estee-lauder-pink-ribbon-photo-award\/","title":{"rendered":"Est\u00e9e Lauder Pink Ribbon Photo Award"},"content":{"rendered":"<p>[vc_row full_width=&#8221;stretch_row_content_no_spaces&#8221; full_height=&#8221;yes&#8221; awb_type=&#8221;image&#8221; awb_image_background_position=&#8221;50% 50%&#8221; awb_color=&#8221;rgba(0,0,0,0.75)&#8221; awb_image=&#8221;4643&#8243;][vc_column][vc_custom_heading source=&#8221;post_title&#8221; font_container=&#8221;tag:div|font_size:50|text_align:center|color:%23ffffff&#8221; google_fonts=&#8221;font_family:Lato%3A100%2C100italic%2C300%2C300italic%2Cregular%2Citalic%2C700%2C700italic%2C900%2C900italic|font_style:700%20bold%20regular%3A700%3Anormal&#8221;]<div id=\"ultimate-heading-817669f3af04d74be\" class=\"uvc-heading ult-adjust-bottom-margin ultimate-heading-817669f3af04d74be uvc-6852 \" data-hspacer=\"no_spacer\"  data-halign=\"center\" style=\"text-align:center\"><div class=\"uvc-heading-spacer no_spacer\" style=\"top\"><\/div><div class=\"uvc-sub-heading ult-responsive\"  data-ultimate-target='.uvc-heading.ultimate-heading-817669f3af04d74be .uvc-sub-heading '  data-responsive-json-new='{\"font-size\":\"desktop:20px;\",\"line-height\":\"\"}'  style=\"font-family:&#039;Lato&#039;;font-weight:300;color:#ffffff;\">Raising awareness, bringing people together and getting involved<\/div><\/div>[\/vc_column][\/vc_row][vc_row full_width=&#8221;stretch_row_content&#8221;][vc_column][vc_column_text el_class=&#8221;legendes&#8221;]<\/p>\n<p style=\"text-align: right;\">\u00a9 Anne Lefevre<\/p>\n<p>[\/vc_column_text][\/vc_column][\/vc_row][vc_section][vc_row][vc_column width=&#8221;1\/6&#8243;][\/vc_column][vc_column width=&#8221;2\/3&#8243;][vc_column_text]Launched in 2012 by the <strong>Est\u00e9e Lauder France<\/strong> group on the occasion of the Pink Ribbon and in tribute to Evelyn H. Lauder, the founder of Pink October, this photo contest helps to mobilise the general public in favour of the early detection of breast cancer. As the only nationwide competition on the subject, it is increasingly successful each year.[\/vc_column_text]<div class=\"ult-spacer spacer-69f3af04d7512\" data-id=\"69f3af04d7512\" data-height=\"50\" data-height-mobile=\"50\" data-height-tab=\"50\" data-height-tab-portrait=\"\" data-height-mobile-landscape=\"\" style=\"clear:both;display:block;\"><\/div>[\/vc_column][vc_column width=&#8221;1\/6&#8243;][\/vc_column][\/vc_row][\/vc_section][vc_row][vc_column]\n<div class=\"vp-portfolio vp-uid-78242b26 vp-id-5071  \"\n\tdata-vp-layout=\"tiles\" data-vp-content-source=\"post-based\" data-vp-items-style=\"leedo_post_masonry\" data-vp-items-click-action=\"url\" data-vp-items-gap=\"20\" data-vp-items-gap-vertical=\"50\" data-vp-pagination=\"load-more\" data-vp-next-page-url=\"\" data-vp-tiles-type=\"3|1,0.8|\" >\n\t<div class=\"vp-portfolio__preloader-wrap\">\n\t\t<div class=\"vp-portfolio__preloader\">\n\t\t\t<img decoding=\"async\" loading=\"eager\" src=\"https:\/\/www.pictofoundation.fr\/wp-content\/plugins\/visual-portfolio\/assets\/images\/logo-dark.svg\" alt=\"Visual Portfolio, Posts &amp; Image Gallery for WordPress\" width=\"20\" height=\"20\" data-skip-lazy>\n\t\t<\/div>\n\t<\/div>\n\t\t<div class=\"vp-portfolio__items-wrap\">\n\t\t\t\n<div class=\"vp-portfolio__items vp-portfolio__items-style-leedo_post_masonry\">\n\n\t\t<article\t\tclass=\"vp-portfolio__item-wrap post-14966 post type-post status-publish format-standard has-post-thumbnail hentry category-uncategorized tag-concours-en tag-estee-lauder-pink-ribbon-photo-award-en tag-solidarite-en vp-portfolio__item-uid-99c7f30b\" data-vp-filter=\"uncategorized\" \t\t>\n\t\t\t\t\t\t\t\t\t<figure class=\"vp-portfolio__item\">\n\t\t\t\t\n<article class=\"vlt-post vlt-post--style-masonry post-14966 post type-post status-publish format-standard has-post-thumbnail hentry category-uncategorized tag-concours-en tag-estee-lauder-pink-ribbon-photo-award-en tag-solidarite-en\">\n\n\t\t\t<div class=\"vp-portfolio__item-img-wrap\">\n\t\t\t<div class=\"vp-portfolio__item-img\">\n\n\t\t\t\t\t<a\n\t\thref=\"https:\/\/www.pictofoundation.fr\/en\/participez-a-la-13eme-edition-du-estee-lauder-companies-pink-ribbon-photo-award\/\"\n\t\t\t>\n\t\n\t\t\t\t<noscript><img loading=\"lazy\" decoding=\"async\" width=\"1200\" height=\"630\" src=\"https:\/\/www.pictofoundation.fr\/wp-content\/uploads\/2025\/06\/facebook_shared-copie.jpg\" class=\"wp-image-14967\" alt=\"\" srcset=\"https:\/\/www.pictofoundation.fr\/wp-content\/uploads\/2025\/06\/facebook_shared-copie.jpg 1200w, https:\/\/www.pictofoundation.fr\/wp-content\/uploads\/2025\/06\/facebook_shared-copie-300x158.jpg 300w, https:\/\/www.pictofoundation.fr\/wp-content\/uploads\/2025\/06\/facebook_shared-copie-1024x538.jpg 1024w, https:\/\/www.pictofoundation.fr\/wp-content\/uploads\/2025\/06\/facebook_shared-copie-768x403.jpg 768w, https:\/\/www.pictofoundation.fr\/wp-content\/uploads\/2025\/06\/facebook_shared-copie-500x263.jpg 500w, https:\/\/www.pictofoundation.fr\/wp-content\/uploads\/2025\/06\/facebook_shared-copie-800x420.jpg 800w\" sizes=\"auto, (max-width: 1200px) 100vw, 1200px\" \/><\/noscript><img fetchpriority=\"high\" decoding=\"async\" width=\"1200\" height=\"630\" src=\"https:\/\/www.pictofoundation.fr\/wp-content\/uploads\/2025\/06\/facebook_shared-copie.jpg\" class=\"wp-image-14967 vp-lazyload\" alt srcset=\"data:image\/svg+xml;base64,PHN2ZyB3aWR0aD0iMTIwMCIgaGVpZ2h0PSI2MzAiIHZpZXdCb3g9IjAgMCAxMjAwIDYzMCIgZmlsbD0ibm9uZSIgeG1sbnM9Imh0dHA6Ly93d3cudzMub3JnLzIwMDAvc3ZnIj48L3N2Zz4=\" data-src=\"https:\/\/www.pictofoundation.fr\/wp-content\/uploads\/2025\/06\/facebook_shared-copie.jpg\" data-srcset=\"https:\/\/www.pictofoundation.fr\/wp-content\/uploads\/2025\/06\/facebook_shared-copie.jpg 1200w, https:\/\/www.pictofoundation.fr\/wp-content\/uploads\/2025\/06\/facebook_shared-copie-300x158.jpg 300w, https:\/\/www.pictofoundation.fr\/wp-content\/uploads\/2025\/06\/facebook_shared-copie-1024x538.jpg 1024w, https:\/\/www.pictofoundation.fr\/wp-content\/uploads\/2025\/06\/facebook_shared-copie-768x403.jpg 768w, https:\/\/www.pictofoundation.fr\/wp-content\/uploads\/2025\/06\/facebook_shared-copie-500x263.jpg 500w, https:\/\/www.pictofoundation.fr\/wp-content\/uploads\/2025\/06\/facebook_shared-copie-800x420.jpg 800w\" data-sizes=\"auto\" loading=\"eager\">\n\t\t\t\t<\/a>\n\t\t\t<\/div>\n\t\t<\/div>\n\t\t<!-- \/.vp-portfolio__item-img-wrap -->\n\t\n\t<div class=\"vlt-post-content\">\n\n\t\t<header class=\"vlt-post-header\">\n\t\t\t\r\n<h3 class=\"vlt-post-title\"><a href=\"https:\/\/www.pictofoundation.fr\/en\/participez-a-la-13eme-edition-du-estee-lauder-companies-pink-ribbon-photo-award\/\">Participez \u00e0 la 13\u00e8me \u00e9dition du Est\u00e9e Lauder Companies Pink Ribbon Photo Award<\/a><\/h3>\r\n<!-- \/.vlt-post-title -->\t\t\t\r\n<div class=\"vlt-post-meta vlt-display-1\">\r\n\r\n\t<span><time datetime=\"2025-06-12T12:29:10+02:00\">12 June 2025<\/time><\/span>\r\n\r\n\t\t\t<span><a href=\"https:\/\/www.pictofoundation.fr\/en\/category\/uncategorized\/\">Uncategorized<\/a><\/span>\r\n\t\r\n<\/div>\r\n<!-- \/.vlt-post-meta -->\t\t<\/header>\n\t\t<!-- \/.vlt-post-header -->\n\n\t\t<div class=\"vlt-post-excerpt\">\n\t\t\tL&#039;appel \u00e0 candidature de la 13\u00e8me \u00e9dition du Est\u00e9e Lauder Companies Pink Ribbon Photo Award vient d&#039;ouvrir et vous avez ... \t\t<\/div>\n\t\t<!-- \/.vlt-post-excerpt -->\n\n\t<\/div>\n\t<!-- \/.vlt-post-content -->\n\n<\/article>\n<!-- \/.vlt-post -->\t\t\t<\/figure>\n\t\t\t\t\t<\/article>\n\t\t\n\t\t<article\t\tclass=\"vp-portfolio__item-wrap post-12213 post type-post status-publish format-standard has-post-thumbnail hentry category-prix-en tag-concours-en tag-estee-lauder-pink-ribbon-photo-award-en tag-solidarite-en vp-portfolio__item-uid-8fd2217e\" data-vp-filter=\"prix-en\" \t\t>\n\t\t\t\t\t\t\t\t\t<figure class=\"vp-portfolio__item\">\n\t\t\t\t\n<article class=\"vlt-post vlt-post--style-masonry post-12213 post type-post status-publish format-standard has-post-thumbnail hentry category-prix-en tag-concours-en tag-estee-lauder-pink-ribbon-photo-award-en tag-solidarite-en\">\n\n\t\t\t<div class=\"vp-portfolio__item-img-wrap\">\n\t\t\t<div class=\"vp-portfolio__item-img\">\n\n\t\t\t\t\t<a\n\t\thref=\"https:\/\/www.pictofoundation.fr\/en\/remise-des-prix-de-la-12eme-edition-du-estee-lauder-pink-ribbon-photo-award\/\"\n\t\t\t>\n\t\n\t\t\t\t<noscript><img loading=\"lazy\" decoding=\"async\" width=\"1869\" height=\"925\" src=\"https:\/\/www.pictofoundation.fr\/wp-content\/uploads\/2023\/11\/Remise_PP_ELCPRPA_2023.jpg\" class=\"wp-image-10199\" alt=\"\" srcset=\"https:\/\/www.pictofoundation.fr\/wp-content\/uploads\/2023\/11\/Remise_PP_ELCPRPA_2023.jpg 1869w, https:\/\/www.pictofoundation.fr\/wp-content\/uploads\/2023\/11\/Remise_PP_ELCPRPA_2023-300x148.jpg 300w, https:\/\/www.pictofoundation.fr\/wp-content\/uploads\/2023\/11\/Remise_PP_ELCPRPA_2023-1024x507.jpg 1024w, https:\/\/www.pictofoundation.fr\/wp-content\/uploads\/2023\/11\/Remise_PP_ELCPRPA_2023-768x380.jpg 768w, https:\/\/www.pictofoundation.fr\/wp-content\/uploads\/2023\/11\/Remise_PP_ELCPRPA_2023-1536x760.jpg 1536w, https:\/\/www.pictofoundation.fr\/wp-content\/uploads\/2023\/11\/Remise_PP_ELCPRPA_2023-500x247.jpg 500w, https:\/\/www.pictofoundation.fr\/wp-content\/uploads\/2023\/11\/Remise_PP_ELCPRPA_2023-800x396.jpg 800w, https:\/\/www.pictofoundation.fr\/wp-content\/uploads\/2023\/11\/Remise_PP_ELCPRPA_2023-1280x633.jpg 1280w\" sizes=\"auto, (max-width: 1869px) 100vw, 1869px\" \/><\/noscript><img decoding=\"async\" width=\"1869\" height=\"925\" src=\"https:\/\/www.pictofoundation.fr\/wp-content\/uploads\/2023\/11\/Remise_PP_ELCPRPA_2023.jpg\" class=\"wp-image-10199 vp-lazyload\" alt srcset=\"data:image\/svg+xml;base64,PHN2ZyB3aWR0aD0iMTg2OSIgaGVpZ2h0PSI5MjUiIHZpZXdCb3g9IjAgMCAxODY5IDkyNSIgZmlsbD0ibm9uZSIgeG1sbnM9Imh0dHA6Ly93d3cudzMub3JnLzIwMDAvc3ZnIj48L3N2Zz4=\" data-src=\"https:\/\/www.pictofoundation.fr\/wp-content\/uploads\/2023\/11\/Remise_PP_ELCPRPA_2023.jpg\" data-srcset=\"https:\/\/www.pictofoundation.fr\/wp-content\/uploads\/2023\/11\/Remise_PP_ELCPRPA_2023.jpg 1869w, https:\/\/www.pictofoundation.fr\/wp-content\/uploads\/2023\/11\/Remise_PP_ELCPRPA_2023-300x148.jpg 300w, https:\/\/www.pictofoundation.fr\/wp-content\/uploads\/2023\/11\/Remise_PP_ELCPRPA_2023-1024x507.jpg 1024w, https:\/\/www.pictofoundation.fr\/wp-content\/uploads\/2023\/11\/Remise_PP_ELCPRPA_2023-768x380.jpg 768w, https:\/\/www.pictofoundation.fr\/wp-content\/uploads\/2023\/11\/Remise_PP_ELCPRPA_2023-1536x760.jpg 1536w, https:\/\/www.pictofoundation.fr\/wp-content\/uploads\/2023\/11\/Remise_PP_ELCPRPA_2023-500x247.jpg 500w, https:\/\/www.pictofoundation.fr\/wp-content\/uploads\/2023\/11\/Remise_PP_ELCPRPA_2023-800x396.jpg 800w, https:\/\/www.pictofoundation.fr\/wp-content\/uploads\/2023\/11\/Remise_PP_ELCPRPA_2023-1280x633.jpg 1280w\" data-sizes=\"auto\" loading=\"eager\">\n\t\t\t\t<\/a>\n\t\t\t<\/div>\n\t\t<\/div>\n\t\t<!-- \/.vp-portfolio__item-img-wrap -->\n\t\n\t<div class=\"vlt-post-content\">\n\n\t\t<header class=\"vlt-post-header\">\n\t\t\t\r\n<h3 class=\"vlt-post-title\"><a href=\"https:\/\/www.pictofoundation.fr\/en\/remise-des-prix-de-la-12eme-edition-du-estee-lauder-pink-ribbon-photo-award\/\">Awards ceremony for the 12th edition of the Est\u00e9e Lauder Pink Ribbon Photo Award<\/a><\/h3>\r\n<!-- \/.vlt-post-title -->\t\t\t\r\n<div class=\"vlt-post-meta vlt-display-1\">\r\n\r\n\t<span><time datetime=\"2023-11-17T13:17:28+01:00\">17 November 2023<\/time><\/span>\r\n\r\n\t\t\t<span><a href=\"https:\/\/www.pictofoundation.fr\/en\/category\/prix-en\/\">Prix<\/a><\/span>\r\n\t\r\n<\/div>\r\n<!-- \/.vlt-post-meta -->\t\t<\/header>\n\t\t<!-- \/.vlt-post-header -->\n\n\t\t<div class=\"vlt-post-excerpt\">\n\t\t\t \u00a9 F. Boyadjian \/ Est\u00e9e Lauder Companies Pink Ribbon Photo Award\r\nOn Saturday, November 11, at the Grand Palais \u00c9ph\u00e9m\u00e8re ... \t\t<\/div>\n\t\t<!-- \/.vlt-post-excerpt -->\n\n\t<\/div>\n\t<!-- \/.vlt-post-content -->\n\n<\/article>\n<!-- \/.vlt-post -->\t\t\t<\/figure>\n\t\t\t\t\t<\/article>\n\t\t\n\t\t<article\t\tclass=\"vp-portfolio__item-wrap post-12217 post type-post status-publish format-standard has-post-thumbnail hentry category-prix-en tag-concours-en tag-estee-lauder-pink-ribbon-photo-award-en tag-solidarite-en vp-portfolio__item-uid-88bfe567\" data-vp-filter=\"prix-en\" \t\t>\n\t\t\t\t\t\t\t\t\t<figure class=\"vp-portfolio__item\">\n\t\t\t\t\n<article class=\"vlt-post vlt-post--style-masonry post-12217 post type-post status-publish format-standard has-post-thumbnail hentry category-prix-en tag-concours-en tag-estee-lauder-pink-ribbon-photo-award-en tag-solidarite-en\">\n\n\t\t\t<div class=\"vp-portfolio__item-img-wrap\">\n\t\t\t<div class=\"vp-portfolio__item-img\">\n\n\t\t\t\t\t<a\n\t\thref=\"https:\/\/www.pictofoundation.fr\/en\/decouvrez-les-laureats-de-la-11eme-edition-du-estee-lauder-pink-ribbon-photo-award\/\"\n\t\t\t>\n\t\n\t\t\t\t<noscript><img loading=\"lazy\" decoding=\"async\" width=\"1920\" height=\"1920\" src=\"https:\/\/www.pictofoundation.fr\/wp-content\/uploads\/2022\/11\/DENIS_ACCCESSIT_2022-copie-1920x1920.jpg\" class=\"wp-image-7918\" alt=\"\" srcset=\"https:\/\/www.pictofoundation.fr\/wp-content\/uploads\/2022\/11\/DENIS_ACCCESSIT_2022-copie-1920x1920.jpg 1920w, https:\/\/www.pictofoundation.fr\/wp-content\/uploads\/2022\/11\/DENIS_ACCCESSIT_2022-copie-300x300.jpg 300w, https:\/\/www.pictofoundation.fr\/wp-content\/uploads\/2022\/11\/DENIS_ACCCESSIT_2022-copie-1024x1024.jpg 1024w, https:\/\/www.pictofoundation.fr\/wp-content\/uploads\/2022\/11\/DENIS_ACCCESSIT_2022-copie-150x150.jpg 150w, https:\/\/www.pictofoundation.fr\/wp-content\/uploads\/2022\/11\/DENIS_ACCCESSIT_2022-copie-768x768.jpg 768w, https:\/\/www.pictofoundation.fr\/wp-content\/uploads\/2022\/11\/DENIS_ACCCESSIT_2022-copie-1536x1536.jpg 1536w, https:\/\/www.pictofoundation.fr\/wp-content\/uploads\/2022\/11\/DENIS_ACCCESSIT_2022-copie-500x500.jpg 500w, https:\/\/www.pictofoundation.fr\/wp-content\/uploads\/2022\/11\/DENIS_ACCCESSIT_2022-copie-800x800.jpg 800w, https:\/\/www.pictofoundation.fr\/wp-content\/uploads\/2022\/11\/DENIS_ACCCESSIT_2022-copie-1280x1280.jpg 1280w, https:\/\/www.pictofoundation.fr\/wp-content\/uploads\/2022\/11\/DENIS_ACCCESSIT_2022-copie.jpg 2000w\" sizes=\"auto, (max-width: 1920px) 100vw, 1920px\" \/><\/noscript><img decoding=\"async\" width=\"1920\" height=\"1920\" src=\"https:\/\/www.pictofoundation.fr\/wp-content\/uploads\/2022\/11\/DENIS_ACCCESSIT_2022-copie-1920x1920.jpg\" class=\"wp-image-7918 vp-lazyload\" alt srcset=\"data:image\/svg+xml;base64,PHN2ZyB3aWR0aD0iMTkyMCIgaGVpZ2h0PSIxOTIwIiB2aWV3Qm94PSIwIDAgMTkyMCAxOTIwIiBmaWxsPSJub25lIiB4bWxucz0iaHR0cDovL3d3dy53My5vcmcvMjAwMC9zdmciPjwvc3ZnPg==\" data-src=\"https:\/\/www.pictofoundation.fr\/wp-content\/uploads\/2022\/11\/DENIS_ACCCESSIT_2022-copie-1920x1920.jpg\" data-srcset=\"https:\/\/www.pictofoundation.fr\/wp-content\/uploads\/2022\/11\/DENIS_ACCCESSIT_2022-copie-1920x1920.jpg 1920w, https:\/\/www.pictofoundation.fr\/wp-content\/uploads\/2022\/11\/DENIS_ACCCESSIT_2022-copie-300x300.jpg 300w, https:\/\/www.pictofoundation.fr\/wp-content\/uploads\/2022\/11\/DENIS_ACCCESSIT_2022-copie-1024x1024.jpg 1024w, https:\/\/www.pictofoundation.fr\/wp-content\/uploads\/2022\/11\/DENIS_ACCCESSIT_2022-copie-150x150.jpg 150w, https:\/\/www.pictofoundation.fr\/wp-content\/uploads\/2022\/11\/DENIS_ACCCESSIT_2022-copie-768x768.jpg 768w, https:\/\/www.pictofoundation.fr\/wp-content\/uploads\/2022\/11\/DENIS_ACCCESSIT_2022-copie-1536x1536.jpg 1536w, https:\/\/www.pictofoundation.fr\/wp-content\/uploads\/2022\/11\/DENIS_ACCCESSIT_2022-copie-500x500.jpg 500w, https:\/\/www.pictofoundation.fr\/wp-content\/uploads\/2022\/11\/DENIS_ACCCESSIT_2022-copie-800x800.jpg 800w, https:\/\/www.pictofoundation.fr\/wp-content\/uploads\/2022\/11\/DENIS_ACCCESSIT_2022-copie-1280x1280.jpg 1280w, https:\/\/www.pictofoundation.fr\/wp-content\/uploads\/2022\/11\/DENIS_ACCCESSIT_2022-copie.jpg 2000w\" data-sizes=\"auto\" loading=\"eager\">\n\t\t\t\t<\/a>\n\t\t\t<\/div>\n\t\t<\/div>\n\t\t<!-- \/.vp-portfolio__item-img-wrap -->\n\t\n\t<div class=\"vlt-post-content\">\n\n\t\t<header class=\"vlt-post-header\">\n\t\t\t\r\n<h3 class=\"vlt-post-title\"><a href=\"https:\/\/www.pictofoundation.fr\/en\/decouvrez-les-laureats-de-la-11eme-edition-du-estee-lauder-pink-ribbon-photo-award\/\">Discover the laureates of the 11th edition of the Est\u00e9e Lauder Pink Ribbon Photo Award<\/a><\/h3>\r\n<!-- \/.vlt-post-title -->\t\t\t\r\n<div class=\"vlt-post-meta vlt-display-1\">\r\n\r\n\t<span><time datetime=\"2022-11-15T10:00:41+01:00\">15 November 2022<\/time><\/span>\r\n\r\n\t\t\t<span><a href=\"https:\/\/www.pictofoundation.fr\/en\/category\/prix-en\/\">Prix<\/a><\/span>\r\n\t\r\n<\/div>\r\n<!-- \/.vlt-post-meta -->\t\t<\/header>\n\t\t<!-- \/.vlt-post-header -->\n\n\t\t<div class=\"vlt-post-excerpt\">\n\t\t\tOn Saturday, November 12, the eleventh Est\u00e9e Lauder Companies Pink Ribbon Photo Award ceremony was held at the Grand Palais ... \t\t<\/div>\n\t\t<!-- \/.vlt-post-excerpt -->\n\n\t<\/div>\n\t<!-- \/.vlt-post-content -->\n\n<\/article>\n<!-- \/.vlt-post -->\t\t\t<\/figure>\n\t\t\t\t\t<\/article>\n\t\t\n\t\t<article\t\tclass=\"vp-portfolio__item-wrap post-12221 post type-post status-publish format-standard has-post-thumbnail hentry category-prix-en tag-concours-en tag-estee-lauder-pink-ribbon-photo-award-en tag-solidarite-en vp-portfolio__item-uid-4af11391\" data-vp-filter=\"prix-en\" \t\t>\n\t\t\t\t\t\t\t\t\t<figure class=\"vp-portfolio__item\">\n\t\t\t\t\n<article class=\"vlt-post vlt-post--style-masonry post-12221 post type-post status-publish format-standard has-post-thumbnail hentry category-prix-en tag-concours-en tag-estee-lauder-pink-ribbon-photo-award-en tag-solidarite-en\">\n\n\t\t\t<div class=\"vp-portfolio__item-img-wrap\">\n\t\t\t<div class=\"vp-portfolio__item-img\">\n\n\t\t\t\t\t<a\n\t\thref=\"https:\/\/www.pictofoundation.fr\/en\/estee-lauder-pink-ribbon-photo-award-2021\/\"\n\t\t\t>\n\t\n\t\t\t\t<noscript><img loading=\"lazy\" decoding=\"async\" width=\"1200\" height=\"829\" src=\"https:\/\/www.pictofoundation.fr\/wp-content\/uploads\/2022\/01\/prixaccessit_2-copie.jpg\" class=\"wp-image-7039\" alt=\"\" srcset=\"https:\/\/www.pictofoundation.fr\/wp-content\/uploads\/2022\/01\/prixaccessit_2-copie.jpg 1200w, https:\/\/www.pictofoundation.fr\/wp-content\/uploads\/2022\/01\/prixaccessit_2-copie-300x207.jpg 300w, https:\/\/www.pictofoundation.fr\/wp-content\/uploads\/2022\/01\/prixaccessit_2-copie-1024x707.jpg 1024w, https:\/\/www.pictofoundation.fr\/wp-content\/uploads\/2022\/01\/prixaccessit_2-copie-768x531.jpg 768w, https:\/\/www.pictofoundation.fr\/wp-content\/uploads\/2022\/01\/prixaccessit_2-copie-500x345.jpg 500w, https:\/\/www.pictofoundation.fr\/wp-content\/uploads\/2022\/01\/prixaccessit_2-copie-800x553.jpg 800w\" sizes=\"auto, (max-width: 1200px) 100vw, 1200px\" \/><\/noscript><img decoding=\"async\" width=\"1200\" height=\"829\" src=\"https:\/\/www.pictofoundation.fr\/wp-content\/uploads\/2022\/01\/prixaccessit_2-copie.jpg\" class=\"wp-image-7039 vp-lazyload\" alt srcset=\"data:image\/svg+xml;base64,PHN2ZyB3aWR0aD0iMTIwMCIgaGVpZ2h0PSI4MjkiIHZpZXdCb3g9IjAgMCAxMjAwIDgyOSIgZmlsbD0ibm9uZSIgeG1sbnM9Imh0dHA6Ly93d3cudzMub3JnLzIwMDAvc3ZnIj48L3N2Zz4=\" data-src=\"https:\/\/www.pictofoundation.fr\/wp-content\/uploads\/2022\/01\/prixaccessit_2-copie.jpg\" data-srcset=\"https:\/\/www.pictofoundation.fr\/wp-content\/uploads\/2022\/01\/prixaccessit_2-copie.jpg 1200w, https:\/\/www.pictofoundation.fr\/wp-content\/uploads\/2022\/01\/prixaccessit_2-copie-300x207.jpg 300w, https:\/\/www.pictofoundation.fr\/wp-content\/uploads\/2022\/01\/prixaccessit_2-copie-1024x707.jpg 1024w, https:\/\/www.pictofoundation.fr\/wp-content\/uploads\/2022\/01\/prixaccessit_2-copie-768x531.jpg 768w, https:\/\/www.pictofoundation.fr\/wp-content\/uploads\/2022\/01\/prixaccessit_2-copie-500x345.jpg 500w, https:\/\/www.pictofoundation.fr\/wp-content\/uploads\/2022\/01\/prixaccessit_2-copie-800x553.jpg 800w\" data-sizes=\"auto\" loading=\"eager\">\n\t\t\t\t<\/a>\n\t\t\t<\/div>\n\t\t<\/div>\n\t\t<!-- \/.vp-portfolio__item-img-wrap -->\n\t\n\t<div class=\"vlt-post-content\">\n\n\t\t<header class=\"vlt-post-header\">\n\t\t\t\r\n<h3 class=\"vlt-post-title\"><a href=\"https:\/\/www.pictofoundation.fr\/en\/estee-lauder-pink-ribbon-photo-award-2021\/\">Est\u00e9e Lauder Pink Ribbon Photo Award 2021<\/a><\/h3>\r\n<!-- \/.vlt-post-title -->\t\t\t\r\n<div class=\"vlt-post-meta vlt-display-1\">\r\n\r\n\t<span><time datetime=\"2021-11-12T10:27:25+01:00\">12 November 2021<\/time><\/span>\r\n\r\n\t\t\t<span><a href=\"https:\/\/www.pictofoundation.fr\/en\/category\/prix-en\/\">Prix<\/a><\/span>\r\n\t\r\n<\/div>\r\n<!-- \/.vlt-post-meta -->\t\t<\/header>\n\t\t<!-- \/.vlt-post-header -->\n\n\t\t<div class=\"vlt-post-excerpt\">\n\t\t\tFor this edition of the competition, with the theme: \u201cGRATITUDE\u201d, the Est\u00e9e Lauder Pink Ribbon Award Jury brought together professionals ... \t\t<\/div>\n\t\t<!-- \/.vlt-post-excerpt -->\n\n\t<\/div>\n\t<!-- \/.vlt-post-content -->\n\n<\/article>\n<!-- \/.vlt-post -->\t\t\t<\/figure>\n\t\t\t\t\t<\/article>\n\t\t\n\t\t<article\t\tclass=\"vp-portfolio__item-wrap post-12225 post type-post status-publish format-standard has-post-thumbnail hentry category-prix-en tag-concours-en tag-estee-lauder-pink-ribbon-photo-award-en tag-solidarite-en vp-portfolio__item-uid-4d9cd788\" data-vp-filter=\"prix-en\" \t\t>\n\t\t\t\t\t\t\t\t\t<figure class=\"vp-portfolio__item\">\n\t\t\t\t\n<article class=\"vlt-post vlt-post--style-masonry post-12225 post type-post status-publish format-standard has-post-thumbnail hentry category-prix-en tag-concours-en tag-estee-lauder-pink-ribbon-photo-award-en tag-solidarite-en\">\n\n\t\t\t<div class=\"vp-portfolio__item-img-wrap\">\n\t\t\t<div class=\"vp-portfolio__item-img\">\n\n\t\t\t\t\t<a\n\t\thref=\"https:\/\/www.pictofoundation.fr\/en\/estee-lauder-pink-ribbon-photo-award-2020\/\"\n\t\t\t>\n\t\n\t\t\t\t<noscript><img loading=\"lazy\" decoding=\"async\" width=\"1000\" height=\"663\" src=\"https:\/\/www.pictofoundation.fr\/wp-content\/uploads\/2022\/01\/Isabelle-Mertens-prixaccessit_1-copie.jpeg\" class=\"wp-image-7037\" alt=\"\" srcset=\"https:\/\/www.pictofoundation.fr\/wp-content\/uploads\/2022\/01\/Isabelle-Mertens-prixaccessit_1-copie.jpeg 1000w, https:\/\/www.pictofoundation.fr\/wp-content\/uploads\/2022\/01\/Isabelle-Mertens-prixaccessit_1-copie-300x199.jpeg 300w, https:\/\/www.pictofoundation.fr\/wp-content\/uploads\/2022\/01\/Isabelle-Mertens-prixaccessit_1-copie-768x509.jpeg 768w, https:\/\/www.pictofoundation.fr\/wp-content\/uploads\/2022\/01\/Isabelle-Mertens-prixaccessit_1-copie-500x332.jpeg 500w, https:\/\/www.pictofoundation.fr\/wp-content\/uploads\/2022\/01\/Isabelle-Mertens-prixaccessit_1-copie-800x530.jpeg 800w\" sizes=\"auto, (max-width: 1000px) 100vw, 1000px\" \/><\/noscript><img decoding=\"async\" width=\"1000\" height=\"663\" src=\"https:\/\/www.pictofoundation.fr\/wp-content\/uploads\/2022\/01\/Isabelle-Mertens-prixaccessit_1-copie.jpeg\" class=\"wp-image-7037 vp-lazyload\" alt srcset=\"data:image\/svg+xml;base64,PHN2ZyB3aWR0aD0iMTAwMCIgaGVpZ2h0PSI2NjMiIHZpZXdCb3g9IjAgMCAxMDAwIDY2MyIgZmlsbD0ibm9uZSIgeG1sbnM9Imh0dHA6Ly93d3cudzMub3JnLzIwMDAvc3ZnIj48L3N2Zz4=\" data-src=\"https:\/\/www.pictofoundation.fr\/wp-content\/uploads\/2022\/01\/Isabelle-Mertens-prixaccessit_1-copie.jpeg\" data-srcset=\"https:\/\/www.pictofoundation.fr\/wp-content\/uploads\/2022\/01\/Isabelle-Mertens-prixaccessit_1-copie.jpeg 1000w, https:\/\/www.pictofoundation.fr\/wp-content\/uploads\/2022\/01\/Isabelle-Mertens-prixaccessit_1-copie-300x199.jpeg 300w, https:\/\/www.pictofoundation.fr\/wp-content\/uploads\/2022\/01\/Isabelle-Mertens-prixaccessit_1-copie-768x509.jpeg 768w, https:\/\/www.pictofoundation.fr\/wp-content\/uploads\/2022\/01\/Isabelle-Mertens-prixaccessit_1-copie-500x332.jpeg 500w, https:\/\/www.pictofoundation.fr\/wp-content\/uploads\/2022\/01\/Isabelle-Mertens-prixaccessit_1-copie-800x530.jpeg 800w\" data-sizes=\"auto\" loading=\"eager\">\n\t\t\t\t<\/a>\n\t\t\t<\/div>\n\t\t<\/div>\n\t\t<!-- \/.vp-portfolio__item-img-wrap -->\n\t\n\t<div class=\"vlt-post-content\">\n\n\t\t<header class=\"vlt-post-header\">\n\t\t\t\r\n<h3 class=\"vlt-post-title\"><a href=\"https:\/\/www.pictofoundation.fr\/en\/estee-lauder-pink-ribbon-photo-award-2020\/\">Est\u00e9e Lauder Pink Ribbon Photo Award 2020<\/a><\/h3>\r\n<!-- \/.vlt-post-title -->\t\t\t\r\n<div class=\"vlt-post-meta vlt-display-1\">\r\n\r\n\t<span><time datetime=\"2020-11-16T10:21:15+01:00\">16 November 2020<\/time><\/span>\r\n\r\n\t\t\t<span><a href=\"https:\/\/www.pictofoundation.fr\/en\/category\/prix-en\/\">Prix<\/a><\/span>\r\n\t\r\n<\/div>\r\n<!-- \/.vlt-post-meta -->\t\t<\/header>\n\t\t<!-- \/.vlt-post-header -->\n\n\t\t<div class=\"vlt-post-excerpt\">\n\t\t\tFor this edition of the competition, focused on the theme: \u201cRESILIENCE\u201d, the Est\u00e9e Lauder Pink Ribbon Award Jury brought together ... \t\t<\/div>\n\t\t<!-- \/.vlt-post-excerpt -->\n\n\t<\/div>\n\t<!-- \/.vlt-post-content -->\n\n<\/article>\n<!-- \/.vlt-post -->\t\t\t<\/figure>\n\t\t\t\t\t<\/article>\n\t\t\n<\/div>\n\t\t<\/div>\n\t\t\t\t<div class=\"vp-portfolio__layout-elements vp-portfolio__layout-elements-bottom vp-portfolio__layout-elements-align-center\">\n\t\t\t\t<div class=\"vp-portfolio__pagination-wrap\">\n\t\t\t\t<\/div>\n\t\t\t\t<\/div>\n\t\t\n<\/div>\n<div class=\"ult-spacer spacer-69f3af04dd1c5\" data-id=\"69f3af04dd1c5\" data-height=\"77\" data-height-mobile=\"77\" data-height-tab=\"77\" data-height-tab-portrait=\"\" data-height-mobile-landscape=\"\" style=\"clear:both;display:block;\"><\/div>[\/vc_column][\/vc_row]<\/p>\n","protected":false},"excerpt":{"rendered":"<p>[vc_row full_width=&#8221;stretch_row_content_no_spaces&#8221; full_height=&#8221;yes&#8221; awb_type=&#8221;image&#8221; awb_image_background_position=&#8221;50% 50%&#8221; awb_color=&#8221;rgba(0,0,0,0.75)&#8221; awb_image=&#8221;4643&#8243;][vc_column][vc_custom_heading source=&#8221;post_title&#8221; font_container=&#8221;tag:div|font_size:50|text_align:center|color:%23ffffff&#8221; google_fonts=&#8221;font_family:Lato%3A100%2C100italic%2C300%2C300italic%2Cregular%2Citalic%2C700%2C700italic%2C900%2C900italic|font_style:700%20bold%20regular%3A700%3Anormal&#8221;][\/vc_column][\/vc_row][vc_row full_width=&#8221;stretch_row_content&#8221;][vc_column][vc_column_text el_class=&#8221;legendes&#8221;] \u00a9 Anne Lefevre [\/vc_column_text][\/vc_column][\/vc_row][vc_section][vc_row][vc_column width=&#8221;1\/6&#8243;][\/vc_column][vc_column width=&#8221;2\/3&#8243;][vc_column_text]Launched in 2012 by the Est\u00e9e Lauder France group on the occasion of the Pink Ribbon and in tribute to Evelyn H. Lauder, the founder of Pink October, this photo contest helps to mobilise the general public [&hellip;]<\/p>\n","protected":false},"author":3,"featured_media":6678,"parent":7141,"menu_order":0,"comment_status":"closed","ping_status":"closed","template":"template-custom-page.php","meta":{"_acf_changed":false,"_vp_format_video_url":"","_vp_image_focal_point":[],"footnotes":""},"class_list":["post-7277","page","type-page","status-publish","has-post-thumbnail","hentry"],"acf":[],"yoast_head":"<!-- This site is optimized with the Yoast SEO plugin v25.4 - https:\/\/yoast.com\/wordpress\/plugins\/seo\/ -->\n<title>Est\u00e9e Lauder Pink Ribbon Photo Award - Picto Foundation<\/title>\n<meta name=\"robots\" content=\"index, follow, max-snippet:-1, max-image-preview:large, max-video-preview:-1\" \/>\n<link rel=\"canonical\" href=\"https:\/\/www.pictofoundation.fr\/en\/experimenting-with-images\/estee-lauder-pink-ribbon-photo-award\/\" \/>\n<meta property=\"og:locale\" content=\"en_US\" \/>\n<meta property=\"og:type\" content=\"article\" \/>\n<meta property=\"og:title\" content=\"Est\u00e9e Lauder Pink Ribbon Photo Award - Picto Foundation\" \/>\n<meta property=\"og:description\" content=\"[vc_row full_width=&#8221;stretch_row_content_no_spaces&#8221; full_height=&#8221;yes&#8221; awb_type=&#8221;image&#8221; awb_image_background_position=&#8221;50% 50%&#8221; awb_color=&#8221;rgba(0,0,0,0.75)&#8221; awb_image=&#8221;4643&#8243;][vc_column][vc_custom_heading source=&#8221;post_title&#8221; font_container=&#8221;tag:div|font_size:50|text_align:center|color:%23ffffff&#8221; google_fonts=&#8221;font_family:Lato%3A100%2C100italic%2C300%2C300italic%2Cregular%2Citalic%2C700%2C700italic%2C900%2C900italic|font_style:700%20bold%20regular%3A700%3Anormal&#8221;][\/vc_column][\/vc_row][vc_row full_width=&#8221;stretch_row_content&#8221;][vc_column][vc_column_text el_class=&#8221;legendes&#8221;] \u00a9 Anne Lefevre [\/vc_column_text][\/vc_column][\/vc_row][vc_section][vc_row][vc_column width=&#8221;1\/6&#8243;][\/vc_column][vc_column width=&#8221;2\/3&#8243;][vc_column_text]Launched in 2012 by the Est\u00e9e Lauder France group on the occasion of the Pink Ribbon and in tribute to Evelyn H. Lauder, the founder of Pink October, this photo contest helps to mobilise the general public [&hellip;]\" \/>\n<meta property=\"og:url\" content=\"https:\/\/www.pictofoundation.fr\/en\/experimenting-with-images\/estee-lauder-pink-ribbon-photo-award\/\" \/>\n<meta property=\"og:site_name\" content=\"Picto Foundation\" \/>\n<meta property=\"article:modified_time\" content=\"2024-05-30T14:37:50+00:00\" \/>\n<meta property=\"og:image\" content=\"https:\/\/www.pictofoundation.fr\/wp-content\/uploads\/2021\/07\/04_Anne_D_Lefevre_72-1.jpeg\" \/>\n\t<meta property=\"og:image:width\" content=\"1143\" \/>\n\t<meta property=\"og:image:height\" content=\"722\" \/>\n\t<meta property=\"og:image:type\" content=\"image\/jpeg\" \/>\n<meta name=\"twitter:card\" content=\"summary_large_image\" \/>\n<meta name=\"twitter:label1\" content=\"Est. reading time\" \/>\n\t<meta name=\"twitter:data1\" content=\"1 minute\" \/>\n<script type=\"application\/ld+json\" class=\"yoast-schema-graph\">{\"@context\":\"https:\/\/schema.org\",\"@graph\":[{\"@type\":\"WebPage\",\"@id\":\"https:\/\/www.pictofoundation.fr\/en\/experimenting-with-images\/estee-lauder-pink-ribbon-photo-award\/\",\"url\":\"https:\/\/www.pictofoundation.fr\/en\/experimenting-with-images\/estee-lauder-pink-ribbon-photo-award\/\",\"name\":\"Est\u00e9e Lauder Pink Ribbon Photo Award - Picto Foundation\",\"isPartOf\":{\"@id\":\"https:\/\/www.pictofoundation.fr\/en\/#website\"},\"primaryImageOfPage\":{\"@id\":\"https:\/\/www.pictofoundation.fr\/en\/experimenting-with-images\/estee-lauder-pink-ribbon-photo-award\/#primaryimage\"},\"image\":{\"@id\":\"https:\/\/www.pictofoundation.fr\/en\/experimenting-with-images\/estee-lauder-pink-ribbon-photo-award\/#primaryimage\"},\"thumbnailUrl\":\"https:\/\/www.pictofoundation.fr\/wp-content\/uploads\/2021\/07\/04_Anne_D_Lefevre_72-1.jpeg\",\"datePublished\":\"2021-08-07T09:56:14+00:00\",\"dateModified\":\"2024-05-30T14:37:50+00:00\",\"breadcrumb\":{\"@id\":\"https:\/\/www.pictofoundation.fr\/en\/experimenting-with-images\/estee-lauder-pink-ribbon-photo-award\/#breadcrumb\"},\"inLanguage\":\"en-US\",\"potentialAction\":[{\"@type\":\"ReadAction\",\"target\":[\"https:\/\/www.pictofoundation.fr\/en\/experimenting-with-images\/estee-lauder-pink-ribbon-photo-award\/\"]}]},{\"@type\":\"ImageObject\",\"inLanguage\":\"en-US\",\"@id\":\"https:\/\/www.pictofoundation.fr\/en\/experimenting-with-images\/estee-lauder-pink-ribbon-photo-award\/#primaryimage\",\"url\":\"https:\/\/www.pictofoundation.fr\/wp-content\/uploads\/2021\/07\/04_Anne_D_Lefevre_72-1.jpeg\",\"contentUrl\":\"https:\/\/www.pictofoundation.fr\/wp-content\/uploads\/2021\/07\/04_Anne_D_Lefevre_72-1.jpeg\",\"width\":1143,\"height\":722},{\"@type\":\"BreadcrumbList\",\"@id\":\"https:\/\/www.pictofoundation.fr\/en\/experimenting-with-images\/estee-lauder-pink-ribbon-photo-award\/#breadcrumb\",\"itemListElement\":[{\"@type\":\"ListItem\",\"position\":1,\"name\":\"Accueil\",\"item\":\"https:\/\/www.pictofoundation.fr\/en\/\"},{\"@type\":\"ListItem\",\"position\":2,\"name\":\"EXPERIMENTING WITH IMAGES\",\"item\":\"https:\/\/www.pictofoundation.fr\/en\/experimenting-with-images\/\"},{\"@type\":\"ListItem\",\"position\":3,\"name\":\"Est\u00e9e Lauder Pink Ribbon Photo Award\"}]},{\"@type\":\"WebSite\",\"@id\":\"https:\/\/www.pictofoundation.fr\/en\/#website\",\"url\":\"https:\/\/www.pictofoundation.fr\/en\/\",\"name\":\"Picto Foundation\",\"description\":\"Site de la fondation Picto, Groupe Picto\",\"potentialAction\":[{\"@type\":\"SearchAction\",\"target\":{\"@type\":\"EntryPoint\",\"urlTemplate\":\"https:\/\/www.pictofoundation.fr\/en\/?s={search_term_string}\"},\"query-input\":{\"@type\":\"PropertyValueSpecification\",\"valueRequired\":true,\"valueName\":\"search_term_string\"}}],\"inLanguage\":\"en-US\"}]}<\/script>\n<!-- \/ Yoast SEO plugin. -->","yoast_head_json":{"title":"Est\u00e9e Lauder Pink Ribbon Photo Award - Picto Foundation","robots":{"index":"index","follow":"follow","max-snippet":"max-snippet:-1","max-image-preview":"max-image-preview:large","max-video-preview":"max-video-preview:-1"},"canonical":"https:\/\/www.pictofoundation.fr\/en\/experimenting-with-images\/estee-lauder-pink-ribbon-photo-award\/","og_locale":"en_US","og_type":"article","og_title":"Est\u00e9e Lauder Pink Ribbon Photo Award - Picto Foundation","og_description":"[vc_row full_width=&#8221;stretch_row_content_no_spaces&#8221; full_height=&#8221;yes&#8221; awb_type=&#8221;image&#8221; awb_image_background_position=&#8221;50% 50%&#8221; awb_color=&#8221;rgba(0,0,0,0.75)&#8221; awb_image=&#8221;4643&#8243;][vc_column][vc_custom_heading source=&#8221;post_title&#8221; font_container=&#8221;tag:div|font_size:50|text_align:center|color:%23ffffff&#8221; google_fonts=&#8221;font_family:Lato%3A100%2C100italic%2C300%2C300italic%2Cregular%2Citalic%2C700%2C700italic%2C900%2C900italic|font_style:700%20bold%20regular%3A700%3Anormal&#8221;][\/vc_column][\/vc_row][vc_row full_width=&#8221;stretch_row_content&#8221;][vc_column][vc_column_text el_class=&#8221;legendes&#8221;] \u00a9 Anne Lefevre [\/vc_column_text][\/vc_column][\/vc_row][vc_section][vc_row][vc_column width=&#8221;1\/6&#8243;][\/vc_column][vc_column width=&#8221;2\/3&#8243;][vc_column_text]Launched in 2012 by the Est\u00e9e Lauder France group on the occasion of the Pink Ribbon and in tribute to Evelyn H. Lauder, the founder of Pink October, this photo contest helps to mobilise the general public [&hellip;]","og_url":"https:\/\/www.pictofoundation.fr\/en\/experimenting-with-images\/estee-lauder-pink-ribbon-photo-award\/","og_site_name":"Picto Foundation","article_modified_time":"2024-05-30T14:37:50+00:00","og_image":[{"width":1143,"height":722,"url":"https:\/\/www.pictofoundation.fr\/wp-content\/uploads\/2021\/07\/04_Anne_D_Lefevre_72-1.jpeg","type":"image\/jpeg"}],"twitter_card":"summary_large_image","twitter_misc":{"Est. reading time":"1 minute"},"schema":{"@context":"https:\/\/schema.org","@graph":[{"@type":"WebPage","@id":"https:\/\/www.pictofoundation.fr\/en\/experimenting-with-images\/estee-lauder-pink-ribbon-photo-award\/","url":"https:\/\/www.pictofoundation.fr\/en\/experimenting-with-images\/estee-lauder-pink-ribbon-photo-award\/","name":"Est\u00e9e Lauder Pink Ribbon Photo Award - Picto Foundation","isPartOf":{"@id":"https:\/\/www.pictofoundation.fr\/en\/#website"},"primaryImageOfPage":{"@id":"https:\/\/www.pictofoundation.fr\/en\/experimenting-with-images\/estee-lauder-pink-ribbon-photo-award\/#primaryimage"},"image":{"@id":"https:\/\/www.pictofoundation.fr\/en\/experimenting-with-images\/estee-lauder-pink-ribbon-photo-award\/#primaryimage"},"thumbnailUrl":"https:\/\/www.pictofoundation.fr\/wp-content\/uploads\/2021\/07\/04_Anne_D_Lefevre_72-1.jpeg","datePublished":"2021-08-07T09:56:14+00:00","dateModified":"2024-05-30T14:37:50+00:00","breadcrumb":{"@id":"https:\/\/www.pictofoundation.fr\/en\/experimenting-with-images\/estee-lauder-pink-ribbon-photo-award\/#breadcrumb"},"inLanguage":"en-US","potentialAction":[{"@type":"ReadAction","target":["https:\/\/www.pictofoundation.fr\/en\/experimenting-with-images\/estee-lauder-pink-ribbon-photo-award\/"]}]},{"@type":"ImageObject","inLanguage":"en-US","@id":"https:\/\/www.pictofoundation.fr\/en\/experimenting-with-images\/estee-lauder-pink-ribbon-photo-award\/#primaryimage","url":"https:\/\/www.pictofoundation.fr\/wp-content\/uploads\/2021\/07\/04_Anne_D_Lefevre_72-1.jpeg","contentUrl":"https:\/\/www.pictofoundation.fr\/wp-content\/uploads\/2021\/07\/04_Anne_D_Lefevre_72-1.jpeg","width":1143,"height":722},{"@type":"BreadcrumbList","@id":"https:\/\/www.pictofoundation.fr\/en\/experimenting-with-images\/estee-lauder-pink-ribbon-photo-award\/#breadcrumb","itemListElement":[{"@type":"ListItem","position":1,"name":"Accueil","item":"https:\/\/www.pictofoundation.fr\/en\/"},{"@type":"ListItem","position":2,"name":"EXPERIMENTING WITH IMAGES","item":"https:\/\/www.pictofoundation.fr\/en\/experimenting-with-images\/"},{"@type":"ListItem","position":3,"name":"Est\u00e9e Lauder Pink Ribbon Photo Award"}]},{"@type":"WebSite","@id":"https:\/\/www.pictofoundation.fr\/en\/#website","url":"https:\/\/www.pictofoundation.fr\/en\/","name":"Picto Foundation","description":"Site de la fondation Picto, Groupe Picto","potentialAction":[{"@type":"SearchAction","target":{"@type":"EntryPoint","urlTemplate":"https:\/\/www.pictofoundation.fr\/en\/?s={search_term_string}"},"query-input":{"@type":"PropertyValueSpecification","valueRequired":true,"valueName":"search_term_string"}}],"inLanguage":"en-US"}]}},"_links":{"self":[{"href":"https:\/\/www.pictofoundation.fr\/en\/wp-json\/wp\/v2\/pages\/7277","targetHints":{"allow":["GET"]}}],"collection":[{"href":"https:\/\/www.pictofoundation.fr\/en\/wp-json\/wp\/v2\/pages"}],"about":[{"href":"https:\/\/www.pictofoundation.fr\/en\/wp-json\/wp\/v2\/types\/page"}],"author":[{"embeddable":true,"href":"https:\/\/www.pictofoundation.fr\/en\/wp-json\/wp\/v2\/users\/3"}],"replies":[{"embeddable":true,"href":"https:\/\/www.pictofoundation.fr\/en\/wp-json\/wp\/v2\/comments?post=7277"}],"version-history":[{"count":0,"href":"https:\/\/www.pictofoundation.fr\/en\/wp-json\/wp\/v2\/pages\/7277\/revisions"}],"up":[{"embeddable":true,"href":"https:\/\/www.pictofoundation.fr\/en\/wp-json\/wp\/v2\/pages\/7141"}],"wp:featuredmedia":[{"embeddable":true,"href":"https:\/\/www.pictofoundation.fr\/en\/wp-json\/wp\/v2\/media\/6678"}],"wp:attachment":[{"href":"https:\/\/www.pictofoundation.fr\/en\/wp-json\/wp\/v2\/media?parent=7277"}],"curies":[{"name":"wp","href":"https:\/\/api.w.org\/{rel}","templated":true}]}}