{"id":9650,"date":"2023-05-26T17:55:08","date_gmt":"2023-05-26T15:55:08","guid":{"rendered":"https:\/\/www.pictofoundation.fr\/bourse-du-talent-2\/"},"modified":"2026-03-19T11:52:59","modified_gmt":"2026-03-19T10:52:59","slug":"bourse-du-talent","status":"publish","type":"page","link":"https:\/\/www.pictofoundation.fr\/en\/bourse-du-talent\/","title":{"rendered":"Bourse du Talent"},"content":{"rendered":"<p>[vc_row full_width=&#8221;stretch_row_content_no_spaces&#8221; full_height=&#8221;yes&#8221; awb_type=&#8221;image&#8221; awb_image_background_position=&#8221;50% 50%&#8221; awb_color=&#8221;rgba(0,0,0,0.83)&#8221; awb_image=&#8221;5067&#8243;][vc_column]<div id=\"ultimate-heading-907069f0080e82e7f\" class=\"uvc-heading ult-adjust-bottom-margin ultimate-heading-907069f0080e82e7f uvc-5272 \" data-hspacer=\"no_spacer\"  data-halign=\"center\" style=\"text-align:center\"><div class=\"uvc-heading-spacer no_spacer\" style=\"top\"><\/div><div class=\"uvc-sub-heading ult-responsive\"  data-ultimate-target='.uvc-heading.ultimate-heading-907069f0080e82e7f .uvc-sub-heading '  data-responsive-json-new='{\"font-size\":\"desktop:25px;\",\"line-height\":\"\"}'  style=\"font-family:&#039;Lato&#039;;font-weight:300;color:#ffffff;\"><a href=\"#section1\">INTRODUCTION\u00a0\u00a0\u00a0<\/a> | <a href=\"#section2\">\u00a0\u00a0\u00a0APPLICATION\u00a0\u00a0\u00a0<\/a>\u00a0l <a href=\"#section3\">\u00a0\u00a0\u00a0NEWS\u00a0\u00a0\u00a0<\/a> l <a href=\"#section4\">\u00a0\u00a0\u00a0WINNERS\u00a0\u00a0\u00a0<\/a> | \u00a0<a href=\"#section5\">\u00a0\u00a0\u00a0PARTNERS\u00a0\u00a0\u00a0<\/a><\/div><\/div>[vc_empty_space][vc_custom_heading text=&#8221;BOURSE DU TALENT&#8221; font_container=&#8221;tag:div|font_size:50|text_align:center|color:%23ffffff&#8221; google_fonts=&#8221;font_family:Lato%3A100%2C100italic%2C300%2C300italic%2Cregular%2Citalic%2C700%2C700italic%2C900%2C900italic|font_style:700%20bold%20regular%3A700%3Anormal&#8221;]<div id=\"ultimate-heading-864069f0080e82edb\" class=\"uvc-heading ult-adjust-bottom-margin ultimate-heading-864069f0080e82edb uvc-7296 \" data-hspacer=\"no_spacer\"  data-halign=\"center\" style=\"text-align:center\"><div class=\"uvc-heading-spacer no_spacer\" style=\"top\"><\/div><div class=\"uvc-sub-heading ult-responsive\"  data-ultimate-target='.uvc-heading.ultimate-heading-864069f0080e82edb .uvc-sub-heading '  data-responsive-json-new='{\"font-size\":\"desktop:20px;\",\"line-height\":\"\"}'  style=\"font-family:&#039;Lato&#039;;font-weight:300;color:#ffffff;\">New documentary approaches<\/div><\/div>[\/vc_column][\/vc_row][vc_row full_width=&#8221;stretch_row_content&#8221;][vc_column][vc_column_text el_class=&#8221;legendes&#8221;]<\/p>\n<p style=\"text-align: right;\">\u00a9 Charles X\u00e9lot \/ Winner Bourse du Talent 2019<\/p>\n<p>[\/vc_column_text][\/vc_column][\/vc_row][vc_row][vc_column][vc_raw_html]JTNDc3R5bGUlM0UlMEFodG1sJTIwJTdCJTBBJTIwJTIwc2Nyb2xsLWJlaGF2aW9yJTNBJTIwc21vb3RoJTNCJTBBJTdEJTBBJTNDJTJGc3R5bGUlM0U=[\/vc_raw_html][\/vc_column][\/vc_row][vc_section][vc_row][vc_column][vc_raw_html]JTNDZGl2JTIwY2xhc3MlM0QlMjJtYWluJTIyJTIwaWQlM0QlMjJzZWN0aW9uMSUyMiUzRQ==[\/vc_raw_html][\/vc_column][\/vc_row][vc_row][vc_column width=&#8221;1\/6&#8243;][\/vc_column][vc_column width=&#8221;2\/3&#8243;][vc_column_text]<\/p>\n<h2>New documentary approaches<\/h2>\n<p>Since 1998, <strong>Bourse du Talent<\/strong> has been rewarding the talent of young artists in the field of photography by supporting emerging photography every year. This event, organised by <strong>Photographie.com <\/strong>and <strong>Picto Foundation<\/strong>, has over the years become a key event dedicated to the recognition of emerging talent.<\/p>\n<p>In 2023, after 25 editions that have brought to light and encouraged numerous photographers who are now well known, the time has come to update the programme with a view to constantly bringing it into line with the proposals and expectations of contemporary photographers.<\/p>\n<p>Bourse du Talent is now focusing on the <strong>new documentary approaches<\/strong> called for by young photographers to continue to tell the story of our world while incorporating the evolution of the forms and constraints of image mediation. At a time when press photography tends to be projected onto screens rather than printed on paper, and when emerging photographers are broadly aligning their projects in a plurality of media and writing styles, Bourse du Talent continues to be a mouthpiece for all these new documentary expressions.<\/p>\n<div class=\"bg-margin-for-link\"><input type='hidden' bg_collapse_expand='69f0080e82f167090070806' value='69f0080e82f167090070806'><input type='hidden' id='bg-show-more-text-69f0080e82f167090070806' value='&gt; Read more'><input type='hidden' id='bg-show-less-text-69f0080e82f167090070806' value='See less'><a id='bg-showmore-action-69f0080e82f167090070806' class='bg-showmore-plg-link  '  style=\" color:inherit;;\" href='#'>&gt; Read more<\/a><div id='bg-showmore-hidden-69f0080e82f167090070806' >\n<p>Bourse du Talent also continues to play its role as a springboard for the professionalization of photographers, to encourage their career paths at the heart of the photography market.<\/p>\n<p>Each year, two or three Bourses du Talent are awarded to photographers whose projects are based on new documentary approaches, whether it be an artistic approach, science, literature or any other cross-disciplinary aspect at the service of the story, or the use of innovative technologies to accompany the narrative expression. Bourse du Talent is open to photographers of all nationalities, open to all subjects and expressions, and encourages environmentally responsible and engaged approaches.<\/p>\n<p><\/div><\/div>[\/vc_column_text]<div class=\"ult-spacer spacer-69f0080e8300d\" data-id=\"69f0080e8300d\" data-height=\"50\" data-height-mobile=\"50\" data-height-tab=\"50\" data-height-tab-portrait=\"\" data-height-mobile-landscape=\"\" style=\"clear:both;display:block;\"><\/div>[\/vc_column][vc_column width=&#8221;1\/6&#8243;][\/vc_column][\/vc_row][\/vc_section][vc_section][vc_row][vc_column][vc_raw_html]JTNDZGl2JTIwY2xhc3MlM0QlMjJtYWluJTIyJTIwaWQlM0QlMjJzZWN0aW9uMiUyMiUzRQ==[\/vc_raw_html][\/vc_column][\/vc_row][vc_row full_width=&#8221;stretch_row&#8221; content_placement=&#8221;middle&#8221; vlt_overflow_hidden=&#8221;&#8221; css=&#8221;.vc_custom_1623248180494{background-color: #f5f5f5 !important;}&#8221;][vc_column width=&#8221;1\/2&#8243; css=&#8221;.vc_custom_1538150499159{padding-left: 0px !important;}&#8221;]<div class=\"vlthemes_custom_69f0080e83037 vlt-stretch-element-inside-column  vlt-simple-image\"><div class=\"vlt-fit-image\" style=\"--size-md: 730px; --size-sm: 100%;\"><img loading=\"lazy\" decoding=\"async\" width=\"1920\" height=\"1080\" src=\"https:\/\/www.pictofoundation.fr\/wp-content\/uploads\/2024\/04\/Lee_Daesung_22-copie-1920x1080.jpg\" class=\"\" alt=\"\" srcset=\"https:\/\/www.pictofoundation.fr\/wp-content\/uploads\/2024\/04\/Lee_Daesung_22-copie-1920x1080.jpg 1920w, https:\/\/www.pictofoundation.fr\/wp-content\/uploads\/2024\/04\/Lee_Daesung_22-copie-1280x720.jpg 1280w\" \/><\/div><\/div>[\/vc_column][vc_column width=&#8221;1\/12&#8243;][\/vc_column][vc_column width=&#8221;5\/12&#8243;]<div class=\"ult-spacer spacer-69f0080e832f4\" data-id=\"69f0080e832f4\" data-height=\"70\" data-height-mobile=\"70\" data-height-tab=\"70\" data-height-tab-portrait=\"\" data-height-mobile-landscape=\"\" style=\"clear:both;display:block;\"><\/div><div class=\"vlthemes_custom_69f0080e83316   vlt-animation-block\" data-aos=\"fade\" data-aos-delay=\"0\"><div class=\"vlthemes_custom_69f0080e8334f   vlt-section-title text-left\"><h2 style=\"color:;\">CALL FOR APPLICATIONS From March 17 to May 11 2026<\/h2><\/div><\/div><div class=\"ult-spacer spacer-69f0080e8339f\" data-id=\"69f0080e8339f\" data-height=\"30\" data-height-mobile=\"30\" data-height-tab=\"30\" data-height-tab-portrait=\"\" data-height-mobile-landscape=\"\" style=\"clear:both;display:block;\"><\/div><div class=\"vlthemes_custom_69f0080e833cf   vlt-countdown vlt-countdown--style-1\" data-final-date=\"2026\/05\/11\"><\/div><style type=\"text\/css\">.vlthemes_custom_69f0080e833cf strong {\r\n\t\t\t\tcolor:#6b6b6b;\r\n\t\t\t}.vlthemes_custom_69f0080e833cf h5 {\r\n\t\t\t\tcolor:#e20031;\r\n\t\t\t}<\/style><div class=\"ult-spacer spacer-69f0080e833fd\" data-id=\"69f0080e833fd\" data-height=\"30\" data-height-mobile=\"30\" data-height-tab=\"30\" data-height-tab-portrait=\"\" data-height-mobile-landscape=\"\" style=\"clear:both;display:block;\"><\/div><div class=\"vlthemes_custom_69f0080e83417   vlt-animation-block\" data-aos=\"fade\" data-aos-delay=\"100\"><div class=\"uavc-list-icon uavc-list-icon-wrapper ult-adjust-bottom-margin   vc_custom_1553964049586  vc_custom_1553964049586\"><ul class=\"uavc-list\"><li><div class=\"uavc-list-content\" id=\"list-icon-wrap-4664\">\n<div class=\"uavc-list-icon  \" data-animation=\"\" data-animation-delay=\"03\" style=\"margin-right:15px;\"><div class=\"ult-just-icon-wrapper  \"><div class=\"align-icon\" style=\"text-align:center;\">\n<div class=\"aio-icon none \"  style=\"color:#e20031;font-size:18px;display:inline-block;\">\n\t<i class=\"Defaults-check\"><\/i>\n<\/div><\/div><\/div>\n<\/div><span  data-ultimate-target='#list-icon-wrap-4664 .uavc-list-desc'  data-responsive-json-new='{\"font-size\":\"\",\"line-height\":\"\"}'  class=\"uavc-list-desc ult-responsive\" style=\"\">New documentary approaches<\/span><\/div><\/li><li><div class=\"uavc-list-content\" id=\"list-icon-wrap-8789\">\n<div class=\"uavc-list-icon  \" data-animation=\"\" data-animation-delay=\"03\" style=\"margin-right:15px;\"><div class=\"ult-just-icon-wrapper  \"><div class=\"align-icon\" style=\"text-align:center;\">\n<div class=\"aio-icon none \"  style=\"color:#e20031;font-size:18px;display:inline-block;\">\n\t<i class=\"Defaults-check\"><\/i>\n<\/div><\/div><\/div>\n<\/div><span  data-ultimate-target='#list-icon-wrap-8789 .uavc-list-desc'  data-responsive-json-new='{\"font-size\":\"\",\"line-height\":\"\"}'  class=\"uavc-list-desc ult-responsive\" style=\"\">Each year, three Bourses du Talent are awarded<\/span><\/div><\/li><li><div class=\"uavc-list-content\" id=\"list-icon-wrap-4128\">\n<div class=\"uavc-list-icon  \" data-animation=\"\" data-animation-delay=\"03\" style=\"margin-right:15px;\"><div class=\"ult-just-icon-wrapper  \"><div class=\"align-icon\" style=\"text-align:center;\">\n<div class=\"aio-icon none \"  style=\"color:#e20031;font-size:18px;display:inline-block;\">\n\t<i class=\"Defaults-check\"><\/i>\n<\/div><\/div><\/div>\n<\/div><span  data-ultimate-target='#list-icon-wrap-4128 .uavc-list-desc'  data-responsive-json-new='{\"font-size\":\"\",\"line-height\":\"\"}'  class=\"uavc-list-desc ult-responsive\" style=\"\">Photographer duos can also participate<\/span><\/div><\/li><li><div class=\"uavc-list-content\" id=\"list-icon-wrap-7905\">\n<div class=\"uavc-list-icon  \" data-animation=\"\" data-animation-delay=\"03\" style=\"margin-right:15px;\"><div class=\"ult-just-icon-wrapper  \"><div class=\"align-icon\" style=\"text-align:center;\">\n<div class=\"aio-icon none \"  style=\"color:#e20031;font-size:18px;display:inline-block;\">\n\t<i class=\"Defaults-check\"><\/i>\n<\/div><\/div><\/div>\n<\/div><span  data-ultimate-target='#list-icon-wrap-7905 .uavc-list-desc'  data-responsive-json-new='{\"font-size\":\"\",\"line-height\":\"\"}'  class=\"uavc-list-desc ult-responsive\" style=\"\">Open to photographers who have been resident in Europe for at least 3 years<\/span><\/div><\/li><li><div class=\"uavc-list-content\" id=\"list-icon-wrap-4885\">\n<div class=\"uavc-list-icon  \" data-animation=\"\" data-animation-delay=\"03\" style=\"margin-right:15px;\"><div class=\"ult-just-icon-wrapper  \"><div class=\"align-icon\" style=\"text-align:center;\">\n<div class=\"aio-icon none \"  style=\"color:#e20031;font-size:18px;display:inline-block;\">\n\t<i class=\"Defaults-check\"><\/i>\n<\/div><\/div><\/div>\n<\/div><span  data-ultimate-target='#list-icon-wrap-4885 .uavc-list-desc'  data-responsive-json-new='{\"font-size\":\"\",\"line-height\":\"\"}'  class=\"uavc-list-desc ult-responsive\" style=\"\">Jury and laureates announced at Rencontres d&#8217;Arles<\/span><\/div><\/li><\/ul><\/div><\/div><div class=\"vlthemes_custom_69f0080e836fe   vlt-spacer\" style=\" --size-xlarge:70; --size-large:50; --size-medium:50; --size-small:50;\"><\/div><div class=\"ult-spacer spacer-69f0080e83741\" data-id=\"69f0080e83741\" data-height=\"40\" data-height-mobile=\"40\" data-height-tab=\"40\" data-height-tab-portrait=\"\" data-height-mobile-landscape=\"\" style=\"clear:both;display:block;\"><\/div><div class=\"vlthemes_custom_69f0080e8375b   vlt-animation-block\" data-aos=\"fade\" data-aos-delay=\"200\">[vc_btn title=&#8221;CALL FOR APPLICATIONS 2026&#8243; style=&#8221;custom&#8221; custom_background=&#8221;#e20031&#8243; custom_text=&#8221;#ffffff&#8221; shape=&#8221;square&#8221; size=&#8221;lg&#8221; align=&#8221;center&#8221; css_animation=&#8221;fadeIn&#8221; el_class=&#8221;vp-pagination__style-leedo&#8221; link=&#8221;url:https%3A%2F%2Fwww.pictofoundation.fr%2Fwp-content%2Fuploads%2F2026%2F03%2FCALL_FOR_APPLICATIONS_BDT_2026_VE.pdf|target:_blank&#8221;]<\/div><div class=\"ult-spacer spacer-69f0080e83791\" data-id=\"69f0080e83791\" data-height=\"10\" data-height-mobile=\"10\" data-height-tab=\"10\" data-height-tab-portrait=\"\" data-height-mobile-landscape=\"\" style=\"clear:both;display:block;\"><\/div>[\/vc_column][\/vc_row][vc_row full_width=&#8221;stretch_row_content&#8221;][vc_column][vc_column_text el_class=&#8221;legendes&#8221;]<\/p>\n<p style=\"text-align: left;\">Love your neighbours \u00a9 Lee Daesung \/ Winner Bourse du Talent 2023<\/p>\n<p>[\/vc_column_text][\/vc_column][\/vc_row][vc_row][vc_column]<div class=\"ult-spacer spacer-69f0080e837ba\" data-id=\"69f0080e837ba\" data-height=\"50\" data-height-mobile=\"50\" data-height-tab=\"50\" data-height-tab-portrait=\"\" data-height-mobile-landscape=\"\" style=\"clear:both;display:block;\"><\/div>[\/vc_column][\/vc_row][\/vc_section][vc_section full_width=&#8221;stretch_row&#8221; content_placement=&#8221;middle&#8221;][vc_row][vc_column][vc_raw_html]JTNDZGl2JTIwY2xhc3MlM0QlMjJtYWluJTIyJTIwaWQlM0QlMjIlMjNzZWN0aW9uLWRvdGF0aW9uJTIyJTNF[\/vc_raw_html]<div class=\"vlthemes_custom_69f0080e837e7   vlt-services vlt-services--top-center\"><div class=\"vlt-services__icon\" style=\"color:#efefef;\"><i class=\"fas fa-award\"><\/i><\/div><div class=\"vlt-services__content\"><\/div><\/div><div class=\"vlthemes_custom_69f0080e83821   vlt-services vlt-services--top-center\"><div class=\"vlt-services__content\"><h3 class=\"vlt-services__title\" style=\"color:#e20031;\">LES DOTATIONS<\/h3><\/div><\/div>[\/vc_column][\/vc_row][vc_row content_placement=&#8221;top&#8221;][vc_column width=&#8221;1\/3&#8243;][vc_column_text]\u2022 The production of <span style=\"color: #e20031;\"> an exhibition that will be presented for several months at the BnF,<\/span> Fran\u00e7ois Mitterrand site, a prestigious venue where major names in photography are regularly exhibited, and which benefits from exceptional visibility.<\/p>\n<p>\u2022 With the help of Picto Foundation, the PICTO laboratories will produce <span style=\"color: #e20031;\">the prints of the winners<\/span>, ensure their installation and removal<\/p>\n<p>\u2022 Pixxtrak offers <span style=\"color: #e20031;\">a subscription for the protection of the moral and economic rights <\/span> of photographers.[\/vc_column_text][\/vc_column][vc_column width=&#8221;1\/3&#8243;][vc_column_text]\u2022\u00a0One of the three laureates will benefit from <span style=\"color: #e20031;\"> Bourse du Talent Saif worth 4000\u20ac. <\/span><\/p>\n<p>\u2022 The works of the winners will <span style=\"color: #e20031;\"> become part of the common and universal heritage<\/span>, and part of the history of photography. A significant set of prints exhibited at BnF, whose production is offered by PICTO, will join the collections of BnF\u2019s Department of Prints and Photography, under legal deposit (Cf. articles L131-1 to L133-1 and R131-1 to R133-1 of the Heritage Code, as supplemented by decrees from 1995, 1996 and 2006.).e BnF and produced by PICTO, becoming part of the collections of the BnF\u2019s Department of Prints and Photography.[\/vc_column_text][\/vc_column][vc_column width=&#8221;1\/3&#8243;][vc_column_text]\u2022 The diffusion of photographers\u2019 work through <span style=\"color: #e20031;\">a promotion encouraging meetings with professionals in the sector<\/span>.<\/p>\n<p>\u2022 <span style=\"color: #e20031;\">Picto Foundation\u2019s support and advice for award-winning photographers<\/span> rewarded for their research and approach.<\/p>\n<p>\u2022 <span style=\"color: #e20031;\">A voucher offered by PICTO<\/span> to the laureates, allowing them to engage with the laboratories\u2019 experts..[\/vc_column_text][\/vc_column][\/vc_row][vc_row][vc_column][vc_empty_space height=&#8221;50px&#8221;][vc_column_text]If you have any questions, please contact the organizers <span style=\"color: #e20031;\"><strong><a href=\"mailto:boursedutalent@picto.fr\">boursedutalent@picto.fr<\/a><\/strong>.<\/span>[\/vc_column_text][\/vc_column][\/vc_row][\/vc_section][vc_section][vc_row][vc_column][vc_raw_html]JTNDZGl2JTIwY2xhc3MlM0QlMjJtYWluJTIyJTIwaWQlM0QlMjJzZWN0aW9uMyUyMiUzRQ==[\/vc_raw_html][vc_column_text]<\/p>\n<h2>News<\/h2>\n<div class=\"vp-portfolio vp-uid-e12d7a9c vp-id-5072  \"\n\tdata-vp-layout=\"tiles\" data-vp-content-source=\"post-based\" data-vp-items-style=\"leedo_post_masonry\" data-vp-items-click-action=\"url\" data-vp-items-gap=\"20\" data-vp-items-gap-vertical=\"50\" data-vp-pagination=\"load-more\" data-vp-next-page-url=\"https:\/\/www.pictofoundation.fr\/en\/wp-json\/wp\/v2\/pages\/9650?vp_page=2\" data-vp-tiles-type=\"3|1,0.8|\" >\n\t<div class=\"vp-portfolio__preloader-wrap\">\n\t\t<div class=\"vp-portfolio__preloader\">\n\t\t\t<img decoding=\"async\" loading=\"eager\" src=\"https:\/\/www.pictofoundation.fr\/wp-content\/plugins\/visual-portfolio\/assets\/images\/logo-dark.svg\" alt=\"Visual Portfolio, Posts &amp; Image Gallery for WordPress\" width=\"20\" height=\"20\" data-skip-lazy>\n\t\t<\/div>\n\t<\/div>\n\t\t<div class=\"vp-portfolio__items-wrap\">\n\t\t\t\n<div class=\"vp-portfolio__items vp-portfolio__items-style-leedo_post_masonry\">\n\n\t\t<article\t\tclass=\"vp-portfolio__item-wrap post-15848 post type-post status-publish format-standard has-post-thumbnail hentry category-prix-en tag-bourse-du-talent-en tag-jeunes-talents-en vp-portfolio__item-uid-f537b1dc\" data-vp-filter=\"prix-en\" \t\t>\n\t\t\t\t\t\t\t\t\t<figure class=\"vp-portfolio__item\">\n\t\t\t\t\n<article class=\"vlt-post vlt-post--style-masonry post-15848 post type-post status-publish format-standard has-post-thumbnail hentry category-prix-en tag-bourse-du-talent-en tag-jeunes-talents-en\">\n\n\t\t\t<div class=\"vp-portfolio__item-img-wrap\">\n\t\t\t<div class=\"vp-portfolio__item-img\">\n\n\t\t\t\t\t<a\n\t\thref=\"https:\/\/www.pictofoundation.fr\/en\/lancement-de-lappel-a-candidatures-de-la-bourse-du-talent-2026\/\"\n\t\t\t>\n\t\n\t\t\t\t<noscript><img loading=\"lazy\" decoding=\"async\" width=\"1920\" height=\"1494\" src=\"https:\/\/www.pictofoundation.fr\/wp-content\/uploads\/2025\/07\/Brackish-Tears_03-1920x1494.jpg\" class=\"wp-image-15172\" alt=\"\" srcset=\"https:\/\/www.pictofoundation.fr\/wp-content\/uploads\/2025\/07\/Brackish-Tears_03-1920x1494.jpg 1920w, https:\/\/www.pictofoundation.fr\/wp-content\/uploads\/2025\/07\/Brackish-Tears_03-300x233.jpg 300w, https:\/\/www.pictofoundation.fr\/wp-content\/uploads\/2025\/07\/Brackish-Tears_03-1024x797.jpg 1024w, https:\/\/www.pictofoundation.fr\/wp-content\/uploads\/2025\/07\/Brackish-Tears_03-768x598.jpg 768w, https:\/\/www.pictofoundation.fr\/wp-content\/uploads\/2025\/07\/Brackish-Tears_03-1536x1195.jpg 1536w, https:\/\/www.pictofoundation.fr\/wp-content\/uploads\/2025\/07\/Brackish-Tears_03-500x389.jpg 500w, https:\/\/www.pictofoundation.fr\/wp-content\/uploads\/2025\/07\/Brackish-Tears_03-800x622.jpg 800w, https:\/\/www.pictofoundation.fr\/wp-content\/uploads\/2025\/07\/Brackish-Tears_03-1280x996.jpg 1280w, https:\/\/www.pictofoundation.fr\/wp-content\/uploads\/2025\/07\/Brackish-Tears_03.jpg 2000w\" sizes=\"auto, (max-width: 1920px) 100vw, 1920px\" \/><\/noscript><img fetchpriority=\"high\" decoding=\"async\" width=\"1920\" height=\"1494\" src=\"https:\/\/www.pictofoundation.fr\/wp-content\/uploads\/2025\/07\/Brackish-Tears_03-1920x1494.jpg\" class=\"wp-image-15172 vp-lazyload\" alt srcset=\"data:image\/svg+xml;base64,PHN2ZyB3aWR0aD0iMTkyMCIgaGVpZ2h0PSIxNDk0IiB2aWV3Qm94PSIwIDAgMTkyMCAxNDk0IiBmaWxsPSJub25lIiB4bWxucz0iaHR0cDovL3d3dy53My5vcmcvMjAwMC9zdmciPjwvc3ZnPg==\" data-src=\"https:\/\/www.pictofoundation.fr\/wp-content\/uploads\/2025\/07\/Brackish-Tears_03-1920x1494.jpg\" data-srcset=\"https:\/\/www.pictofoundation.fr\/wp-content\/uploads\/2025\/07\/Brackish-Tears_03-1920x1494.jpg 1920w, https:\/\/www.pictofoundation.fr\/wp-content\/uploads\/2025\/07\/Brackish-Tears_03-300x233.jpg 300w, https:\/\/www.pictofoundation.fr\/wp-content\/uploads\/2025\/07\/Brackish-Tears_03-1024x797.jpg 1024w, https:\/\/www.pictofoundation.fr\/wp-content\/uploads\/2025\/07\/Brackish-Tears_03-768x598.jpg 768w, https:\/\/www.pictofoundation.fr\/wp-content\/uploads\/2025\/07\/Brackish-Tears_03-1536x1195.jpg 1536w, https:\/\/www.pictofoundation.fr\/wp-content\/uploads\/2025\/07\/Brackish-Tears_03-500x389.jpg 500w, https:\/\/www.pictofoundation.fr\/wp-content\/uploads\/2025\/07\/Brackish-Tears_03-800x622.jpg 800w, https:\/\/www.pictofoundation.fr\/wp-content\/uploads\/2025\/07\/Brackish-Tears_03-1280x996.jpg 1280w, https:\/\/www.pictofoundation.fr\/wp-content\/uploads\/2025\/07\/Brackish-Tears_03.jpg 2000w\" data-sizes=\"auto\" loading=\"eager\">\n\t\t\t\t<\/a>\n\t\t\t<\/div>\n\t\t<\/div>\n\t\t<!-- \/.vp-portfolio__item-img-wrap -->\n\t\n\t<div class=\"vlt-post-content\">\n\n\t\t<header class=\"vlt-post-header\">\n\t\t\t\r\n<h3 class=\"vlt-post-title\"><a href=\"https:\/\/www.pictofoundation.fr\/en\/lancement-de-lappel-a-candidatures-de-la-bourse-du-talent-2026\/\">Call for applications for the 2026 Bourse du Talent now open<\/a><\/h3>\r\n<!-- \/.vlt-post-title -->\t\t\t\r\n<div class=\"vlt-post-meta vlt-display-1\">\r\n\r\n\t<span><time datetime=\"2026-03-17T06:00:17+01:00\">17 March 2026<\/time><\/span>\r\n\r\n\t\t\t<span><a href=\"https:\/\/www.pictofoundation.fr\/en\/category\/prix-en\/\">Prix<\/a><\/span>\r\n\t\r\n<\/div>\r\n<!-- \/.vlt-post-meta -->\t\t<\/header>\n\t\t<!-- \/.vlt-post-header -->\n\n\t\t<div class=\"vlt-post-excerpt\">\n\t\t\tSince 1998, the Bourse du Talent has been rewarding emerging photographers. After 26 editions, the program has evolved with the ... \t\t<\/div>\n\t\t<!-- \/.vlt-post-excerpt -->\n\n\t<\/div>\n\t<!-- \/.vlt-post-content -->\n\n<\/article>\n<!-- \/.vlt-post -->\t\t\t<\/figure>\n\t\t\t\t\t<\/article>\n\t\t\n\t\t<article\t\tclass=\"vp-portfolio__item-wrap post-15553 post type-post status-publish format-standard has-post-thumbnail hentry category-prix-en tag-bourse-du-talent-en tag-jeunes-talents-en vp-portfolio__item-uid-7326ca46\" data-vp-filter=\"prix-en\" \t\t>\n\t\t\t\t\t\t\t\t\t<figure class=\"vp-portfolio__item\">\n\t\t\t\t\n<article class=\"vlt-post vlt-post--style-masonry post-15553 post type-post status-publish format-standard has-post-thumbnail hentry category-prix-en tag-bourse-du-talent-en tag-jeunes-talents-en\">\n\n\t\t\t<div class=\"vp-portfolio__item-img-wrap\">\n\t\t\t<div class=\"vp-portfolio__item-img\">\n\n\t\t\t\t\t<a\n\t\thref=\"https:\/\/www.pictofoundation.fr\/en\/entretien-avec-aria-shahrokhshahi-laureat-de-la-bourse-du-talent-2025\/\"\n\t\t\t>\n\t\n\t\t\t\t<noscript><img loading=\"lazy\" decoding=\"async\" width=\"1920\" height=\"1440\" src=\"https:\/\/www.pictofoundation.fr\/wp-content\/uploads\/2025\/07\/Aria_Shahrokhshahi_Civilian-military-training-Kyiv-Ukraine-2022-copie-1920x1440.jpg\" class=\"wp-image-15337\" alt=\"\" srcset=\"https:\/\/www.pictofoundation.fr\/wp-content\/uploads\/2025\/07\/Aria_Shahrokhshahi_Civilian-military-training-Kyiv-Ukraine-2022-copie-1920x1440.jpg 1920w, https:\/\/www.pictofoundation.fr\/wp-content\/uploads\/2025\/07\/Aria_Shahrokhshahi_Civilian-military-training-Kyiv-Ukraine-2022-copie-300x225.jpg 300w, https:\/\/www.pictofoundation.fr\/wp-content\/uploads\/2025\/07\/Aria_Shahrokhshahi_Civilian-military-training-Kyiv-Ukraine-2022-copie-1024x768.jpg 1024w, https:\/\/www.pictofoundation.fr\/wp-content\/uploads\/2025\/07\/Aria_Shahrokhshahi_Civilian-military-training-Kyiv-Ukraine-2022-copie-768x576.jpg 768w, https:\/\/www.pictofoundation.fr\/wp-content\/uploads\/2025\/07\/Aria_Shahrokhshahi_Civilian-military-training-Kyiv-Ukraine-2022-copie-1536x1152.jpg 1536w, https:\/\/www.pictofoundation.fr\/wp-content\/uploads\/2025\/07\/Aria_Shahrokhshahi_Civilian-military-training-Kyiv-Ukraine-2022-copie-500x375.jpg 500w, https:\/\/www.pictofoundation.fr\/wp-content\/uploads\/2025\/07\/Aria_Shahrokhshahi_Civilian-military-training-Kyiv-Ukraine-2022-copie-800x600.jpg 800w, https:\/\/www.pictofoundation.fr\/wp-content\/uploads\/2025\/07\/Aria_Shahrokhshahi_Civilian-military-training-Kyiv-Ukraine-2022-copie-1280x960.jpg 1280w, https:\/\/www.pictofoundation.fr\/wp-content\/uploads\/2025\/07\/Aria_Shahrokhshahi_Civilian-military-training-Kyiv-Ukraine-2022-copie.jpg 2000w\" sizes=\"auto, (max-width: 1920px) 100vw, 1920px\" \/><\/noscript><img decoding=\"async\" width=\"1920\" height=\"1440\" src=\"https:\/\/www.pictofoundation.fr\/wp-content\/uploads\/2025\/07\/Aria_Shahrokhshahi_Civilian-military-training-Kyiv-Ukraine-2022-copie-1920x1440.jpg\" class=\"wp-image-15337 vp-lazyload\" alt srcset=\"data:image\/svg+xml;base64,PHN2ZyB3aWR0aD0iMTkyMCIgaGVpZ2h0PSIxNDQwIiB2aWV3Qm94PSIwIDAgMTkyMCAxNDQwIiBmaWxsPSJub25lIiB4bWxucz0iaHR0cDovL3d3dy53My5vcmcvMjAwMC9zdmciPjwvc3ZnPg==\" data-src=\"https:\/\/www.pictofoundation.fr\/wp-content\/uploads\/2025\/07\/Aria_Shahrokhshahi_Civilian-military-training-Kyiv-Ukraine-2022-copie-1920x1440.jpg\" data-srcset=\"https:\/\/www.pictofoundation.fr\/wp-content\/uploads\/2025\/07\/Aria_Shahrokhshahi_Civilian-military-training-Kyiv-Ukraine-2022-copie-1920x1440.jpg 1920w, https:\/\/www.pictofoundation.fr\/wp-content\/uploads\/2025\/07\/Aria_Shahrokhshahi_Civilian-military-training-Kyiv-Ukraine-2022-copie-300x225.jpg 300w, https:\/\/www.pictofoundation.fr\/wp-content\/uploads\/2025\/07\/Aria_Shahrokhshahi_Civilian-military-training-Kyiv-Ukraine-2022-copie-1024x768.jpg 1024w, https:\/\/www.pictofoundation.fr\/wp-content\/uploads\/2025\/07\/Aria_Shahrokhshahi_Civilian-military-training-Kyiv-Ukraine-2022-copie-768x576.jpg 768w, https:\/\/www.pictofoundation.fr\/wp-content\/uploads\/2025\/07\/Aria_Shahrokhshahi_Civilian-military-training-Kyiv-Ukraine-2022-copie-1536x1152.jpg 1536w, https:\/\/www.pictofoundation.fr\/wp-content\/uploads\/2025\/07\/Aria_Shahrokhshahi_Civilian-military-training-Kyiv-Ukraine-2022-copie-500x375.jpg 500w, https:\/\/www.pictofoundation.fr\/wp-content\/uploads\/2025\/07\/Aria_Shahrokhshahi_Civilian-military-training-Kyiv-Ukraine-2022-copie-800x600.jpg 800w, https:\/\/www.pictofoundation.fr\/wp-content\/uploads\/2025\/07\/Aria_Shahrokhshahi_Civilian-military-training-Kyiv-Ukraine-2022-copie-1280x960.jpg 1280w, https:\/\/www.pictofoundation.fr\/wp-content\/uploads\/2025\/07\/Aria_Shahrokhshahi_Civilian-military-training-Kyiv-Ukraine-2022-copie.jpg 2000w\" data-sizes=\"auto\" loading=\"eager\">\n\t\t\t\t<\/a>\n\t\t\t<\/div>\n\t\t<\/div>\n\t\t<!-- \/.vp-portfolio__item-img-wrap -->\n\t\n\t<div class=\"vlt-post-content\">\n\n\t\t<header class=\"vlt-post-header\">\n\t\t\t\r\n<h3 class=\"vlt-post-title\"><a href=\"https:\/\/www.pictofoundation.fr\/en\/entretien-avec-aria-shahrokhshahi-laureat-de-la-bourse-du-talent-2025\/\">Interview with Aria Shahrokhshahi, winner of the 2025 Bourse du Talent<\/a><\/h3>\r\n<!-- \/.vlt-post-title -->\t\t\t\r\n<div class=\"vlt-post-meta vlt-display-1\">\r\n\r\n\t<span><time datetime=\"2025-10-11T07:00:07+02:00\">11 October 2025<\/time><\/span>\r\n\r\n\t\t\t<span><a href=\"https:\/\/www.pictofoundation.fr\/en\/category\/prix-en\/\">Prix<\/a><\/span>\r\n\t\r\n<\/div>\r\n<!-- \/.vlt-post-meta -->\t\t<\/header>\n\t\t<!-- \/.vlt-post-header -->\n\n\t\t<div class=\"vlt-post-excerpt\">\n\t\t\t \u00a9 Aria Shahrokhshahi. Laur\u00e9at Bourse du Talent 2025\r\nFocusing on new documentary approaches, the Bourse du Talent selects young photographers ... \t\t<\/div>\n\t\t<!-- \/.vlt-post-excerpt -->\n\n\t<\/div>\n\t<!-- \/.vlt-post-content -->\n\n<\/article>\n<!-- \/.vlt-post -->\t\t\t<\/figure>\n\t\t\t\t\t<\/article>\n\t\t\n\t\t<article\t\tclass=\"vp-portfolio__item-wrap post-15545 post type-post status-publish format-standard has-post-thumbnail hentry category-prix-en tag-bourse-du-talent-en tag-jeunes-talents-en vp-portfolio__item-uid-835e5e32\" data-vp-filter=\"prix-en\" \t\t>\n\t\t\t\t\t\t\t\t\t<figure class=\"vp-portfolio__item\">\n\t\t\t\t\n<article class=\"vlt-post vlt-post--style-masonry post-15545 post type-post status-publish format-standard has-post-thumbnail hentry category-prix-en tag-bourse-du-talent-en tag-jeunes-talents-en\">\n\n\t\t\t<div class=\"vp-portfolio__item-img-wrap\">\n\t\t\t<div class=\"vp-portfolio__item-img\">\n\n\t\t\t\t\t<a\n\t\thref=\"https:\/\/www.pictofoundation.fr\/en\/entretien-avec-santanu-dey-laureat-de-la-bourse-du-talent-2025\/\"\n\t\t\t>\n\t\n\t\t\t\t<noscript><img loading=\"lazy\" decoding=\"async\" width=\"1920\" height=\"1493\" src=\"https:\/\/www.pictofoundation.fr\/wp-content\/uploads\/2025\/07\/Brackish-Tears_38-1920x1493.jpg\" class=\"wp-image-15242\" alt=\"\" srcset=\"https:\/\/www.pictofoundation.fr\/wp-content\/uploads\/2025\/07\/Brackish-Tears_38-1920x1493.jpg 1920w, https:\/\/www.pictofoundation.fr\/wp-content\/uploads\/2025\/07\/Brackish-Tears_38-300x233.jpg 300w, https:\/\/www.pictofoundation.fr\/wp-content\/uploads\/2025\/07\/Brackish-Tears_38-1024x796.jpg 1024w, https:\/\/www.pictofoundation.fr\/wp-content\/uploads\/2025\/07\/Brackish-Tears_38-768x597.jpg 768w, https:\/\/www.pictofoundation.fr\/wp-content\/uploads\/2025\/07\/Brackish-Tears_38-1536x1194.jpg 1536w, https:\/\/www.pictofoundation.fr\/wp-content\/uploads\/2025\/07\/Brackish-Tears_38-500x389.jpg 500w, https:\/\/www.pictofoundation.fr\/wp-content\/uploads\/2025\/07\/Brackish-Tears_38-800x622.jpg 800w, https:\/\/www.pictofoundation.fr\/wp-content\/uploads\/2025\/07\/Brackish-Tears_38-1280x995.jpg 1280w, https:\/\/www.pictofoundation.fr\/wp-content\/uploads\/2025\/07\/Brackish-Tears_38.jpg 2000w\" sizes=\"auto, (max-width: 1920px) 100vw, 1920px\" \/><\/noscript><img decoding=\"async\" width=\"1920\" height=\"1493\" src=\"https:\/\/www.pictofoundation.fr\/wp-content\/uploads\/2025\/07\/Brackish-Tears_38-1920x1493.jpg\" class=\"wp-image-15242 vp-lazyload\" alt srcset=\"data:image\/svg+xml;base64,PHN2ZyB3aWR0aD0iMTkyMCIgaGVpZ2h0PSIxNDkzIiB2aWV3Qm94PSIwIDAgMTkyMCAxNDkzIiBmaWxsPSJub25lIiB4bWxucz0iaHR0cDovL3d3dy53My5vcmcvMjAwMC9zdmciPjwvc3ZnPg==\" data-src=\"https:\/\/www.pictofoundation.fr\/wp-content\/uploads\/2025\/07\/Brackish-Tears_38-1920x1493.jpg\" data-srcset=\"https:\/\/www.pictofoundation.fr\/wp-content\/uploads\/2025\/07\/Brackish-Tears_38-1920x1493.jpg 1920w, https:\/\/www.pictofoundation.fr\/wp-content\/uploads\/2025\/07\/Brackish-Tears_38-300x233.jpg 300w, https:\/\/www.pictofoundation.fr\/wp-content\/uploads\/2025\/07\/Brackish-Tears_38-1024x796.jpg 1024w, https:\/\/www.pictofoundation.fr\/wp-content\/uploads\/2025\/07\/Brackish-Tears_38-768x597.jpg 768w, https:\/\/www.pictofoundation.fr\/wp-content\/uploads\/2025\/07\/Brackish-Tears_38-1536x1194.jpg 1536w, https:\/\/www.pictofoundation.fr\/wp-content\/uploads\/2025\/07\/Brackish-Tears_38-500x389.jpg 500w, https:\/\/www.pictofoundation.fr\/wp-content\/uploads\/2025\/07\/Brackish-Tears_38-800x622.jpg 800w, https:\/\/www.pictofoundation.fr\/wp-content\/uploads\/2025\/07\/Brackish-Tears_38-1280x995.jpg 1280w, https:\/\/www.pictofoundation.fr\/wp-content\/uploads\/2025\/07\/Brackish-Tears_38.jpg 2000w\" data-sizes=\"auto\" loading=\"eager\">\n\t\t\t\t<\/a>\n\t\t\t<\/div>\n\t\t<\/div>\n\t\t<!-- \/.vp-portfolio__item-img-wrap -->\n\t\n\t<div class=\"vlt-post-content\">\n\n\t\t<header class=\"vlt-post-header\">\n\t\t\t\r\n<h3 class=\"vlt-post-title\"><a href=\"https:\/\/www.pictofoundation.fr\/en\/entretien-avec-santanu-dey-laureat-de-la-bourse-du-talent-2025\/\">Interview with Santanu Dey, winner of the 2025 Bourse du Talent<\/a><\/h3>\r\n<!-- \/.vlt-post-title -->\t\t\t\r\n<div class=\"vlt-post-meta vlt-display-1\">\r\n\r\n\t<span><time datetime=\"2025-10-10T11:17:51+02:00\">10 October 2025<\/time><\/span>\r\n\r\n\t\t\t<span><a href=\"https:\/\/www.pictofoundation.fr\/en\/category\/prix-en\/\">Prix<\/a><\/span>\r\n\t\r\n<\/div>\r\n<!-- \/.vlt-post-meta -->\t\t<\/header>\n\t\t<!-- \/.vlt-post-header -->\n\n\t\t<div class=\"vlt-post-excerpt\">\n\t\t\t Brackish Tears \u00a9 Santanu Dey \/ Winner Bourse du Talent 2025\r\nFocusing on new documentary approaches, the Bourse du Talent ... \t\t<\/div>\n\t\t<!-- \/.vlt-post-excerpt -->\n\n\t<\/div>\n\t<!-- \/.vlt-post-content -->\n\n<\/article>\n<!-- \/.vlt-post -->\t\t\t<\/figure>\n\t\t\t\t\t<\/article>\n\t\t\n<\/div>\n\t\t<\/div>\n\t\t\t\t<div class=\"vp-portfolio__layout-elements vp-portfolio__layout-elements-bottom vp-portfolio__layout-elements-align-center\">\n\t\t\t\t<div class=\"vp-portfolio__pagination-wrap\">\n\t\t\n<div class=\"vp-pagination vp-pagination__style-minimal\" data-vp-pagination-type=\"load-more\">\n\t<div class=\"vp-pagination__item\">\n\t\t<a class=\"vp-pagination__load-more\" href=\"https:\/\/www.pictofoundation.fr\/en\/wp-json\/wp\/v2\/pages\/9650?vp_page=2\">\n\t\t\t<span>Charger plus<\/span>\n\t\t\t<span class=\"vp-pagination__load-more-loading\"><span class=\"vp-spinner\"><\/span><span class=\"vp-screen-reader-text\"> En cours de chargement\u2026<\/span><\/span>\n\t\t\t<span class=\"vp-pagination__load-more-no-more\">Vous avez atteint la fin de la liste<\/span>\n\t\t<\/a>\n\t<\/div>\n<\/div>\n\t\t<\/div>\n\t\t\t\t<\/div>\n\t\t\n<\/div>\n[\/vc_column_text]<div class=\"ult-spacer spacer-69f0080e8809d\" data-id=\"69f0080e8809d\" data-height=\"20\" data-height-mobile=\"20\" data-height-tab=\"20\" data-height-tab-portrait=\"\" data-height-mobile-landscape=\"\" style=\"clear:both;display:block;\"><\/div>[\/vc_column][\/vc_row][\/vc_section][vc_section][vc_row][vc_column][vc_raw_html]JTNDZGl2JTIwY2xhc3MlM0QlMjJtYWluJTIyJTIwaWQlM0QlMjJzZWN0aW9uNCUyMiUzRQ==[\/vc_raw_html][vc_column_text]<\/p>\n<h2>Winners<\/h2>\n<p>[\/vc_column_text][vc_tta_tabs][vc_tta_section title=&#8221;Winners 2025&#8243; tab_id=&#8221;1650464067180-4ac1fd9e-e468&#8243;]\n<div class=\"vp-portfolio vp-uid-a501d61d vp-id-15422  \"\n\tdata-vp-layout=\"tiles\" data-vp-content-source=\"images\" data-vp-items-style=\"default\" data-vp-items-click-action=\"url\" data-vp-items-gap=\"15\" data-vp-items-gap-vertical=\"\" data-vp-pagination=\"load-more\" data-vp-next-page-url=\"\" data-vp-tiles-type=\"3|1,0.8|\" >\n\t<div class=\"vp-portfolio__preloader-wrap\">\n\t\t<div class=\"vp-portfolio__preloader\">\n\t\t\t<img decoding=\"async\" loading=\"eager\" src=\"https:\/\/www.pictofoundation.fr\/wp-content\/plugins\/visual-portfolio\/assets\/images\/logo-dark.svg\" alt=\"Visual Portfolio, Posts &amp; Image Gallery for WordPress\" width=\"20\" height=\"20\" data-skip-lazy>\n\t\t<\/div>\n\t<\/div>\n\t\t<div class=\"vp-portfolio__items-wrap\">\n\t\t\t\n<div class=\"vp-portfolio__items vp-portfolio__items-style-default vp-portfolio__items-show-overlay-hover\">\n\n\t\t<div\t\tclass=\"vp-portfolio__item-wrap vp-portfolio__item-uid-82bcec9d\" data-vp-filter=\"\" \t\t>\n\t\t\t\t\t\t\t\t\t<figure class=\"vp-portfolio__item\">\n\t\t\t\t\n<div class=\"vp-portfolio__item-img-wrap\">\n\t<div class=\"vp-portfolio__item-img\">\n\t\t\t<a\n\t\thref=\"https:\/\/www.pictofoundation.fr\/en\/laureate-bourse-du-talent-2025-sasha-mongin\/\"\n\t\t\t>\n\t\n\t\t<noscript><img loading=\"lazy\" decoding=\"async\" width=\"1920\" height=\"1280\" data-skip-lazy src=\"https:\/\/www.pictofoundation.fr\/wp-content\/uploads\/2025\/07\/MONGIN_LE-MOURANT_16-1920x1280.jpg\" class=\"wp-image-15140\" alt=\"\" srcset=\"https:\/\/www.pictofoundation.fr\/wp-content\/uploads\/2025\/07\/MONGIN_LE-MOURANT_16-1920x1280.jpg 1920w, https:\/\/www.pictofoundation.fr\/wp-content\/uploads\/2025\/07\/MONGIN_LE-MOURANT_16-300x200.jpg 300w, https:\/\/www.pictofoundation.fr\/wp-content\/uploads\/2025\/07\/MONGIN_LE-MOURANT_16-1024x682.jpg 1024w, https:\/\/www.pictofoundation.fr\/wp-content\/uploads\/2025\/07\/MONGIN_LE-MOURANT_16-768x512.jpg 768w, https:\/\/www.pictofoundation.fr\/wp-content\/uploads\/2025\/07\/MONGIN_LE-MOURANT_16-1536x1024.jpg 1536w, https:\/\/www.pictofoundation.fr\/wp-content\/uploads\/2025\/07\/MONGIN_LE-MOURANT_16-500x333.jpg 500w, https:\/\/www.pictofoundation.fr\/wp-content\/uploads\/2025\/07\/MONGIN_LE-MOURANT_16-800x533.jpg 800w, https:\/\/www.pictofoundation.fr\/wp-content\/uploads\/2025\/07\/MONGIN_LE-MOURANT_16-1280x853.jpg 1280w, https:\/\/www.pictofoundation.fr\/wp-content\/uploads\/2025\/07\/MONGIN_LE-MOURANT_16.jpg 2000w\" sizes=\"auto, (max-width: 1920px) 100vw, 1920px\" \/><\/noscript><img decoding=\"async\" width=\"1920\" height=\"1280\" src=\"https:\/\/www.pictofoundation.fr\/wp-content\/uploads\/2025\/07\/MONGIN_LE-MOURANT_16-1920x1280.jpg\" class=\"wp-image-15140 vp-lazyload\" alt srcset=\"data:image\/svg+xml;base64,PHN2ZyB3aWR0aD0iMTkyMCIgaGVpZ2h0PSIxMjgwIiB2aWV3Qm94PSIwIDAgMTkyMCAxMjgwIiBmaWxsPSJub25lIiB4bWxucz0iaHR0cDovL3d3dy53My5vcmcvMjAwMC9zdmciPjwvc3ZnPg==\" data-src=\"https:\/\/www.pictofoundation.fr\/wp-content\/uploads\/2025\/07\/MONGIN_LE-MOURANT_16-1920x1280.jpg\" data-srcset=\"https:\/\/www.pictofoundation.fr\/wp-content\/uploads\/2025\/07\/MONGIN_LE-MOURANT_16-1920x1280.jpg 1920w, https:\/\/www.pictofoundation.fr\/wp-content\/uploads\/2025\/07\/MONGIN_LE-MOURANT_16-300x200.jpg 300w, https:\/\/www.pictofoundation.fr\/wp-content\/uploads\/2025\/07\/MONGIN_LE-MOURANT_16-1024x682.jpg 1024w, https:\/\/www.pictofoundation.fr\/wp-content\/uploads\/2025\/07\/MONGIN_LE-MOURANT_16-768x512.jpg 768w, https:\/\/www.pictofoundation.fr\/wp-content\/uploads\/2025\/07\/MONGIN_LE-MOURANT_16-1536x1024.jpg 1536w, https:\/\/www.pictofoundation.fr\/wp-content\/uploads\/2025\/07\/MONGIN_LE-MOURANT_16-500x333.jpg 500w, https:\/\/www.pictofoundation.fr\/wp-content\/uploads\/2025\/07\/MONGIN_LE-MOURANT_16-800x533.jpg 800w, https:\/\/www.pictofoundation.fr\/wp-content\/uploads\/2025\/07\/MONGIN_LE-MOURANT_16-1280x853.jpg 1280w, https:\/\/www.pictofoundation.fr\/wp-content\/uploads\/2025\/07\/MONGIN_LE-MOURANT_16.jpg 2000w\" data-sizes=\"auto\" loading=\"eager\">\n\t\t<div class=\"vp-portfolio__item-overlay\">\n\t\t\t\t\t<\/div>\n\n\t\t<\/a>\t<\/div>\n<\/div>\n\n<div class=\"vp-portfolio__item-overlay vp-portfolio__item-align-center\">\n\t\t\t<div class=\"vp-portfolio__item-meta\">\n\t\t\t\t\t\t\t<h2 class=\"vp-portfolio__item-meta-title\">\n\t\t\t\t\t\t\t\t\t\t\t<a href=\"https:\/\/www.pictofoundation.fr\/en\/laureate-bourse-du-talent-2025-sasha-mongin\/\"\n\t\t\t\t\t\t\t\t\t\t\t\t\t>\n\t\t\t\t\t\t\t\u00a9 Sasha Mongin. Winner Bourse du Talent 2025\t\t\t\t\t\t<\/a>\n\t\t\t\t\t\t\t\t\t\t<\/h2>\n\t\t\t\t\t\t<\/div>\n\t<\/div>\t\t\t<\/figure>\n\t\t\t\t\t<\/div>\n\t\t\n\t\t<div\t\tclass=\"vp-portfolio__item-wrap vp-portfolio__item-uid-12402059\" data-vp-filter=\"\" \t\t>\n\t\t\t\t\t\t\t\t\t<figure class=\"vp-portfolio__item\">\n\t\t\t\t\n<div class=\"vp-portfolio__item-img-wrap\">\n\t<div class=\"vp-portfolio__item-img\">\n\t\t\t<a\n\t\thref=\"https:\/\/www.pictofoundation.fr\/en\/laureat-bourse-du-talent-2025-santanu-dey\/\"\n\t\t\t>\n\t\n\t\t<noscript><img loading=\"lazy\" decoding=\"async\" width=\"1920\" height=\"1493\" data-skip-lazy src=\"https:\/\/www.pictofoundation.fr\/wp-content\/uploads\/2025\/07\/Brackish-Tears_13-1920x1493.jpg\" class=\"wp-image-15192\" alt=\"\" srcset=\"https:\/\/www.pictofoundation.fr\/wp-content\/uploads\/2025\/07\/Brackish-Tears_13-1920x1493.jpg 1920w, https:\/\/www.pictofoundation.fr\/wp-content\/uploads\/2025\/07\/Brackish-Tears_13-300x233.jpg 300w, https:\/\/www.pictofoundation.fr\/wp-content\/uploads\/2025\/07\/Brackish-Tears_13-1024x796.jpg 1024w, https:\/\/www.pictofoundation.fr\/wp-content\/uploads\/2025\/07\/Brackish-Tears_13-768x597.jpg 768w, https:\/\/www.pictofoundation.fr\/wp-content\/uploads\/2025\/07\/Brackish-Tears_13-1536x1194.jpg 1536w, https:\/\/www.pictofoundation.fr\/wp-content\/uploads\/2025\/07\/Brackish-Tears_13-500x389.jpg 500w, https:\/\/www.pictofoundation.fr\/wp-content\/uploads\/2025\/07\/Brackish-Tears_13-800x622.jpg 800w, https:\/\/www.pictofoundation.fr\/wp-content\/uploads\/2025\/07\/Brackish-Tears_13-1280x995.jpg 1280w, https:\/\/www.pictofoundation.fr\/wp-content\/uploads\/2025\/07\/Brackish-Tears_13.jpg 2000w\" sizes=\"auto, (max-width: 1920px) 100vw, 1920px\" \/><\/noscript><img decoding=\"async\" width=\"1920\" height=\"1493\" src=\"https:\/\/www.pictofoundation.fr\/wp-content\/uploads\/2025\/07\/Brackish-Tears_13-1920x1493.jpg\" class=\"wp-image-15192 vp-lazyload\" alt srcset=\"data:image\/svg+xml;base64,PHN2ZyB3aWR0aD0iMTkyMCIgaGVpZ2h0PSIxNDkzIiB2aWV3Qm94PSIwIDAgMTkyMCAxNDkzIiBmaWxsPSJub25lIiB4bWxucz0iaHR0cDovL3d3dy53My5vcmcvMjAwMC9zdmciPjwvc3ZnPg==\" data-src=\"https:\/\/www.pictofoundation.fr\/wp-content\/uploads\/2025\/07\/Brackish-Tears_13-1920x1493.jpg\" data-srcset=\"https:\/\/www.pictofoundation.fr\/wp-content\/uploads\/2025\/07\/Brackish-Tears_13-1920x1493.jpg 1920w, https:\/\/www.pictofoundation.fr\/wp-content\/uploads\/2025\/07\/Brackish-Tears_13-300x233.jpg 300w, https:\/\/www.pictofoundation.fr\/wp-content\/uploads\/2025\/07\/Brackish-Tears_13-1024x796.jpg 1024w, https:\/\/www.pictofoundation.fr\/wp-content\/uploads\/2025\/07\/Brackish-Tears_13-768x597.jpg 768w, https:\/\/www.pictofoundation.fr\/wp-content\/uploads\/2025\/07\/Brackish-Tears_13-1536x1194.jpg 1536w, https:\/\/www.pictofoundation.fr\/wp-content\/uploads\/2025\/07\/Brackish-Tears_13-500x389.jpg 500w, https:\/\/www.pictofoundation.fr\/wp-content\/uploads\/2025\/07\/Brackish-Tears_13-800x622.jpg 800w, https:\/\/www.pictofoundation.fr\/wp-content\/uploads\/2025\/07\/Brackish-Tears_13-1280x995.jpg 1280w, https:\/\/www.pictofoundation.fr\/wp-content\/uploads\/2025\/07\/Brackish-Tears_13.jpg 2000w\" data-sizes=\"auto\" loading=\"eager\">\n\t\t<div class=\"vp-portfolio__item-overlay\">\n\t\t\t\t\t<\/div>\n\n\t\t<\/a>\t<\/div>\n<\/div>\n\n<div class=\"vp-portfolio__item-overlay vp-portfolio__item-align-center\">\n\t\t\t<div class=\"vp-portfolio__item-meta\">\n\t\t\t\t\t\t\t<h2 class=\"vp-portfolio__item-meta-title\">\n\t\t\t\t\t\t\t\t\t\t\t<a href=\"https:\/\/www.pictofoundation.fr\/en\/laureat-bourse-du-talent-2025-santanu-dey\/\"\n\t\t\t\t\t\t\t\t\t\t\t\t\t>\n\t\t\t\t\t\t\tBrackish Tears \u00a9 Santanu Dey. Winner Bourse du Talent 2025\t\t\t\t\t\t<\/a>\n\t\t\t\t\t\t\t\t\t\t<\/h2>\n\t\t\t\t\t\t<\/div>\n\t<\/div>\t\t\t<\/figure>\n\t\t\t\t\t<\/div>\n\t\t\n\t\t<div\t\tclass=\"vp-portfolio__item-wrap vp-portfolio__item-uid-1ab85e85\" data-vp-filter=\"\" \t\t>\n\t\t\t\t\t\t\t\t\t<figure class=\"vp-portfolio__item\">\n\t\t\t\t\n<div class=\"vp-portfolio__item-img-wrap\">\n\t<div class=\"vp-portfolio__item-img\">\n\t\t\t<a\n\t\thref=\"https:\/\/www.pictofoundation.fr\/en\/laureat-bourse-du-talent-2025-aria-shahrokhshahi\/\"\n\t\t\t>\n\t\n\t\t<noscript><img loading=\"lazy\" decoding=\"async\" width=\"1920\" height=\"1440\" data-skip-lazy src=\"https:\/\/www.pictofoundation.fr\/wp-content\/uploads\/2025\/07\/Aria_Shahrokhshahi_Military-Academy-Kyiv-Ukraine-2024--1920x1440.jpg\" class=\"wp-image-15333\" alt=\"\" srcset=\"https:\/\/www.pictofoundation.fr\/wp-content\/uploads\/2025\/07\/Aria_Shahrokhshahi_Military-Academy-Kyiv-Ukraine-2024--1920x1440.jpg 1920w, https:\/\/www.pictofoundation.fr\/wp-content\/uploads\/2025\/07\/Aria_Shahrokhshahi_Military-Academy-Kyiv-Ukraine-2024--300x225.jpg 300w, https:\/\/www.pictofoundation.fr\/wp-content\/uploads\/2025\/07\/Aria_Shahrokhshahi_Military-Academy-Kyiv-Ukraine-2024--1024x768.jpg 1024w, https:\/\/www.pictofoundation.fr\/wp-content\/uploads\/2025\/07\/Aria_Shahrokhshahi_Military-Academy-Kyiv-Ukraine-2024--768x576.jpg 768w, https:\/\/www.pictofoundation.fr\/wp-content\/uploads\/2025\/07\/Aria_Shahrokhshahi_Military-Academy-Kyiv-Ukraine-2024--1536x1152.jpg 1536w, https:\/\/www.pictofoundation.fr\/wp-content\/uploads\/2025\/07\/Aria_Shahrokhshahi_Military-Academy-Kyiv-Ukraine-2024--500x375.jpg 500w, https:\/\/www.pictofoundation.fr\/wp-content\/uploads\/2025\/07\/Aria_Shahrokhshahi_Military-Academy-Kyiv-Ukraine-2024--800x600.jpg 800w, https:\/\/www.pictofoundation.fr\/wp-content\/uploads\/2025\/07\/Aria_Shahrokhshahi_Military-Academy-Kyiv-Ukraine-2024--1280x960.jpg 1280w, https:\/\/www.pictofoundation.fr\/wp-content\/uploads\/2025\/07\/Aria_Shahrokhshahi_Military-Academy-Kyiv-Ukraine-2024-.jpg 2000w\" sizes=\"auto, (max-width: 1920px) 100vw, 1920px\" \/><\/noscript><img decoding=\"async\" width=\"1920\" height=\"1440\" src=\"https:\/\/www.pictofoundation.fr\/wp-content\/uploads\/2025\/07\/Aria_Shahrokhshahi_Military-Academy-Kyiv-Ukraine-2024--1920x1440.jpg\" class=\"wp-image-15333 vp-lazyload\" alt srcset=\"data:image\/svg+xml;base64,PHN2ZyB3aWR0aD0iMTkyMCIgaGVpZ2h0PSIxNDQwIiB2aWV3Qm94PSIwIDAgMTkyMCAxNDQwIiBmaWxsPSJub25lIiB4bWxucz0iaHR0cDovL3d3dy53My5vcmcvMjAwMC9zdmciPjwvc3ZnPg==\" data-src=\"https:\/\/www.pictofoundation.fr\/wp-content\/uploads\/2025\/07\/Aria_Shahrokhshahi_Military-Academy-Kyiv-Ukraine-2024--1920x1440.jpg\" data-srcset=\"https:\/\/www.pictofoundation.fr\/wp-content\/uploads\/2025\/07\/Aria_Shahrokhshahi_Military-Academy-Kyiv-Ukraine-2024--1920x1440.jpg 1920w, https:\/\/www.pictofoundation.fr\/wp-content\/uploads\/2025\/07\/Aria_Shahrokhshahi_Military-Academy-Kyiv-Ukraine-2024--300x225.jpg 300w, https:\/\/www.pictofoundation.fr\/wp-content\/uploads\/2025\/07\/Aria_Shahrokhshahi_Military-Academy-Kyiv-Ukraine-2024--1024x768.jpg 1024w, https:\/\/www.pictofoundation.fr\/wp-content\/uploads\/2025\/07\/Aria_Shahrokhshahi_Military-Academy-Kyiv-Ukraine-2024--768x576.jpg 768w, https:\/\/www.pictofoundation.fr\/wp-content\/uploads\/2025\/07\/Aria_Shahrokhshahi_Military-Academy-Kyiv-Ukraine-2024--1536x1152.jpg 1536w, https:\/\/www.pictofoundation.fr\/wp-content\/uploads\/2025\/07\/Aria_Shahrokhshahi_Military-Academy-Kyiv-Ukraine-2024--500x375.jpg 500w, https:\/\/www.pictofoundation.fr\/wp-content\/uploads\/2025\/07\/Aria_Shahrokhshahi_Military-Academy-Kyiv-Ukraine-2024--800x600.jpg 800w, https:\/\/www.pictofoundation.fr\/wp-content\/uploads\/2025\/07\/Aria_Shahrokhshahi_Military-Academy-Kyiv-Ukraine-2024--1280x960.jpg 1280w, https:\/\/www.pictofoundation.fr\/wp-content\/uploads\/2025\/07\/Aria_Shahrokhshahi_Military-Academy-Kyiv-Ukraine-2024-.jpg 2000w\" data-sizes=\"auto\" loading=\"eager\">\n\t\t<div class=\"vp-portfolio__item-overlay\">\n\t\t\t\t\t<\/div>\n\n\t\t<\/a>\t<\/div>\n<\/div>\n\n<div class=\"vp-portfolio__item-overlay vp-portfolio__item-align-center\">\n\t\t\t<div class=\"vp-portfolio__item-meta\">\n\t\t\t\t\t\t\t<h2 class=\"vp-portfolio__item-meta-title\">\n\t\t\t\t\t\t\t\t\t\t\t<a href=\"https:\/\/www.pictofoundation.fr\/en\/laureat-bourse-du-talent-2025-aria-shahrokhshahi\/\"\n\t\t\t\t\t\t\t\t\t\t\t\t\t>\n\t\t\t\t\t\t\tWet Ground \u00a9 Aria Shahrokhshahi. Winner Bourse du Talent 2025\t\t\t\t\t\t<\/a>\n\t\t\t\t\t\t\t\t\t\t<\/h2>\n\t\t\t\t\t\t<\/div>\n\t<\/div>\t\t\t<\/figure>\n\t\t\t\t\t<\/div>\n\t\t\n<\/div>\n\t\t<\/div>\n\t\t\n<\/div>\n[\/vc_tta_section][vc_tta_section title=&#8221;Winners 2024&#8243; tab_id=&#8221;1753697063357-e5df016e-3c7d&#8221;]\n<div class=\"vp-portfolio vp-uid-67dc30e7 vp-id-12629  \"\n\tdata-vp-layout=\"tiles\" data-vp-content-source=\"images\" data-vp-items-style=\"default\" data-vp-items-click-action=\"url\" data-vp-items-gap=\"15\" data-vp-items-gap-vertical=\"\" data-vp-pagination=\"load-more\" data-vp-next-page-url=\"\" data-vp-tiles-type=\"3|1,1|\" >\n\t<div class=\"vp-portfolio__preloader-wrap\">\n\t\t<div class=\"vp-portfolio__preloader\">\n\t\t\t<img decoding=\"async\" loading=\"eager\" src=\"https:\/\/www.pictofoundation.fr\/wp-content\/plugins\/visual-portfolio\/assets\/images\/logo-dark.svg\" alt=\"Visual Portfolio, Posts &amp; Image Gallery for WordPress\" width=\"20\" height=\"20\" data-skip-lazy>\n\t\t<\/div>\n\t<\/div>\n\t\t<div class=\"vp-portfolio__items-wrap\">\n\t\t\t\n<div class=\"vp-portfolio__items vp-portfolio__items-style-default vp-portfolio__items-show-overlay-hover\">\n\n\t\t<div\t\tclass=\"vp-portfolio__item-wrap vp-portfolio__item-uid-d92b8a88\" data-vp-filter=\"\" \t\t>\n\t\t\t\t\t\t\t\t\t<figure class=\"vp-portfolio__item\">\n\t\t\t\t\n<div class=\"vp-portfolio__item-img-wrap\">\n\t<div class=\"vp-portfolio__item-img\">\n\t\t\t<a\n\t\thref=\"https:\/\/www.pictofoundation.fr\/en\/laureate-la-bourse-du-talent-2024-karla-hiraldo-voleau\/\"\n\t\ttarget=\"_blank\" rel=\"noopener noreferrer\" \t>\n\t\n\t\t<noscript><img loading=\"lazy\" decoding=\"async\" width=\"1487\" height=\"2000\" data-skip-lazy src=\"https:\/\/www.pictofoundation.fr\/wp-content\/uploads\/2024\/07\/Hiraldo-Voleau_Karla_1-copie.jpg\" class=\"wp-image-12395\" alt=\"\" srcset=\"https:\/\/www.pictofoundation.fr\/wp-content\/uploads\/2024\/07\/Hiraldo-Voleau_Karla_1-copie.jpg 1487w, https:\/\/www.pictofoundation.fr\/wp-content\/uploads\/2024\/07\/Hiraldo-Voleau_Karla_1-copie-223x300.jpg 223w, https:\/\/www.pictofoundation.fr\/wp-content\/uploads\/2024\/07\/Hiraldo-Voleau_Karla_1-copie-761x1024.jpg 761w, https:\/\/www.pictofoundation.fr\/wp-content\/uploads\/2024\/07\/Hiraldo-Voleau_Karla_1-copie-768x1033.jpg 768w, https:\/\/www.pictofoundation.fr\/wp-content\/uploads\/2024\/07\/Hiraldo-Voleau_Karla_1-copie-1142x1536.jpg 1142w, https:\/\/www.pictofoundation.fr\/wp-content\/uploads\/2024\/07\/Hiraldo-Voleau_Karla_1-copie-500x672.jpg 500w, https:\/\/www.pictofoundation.fr\/wp-content\/uploads\/2024\/07\/Hiraldo-Voleau_Karla_1-copie-800x1076.jpg 800w, https:\/\/www.pictofoundation.fr\/wp-content\/uploads\/2024\/07\/Hiraldo-Voleau_Karla_1-copie-1280x1722.jpg 1280w\" sizes=\"auto, (max-width: 1487px) 100vw, 1487px\" \/><\/noscript><img decoding=\"async\" width=\"1487\" height=\"2000\" src=\"https:\/\/www.pictofoundation.fr\/wp-content\/uploads\/2024\/07\/Hiraldo-Voleau_Karla_1-copie.jpg\" class=\"wp-image-12395 vp-lazyload\" alt srcset=\"data:image\/svg+xml;base64,PHN2ZyB3aWR0aD0iMTQ4NyIgaGVpZ2h0PSIyMDAwIiB2aWV3Qm94PSIwIDAgMTQ4NyAyMDAwIiBmaWxsPSJub25lIiB4bWxucz0iaHR0cDovL3d3dy53My5vcmcvMjAwMC9zdmciPjwvc3ZnPg==\" data-src=\"https:\/\/www.pictofoundation.fr\/wp-content\/uploads\/2024\/07\/Hiraldo-Voleau_Karla_1-copie.jpg\" data-srcset=\"https:\/\/www.pictofoundation.fr\/wp-content\/uploads\/2024\/07\/Hiraldo-Voleau_Karla_1-copie.jpg 1487w, https:\/\/www.pictofoundation.fr\/wp-content\/uploads\/2024\/07\/Hiraldo-Voleau_Karla_1-copie-223x300.jpg 223w, https:\/\/www.pictofoundation.fr\/wp-content\/uploads\/2024\/07\/Hiraldo-Voleau_Karla_1-copie-761x1024.jpg 761w, https:\/\/www.pictofoundation.fr\/wp-content\/uploads\/2024\/07\/Hiraldo-Voleau_Karla_1-copie-768x1033.jpg 768w, https:\/\/www.pictofoundation.fr\/wp-content\/uploads\/2024\/07\/Hiraldo-Voleau_Karla_1-copie-1142x1536.jpg 1142w, https:\/\/www.pictofoundation.fr\/wp-content\/uploads\/2024\/07\/Hiraldo-Voleau_Karla_1-copie-500x672.jpg 500w, https:\/\/www.pictofoundation.fr\/wp-content\/uploads\/2024\/07\/Hiraldo-Voleau_Karla_1-copie-800x1076.jpg 800w, https:\/\/www.pictofoundation.fr\/wp-content\/uploads\/2024\/07\/Hiraldo-Voleau_Karla_1-copie-1280x1722.jpg 1280w\" data-sizes=\"auto\" loading=\"eager\">\n\t\t<div class=\"vp-portfolio__item-overlay\">\n\t\t\t\t\t<\/div>\n\n\t\t<\/a>\t<\/div>\n<\/div>\n\n<div class=\"vp-portfolio__item-overlay vp-portfolio__item-align-center\">\n\t\t\t<div class=\"vp-portfolio__item-meta\">\n\t\t\t\t\t\t\t<h2 class=\"vp-portfolio__item-meta-title\">\n\t\t\t\t\t\t\t\t\t\t\t<a href=\"https:\/\/www.pictofoundation.fr\/en\/laureate-la-bourse-du-talent-2024-karla-hiraldo-voleau\/\"\n\t\t\t\t\t\t\t\t\t\t\t\t\t\t\ttarget=\"_blank\"\n\t\t\t\t\t\t\t\trel=\"noopener noreferrer\"\n\t\t\t\t\t\t\t\t\t\t\t\t\t\t>\n\t\t\t\t\t\t\tKarla Hiraldo Voleau, Laureate Bourse du Talent 2024\t\t\t\t\t\t<\/a>\n\t\t\t\t\t\t\t\t\t\t<\/h2>\n\t\t\t\t\t\t<\/div>\n\t<\/div>\t\t\t<\/figure>\n\t\t\t\t\t<\/div>\n\t\t\n\t\t<div\t\tclass=\"vp-portfolio__item-wrap vp-portfolio__item-uid-b690006e\" data-vp-filter=\"\" \t\t>\n\t\t\t\t\t\t\t\t\t<figure class=\"vp-portfolio__item\">\n\t\t\t\t\n<div class=\"vp-portfolio__item-img-wrap\">\n\t<div class=\"vp-portfolio__item-img\">\n\t\t\t<a\n\t\thref=\"https:\/\/www.pictofoundation.fr\/en\/laureate-bourse-du-talent-2024-hassan-kurbanbaev\/\"\n\t\ttarget=\"_blank\" rel=\"noopener noreferrer\" \t>\n\t\n\t\t<noscript><img loading=\"lazy\" decoding=\"async\" width=\"1920\" height=\"1549\" data-skip-lazy src=\"https:\/\/www.pictofoundation.fr\/wp-content\/uploads\/2024\/07\/KURBANBAEV_HASSAN_16-1920x1549.jpg\" class=\"wp-image-12400\" alt=\"\" srcset=\"https:\/\/www.pictofoundation.fr\/wp-content\/uploads\/2024\/07\/KURBANBAEV_HASSAN_16-1920x1549.jpg 1920w, https:\/\/www.pictofoundation.fr\/wp-content\/uploads\/2024\/07\/KURBANBAEV_HASSAN_16-300x242.jpg 300w, https:\/\/www.pictofoundation.fr\/wp-content\/uploads\/2024\/07\/KURBANBAEV_HASSAN_16-1024x826.jpg 1024w, https:\/\/www.pictofoundation.fr\/wp-content\/uploads\/2024\/07\/KURBANBAEV_HASSAN_16-768x620.jpg 768w, https:\/\/www.pictofoundation.fr\/wp-content\/uploads\/2024\/07\/KURBANBAEV_HASSAN_16-1536x1240.jpg 1536w, https:\/\/www.pictofoundation.fr\/wp-content\/uploads\/2024\/07\/KURBANBAEV_HASSAN_16-500x404.jpg 500w, https:\/\/www.pictofoundation.fr\/wp-content\/uploads\/2024\/07\/KURBANBAEV_HASSAN_16-800x646.jpg 800w, https:\/\/www.pictofoundation.fr\/wp-content\/uploads\/2024\/07\/KURBANBAEV_HASSAN_16-1280x1033.jpg 1280w, https:\/\/www.pictofoundation.fr\/wp-content\/uploads\/2024\/07\/KURBANBAEV_HASSAN_16.jpg 2000w\" sizes=\"auto, (max-width: 1920px) 100vw, 1920px\" \/><\/noscript><img decoding=\"async\" width=\"1920\" height=\"1549\" src=\"https:\/\/www.pictofoundation.fr\/wp-content\/uploads\/2024\/07\/KURBANBAEV_HASSAN_16-1920x1549.jpg\" class=\"wp-image-12400 vp-lazyload\" alt srcset=\"data:image\/svg+xml;base64,PHN2ZyB3aWR0aD0iMTkyMCIgaGVpZ2h0PSIxNTQ5IiB2aWV3Qm94PSIwIDAgMTkyMCAxNTQ5IiBmaWxsPSJub25lIiB4bWxucz0iaHR0cDovL3d3dy53My5vcmcvMjAwMC9zdmciPjwvc3ZnPg==\" data-src=\"https:\/\/www.pictofoundation.fr\/wp-content\/uploads\/2024\/07\/KURBANBAEV_HASSAN_16-1920x1549.jpg\" data-srcset=\"https:\/\/www.pictofoundation.fr\/wp-content\/uploads\/2024\/07\/KURBANBAEV_HASSAN_16-1920x1549.jpg 1920w, https:\/\/www.pictofoundation.fr\/wp-content\/uploads\/2024\/07\/KURBANBAEV_HASSAN_16-300x242.jpg 300w, https:\/\/www.pictofoundation.fr\/wp-content\/uploads\/2024\/07\/KURBANBAEV_HASSAN_16-1024x826.jpg 1024w, https:\/\/www.pictofoundation.fr\/wp-content\/uploads\/2024\/07\/KURBANBAEV_HASSAN_16-768x620.jpg 768w, https:\/\/www.pictofoundation.fr\/wp-content\/uploads\/2024\/07\/KURBANBAEV_HASSAN_16-1536x1240.jpg 1536w, https:\/\/www.pictofoundation.fr\/wp-content\/uploads\/2024\/07\/KURBANBAEV_HASSAN_16-500x404.jpg 500w, https:\/\/www.pictofoundation.fr\/wp-content\/uploads\/2024\/07\/KURBANBAEV_HASSAN_16-800x646.jpg 800w, https:\/\/www.pictofoundation.fr\/wp-content\/uploads\/2024\/07\/KURBANBAEV_HASSAN_16-1280x1033.jpg 1280w, https:\/\/www.pictofoundation.fr\/wp-content\/uploads\/2024\/07\/KURBANBAEV_HASSAN_16.jpg 2000w\" data-sizes=\"auto\" loading=\"eager\">\n\t\t<div class=\"vp-portfolio__item-overlay\">\n\t\t\t\t\t<\/div>\n\n\t\t<\/a>\t<\/div>\n<\/div>\n\n<div class=\"vp-portfolio__item-overlay vp-portfolio__item-align-center\">\n\t\t\t<div class=\"vp-portfolio__item-meta\">\n\t\t\t\t\t\t\t<h2 class=\"vp-portfolio__item-meta-title\">\n\t\t\t\t\t\t\t\t\t\t\t<a href=\"https:\/\/www.pictofoundation.fr\/en\/laureate-bourse-du-talent-2024-hassan-kurbanbaev\/\"\n\t\t\t\t\t\t\t\t\t\t\t\t\t\t\ttarget=\"_blank\"\n\t\t\t\t\t\t\t\trel=\"noopener noreferrer\"\n\t\t\t\t\t\t\t\t\t\t\t\t\t\t>\n\t\t\t\t\t\t\t\u00a9 Hassan Kurbanbaev, Laureate Bourse du Talent 2024\t\t\t\t\t\t<\/a>\n\t\t\t\t\t\t\t\t\t\t<\/h2>\n\t\t\t\t\t\t<\/div>\n\t<\/div>\t\t\t<\/figure>\n\t\t\t\t\t<\/div>\n\t\t\n\t\t<div\t\tclass=\"vp-portfolio__item-wrap vp-portfolio__item-uid-a90d237a\" data-vp-filter=\"\" \t\t>\n\t\t\t\t\t\t\t\t\t<figure class=\"vp-portfolio__item\">\n\t\t\t\t\n<div class=\"vp-portfolio__item-img-wrap\">\n\t<div class=\"vp-portfolio__item-img\">\n\t\t\t<a\n\t\thref=\"https:\/\/www.pictofoundation.fr\/en\/laureate-bourse-du-talent-2024-guillaume-holzer\/\"\n\t\ttarget=\"_blank\" rel=\"noopener noreferrer\" \t>\n\t\n\t\t<noscript><img loading=\"lazy\" decoding=\"async\" width=\"1920\" height=\"1237\" data-skip-lazy src=\"https:\/\/www.pictofoundation.fr\/wp-content\/uploads\/2024\/07\/HOLZER_GUILLAUME_7-1920x1237.jpg\" class=\"wp-image-12403\" alt=\"\" srcset=\"https:\/\/www.pictofoundation.fr\/wp-content\/uploads\/2024\/07\/HOLZER_GUILLAUME_7-1920x1237.jpg 1920w, https:\/\/www.pictofoundation.fr\/wp-content\/uploads\/2024\/07\/HOLZER_GUILLAUME_7-300x193.jpg 300w, https:\/\/www.pictofoundation.fr\/wp-content\/uploads\/2024\/07\/HOLZER_GUILLAUME_7-1024x660.jpg 1024w, https:\/\/www.pictofoundation.fr\/wp-content\/uploads\/2024\/07\/HOLZER_GUILLAUME_7-768x495.jpg 768w, https:\/\/www.pictofoundation.fr\/wp-content\/uploads\/2024\/07\/HOLZER_GUILLAUME_7-1536x990.jpg 1536w, https:\/\/www.pictofoundation.fr\/wp-content\/uploads\/2024\/07\/HOLZER_GUILLAUME_7-500x322.jpg 500w, https:\/\/www.pictofoundation.fr\/wp-content\/uploads\/2024\/07\/HOLZER_GUILLAUME_7-800x516.jpg 800w, https:\/\/www.pictofoundation.fr\/wp-content\/uploads\/2024\/07\/HOLZER_GUILLAUME_7-1280x825.jpg 1280w, https:\/\/www.pictofoundation.fr\/wp-content\/uploads\/2024\/07\/HOLZER_GUILLAUME_7.jpg 2000w\" sizes=\"auto, (max-width: 1920px) 100vw, 1920px\" \/><\/noscript><img decoding=\"async\" width=\"1920\" height=\"1237\" src=\"https:\/\/www.pictofoundation.fr\/wp-content\/uploads\/2024\/07\/HOLZER_GUILLAUME_7-1920x1237.jpg\" class=\"wp-image-12403 vp-lazyload\" alt srcset=\"data:image\/svg+xml;base64,PHN2ZyB3aWR0aD0iMTkyMCIgaGVpZ2h0PSIxMjM3IiB2aWV3Qm94PSIwIDAgMTkyMCAxMjM3IiBmaWxsPSJub25lIiB4bWxucz0iaHR0cDovL3d3dy53My5vcmcvMjAwMC9zdmciPjwvc3ZnPg==\" data-src=\"https:\/\/www.pictofoundation.fr\/wp-content\/uploads\/2024\/07\/HOLZER_GUILLAUME_7-1920x1237.jpg\" data-srcset=\"https:\/\/www.pictofoundation.fr\/wp-content\/uploads\/2024\/07\/HOLZER_GUILLAUME_7-1920x1237.jpg 1920w, https:\/\/www.pictofoundation.fr\/wp-content\/uploads\/2024\/07\/HOLZER_GUILLAUME_7-300x193.jpg 300w, https:\/\/www.pictofoundation.fr\/wp-content\/uploads\/2024\/07\/HOLZER_GUILLAUME_7-1024x660.jpg 1024w, https:\/\/www.pictofoundation.fr\/wp-content\/uploads\/2024\/07\/HOLZER_GUILLAUME_7-768x495.jpg 768w, https:\/\/www.pictofoundation.fr\/wp-content\/uploads\/2024\/07\/HOLZER_GUILLAUME_7-1536x990.jpg 1536w, https:\/\/www.pictofoundation.fr\/wp-content\/uploads\/2024\/07\/HOLZER_GUILLAUME_7-500x322.jpg 500w, https:\/\/www.pictofoundation.fr\/wp-content\/uploads\/2024\/07\/HOLZER_GUILLAUME_7-800x516.jpg 800w, https:\/\/www.pictofoundation.fr\/wp-content\/uploads\/2024\/07\/HOLZER_GUILLAUME_7-1280x825.jpg 1280w, https:\/\/www.pictofoundation.fr\/wp-content\/uploads\/2024\/07\/HOLZER_GUILLAUME_7.jpg 2000w\" data-sizes=\"auto\" loading=\"eager\">\n\t\t<div class=\"vp-portfolio__item-overlay\">\n\t\t\t\t\t<\/div>\n\n\t\t<\/a>\t<\/div>\n<\/div>\n\n<div class=\"vp-portfolio__item-overlay vp-portfolio__item-align-center\">\n\t\t\t<div class=\"vp-portfolio__item-meta\">\n\t\t\t\t\t\t\t<h2 class=\"vp-portfolio__item-meta-title\">\n\t\t\t\t\t\t\t\t\t\t\t<a href=\"https:\/\/www.pictofoundation.fr\/en\/laureate-bourse-du-talent-2024-guillaume-holzer\/\"\n\t\t\t\t\t\t\t\t\t\t\t\t\t\t\ttarget=\"_blank\"\n\t\t\t\t\t\t\t\trel=\"noopener noreferrer\"\n\t\t\t\t\t\t\t\t\t\t\t\t\t\t>\n\t\t\t\t\t\t\tGuillaume Holzer, Laureate Bourse du Talent 2024\t\t\t\t\t\t<\/a>\n\t\t\t\t\t\t\t\t\t\t<\/h2>\n\t\t\t\t\t\t<\/div>\n\t<\/div>\t\t\t<\/figure>\n\t\t\t\t\t<\/div>\n\t\t\n<\/div>\n\t\t<\/div>\n\t\t\n<\/div>\n[\/vc_tta_section][vc_tta_section title=&#8221;Winners 2023&#8243; tab_id=&#8221;1720888656493-add504c8-9315&#8243;]\n<div class=\"vp-portfolio vp-uid-91afe565 vp-id-9931  \"\n\tdata-vp-layout=\"tiles\" data-vp-content-source=\"images\" data-vp-items-style=\"default\" data-vp-items-click-action=\"url\" data-vp-items-gap=\"15\" data-vp-items-gap-vertical=\"\" data-vp-pagination=\"load-more\" data-vp-next-page-url=\"\" data-vp-tiles-type=\"3|1,1|\" >\n\t<div class=\"vp-portfolio__preloader-wrap\">\n\t\t<div class=\"vp-portfolio__preloader\">\n\t\t\t<img decoding=\"async\" loading=\"eager\" src=\"https:\/\/www.pictofoundation.fr\/wp-content\/plugins\/visual-portfolio\/assets\/images\/logo-dark.svg\" alt=\"Visual Portfolio, Posts &amp; Image Gallery for WordPress\" width=\"20\" height=\"20\" data-skip-lazy>\n\t\t<\/div>\n\t<\/div>\n\t\t<div class=\"vp-portfolio__items-wrap\">\n\t\t\t\n<div class=\"vp-portfolio__items vp-portfolio__items-style-default vp-portfolio__items-show-overlay-hover\">\n\n\t\t<div\t\tclass=\"vp-portfolio__item-wrap vp-portfolio__item-uid-47ee7d86\" data-vp-filter=\"\" \t\t>\n\t\t\t\t\t\t\t\t\t<figure class=\"vp-portfolio__item\">\n\t\t\t\t\n<div class=\"vp-portfolio__item-img-wrap\">\n\t<div class=\"vp-portfolio__item-img\">\n\t\t\t<a\n\t\thref=\"https:\/\/www.pictofoundation.fr\/les-laureats-de-la-bourse-du-talent-2023\/\"\n\t\t\t>\n\t\n\t\t<noscript><img loading=\"lazy\" decoding=\"async\" width=\"1452\" height=\"968\" data-skip-lazy src=\"https:\/\/www.pictofoundation.fr\/wp-content\/uploads\/2023\/07\/Lee_Daesung_05.jpg\" class=\"wp-image-9869\" alt=\"\" srcset=\"https:\/\/www.pictofoundation.fr\/wp-content\/uploads\/2023\/07\/Lee_Daesung_05.jpg 1452w, https:\/\/www.pictofoundation.fr\/wp-content\/uploads\/2023\/07\/Lee_Daesung_05-300x200.jpg 300w, https:\/\/www.pictofoundation.fr\/wp-content\/uploads\/2023\/07\/Lee_Daesung_05-1024x683.jpg 1024w, https:\/\/www.pictofoundation.fr\/wp-content\/uploads\/2023\/07\/Lee_Daesung_05-768x512.jpg 768w, https:\/\/www.pictofoundation.fr\/wp-content\/uploads\/2023\/07\/Lee_Daesung_05-500x333.jpg 500w, https:\/\/www.pictofoundation.fr\/wp-content\/uploads\/2023\/07\/Lee_Daesung_05-800x533.jpg 800w, https:\/\/www.pictofoundation.fr\/wp-content\/uploads\/2023\/07\/Lee_Daesung_05-1280x853.jpg 1280w\" sizes=\"auto, (max-width: 1452px) 100vw, 1452px\" \/><\/noscript><img decoding=\"async\" width=\"1452\" height=\"968\" src=\"https:\/\/www.pictofoundation.fr\/wp-content\/uploads\/2023\/07\/Lee_Daesung_05.jpg\" class=\"wp-image-9869 vp-lazyload\" alt srcset=\"data:image\/svg+xml;base64,PHN2ZyB3aWR0aD0iMTQ1MiIgaGVpZ2h0PSI5NjgiIHZpZXdCb3g9IjAgMCAxNDUyIDk2OCIgZmlsbD0ibm9uZSIgeG1sbnM9Imh0dHA6Ly93d3cudzMub3JnLzIwMDAvc3ZnIj48L3N2Zz4=\" data-src=\"https:\/\/www.pictofoundation.fr\/wp-content\/uploads\/2023\/07\/Lee_Daesung_05.jpg\" data-srcset=\"https:\/\/www.pictofoundation.fr\/wp-content\/uploads\/2023\/07\/Lee_Daesung_05.jpg 1452w, https:\/\/www.pictofoundation.fr\/wp-content\/uploads\/2023\/07\/Lee_Daesung_05-300x200.jpg 300w, https:\/\/www.pictofoundation.fr\/wp-content\/uploads\/2023\/07\/Lee_Daesung_05-1024x683.jpg 1024w, https:\/\/www.pictofoundation.fr\/wp-content\/uploads\/2023\/07\/Lee_Daesung_05-768x512.jpg 768w, https:\/\/www.pictofoundation.fr\/wp-content\/uploads\/2023\/07\/Lee_Daesung_05-500x333.jpg 500w, https:\/\/www.pictofoundation.fr\/wp-content\/uploads\/2023\/07\/Lee_Daesung_05-800x533.jpg 800w, https:\/\/www.pictofoundation.fr\/wp-content\/uploads\/2023\/07\/Lee_Daesung_05-1280x853.jpg 1280w\" data-sizes=\"auto\" loading=\"eager\">\n\t\t<div class=\"vp-portfolio__item-overlay\">\n\t\t\t\t\t<\/div>\n\n\t\t<\/a>\t<\/div>\n<\/div>\n\n<div class=\"vp-portfolio__item-overlay vp-portfolio__item-align-center\">\n\t\t\t<div class=\"vp-portfolio__item-meta\">\n\t\t\t\t\t\t\t<h2 class=\"vp-portfolio__item-meta-title\">\n\t\t\t\t\t\t\t\t\t\t\t<a href=\"https:\/\/www.pictofoundation.fr\/les-laureats-de-la-bourse-du-talent-2023\/\"\n\t\t\t\t\t\t\t\t\t\t\t\t\t>\n\t\t\t\t\t\t\tDaesung Lee, laur\u00e9at Bourse du Talent 2023\t\t\t\t\t\t<\/a>\n\t\t\t\t\t\t\t\t\t\t<\/h2>\n\t\t\t\t\t\t<\/div>\n\t<\/div>\t\t\t<\/figure>\n\t\t\t\t\t<\/div>\n\t\t\n\t\t<div\t\tclass=\"vp-portfolio__item-wrap vp-portfolio__item-uid-f32a78e6\" data-vp-filter=\"\" \t\t>\n\t\t\t\t\t\t\t\t\t<figure class=\"vp-portfolio__item\">\n\t\t\t\t\n<div class=\"vp-portfolio__item-img-wrap\">\n\t<div class=\"vp-portfolio__item-img\">\n\t\t\t<a\n\t\thref=\"https:\/\/www.pictofoundation.fr\/les-laureats-de-la-bourse-du-talent-2023\/\"\n\t\t\t>\n\t\n\t\t<noscript><img loading=\"lazy\" decoding=\"async\" width=\"1452\" height=\"966\" data-skip-lazy src=\"https:\/\/www.pictofoundation.fr\/wp-content\/uploads\/2023\/07\/Capture-decran-2023-07-12-a-16.52.06.jpg\" class=\"wp-image-9876\" alt=\"\" srcset=\"https:\/\/www.pictofoundation.fr\/wp-content\/uploads\/2023\/07\/Capture-decran-2023-07-12-a-16.52.06.jpg 1452w, https:\/\/www.pictofoundation.fr\/wp-content\/uploads\/2023\/07\/Capture-decran-2023-07-12-a-16.52.06-300x200.jpg 300w, https:\/\/www.pictofoundation.fr\/wp-content\/uploads\/2023\/07\/Capture-decran-2023-07-12-a-16.52.06-1024x681.jpg 1024w, https:\/\/www.pictofoundation.fr\/wp-content\/uploads\/2023\/07\/Capture-decran-2023-07-12-a-16.52.06-768x511.jpg 768w, https:\/\/www.pictofoundation.fr\/wp-content\/uploads\/2023\/07\/Capture-decran-2023-07-12-a-16.52.06-500x333.jpg 500w, https:\/\/www.pictofoundation.fr\/wp-content\/uploads\/2023\/07\/Capture-decran-2023-07-12-a-16.52.06-800x532.jpg 800w, https:\/\/www.pictofoundation.fr\/wp-content\/uploads\/2023\/07\/Capture-decran-2023-07-12-a-16.52.06-1280x852.jpg 1280w\" sizes=\"auto, (max-width: 1452px) 100vw, 1452px\" \/><\/noscript><img decoding=\"async\" width=\"1452\" height=\"966\" src=\"https:\/\/www.pictofoundation.fr\/wp-content\/uploads\/2023\/07\/Capture-decran-2023-07-12-a-16.52.06.jpg\" class=\"wp-image-9876 vp-lazyload\" alt srcset=\"data:image\/svg+xml;base64,PHN2ZyB3aWR0aD0iMTQ1MiIgaGVpZ2h0PSI5NjYiIHZpZXdCb3g9IjAgMCAxNDUyIDk2NiIgZmlsbD0ibm9uZSIgeG1sbnM9Imh0dHA6Ly93d3cudzMub3JnLzIwMDAvc3ZnIj48L3N2Zz4=\" data-src=\"https:\/\/www.pictofoundation.fr\/wp-content\/uploads\/2023\/07\/Capture-decran-2023-07-12-a-16.52.06.jpg\" data-srcset=\"https:\/\/www.pictofoundation.fr\/wp-content\/uploads\/2023\/07\/Capture-decran-2023-07-12-a-16.52.06.jpg 1452w, https:\/\/www.pictofoundation.fr\/wp-content\/uploads\/2023\/07\/Capture-decran-2023-07-12-a-16.52.06-300x200.jpg 300w, https:\/\/www.pictofoundation.fr\/wp-content\/uploads\/2023\/07\/Capture-decran-2023-07-12-a-16.52.06-1024x681.jpg 1024w, https:\/\/www.pictofoundation.fr\/wp-content\/uploads\/2023\/07\/Capture-decran-2023-07-12-a-16.52.06-768x511.jpg 768w, https:\/\/www.pictofoundation.fr\/wp-content\/uploads\/2023\/07\/Capture-decran-2023-07-12-a-16.52.06-500x333.jpg 500w, https:\/\/www.pictofoundation.fr\/wp-content\/uploads\/2023\/07\/Capture-decran-2023-07-12-a-16.52.06-800x532.jpg 800w, https:\/\/www.pictofoundation.fr\/wp-content\/uploads\/2023\/07\/Capture-decran-2023-07-12-a-16.52.06-1280x852.jpg 1280w\" data-sizes=\"auto\" loading=\"eager\">\n\t\t<div class=\"vp-portfolio__item-overlay\">\n\t\t\t\t\t<\/div>\n\n\t\t<\/a>\t<\/div>\n<\/div>\n\n<div class=\"vp-portfolio__item-overlay vp-portfolio__item-align-center\">\n\t\t\t<div class=\"vp-portfolio__item-meta\">\n\t\t\t\t\t\t\t<h2 class=\"vp-portfolio__item-meta-title\">\n\t\t\t\t\t\t\t\t\t\t\t<a href=\"https:\/\/www.pictofoundation.fr\/les-laureats-de-la-bourse-du-talent-2023\/\"\n\t\t\t\t\t\t\t\t\t\t\t\t\t>\n\t\t\t\t\t\t\tFlorian Ruiz, Laur\u00e9at Bourse du Talent 2023\t\t\t\t\t\t<\/a>\n\t\t\t\t\t\t\t\t\t\t<\/h2>\n\t\t\t\t\t\t<\/div>\n\t<\/div>\t\t\t<\/figure>\n\t\t\t\t\t<\/div>\n\t\t\n\t\t<div\t\tclass=\"vp-portfolio__item-wrap vp-portfolio__item-uid-68b20198\" data-vp-filter=\"\" \t\t>\n\t\t\t\t\t\t\t\t\t<figure class=\"vp-portfolio__item\">\n\t\t\t\t\n<div class=\"vp-portfolio__item-img-wrap\">\n\t<div class=\"vp-portfolio__item-img\">\n\t\t\t<a\n\t\thref=\"https:\/\/www.pictofoundation.fr\/les-laureats-de-la-bourse-du-talent-2023\/\"\n\t\t\t>\n\t\n\t\t<noscript><img loading=\"lazy\" decoding=\"async\" width=\"1452\" height=\"1446\" data-skip-lazy src=\"https:\/\/www.pictofoundation.fr\/wp-content\/uploads\/2023\/07\/K_Stanley_Kamila_21.jpg\" class=\"wp-image-9854\" alt=\"\" srcset=\"https:\/\/www.pictofoundation.fr\/wp-content\/uploads\/2023\/07\/K_Stanley_Kamila_21.jpg 1452w, https:\/\/www.pictofoundation.fr\/wp-content\/uploads\/2023\/07\/K_Stanley_Kamila_21-300x300.jpg 300w, https:\/\/www.pictofoundation.fr\/wp-content\/uploads\/2023\/07\/K_Stanley_Kamila_21-1024x1020.jpg 1024w, https:\/\/www.pictofoundation.fr\/wp-content\/uploads\/2023\/07\/K_Stanley_Kamila_21-150x150.jpg 150w, https:\/\/www.pictofoundation.fr\/wp-content\/uploads\/2023\/07\/K_Stanley_Kamila_21-768x765.jpg 768w, https:\/\/www.pictofoundation.fr\/wp-content\/uploads\/2023\/07\/K_Stanley_Kamila_21-500x498.jpg 500w, https:\/\/www.pictofoundation.fr\/wp-content\/uploads\/2023\/07\/K_Stanley_Kamila_21-800x797.jpg 800w, https:\/\/www.pictofoundation.fr\/wp-content\/uploads\/2023\/07\/K_Stanley_Kamila_21-1280x1275.jpg 1280w\" sizes=\"auto, (max-width: 1452px) 100vw, 1452px\" \/><\/noscript><img decoding=\"async\" width=\"1452\" height=\"1446\" src=\"https:\/\/www.pictofoundation.fr\/wp-content\/uploads\/2023\/07\/K_Stanley_Kamila_21.jpg\" class=\"wp-image-9854 vp-lazyload\" alt srcset=\"data:image\/svg+xml;base64,PHN2ZyB3aWR0aD0iMTQ1MiIgaGVpZ2h0PSIxNDQ2IiB2aWV3Qm94PSIwIDAgMTQ1MiAxNDQ2IiBmaWxsPSJub25lIiB4bWxucz0iaHR0cDovL3d3dy53My5vcmcvMjAwMC9zdmciPjwvc3ZnPg==\" data-src=\"https:\/\/www.pictofoundation.fr\/wp-content\/uploads\/2023\/07\/K_Stanley_Kamila_21.jpg\" data-srcset=\"https:\/\/www.pictofoundation.fr\/wp-content\/uploads\/2023\/07\/K_Stanley_Kamila_21.jpg 1452w, https:\/\/www.pictofoundation.fr\/wp-content\/uploads\/2023\/07\/K_Stanley_Kamila_21-300x300.jpg 300w, https:\/\/www.pictofoundation.fr\/wp-content\/uploads\/2023\/07\/K_Stanley_Kamila_21-1024x1020.jpg 1024w, https:\/\/www.pictofoundation.fr\/wp-content\/uploads\/2023\/07\/K_Stanley_Kamila_21-150x150.jpg 150w, https:\/\/www.pictofoundation.fr\/wp-content\/uploads\/2023\/07\/K_Stanley_Kamila_21-768x765.jpg 768w, https:\/\/www.pictofoundation.fr\/wp-content\/uploads\/2023\/07\/K_Stanley_Kamila_21-500x498.jpg 500w, https:\/\/www.pictofoundation.fr\/wp-content\/uploads\/2023\/07\/K_Stanley_Kamila_21-800x797.jpg 800w, https:\/\/www.pictofoundation.fr\/wp-content\/uploads\/2023\/07\/K_Stanley_Kamila_21-1280x1275.jpg 1280w\" data-sizes=\"auto\" loading=\"eager\">\n\t\t<div class=\"vp-portfolio__item-overlay\">\n\t\t\t\t\t<\/div>\n\n\t\t<\/a>\t<\/div>\n<\/div>\n\n<div class=\"vp-portfolio__item-overlay vp-portfolio__item-align-center\">\n\t\t\t<div class=\"vp-portfolio__item-meta\">\n\t\t\t\t\t\t\t<h2 class=\"vp-portfolio__item-meta-title\">\n\t\t\t\t\t\t\t\t\t\t\t<a href=\"https:\/\/www.pictofoundation.fr\/les-laureats-de-la-bourse-du-talent-2023\/\"\n\t\t\t\t\t\t\t\t\t\t\t\t\t>\n\t\t\t\t\t\t\tKamila K Stanley, Laur\u00e9ate Bourse du Talent 2023\t\t\t\t\t\t<\/a>\n\t\t\t\t\t\t\t\t\t\t<\/h2>\n\t\t\t\t\t\t<\/div>\n\t<\/div>\t\t\t<\/figure>\n\t\t\t\t\t<\/div>\n\t\t\n<\/div>\n\t\t<\/div>\n\t\t\n<\/div>\n[\/vc_tta_section][vc_tta_section title=&#8221;Winners 2022&#8243; tab_id=&#8221;1714486617106-138939c7-744c&#8221;]\n<div class=\"vp-portfolio vp-uid-854ac896 vp-id-9450  \"\n\tdata-vp-layout=\"tiles\" data-vp-content-source=\"images\" data-vp-items-style=\"default\" data-vp-items-click-action=\"url\" data-vp-items-gap=\"15\" data-vp-items-gap-vertical=\"\" data-vp-pagination=\"load-more\" data-vp-next-page-url=\"\" data-vp-tiles-type=\"3|1,1|\" >\n\t<div class=\"vp-portfolio__preloader-wrap\">\n\t\t<div class=\"vp-portfolio__preloader\">\n\t\t\t<img decoding=\"async\" loading=\"eager\" src=\"https:\/\/www.pictofoundation.fr\/wp-content\/plugins\/visual-portfolio\/assets\/images\/logo-dark.svg\" alt=\"Visual Portfolio, Posts &amp; Image Gallery for WordPress\" width=\"20\" height=\"20\" data-skip-lazy>\n\t\t<\/div>\n\t<\/div>\n\t\t<div class=\"vp-portfolio__items-wrap\">\n\t\t\t\n<div class=\"vp-portfolio__items vp-portfolio__items-style-default vp-portfolio__items-show-overlay-hover\">\n\n\t\t<div\t\tclass=\"vp-portfolio__item-wrap vp-portfolio__item-uid-9a346c5a\" data-vp-filter=\"\" style=\"--vp-images__object-position: 44% 47%;\" \t\t>\n\t\t\t\t\t\t\t\t\t<figure class=\"vp-portfolio__item\">\n\t\t\t\t\n<div class=\"vp-portfolio__item-img-wrap\">\n\t<div class=\"vp-portfolio__item-img\">\n\t\t\t<a\n\t\thref=\"https:\/\/www.pictofoundation.fr\/bourse-du-talent-2022\/\"\n\t\t\t>\n\t\n\t\t<noscript><img loading=\"lazy\" decoding=\"async\" width=\"821\" height=\"1024\" data-skip-lazy src=\"https:\/\/www.pictofoundation.fr\/wp-content\/uploads\/2022\/12\/Capture-decran-2022-12-06-a-11.50.22.jpg\" class=\"wp-image-8121\" alt=\"\" srcset=\"https:\/\/www.pictofoundation.fr\/wp-content\/uploads\/2022\/12\/Capture-decran-2022-12-06-a-11.50.22.jpg 821w, https:\/\/www.pictofoundation.fr\/wp-content\/uploads\/2022\/12\/Capture-decran-2022-12-06-a-11.50.22-241x300.jpg 241w, https:\/\/www.pictofoundation.fr\/wp-content\/uploads\/2022\/12\/Capture-decran-2022-12-06-a-11.50.22-768x958.jpg 768w, https:\/\/www.pictofoundation.fr\/wp-content\/uploads\/2022\/12\/Capture-decran-2022-12-06-a-11.50.22-500x624.jpg 500w, https:\/\/www.pictofoundation.fr\/wp-content\/uploads\/2022\/12\/Capture-decran-2022-12-06-a-11.50.22-800x998.jpg 800w\" sizes=\"auto, (max-width: 821px) 100vw, 821px\" \/><\/noscript><img decoding=\"async\" width=\"821\" height=\"1024\" src=\"https:\/\/www.pictofoundation.fr\/wp-content\/uploads\/2022\/12\/Capture-decran-2022-12-06-a-11.50.22.jpg\" class=\"wp-image-8121 vp-lazyload\" alt srcset=\"data:image\/svg+xml;base64,PHN2ZyB3aWR0aD0iODIxIiBoZWlnaHQ9IjEwMjQiIHZpZXdCb3g9IjAgMCA4MjEgMTAyNCIgZmlsbD0ibm9uZSIgeG1sbnM9Imh0dHA6Ly93d3cudzMub3JnLzIwMDAvc3ZnIj48L3N2Zz4=\" data-src=\"https:\/\/www.pictofoundation.fr\/wp-content\/uploads\/2022\/12\/Capture-decran-2022-12-06-a-11.50.22.jpg\" data-srcset=\"https:\/\/www.pictofoundation.fr\/wp-content\/uploads\/2022\/12\/Capture-decran-2022-12-06-a-11.50.22.jpg 821w, https:\/\/www.pictofoundation.fr\/wp-content\/uploads\/2022\/12\/Capture-decran-2022-12-06-a-11.50.22-241x300.jpg 241w, https:\/\/www.pictofoundation.fr\/wp-content\/uploads\/2022\/12\/Capture-decran-2022-12-06-a-11.50.22-768x958.jpg 768w, https:\/\/www.pictofoundation.fr\/wp-content\/uploads\/2022\/12\/Capture-decran-2022-12-06-a-11.50.22-500x624.jpg 500w, https:\/\/www.pictofoundation.fr\/wp-content\/uploads\/2022\/12\/Capture-decran-2022-12-06-a-11.50.22-800x998.jpg 800w\" data-sizes=\"auto\" loading=\"eager\">\n\t\t<div class=\"vp-portfolio__item-overlay\">\n\t\t\t\t\t<\/div>\n\n\t\t<\/a>\t<\/div>\n<\/div>\n\n<div class=\"vp-portfolio__item-overlay vp-portfolio__item-align-center\">\n\t\t\t<div class=\"vp-portfolio__item-meta\">\n\t\t\t\t\t\t\t<h2 class=\"vp-portfolio__item-meta-title\">\n\t\t\t\t\t\t\t\t\t\t\t<a href=\"https:\/\/www.pictofoundation.fr\/bourse-du-talent-2022\/\"\n\t\t\t\t\t\t\t\t\t\t\t\t\t>\n\t\t\t\t\t\t\tVivien Ayroles, laur\u00e9at \u00ab reportage et documentaire \u00bb\t\t\t\t\t\t<\/a>\n\t\t\t\t\t\t\t\t\t\t<\/h2>\n\t\t\t\t\t\t<\/div>\n\t<\/div>\t\t\t<\/figure>\n\t\t\t\t\t<\/div>\n\t\t\n\t\t<div\t\tclass=\"vp-portfolio__item-wrap vp-portfolio__item-uid-f10ee26c\" data-vp-filter=\"\" style=\"--vp-images__object-position: 38% 44%;\" \t\t>\n\t\t\t\t\t\t\t\t\t<figure class=\"vp-portfolio__item\">\n\t\t\t\t\n<div class=\"vp-portfolio__item-img-wrap\">\n\t<div class=\"vp-portfolio__item-img\">\n\t\t\t<a\n\t\thref=\"https:\/\/www.pictofoundation.fr\/bourse-du-talent-2022\/\"\n\t\t\t>\n\t\n\t\t<noscript><img loading=\"lazy\" decoding=\"async\" width=\"1248\" height=\"832\" data-skip-lazy src=\"https:\/\/www.pictofoundation.fr\/wp-content\/uploads\/2022\/12\/ALISSE-001-copie.jpg\" class=\"wp-image-8141\" alt=\"\" srcset=\"https:\/\/www.pictofoundation.fr\/wp-content\/uploads\/2022\/12\/ALISSE-001-copie.jpg 1248w, https:\/\/www.pictofoundation.fr\/wp-content\/uploads\/2022\/12\/ALISSE-001-copie-300x200.jpg 300w, https:\/\/www.pictofoundation.fr\/wp-content\/uploads\/2022\/12\/ALISSE-001-copie-1024x683.jpg 1024w, https:\/\/www.pictofoundation.fr\/wp-content\/uploads\/2022\/12\/ALISSE-001-copie-768x512.jpg 768w, https:\/\/www.pictofoundation.fr\/wp-content\/uploads\/2022\/12\/ALISSE-001-copie-500x333.jpg 500w, https:\/\/www.pictofoundation.fr\/wp-content\/uploads\/2022\/12\/ALISSE-001-copie-800x533.jpg 800w\" sizes=\"auto, (max-width: 1248px) 100vw, 1248px\" \/><\/noscript><img decoding=\"async\" width=\"1248\" height=\"832\" src=\"https:\/\/www.pictofoundation.fr\/wp-content\/uploads\/2022\/12\/ALISSE-001-copie.jpg\" class=\"wp-image-8141 vp-lazyload\" alt srcset=\"data:image\/svg+xml;base64,PHN2ZyB3aWR0aD0iMTI0OCIgaGVpZ2h0PSI4MzIiIHZpZXdCb3g9IjAgMCAxMjQ4IDgzMiIgZmlsbD0ibm9uZSIgeG1sbnM9Imh0dHA6Ly93d3cudzMub3JnLzIwMDAvc3ZnIj48L3N2Zz4=\" data-src=\"https:\/\/www.pictofoundation.fr\/wp-content\/uploads\/2022\/12\/ALISSE-001-copie.jpg\" data-srcset=\"https:\/\/www.pictofoundation.fr\/wp-content\/uploads\/2022\/12\/ALISSE-001-copie.jpg 1248w, https:\/\/www.pictofoundation.fr\/wp-content\/uploads\/2022\/12\/ALISSE-001-copie-300x200.jpg 300w, https:\/\/www.pictofoundation.fr\/wp-content\/uploads\/2022\/12\/ALISSE-001-copie-1024x683.jpg 1024w, https:\/\/www.pictofoundation.fr\/wp-content\/uploads\/2022\/12\/ALISSE-001-copie-768x512.jpg 768w, https:\/\/www.pictofoundation.fr\/wp-content\/uploads\/2022\/12\/ALISSE-001-copie-500x333.jpg 500w, https:\/\/www.pictofoundation.fr\/wp-content\/uploads\/2022\/12\/ALISSE-001-copie-800x533.jpg 800w\" data-sizes=\"auto\" loading=\"eager\">\n\t\t<div class=\"vp-portfolio__item-overlay\">\n\t\t\t\t\t<\/div>\n\n\t\t<\/a>\t<\/div>\n<\/div>\n\n<div class=\"vp-portfolio__item-overlay vp-portfolio__item-align-center\">\n\t\t\t<div class=\"vp-portfolio__item-meta\">\n\t\t\t\t\t\t\t<h2 class=\"vp-portfolio__item-meta-title\">\n\t\t\t\t\t\t\t\t\t\t\t<a href=\"https:\/\/www.pictofoundation.fr\/bourse-du-talent-2022\/\"\n\t\t\t\t\t\t\t\t\t\t\t\t\t>\n\t\t\t\t\t\t\tVictorine Alisse, mention sp\u00e9ciale \u00ab reportage et documentaire \u00bb\t\t\t\t\t\t<\/a>\n\t\t\t\t\t\t\t\t\t\t<\/h2>\n\t\t\t\t\t\t<\/div>\n\t<\/div>\t\t\t<\/figure>\n\t\t\t\t\t<\/div>\n\t\t\n\t\t<div\t\tclass=\"vp-portfolio__item-wrap vp-portfolio__item-uid-12cbba40\" data-vp-filter=\"\" \t\t>\n\t\t\t\t\t\t\t\t\t<figure class=\"vp-portfolio__item\">\n\t\t\t\t\n<div class=\"vp-portfolio__item-img-wrap\">\n\t<div class=\"vp-portfolio__item-img\">\n\t\t\t<a\n\t\thref=\"https:\/\/www.pictofoundation.fr\/bourse-du-talent-2022\/\"\n\t\t\t>\n\t\n\t\t<noscript><img loading=\"lazy\" decoding=\"async\" width=\"1200\" height=\"786\" data-skip-lazy src=\"https:\/\/www.pictofoundation.fr\/wp-content\/uploads\/2021\/07\/06-1-1200x786-1.jpeg\" class=\"wp-image-3911\" alt=\"\" srcset=\"https:\/\/www.pictofoundation.fr\/wp-content\/uploads\/2021\/07\/06-1-1200x786-1.jpeg 1200w, https:\/\/www.pictofoundation.fr\/wp-content\/uploads\/2021\/07\/06-1-1200x786-1-300x197.jpeg 300w, https:\/\/www.pictofoundation.fr\/wp-content\/uploads\/2021\/07\/06-1-1200x786-1-1024x671.jpeg 1024w, https:\/\/www.pictofoundation.fr\/wp-content\/uploads\/2021\/07\/06-1-1200x786-1-768x503.jpeg 768w, https:\/\/www.pictofoundation.fr\/wp-content\/uploads\/2021\/07\/06-1-1200x786-1-500x328.jpeg 500w, https:\/\/www.pictofoundation.fr\/wp-content\/uploads\/2021\/07\/06-1-1200x786-1-800x524.jpeg 800w\" sizes=\"auto, (max-width: 1200px) 100vw, 1200px\" \/><\/noscript><img decoding=\"async\" width=\"1200\" height=\"786\" src=\"https:\/\/www.pictofoundation.fr\/wp-content\/uploads\/2021\/07\/06-1-1200x786-1.jpeg\" class=\"wp-image-3911 vp-lazyload\" alt srcset=\"data:image\/svg+xml;base64,PHN2ZyB3aWR0aD0iMTIwMCIgaGVpZ2h0PSI3ODYiIHZpZXdCb3g9IjAgMCAxMjAwIDc4NiIgZmlsbD0ibm9uZSIgeG1sbnM9Imh0dHA6Ly93d3cudzMub3JnLzIwMDAvc3ZnIj48L3N2Zz4=\" data-src=\"https:\/\/www.pictofoundation.fr\/wp-content\/uploads\/2021\/07\/06-1-1200x786-1.jpeg\" data-srcset=\"https:\/\/www.pictofoundation.fr\/wp-content\/uploads\/2021\/07\/06-1-1200x786-1.jpeg 1200w, https:\/\/www.pictofoundation.fr\/wp-content\/uploads\/2021\/07\/06-1-1200x786-1-300x197.jpeg 300w, https:\/\/www.pictofoundation.fr\/wp-content\/uploads\/2021\/07\/06-1-1200x786-1-1024x671.jpeg 1024w, https:\/\/www.pictofoundation.fr\/wp-content\/uploads\/2021\/07\/06-1-1200x786-1-768x503.jpeg 768w, https:\/\/www.pictofoundation.fr\/wp-content\/uploads\/2021\/07\/06-1-1200x786-1-500x328.jpeg 500w, https:\/\/www.pictofoundation.fr\/wp-content\/uploads\/2021\/07\/06-1-1200x786-1-800x524.jpeg 800w\" data-sizes=\"auto\" loading=\"eager\">\n\t\t<div class=\"vp-portfolio__item-overlay\">\n\t\t\t\t\t<\/div>\n\n\t\t<\/a>\t<\/div>\n<\/div>\n\n<div class=\"vp-portfolio__item-overlay vp-portfolio__item-align-center\">\n\t\t\t<div class=\"vp-portfolio__item-meta\">\n\t\t\t\t\t\t\t<h2 class=\"vp-portfolio__item-meta-title\">\n\t\t\t\t\t\t\t\t\t\t\t<a href=\"https:\/\/www.pictofoundation.fr\/bourse-du-talent-2022\/\"\n\t\t\t\t\t\t\t\t\t\t\t\t\t>\n\t\t\t\t\t\t\tAdeline Care, Laur\u00e9ate \u00ab mode et transversalit\u00e9 \u00bb \t\t\t\t\t\t<\/a>\n\t\t\t\t\t\t\t\t\t\t<\/h2>\n\t\t\t\t\t\t<\/div>\n\t<\/div>\t\t\t<\/figure>\n\t\t\t\t\t<\/div>\n\t\t\n\t\t<div\t\tclass=\"vp-portfolio__item-wrap vp-portfolio__item-uid-f862cd7b\" data-vp-filter=\"\" style=\"--vp-images__object-position: 55% 40%;\" \t\t>\n\t\t\t\t\t\t\t\t\t<figure class=\"vp-portfolio__item\">\n\t\t\t\t\n<div class=\"vp-portfolio__item-img-wrap\">\n\t<div class=\"vp-portfolio__item-img\">\n\t\t\t<a\n\t\thref=\"https:\/\/www.pictofoundation.fr\/bourse-du-talent-2022\/\"\n\t\t\t>\n\t\n\t\t<noscript><img loading=\"lazy\" decoding=\"async\" width=\"1024\" height=\"576\" data-skip-lazy src=\"https:\/\/www.pictofoundation.fr\/wp-content\/uploads\/2022\/12\/Capture-decran-2022-12-06-a-11.47.31-copie.jpg\" class=\"wp-image-8119\" alt=\"\" srcset=\"https:\/\/www.pictofoundation.fr\/wp-content\/uploads\/2022\/12\/Capture-decran-2022-12-06-a-11.47.31-copie.jpg 1024w, https:\/\/www.pictofoundation.fr\/wp-content\/uploads\/2022\/12\/Capture-decran-2022-12-06-a-11.47.31-copie-300x169.jpg 300w, https:\/\/www.pictofoundation.fr\/wp-content\/uploads\/2022\/12\/Capture-decran-2022-12-06-a-11.47.31-copie-768x432.jpg 768w, https:\/\/www.pictofoundation.fr\/wp-content\/uploads\/2022\/12\/Capture-decran-2022-12-06-a-11.47.31-copie-500x281.jpg 500w, https:\/\/www.pictofoundation.fr\/wp-content\/uploads\/2022\/12\/Capture-decran-2022-12-06-a-11.47.31-copie-800x450.jpg 800w\" sizes=\"auto, (max-width: 1024px) 100vw, 1024px\" \/><\/noscript><img decoding=\"async\" width=\"1024\" height=\"576\" src=\"https:\/\/www.pictofoundation.fr\/wp-content\/uploads\/2022\/12\/Capture-decran-2022-12-06-a-11.47.31-copie.jpg\" class=\"wp-image-8119 vp-lazyload\" alt srcset=\"data:image\/svg+xml;base64,PHN2ZyB3aWR0aD0iMTAyNCIgaGVpZ2h0PSI1NzYiIHZpZXdCb3g9IjAgMCAxMDI0IDU3NiIgZmlsbD0ibm9uZSIgeG1sbnM9Imh0dHA6Ly93d3cudzMub3JnLzIwMDAvc3ZnIj48L3N2Zz4=\" data-src=\"https:\/\/www.pictofoundation.fr\/wp-content\/uploads\/2022\/12\/Capture-decran-2022-12-06-a-11.47.31-copie.jpg\" data-srcset=\"https:\/\/www.pictofoundation.fr\/wp-content\/uploads\/2022\/12\/Capture-decran-2022-12-06-a-11.47.31-copie.jpg 1024w, https:\/\/www.pictofoundation.fr\/wp-content\/uploads\/2022\/12\/Capture-decran-2022-12-06-a-11.47.31-copie-300x169.jpg 300w, https:\/\/www.pictofoundation.fr\/wp-content\/uploads\/2022\/12\/Capture-decran-2022-12-06-a-11.47.31-copie-768x432.jpg 768w, https:\/\/www.pictofoundation.fr\/wp-content\/uploads\/2022\/12\/Capture-decran-2022-12-06-a-11.47.31-copie-500x281.jpg 500w, https:\/\/www.pictofoundation.fr\/wp-content\/uploads\/2022\/12\/Capture-decran-2022-12-06-a-11.47.31-copie-800x450.jpg 800w\" data-sizes=\"auto\" loading=\"eager\">\n\t\t<div class=\"vp-portfolio__item-overlay\">\n\t\t\t\t\t<\/div>\n\n\t\t<\/a>\t<\/div>\n<\/div>\n\n<div class=\"vp-portfolio__item-overlay vp-portfolio__item-align-center\">\n\t\t\t<div class=\"vp-portfolio__item-meta\">\n\t\t\t\t\t\t\t<h2 class=\"vp-portfolio__item-meta-title\">\n\t\t\t\t\t\t\t\t\t\t\t<a href=\"https:\/\/www.pictofoundation.fr\/bourse-du-talent-2022\/\"\n\t\t\t\t\t\t\t\t\t\t\t\t\t>\n\t\t\t\t\t\t\tLucie Hodiesne Darras, Laur\u00e9ate \u00ab portrait \u00bb\t\t\t\t\t\t<\/a>\n\t\t\t\t\t\t\t\t\t\t<\/h2>\n\t\t\t\t\t\t<\/div>\n\t<\/div>\t\t\t<\/figure>\n\t\t\t\t\t<\/div>\n\t\t\n\t\t<div\t\tclass=\"vp-portfolio__item-wrap vp-portfolio__item-uid-adfa3c6c\" data-vp-filter=\"\" \t\t>\n\t\t\t\t\t\t\t\t\t<figure class=\"vp-portfolio__item\">\n\t\t\t\t\n<div class=\"vp-portfolio__item-img-wrap\">\n\t<div class=\"vp-portfolio__item-img\">\n\t\t\t<a\n\t\thref=\"https:\/\/www.pictofoundation.fr\/bourse-du-talent-2022\/\"\n\t\t\t>\n\t\n\t\t<noscript><img loading=\"lazy\" decoding=\"async\" width=\"1500\" height=\"1000\" data-skip-lazy src=\"https:\/\/www.pictofoundation.fr\/wp-content\/uploads\/2022\/12\/PALOMA_LAUDET_03-copie.jpg\" class=\"wp-image-8117\" alt=\"\" srcset=\"https:\/\/www.pictofoundation.fr\/wp-content\/uploads\/2022\/12\/PALOMA_LAUDET_03-copie.jpg 1500w, https:\/\/www.pictofoundation.fr\/wp-content\/uploads\/2022\/12\/PALOMA_LAUDET_03-copie-300x200.jpg 300w, https:\/\/www.pictofoundation.fr\/wp-content\/uploads\/2022\/12\/PALOMA_LAUDET_03-copie-1024x683.jpg 1024w, https:\/\/www.pictofoundation.fr\/wp-content\/uploads\/2022\/12\/PALOMA_LAUDET_03-copie-768x512.jpg 768w, https:\/\/www.pictofoundation.fr\/wp-content\/uploads\/2022\/12\/PALOMA_LAUDET_03-copie-500x333.jpg 500w, https:\/\/www.pictofoundation.fr\/wp-content\/uploads\/2022\/12\/PALOMA_LAUDET_03-copie-800x533.jpg 800w, https:\/\/www.pictofoundation.fr\/wp-content\/uploads\/2022\/12\/PALOMA_LAUDET_03-copie-1280x853.jpg 1280w\" sizes=\"auto, (max-width: 1500px) 100vw, 1500px\" \/><\/noscript><img decoding=\"async\" width=\"1500\" height=\"1000\" src=\"https:\/\/www.pictofoundation.fr\/wp-content\/uploads\/2022\/12\/PALOMA_LAUDET_03-copie.jpg\" class=\"wp-image-8117 vp-lazyload\" alt srcset=\"data:image\/svg+xml;base64,PHN2ZyB3aWR0aD0iMTUwMCIgaGVpZ2h0PSIxMDAwIiB2aWV3Qm94PSIwIDAgMTUwMCAxMDAwIiBmaWxsPSJub25lIiB4bWxucz0iaHR0cDovL3d3dy53My5vcmcvMjAwMC9zdmciPjwvc3ZnPg==\" data-src=\"https:\/\/www.pictofoundation.fr\/wp-content\/uploads\/2022\/12\/PALOMA_LAUDET_03-copie.jpg\" data-srcset=\"https:\/\/www.pictofoundation.fr\/wp-content\/uploads\/2022\/12\/PALOMA_LAUDET_03-copie.jpg 1500w, https:\/\/www.pictofoundation.fr\/wp-content\/uploads\/2022\/12\/PALOMA_LAUDET_03-copie-300x200.jpg 300w, https:\/\/www.pictofoundation.fr\/wp-content\/uploads\/2022\/12\/PALOMA_LAUDET_03-copie-1024x683.jpg 1024w, https:\/\/www.pictofoundation.fr\/wp-content\/uploads\/2022\/12\/PALOMA_LAUDET_03-copie-768x512.jpg 768w, https:\/\/www.pictofoundation.fr\/wp-content\/uploads\/2022\/12\/PALOMA_LAUDET_03-copie-500x333.jpg 500w, https:\/\/www.pictofoundation.fr\/wp-content\/uploads\/2022\/12\/PALOMA_LAUDET_03-copie-800x533.jpg 800w, https:\/\/www.pictofoundation.fr\/wp-content\/uploads\/2022\/12\/PALOMA_LAUDET_03-copie-1280x853.jpg 1280w\" data-sizes=\"auto\" loading=\"eager\">\n\t\t<div class=\"vp-portfolio__item-overlay\">\n\t\t\t\t\t<\/div>\n\n\t\t<\/a>\t<\/div>\n<\/div>\n\n<div class=\"vp-portfolio__item-overlay vp-portfolio__item-align-center\">\n\t\t\t<div class=\"vp-portfolio__item-meta\">\n\t\t\t\t\t\t\t<h2 class=\"vp-portfolio__item-meta-title\">\n\t\t\t\t\t\t\t\t\t\t\t<a href=\"https:\/\/www.pictofoundation.fr\/bourse-du-talent-2022\/\"\n\t\t\t\t\t\t\t\t\t\t\t\t\t>\n\t\t\t\t\t\t\tPaloma Laudet, laur\u00e9ate \u00ab paysage \u00bb\t\t\t\t\t\t<\/a>\n\t\t\t\t\t\t\t\t\t\t<\/h2>\n\t\t\t\t\t\t<\/div>\n\t<\/div>\t\t\t<\/figure>\n\t\t\t\t\t<\/div>\n\t\t\n\t\t<div\t\tclass=\"vp-portfolio__item-wrap vp-portfolio__item-uid-45145a59\" data-vp-filter=\"\" \t\t>\n\t\t\t\t\t\t\t\t\t<figure class=\"vp-portfolio__item\">\n\t\t\t\t\n<div class=\"vp-portfolio__item-img-wrap\">\n\t<div class=\"vp-portfolio__item-img\">\n\t\t\t<a\n\t\thref=\"https:\/\/www.pictofoundation.fr\/bourse-du-talent-2022\/\"\n\t\t\t>\n\t\n\t\t<noscript><img loading=\"lazy\" decoding=\"async\" width=\"1024\" height=\"810\" data-skip-lazy src=\"https:\/\/www.pictofoundation.fr\/wp-content\/uploads\/2022\/12\/Dana-Cojbuc-Yggdrasil-glissees-2-1-1024x810-copie.jpg\" class=\"wp-image-8139\" alt=\"\" srcset=\"https:\/\/www.pictofoundation.fr\/wp-content\/uploads\/2022\/12\/Dana-Cojbuc-Yggdrasil-glissees-2-1-1024x810-copie.jpg 1024w, https:\/\/www.pictofoundation.fr\/wp-content\/uploads\/2022\/12\/Dana-Cojbuc-Yggdrasil-glissees-2-1-1024x810-copie-300x237.jpg 300w, https:\/\/www.pictofoundation.fr\/wp-content\/uploads\/2022\/12\/Dana-Cojbuc-Yggdrasil-glissees-2-1-1024x810-copie-768x608.jpg 768w, https:\/\/www.pictofoundation.fr\/wp-content\/uploads\/2022\/12\/Dana-Cojbuc-Yggdrasil-glissees-2-1-1024x810-copie-500x396.jpg 500w, https:\/\/www.pictofoundation.fr\/wp-content\/uploads\/2022\/12\/Dana-Cojbuc-Yggdrasil-glissees-2-1-1024x810-copie-800x633.jpg 800w\" sizes=\"auto, (max-width: 1024px) 100vw, 1024px\" \/><\/noscript><img decoding=\"async\" width=\"1024\" height=\"810\" src=\"https:\/\/www.pictofoundation.fr\/wp-content\/uploads\/2022\/12\/Dana-Cojbuc-Yggdrasil-glissees-2-1-1024x810-copie.jpg\" class=\"wp-image-8139 vp-lazyload\" alt srcset=\"data:image\/svg+xml;base64,PHN2ZyB3aWR0aD0iMTAyNCIgaGVpZ2h0PSI4MTAiIHZpZXdCb3g9IjAgMCAxMDI0IDgxMCIgZmlsbD0ibm9uZSIgeG1sbnM9Imh0dHA6Ly93d3cudzMub3JnLzIwMDAvc3ZnIj48L3N2Zz4=\" data-src=\"https:\/\/www.pictofoundation.fr\/wp-content\/uploads\/2022\/12\/Dana-Cojbuc-Yggdrasil-glissees-2-1-1024x810-copie.jpg\" data-srcset=\"https:\/\/www.pictofoundation.fr\/wp-content\/uploads\/2022\/12\/Dana-Cojbuc-Yggdrasil-glissees-2-1-1024x810-copie.jpg 1024w, https:\/\/www.pictofoundation.fr\/wp-content\/uploads\/2022\/12\/Dana-Cojbuc-Yggdrasil-glissees-2-1-1024x810-copie-300x237.jpg 300w, https:\/\/www.pictofoundation.fr\/wp-content\/uploads\/2022\/12\/Dana-Cojbuc-Yggdrasil-glissees-2-1-1024x810-copie-768x608.jpg 768w, https:\/\/www.pictofoundation.fr\/wp-content\/uploads\/2022\/12\/Dana-Cojbuc-Yggdrasil-glissees-2-1-1024x810-copie-500x396.jpg 500w, https:\/\/www.pictofoundation.fr\/wp-content\/uploads\/2022\/12\/Dana-Cojbuc-Yggdrasil-glissees-2-1-1024x810-copie-800x633.jpg 800w\" data-sizes=\"auto\" loading=\"eager\">\n\t\t<div class=\"vp-portfolio__item-overlay\">\n\t\t\t\t\t<\/div>\n\n\t\t<\/a>\t<\/div>\n<\/div>\n\n<div class=\"vp-portfolio__item-overlay vp-portfolio__item-align-center\">\n\t\t\t<div class=\"vp-portfolio__item-meta\">\n\t\t\t\t\t\t\t<h2 class=\"vp-portfolio__item-meta-title\">\n\t\t\t\t\t\t\t\t\t\t\t<a href=\"https:\/\/www.pictofoundation.fr\/bourse-du-talent-2022\/\"\n\t\t\t\t\t\t\t\t\t\t\t\t\t>\n\t\t\t\t\t\t\tDana Cojbuc, mention sp\u00e9ciale \u00ab paysage \u00bb\t\t\t\t\t\t<\/a>\n\t\t\t\t\t\t\t\t\t\t<\/h2>\n\t\t\t\t\t\t<\/div>\n\t<\/div>\t\t\t<\/figure>\n\t\t\t\t\t<\/div>\n\t\t\n<\/div>\n\t\t<\/div>\n\t\t\n<\/div>\n[\/vc_tta_section][vc_tta_section title=&#8221;Winners 2021&#8243; tab_id=&#8221;1634116618397-20be581b-e710&#8243;]\n<div class=\"vp-portfolio vp-uid-c587765f vp-id-9454  \"\n\tdata-vp-layout=\"tiles\" data-vp-content-source=\"images\" data-vp-items-style=\"default\" data-vp-items-click-action=\"url\" data-vp-items-gap=\"15\" data-vp-items-gap-vertical=\"\" data-vp-pagination=\"load-more\" data-vp-next-page-url=\"\" data-vp-tiles-type=\"3|1,1|\" >\n\t<div class=\"vp-portfolio__preloader-wrap\">\n\t\t<div class=\"vp-portfolio__preloader\">\n\t\t\t<img decoding=\"async\" loading=\"eager\" src=\"https:\/\/www.pictofoundation.fr\/wp-content\/plugins\/visual-portfolio\/assets\/images\/logo-dark.svg\" alt=\"Visual Portfolio, Posts &amp; Image Gallery for WordPress\" width=\"20\" height=\"20\" data-skip-lazy>\n\t\t<\/div>\n\t<\/div>\n\t\t<div class=\"vp-portfolio__items-wrap\">\n\t\t\t\n<div class=\"vp-portfolio__items vp-portfolio__items-style-default vp-portfolio__items-show-overlay-hover\">\n\n\t\t<div\t\tclass=\"vp-portfolio__item-wrap vp-portfolio__item-uid-9cab5c41\" data-vp-filter=\"\" \t\t>\n\t\t\t\t\t\t\t\t\t<figure class=\"vp-portfolio__item\">\n\t\t\t\t\n<div class=\"vp-portfolio__item-img-wrap\">\n\t<div class=\"vp-portfolio__item-img\">\n\t\t\t<a\n\t\thref=\"https:\/\/www.pictofoundation.fr\/bourse-du-talent-2021\/\"\n\t\t\t>\n\t\n\t\t<noscript><img loading=\"lazy\" decoding=\"async\" width=\"1024\" height=\"754\" data-skip-lazy src=\"https:\/\/www.pictofoundation.fr\/wp-content\/uploads\/2021\/11\/Capture-de\u0301cran-2021-11-24-a\u0300-12.26.47-copie.jpg\" class=\"wp-image-5737\" alt=\"\" srcset=\"https:\/\/www.pictofoundation.fr\/wp-content\/uploads\/2021\/11\/Capture-de\u0301cran-2021-11-24-a\u0300-12.26.47-copie.jpg 1024w, https:\/\/www.pictofoundation.fr\/wp-content\/uploads\/2021\/11\/Capture-de\u0301cran-2021-11-24-a\u0300-12.26.47-copie-300x221.jpg 300w, https:\/\/www.pictofoundation.fr\/wp-content\/uploads\/2021\/11\/Capture-de\u0301cran-2021-11-24-a\u0300-12.26.47-copie-768x566.jpg 768w, https:\/\/www.pictofoundation.fr\/wp-content\/uploads\/2021\/11\/Capture-de\u0301cran-2021-11-24-a\u0300-12.26.47-copie-500x368.jpg 500w, https:\/\/www.pictofoundation.fr\/wp-content\/uploads\/2021\/11\/Capture-de\u0301cran-2021-11-24-a\u0300-12.26.47-copie-800x589.jpg 800w\" sizes=\"auto, (max-width: 1024px) 100vw, 1024px\" \/><\/noscript><img decoding=\"async\" width=\"1024\" height=\"754\" src=\"https:\/\/www.pictofoundation.fr\/wp-content\/uploads\/2021\/11\/Capture-de\u0301cran-2021-11-24-a\u0300-12.26.47-copie.jpg\" class=\"wp-image-5737 vp-lazyload\" alt srcset=\"data:image\/svg+xml;base64,PHN2ZyB3aWR0aD0iMTAyNCIgaGVpZ2h0PSI3NTQiIHZpZXdCb3g9IjAgMCAxMDI0IDc1NCIgZmlsbD0ibm9uZSIgeG1sbnM9Imh0dHA6Ly93d3cudzMub3JnLzIwMDAvc3ZnIj48L3N2Zz4=\" data-src=\"https:\/\/www.pictofoundation.fr\/wp-content\/uploads\/2021\/11\/Capture-de\u0301cran-2021-11-24-a\u0300-12.26.47-copie.jpg\" data-srcset=\"https:\/\/www.pictofoundation.fr\/wp-content\/uploads\/2021\/11\/Capture-de\u0301cran-2021-11-24-a\u0300-12.26.47-copie.jpg 1024w, https:\/\/www.pictofoundation.fr\/wp-content\/uploads\/2021\/11\/Capture-de\u0301cran-2021-11-24-a\u0300-12.26.47-copie-300x221.jpg 300w, https:\/\/www.pictofoundation.fr\/wp-content\/uploads\/2021\/11\/Capture-de\u0301cran-2021-11-24-a\u0300-12.26.47-copie-768x566.jpg 768w, https:\/\/www.pictofoundation.fr\/wp-content\/uploads\/2021\/11\/Capture-de\u0301cran-2021-11-24-a\u0300-12.26.47-copie-500x368.jpg 500w, https:\/\/www.pictofoundation.fr\/wp-content\/uploads\/2021\/11\/Capture-de\u0301cran-2021-11-24-a\u0300-12.26.47-copie-800x589.jpg 800w\" data-sizes=\"auto\" loading=\"eager\">\n\t\t<div class=\"vp-portfolio__item-overlay\">\n\t\t\t\t\t<\/div>\n\n\t\t<\/a>\t<\/div>\n<\/div>\n\n<div class=\"vp-portfolio__item-overlay vp-portfolio__item-align-center\">\n\t\t\t<div class=\"vp-portfolio__item-meta\">\n\t\t\t\t\t\t\t<h2 class=\"vp-portfolio__item-meta-title\">\n\t\t\t\t\t\t\t\t\t\t\t<a href=\"https:\/\/www.pictofoundation.fr\/bourse-du-talent-2021\/\"\n\t\t\t\t\t\t\t\t\t\t\t\t\t>\n\t\t\t\t\t\t\tYann Datessen, laur\u00e9at \u00ab reportage et documentaire \u00bb\t\t\t\t\t\t<\/a>\n\t\t\t\t\t\t\t\t\t\t<\/h2>\n\t\t\t\t\t\t<\/div>\n\t<\/div>\t\t\t<\/figure>\n\t\t\t\t\t<\/div>\n\t\t\n\t\t<div\t\tclass=\"vp-portfolio__item-wrap vp-portfolio__item-uid-7db12ac9\" data-vp-filter=\"\" \t\t>\n\t\t\t\t\t\t\t\t\t<figure class=\"vp-portfolio__item\">\n\t\t\t\t\n<div class=\"vp-portfolio__item-img-wrap\">\n\t<div class=\"vp-portfolio__item-img\">\n\t\t\t<a\n\t\thref=\"https:\/\/www.pictofoundation.fr\/bourse-du-talent-2021\/\"\n\t\t\t>\n\t\n\t\t<noscript><img loading=\"lazy\" decoding=\"async\" width=\"1024\" height=\"790\" data-skip-lazy src=\"https:\/\/www.pictofoundation.fr\/wp-content\/uploads\/2021\/10\/GABRIEL-DIA-SABAR-A-copie.jpg\" class=\"wp-image-5548\" alt=\"\" srcset=\"https:\/\/www.pictofoundation.fr\/wp-content\/uploads\/2021\/10\/GABRIEL-DIA-SABAR-A-copie.jpg 1024w, https:\/\/www.pictofoundation.fr\/wp-content\/uploads\/2021\/10\/GABRIEL-DIA-SABAR-A-copie-300x231.jpg 300w, https:\/\/www.pictofoundation.fr\/wp-content\/uploads\/2021\/10\/GABRIEL-DIA-SABAR-A-copie-768x593.jpg 768w, https:\/\/www.pictofoundation.fr\/wp-content\/uploads\/2021\/10\/GABRIEL-DIA-SABAR-A-copie-500x386.jpg 500w, https:\/\/www.pictofoundation.fr\/wp-content\/uploads\/2021\/10\/GABRIEL-DIA-SABAR-A-copie-800x617.jpg 800w\" sizes=\"auto, (max-width: 1024px) 100vw, 1024px\" \/><\/noscript><img decoding=\"async\" width=\"1024\" height=\"790\" src=\"https:\/\/www.pictofoundation.fr\/wp-content\/uploads\/2021\/10\/GABRIEL-DIA-SABAR-A-copie.jpg\" class=\"wp-image-5548 vp-lazyload\" alt srcset=\"data:image\/svg+xml;base64,PHN2ZyB3aWR0aD0iMTAyNCIgaGVpZ2h0PSI3OTAiIHZpZXdCb3g9IjAgMCAxMDI0IDc5MCIgZmlsbD0ibm9uZSIgeG1sbnM9Imh0dHA6Ly93d3cudzMub3JnLzIwMDAvc3ZnIj48L3N2Zz4=\" data-src=\"https:\/\/www.pictofoundation.fr\/wp-content\/uploads\/2021\/10\/GABRIEL-DIA-SABAR-A-copie.jpg\" data-srcset=\"https:\/\/www.pictofoundation.fr\/wp-content\/uploads\/2021\/10\/GABRIEL-DIA-SABAR-A-copie.jpg 1024w, https:\/\/www.pictofoundation.fr\/wp-content\/uploads\/2021\/10\/GABRIEL-DIA-SABAR-A-copie-300x231.jpg 300w, https:\/\/www.pictofoundation.fr\/wp-content\/uploads\/2021\/10\/GABRIEL-DIA-SABAR-A-copie-768x593.jpg 768w, https:\/\/www.pictofoundation.fr\/wp-content\/uploads\/2021\/10\/GABRIEL-DIA-SABAR-A-copie-500x386.jpg 500w, https:\/\/www.pictofoundation.fr\/wp-content\/uploads\/2021\/10\/GABRIEL-DIA-SABAR-A-copie-800x617.jpg 800w\" data-sizes=\"auto\" loading=\"eager\">\n\t\t<div class=\"vp-portfolio__item-overlay\">\n\t\t\t\t\t<\/div>\n\n\t\t<\/a>\t<\/div>\n<\/div>\n\n<div class=\"vp-portfolio__item-overlay vp-portfolio__item-align-center\">\n\t\t\t<div class=\"vp-portfolio__item-meta\">\n\t\t\t\t\t\t\t<h2 class=\"vp-portfolio__item-meta-title\">\n\t\t\t\t\t\t\t\t\t\t\t<a href=\"https:\/\/www.pictofoundation.fr\/bourse-du-talent-2021\/\"\n\t\t\t\t\t\t\t\t\t\t\t\t\t>\n\t\t\t\t\t\t\tGabriel Dia, laur\u00e9at \u00ab mode et transversalit\u00e9 \u00bb\t\t\t\t\t\t<\/a>\n\t\t\t\t\t\t\t\t\t\t<\/h2>\n\t\t\t\t\t\t<\/div>\n\t<\/div>\t\t\t<\/figure>\n\t\t\t\t\t<\/div>\n\t\t\n\t\t<div\t\tclass=\"vp-portfolio__item-wrap vp-portfolio__item-uid-916c3fb7\" data-vp-filter=\"\" \t\t>\n\t\t\t\t\t\t\t\t\t<figure class=\"vp-portfolio__item\">\n\t\t\t\t\n<div class=\"vp-portfolio__item-img-wrap\">\n\t<div class=\"vp-portfolio__item-img\">\n\t\t\t<a\n\t\thref=\"https:\/\/www.pictofoundation.fr\/bourse-du-talent-2021\/\"\n\t\t\t>\n\t\n\t\t<noscript><img loading=\"lazy\" decoding=\"async\" width=\"1024\" height=\"683\" data-skip-lazy src=\"https:\/\/www.pictofoundation.fr\/wp-content\/uploads\/2021\/11\/Scouarnec-10-copie.jpg\" class=\"wp-image-5736\" alt=\"\" srcset=\"https:\/\/www.pictofoundation.fr\/wp-content\/uploads\/2021\/11\/Scouarnec-10-copie.jpg 1024w, https:\/\/www.pictofoundation.fr\/wp-content\/uploads\/2021\/11\/Scouarnec-10-copie-300x200.jpg 300w, https:\/\/www.pictofoundation.fr\/wp-content\/uploads\/2021\/11\/Scouarnec-10-copie-768x512.jpg 768w, https:\/\/www.pictofoundation.fr\/wp-content\/uploads\/2021\/11\/Scouarnec-10-copie-500x333.jpg 500w, https:\/\/www.pictofoundation.fr\/wp-content\/uploads\/2021\/11\/Scouarnec-10-copie-800x534.jpg 800w\" sizes=\"auto, (max-width: 1024px) 100vw, 1024px\" \/><\/noscript><img decoding=\"async\" width=\"1024\" height=\"683\" src=\"https:\/\/www.pictofoundation.fr\/wp-content\/uploads\/2021\/11\/Scouarnec-10-copie.jpg\" class=\"wp-image-5736 vp-lazyload\" alt srcset=\"data:image\/svg+xml;base64,PHN2ZyB3aWR0aD0iMTAyNCIgaGVpZ2h0PSI2ODMiIHZpZXdCb3g9IjAgMCAxMDI0IDY4MyIgZmlsbD0ibm9uZSIgeG1sbnM9Imh0dHA6Ly93d3cudzMub3JnLzIwMDAvc3ZnIj48L3N2Zz4=\" data-src=\"https:\/\/www.pictofoundation.fr\/wp-content\/uploads\/2021\/11\/Scouarnec-10-copie.jpg\" data-srcset=\"https:\/\/www.pictofoundation.fr\/wp-content\/uploads\/2021\/11\/Scouarnec-10-copie.jpg 1024w, https:\/\/www.pictofoundation.fr\/wp-content\/uploads\/2021\/11\/Scouarnec-10-copie-300x200.jpg 300w, https:\/\/www.pictofoundation.fr\/wp-content\/uploads\/2021\/11\/Scouarnec-10-copie-768x512.jpg 768w, https:\/\/www.pictofoundation.fr\/wp-content\/uploads\/2021\/11\/Scouarnec-10-copie-500x333.jpg 500w, https:\/\/www.pictofoundation.fr\/wp-content\/uploads\/2021\/11\/Scouarnec-10-copie-800x534.jpg 800w\" data-sizes=\"auto\" loading=\"eager\">\n\t\t<div class=\"vp-portfolio__item-overlay\">\n\t\t\t\t\t<\/div>\n\n\t\t<\/a>\t<\/div>\n<\/div>\n\n<div class=\"vp-portfolio__item-overlay vp-portfolio__item-align-center\">\n\t\t\t<div class=\"vp-portfolio__item-meta\">\n\t\t\t\t\t\t\t<h2 class=\"vp-portfolio__item-meta-title\">\n\t\t\t\t\t\t\t\t\t\t\t<a href=\"https:\/\/www.pictofoundation.fr\/bourse-du-talent-2021\/\"\n\t\t\t\t\t\t\t\t\t\t\t\t\t>\n\t\t\t\t\t\t\tAur\u00e9lie Scouarnec, laur\u00e9ate \u00ab paysage \u00bb\t\t\t\t\t\t<\/a>\n\t\t\t\t\t\t\t\t\t\t<\/h2>\n\t\t\t\t\t\t<\/div>\n\t<\/div>\t\t\t<\/figure>\n\t\t\t\t\t<\/div>\n\t\t\n<\/div>\n\t\t<\/div>\n\t\t\n<\/div>\n[\/vc_tta_section][vc_tta_section title=&#8221;Winners 2019&#8243; tab_id=&#8221;1624980061924-f83e4af3-c700&#8243;]\n<div class=\"vp-portfolio vp-uid-61ee0e55 vp-id-9457  \"\n\tdata-vp-layout=\"tiles\" data-vp-content-source=\"images\" data-vp-items-style=\"default\" data-vp-items-click-action=\"url\" data-vp-items-gap=\"15\" data-vp-items-gap-vertical=\"\" data-vp-pagination=\"load-more\" data-vp-next-page-url=\"\" data-vp-tiles-type=\"3|1,1|\" >\n\t<div class=\"vp-portfolio__preloader-wrap\">\n\t\t<div class=\"vp-portfolio__preloader\">\n\t\t\t<img decoding=\"async\" loading=\"eager\" src=\"https:\/\/www.pictofoundation.fr\/wp-content\/plugins\/visual-portfolio\/assets\/images\/logo-dark.svg\" alt=\"Visual Portfolio, Posts &amp; Image Gallery for WordPress\" width=\"20\" height=\"20\" data-skip-lazy>\n\t\t<\/div>\n\t<\/div>\n\t\t<div class=\"vp-portfolio__items-wrap\">\n\t\t\t\n<div class=\"vp-portfolio__items vp-portfolio__items-style-default vp-portfolio__items-show-overlay-hover\">\n\n\t\t<div\t\tclass=\"vp-portfolio__item-wrap vp-portfolio__item-uid-714585c6\" data-vp-filter=\"\" \t\t>\n\t\t\t\t\t\t\t\t\t<figure class=\"vp-portfolio__item\">\n\t\t\t\t\n<div class=\"vp-portfolio__item-img-wrap\">\n\t<div class=\"vp-portfolio__item-img\">\n\t\t\t<a\n\t\thref=\"https:\/\/www.pictofoundation.fr\/bourse-du-talent-2019\/\"\n\t\t\t>\n\t\n\t\t<noscript><img loading=\"lazy\" decoding=\"async\" width=\"940\" height=\"624\" data-skip-lazy src=\"https:\/\/www.pictofoundation.fr\/wp-content\/uploads\/2021\/08\/need_nathalie_lescuyer_-_les_bains_revelateurs_04_small-940x624-1.jpeg\" class=\"wp-image-5131\" alt=\"\" srcset=\"https:\/\/www.pictofoundation.fr\/wp-content\/uploads\/2021\/08\/need_nathalie_lescuyer_-_les_bains_revelateurs_04_small-940x624-1.jpeg 940w, https:\/\/www.pictofoundation.fr\/wp-content\/uploads\/2021\/08\/need_nathalie_lescuyer_-_les_bains_revelateurs_04_small-940x624-1-300x199.jpeg 300w, https:\/\/www.pictofoundation.fr\/wp-content\/uploads\/2021\/08\/need_nathalie_lescuyer_-_les_bains_revelateurs_04_small-940x624-1-768x510.jpeg 768w, https:\/\/www.pictofoundation.fr\/wp-content\/uploads\/2021\/08\/need_nathalie_lescuyer_-_les_bains_revelateurs_04_small-940x624-1-500x332.jpeg 500w, https:\/\/www.pictofoundation.fr\/wp-content\/uploads\/2021\/08\/need_nathalie_lescuyer_-_les_bains_revelateurs_04_small-940x624-1-800x531.jpeg 800w\" sizes=\"auto, (max-width: 940px) 100vw, 940px\" \/><\/noscript><img decoding=\"async\" width=\"940\" height=\"624\" src=\"https:\/\/www.pictofoundation.fr\/wp-content\/uploads\/2021\/08\/need_nathalie_lescuyer_-_les_bains_revelateurs_04_small-940x624-1.jpeg\" class=\"wp-image-5131 vp-lazyload\" alt srcset=\"data:image\/svg+xml;base64,PHN2ZyB3aWR0aD0iOTQwIiBoZWlnaHQ9IjYyNCIgdmlld0JveD0iMCAwIDk0MCA2MjQiIGZpbGw9Im5vbmUiIHhtbG5zPSJodHRwOi8vd3d3LnczLm9yZy8yMDAwL3N2ZyI+PC9zdmc+\" data-src=\"https:\/\/www.pictofoundation.fr\/wp-content\/uploads\/2021\/08\/need_nathalie_lescuyer_-_les_bains_revelateurs_04_small-940x624-1.jpeg\" data-srcset=\"https:\/\/www.pictofoundation.fr\/wp-content\/uploads\/2021\/08\/need_nathalie_lescuyer_-_les_bains_revelateurs_04_small-940x624-1.jpeg 940w, https:\/\/www.pictofoundation.fr\/wp-content\/uploads\/2021\/08\/need_nathalie_lescuyer_-_les_bains_revelateurs_04_small-940x624-1-300x199.jpeg 300w, https:\/\/www.pictofoundation.fr\/wp-content\/uploads\/2021\/08\/need_nathalie_lescuyer_-_les_bains_revelateurs_04_small-940x624-1-768x510.jpeg 768w, https:\/\/www.pictofoundation.fr\/wp-content\/uploads\/2021\/08\/need_nathalie_lescuyer_-_les_bains_revelateurs_04_small-940x624-1-500x332.jpeg 500w, https:\/\/www.pictofoundation.fr\/wp-content\/uploads\/2021\/08\/need_nathalie_lescuyer_-_les_bains_revelateurs_04_small-940x624-1-800x531.jpeg 800w\" data-sizes=\"auto\" loading=\"eager\">\n\t\t<div class=\"vp-portfolio__item-overlay\">\n\t\t\t\t\t<\/div>\n\n\t\t<\/a>\t<\/div>\n<\/div>\n\n<div class=\"vp-portfolio__item-overlay vp-portfolio__item-align-center\">\n\t\t\t<div class=\"vp-portfolio__item-meta\">\n\t\t\t\t\t\t\t<h2 class=\"vp-portfolio__item-meta-title\">\n\t\t\t\t\t\t\t\t\t\t\t<a href=\"https:\/\/www.pictofoundation.fr\/bourse-du-talent-2019\/\"\n\t\t\t\t\t\t\t\t\t\t\t\t\t>\n\t\t\t\t\t\t\tNathalie Lescuyer, laur\u00e9ate \u00ab reportage \u00bb\t\t\t\t\t\t<\/a>\n\t\t\t\t\t\t\t\t\t\t<\/h2>\n\t\t\t\t\t\t<\/div>\n\t<\/div>\t\t\t<\/figure>\n\t\t\t\t\t<\/div>\n\t\t\n\t\t<div\t\tclass=\"vp-portfolio__item-wrap vp-portfolio__item-uid-3b229ce0\" data-vp-filter=\"\" \t\t>\n\t\t\t\t\t\t\t\t\t<figure class=\"vp-portfolio__item\">\n\t\t\t\t\n<div class=\"vp-portfolio__item-img-wrap\">\n\t<div class=\"vp-portfolio__item-img\">\n\t\t\t<a\n\t\thref=\"https:\/\/www.pictofoundation.fr\/bourse-du-talent-2019\/\"\n\t\t\t>\n\t\n\t\t<noscript><img loading=\"lazy\" decoding=\"async\" width=\"940\" height=\"1409\" data-skip-lazy src=\"https:\/\/www.pictofoundation.fr\/wp-content\/uploads\/2021\/08\/ld-site-jin-tian-940x1409-1.jpeg\" class=\"wp-image-5130\" alt=\"\" srcset=\"https:\/\/www.pictofoundation.fr\/wp-content\/uploads\/2021\/08\/ld-site-jin-tian-940x1409-1.jpeg 940w, https:\/\/www.pictofoundation.fr\/wp-content\/uploads\/2021\/08\/ld-site-jin-tian-940x1409-1-200x300.jpeg 200w, https:\/\/www.pictofoundation.fr\/wp-content\/uploads\/2021\/08\/ld-site-jin-tian-940x1409-1-683x1024.jpeg 683w, https:\/\/www.pictofoundation.fr\/wp-content\/uploads\/2021\/08\/ld-site-jin-tian-940x1409-1-768x1151.jpeg 768w, https:\/\/www.pictofoundation.fr\/wp-content\/uploads\/2021\/08\/ld-site-jin-tian-940x1409-1-500x749.jpeg 500w, https:\/\/www.pictofoundation.fr\/wp-content\/uploads\/2021\/08\/ld-site-jin-tian-940x1409-1-800x1199.jpeg 800w\" sizes=\"auto, (max-width: 940px) 100vw, 940px\" \/><\/noscript><img decoding=\"async\" width=\"940\" height=\"1409\" src=\"https:\/\/www.pictofoundation.fr\/wp-content\/uploads\/2021\/08\/ld-site-jin-tian-940x1409-1.jpeg\" class=\"wp-image-5130 vp-lazyload\" alt srcset=\"data:image\/svg+xml;base64,PHN2ZyB3aWR0aD0iOTQwIiBoZWlnaHQ9IjE0MDkiIHZpZXdCb3g9IjAgMCA5NDAgMTQwOSIgZmlsbD0ibm9uZSIgeG1sbnM9Imh0dHA6Ly93d3cudzMub3JnLzIwMDAvc3ZnIj48L3N2Zz4=\" data-src=\"https:\/\/www.pictofoundation.fr\/wp-content\/uploads\/2021\/08\/ld-site-jin-tian-940x1409-1.jpeg\" data-srcset=\"https:\/\/www.pictofoundation.fr\/wp-content\/uploads\/2021\/08\/ld-site-jin-tian-940x1409-1.jpeg 940w, https:\/\/www.pictofoundation.fr\/wp-content\/uploads\/2021\/08\/ld-site-jin-tian-940x1409-1-200x300.jpeg 200w, https:\/\/www.pictofoundation.fr\/wp-content\/uploads\/2021\/08\/ld-site-jin-tian-940x1409-1-683x1024.jpeg 683w, https:\/\/www.pictofoundation.fr\/wp-content\/uploads\/2021\/08\/ld-site-jin-tian-940x1409-1-768x1151.jpeg 768w, https:\/\/www.pictofoundation.fr\/wp-content\/uploads\/2021\/08\/ld-site-jin-tian-940x1409-1-500x749.jpeg 500w, https:\/\/www.pictofoundation.fr\/wp-content\/uploads\/2021\/08\/ld-site-jin-tian-940x1409-1-800x1199.jpeg 800w\" data-sizes=\"auto\" loading=\"eager\">\n\t\t<div class=\"vp-portfolio__item-overlay\">\n\t\t\t\t\t<\/div>\n\n\t\t<\/a>\t<\/div>\n<\/div>\n\n<div class=\"vp-portfolio__item-overlay vp-portfolio__item-align-center\">\n\t\t\t<div class=\"vp-portfolio__item-meta\">\n\t\t\t\t\t\t\t<h2 class=\"vp-portfolio__item-meta-title\">\n\t\t\t\t\t\t\t\t\t\t\t<a href=\"https:\/\/www.pictofoundation.fr\/bourse-du-talent-2019\/\"\n\t\t\t\t\t\t\t\t\t\t\t\t\t>\n\t\t\t\t\t\t\tTian Jin, laur\u00e9at \u00ab portrait \u00bb\t\t\t\t\t\t<\/a>\n\t\t\t\t\t\t\t\t\t\t<\/h2>\n\t\t\t\t\t\t<\/div>\n\t<\/div>\t\t\t<\/figure>\n\t\t\t\t\t<\/div>\n\t\t\n\t\t<div\t\tclass=\"vp-portfolio__item-wrap vp-portfolio__item-uid-1c456fd5\" data-vp-filter=\"\" style=\"--vp-images__object-position: 49% 7%;\" \t\t>\n\t\t\t\t\t\t\t\t\t<figure class=\"vp-portfolio__item\">\n\t\t\t\t\n<div class=\"vp-portfolio__item-img-wrap\">\n\t<div class=\"vp-portfolio__item-img\">\n\t\t\t<a\n\t\thref=\"https:\/\/www.pictofoundation.fr\/wp-content\/uploads\/2021\/08\/alex_huanfa_cheng-10-small-940x1296-1.jpeg\"\n\t\t\t>\n\t\n\t\t<noscript><img loading=\"lazy\" decoding=\"async\" width=\"940\" height=\"1296\" data-skip-lazy src=\"https:\/\/www.pictofoundation.fr\/wp-content\/uploads\/2021\/08\/alex_huanfa_cheng-10-small-940x1296-1.jpeg\" class=\"wp-image-5129\" alt=\"\" srcset=\"https:\/\/www.pictofoundation.fr\/wp-content\/uploads\/2021\/08\/alex_huanfa_cheng-10-small-940x1296-1.jpeg 940w, https:\/\/www.pictofoundation.fr\/wp-content\/uploads\/2021\/08\/alex_huanfa_cheng-10-small-940x1296-1-218x300.jpeg 218w, https:\/\/www.pictofoundation.fr\/wp-content\/uploads\/2021\/08\/alex_huanfa_cheng-10-small-940x1296-1-743x1024.jpeg 743w, https:\/\/www.pictofoundation.fr\/wp-content\/uploads\/2021\/08\/alex_huanfa_cheng-10-small-940x1296-1-768x1059.jpeg 768w, https:\/\/www.pictofoundation.fr\/wp-content\/uploads\/2021\/08\/alex_huanfa_cheng-10-small-940x1296-1-500x689.jpeg 500w, https:\/\/www.pictofoundation.fr\/wp-content\/uploads\/2021\/08\/alex_huanfa_cheng-10-small-940x1296-1-800x1103.jpeg 800w\" sizes=\"auto, (max-width: 940px) 100vw, 940px\" \/><\/noscript><img decoding=\"async\" width=\"940\" height=\"1296\" src=\"https:\/\/www.pictofoundation.fr\/wp-content\/uploads\/2021\/08\/alex_huanfa_cheng-10-small-940x1296-1.jpeg\" class=\"wp-image-5129 vp-lazyload\" alt srcset=\"data:image\/svg+xml;base64,PHN2ZyB3aWR0aD0iOTQwIiBoZWlnaHQ9IjEyOTYiIHZpZXdCb3g9IjAgMCA5NDAgMTI5NiIgZmlsbD0ibm9uZSIgeG1sbnM9Imh0dHA6Ly93d3cudzMub3JnLzIwMDAvc3ZnIj48L3N2Zz4=\" data-src=\"https:\/\/www.pictofoundation.fr\/wp-content\/uploads\/2021\/08\/alex_huanfa_cheng-10-small-940x1296-1.jpeg\" data-srcset=\"https:\/\/www.pictofoundation.fr\/wp-content\/uploads\/2021\/08\/alex_huanfa_cheng-10-small-940x1296-1.jpeg 940w, https:\/\/www.pictofoundation.fr\/wp-content\/uploads\/2021\/08\/alex_huanfa_cheng-10-small-940x1296-1-218x300.jpeg 218w, https:\/\/www.pictofoundation.fr\/wp-content\/uploads\/2021\/08\/alex_huanfa_cheng-10-small-940x1296-1-743x1024.jpeg 743w, https:\/\/www.pictofoundation.fr\/wp-content\/uploads\/2021\/08\/alex_huanfa_cheng-10-small-940x1296-1-768x1059.jpeg 768w, https:\/\/www.pictofoundation.fr\/wp-content\/uploads\/2021\/08\/alex_huanfa_cheng-10-small-940x1296-1-500x689.jpeg 500w, https:\/\/www.pictofoundation.fr\/wp-content\/uploads\/2021\/08\/alex_huanfa_cheng-10-small-940x1296-1-800x1103.jpeg 800w\" data-sizes=\"auto\" loading=\"eager\">\n\t\t<div class=\"vp-portfolio__item-overlay\">\n\t\t\t\t\t<\/div>\n\n\t\t<\/a>\t<\/div>\n<\/div>\n\n<div class=\"vp-portfolio__item-overlay vp-portfolio__item-align-center\">\n\t\t\t<div class=\"vp-portfolio__item-meta\">\n\t\t\t\t\t\t\t<h2 class=\"vp-portfolio__item-meta-title\">\n\t\t\t\t\t\t\t\t\t\t\t<a href=\"https:\/\/www.pictofoundation.fr\/wp-content\/uploads\/2021\/08\/alex_huanfa_cheng-10-small-940x1296-1.jpeg\"\n\t\t\t\t\t\t\t\t\t\t\t\t\t>\n\t\t\t\t\t\t\tCheng Huanfan, laur\u00e9at \u00ab mode \u00bb\t\t\t\t\t\t<\/a>\n\t\t\t\t\t\t\t\t\t\t<\/h2>\n\t\t\t\t\t\t<\/div>\n\t<\/div>\t\t\t<\/figure>\n\t\t\t\t\t<\/div>\n\t\t\n\t\t<div\t\tclass=\"vp-portfolio__item-wrap vp-portfolio__item-uid-a333c451\" data-vp-filter=\"\" style=\"--vp-images__object-position: 34% 56%;\" \t\t>\n\t\t\t\t\t\t\t\t\t<figure class=\"vp-portfolio__item\">\n\t\t\t\t\n<div class=\"vp-portfolio__item-img-wrap\">\n\t<div class=\"vp-portfolio__item-img\">\n\t\t\t<a\n\t\thref=\"https:\/\/www.pictofoundation.fr\/bourse-du-talent-2019\/\"\n\t\t\t>\n\t\n\t\t<noscript><img loading=\"lazy\" decoding=\"async\" width=\"1800\" height=\"1350\" data-skip-lazy src=\"https:\/\/www.pictofoundation.fr\/wp-content\/uploads\/2021\/08\/15-torchere-copie.jpg\" class=\"wp-image-5067\" alt=\"\" srcset=\"https:\/\/www.pictofoundation.fr\/wp-content\/uploads\/2021\/08\/15-torchere-copie.jpg 1800w, https:\/\/www.pictofoundation.fr\/wp-content\/uploads\/2021\/08\/15-torchere-copie-300x225.jpg 300w, https:\/\/www.pictofoundation.fr\/wp-content\/uploads\/2021\/08\/15-torchere-copie-1024x768.jpg 1024w, https:\/\/www.pictofoundation.fr\/wp-content\/uploads\/2021\/08\/15-torchere-copie-768x576.jpg 768w, https:\/\/www.pictofoundation.fr\/wp-content\/uploads\/2021\/08\/15-torchere-copie-1536x1152.jpg 1536w, https:\/\/www.pictofoundation.fr\/wp-content\/uploads\/2021\/08\/15-torchere-copie-500x375.jpg 500w, https:\/\/www.pictofoundation.fr\/wp-content\/uploads\/2021\/08\/15-torchere-copie-800x600.jpg 800w, https:\/\/www.pictofoundation.fr\/wp-content\/uploads\/2021\/08\/15-torchere-copie-1280x960.jpg 1280w\" sizes=\"auto, (max-width: 1800px) 100vw, 1800px\" \/><\/noscript><img decoding=\"async\" width=\"1800\" height=\"1350\" src=\"https:\/\/www.pictofoundation.fr\/wp-content\/uploads\/2021\/08\/15-torchere-copie.jpg\" class=\"wp-image-5067 vp-lazyload\" alt srcset=\"data:image\/svg+xml;base64,PHN2ZyB3aWR0aD0iMTgwMCIgaGVpZ2h0PSIxMzUwIiB2aWV3Qm94PSIwIDAgMTgwMCAxMzUwIiBmaWxsPSJub25lIiB4bWxucz0iaHR0cDovL3d3dy53My5vcmcvMjAwMC9zdmciPjwvc3ZnPg==\" data-src=\"https:\/\/www.pictofoundation.fr\/wp-content\/uploads\/2021\/08\/15-torchere-copie.jpg\" data-srcset=\"https:\/\/www.pictofoundation.fr\/wp-content\/uploads\/2021\/08\/15-torchere-copie.jpg 1800w, https:\/\/www.pictofoundation.fr\/wp-content\/uploads\/2021\/08\/15-torchere-copie-300x225.jpg 300w, https:\/\/www.pictofoundation.fr\/wp-content\/uploads\/2021\/08\/15-torchere-copie-1024x768.jpg 1024w, https:\/\/www.pictofoundation.fr\/wp-content\/uploads\/2021\/08\/15-torchere-copie-768x576.jpg 768w, https:\/\/www.pictofoundation.fr\/wp-content\/uploads\/2021\/08\/15-torchere-copie-1536x1152.jpg 1536w, https:\/\/www.pictofoundation.fr\/wp-content\/uploads\/2021\/08\/15-torchere-copie-500x375.jpg 500w, https:\/\/www.pictofoundation.fr\/wp-content\/uploads\/2021\/08\/15-torchere-copie-800x600.jpg 800w, https:\/\/www.pictofoundation.fr\/wp-content\/uploads\/2021\/08\/15-torchere-copie-1280x960.jpg 1280w\" data-sizes=\"auto\" loading=\"eager\">\n\t\t<div class=\"vp-portfolio__item-overlay\">\n\t\t\t\t\t<\/div>\n\n\t\t<\/a>\t<\/div>\n<\/div>\n\n<div class=\"vp-portfolio__item-overlay vp-portfolio__item-align-center\">\n\t\t\t<div class=\"vp-portfolio__item-meta\">\n\t\t\t\t\t\t\t<h2 class=\"vp-portfolio__item-meta-title\">\n\t\t\t\t\t\t\t\t\t\t\t<a href=\"https:\/\/www.pictofoundation.fr\/bourse-du-talent-2019\/\"\n\t\t\t\t\t\t\t\t\t\t\t\t\t>\n\t\t\t\t\t\t\tCharles X\u00e9lot, laur\u00e9at \u00ab paysage \u00bb\t\t\t\t\t\t<\/a>\n\t\t\t\t\t\t\t\t\t\t<\/h2>\n\t\t\t\t\t\t<\/div>\n\t<\/div>\t\t\t<\/figure>\n\t\t\t\t\t<\/div>\n\t\t\n\t\t<div\t\tclass=\"vp-portfolio__item-wrap vp-portfolio__item-uid-fad1bb00\" data-vp-filter=\"\" \t\t>\n\t\t\t\t\t\t\t\t\t<figure class=\"vp-portfolio__item\">\n\t\t\t\t\n<div class=\"vp-portfolio__item-img-wrap\">\n\t<div class=\"vp-portfolio__item-img\">\n\t\t\t<a\n\t\thref=\"https:\/\/www.pictofoundation.fr\/bourse-du-talent-2019\/\"\n\t\t\t>\n\t\n\t\t<noscript><img loading=\"lazy\" decoding=\"async\" width=\"618\" height=\"618\" data-skip-lazy src=\"https:\/\/www.pictofoundation.fr\/wp-content\/uploads\/2019\/11\/carrousel-Nanjing-Tang-copie.jpg\" class=\"wp-image-5386\" alt=\"\" srcset=\"https:\/\/www.pictofoundation.fr\/wp-content\/uploads\/2019\/11\/carrousel-Nanjing-Tang-copie.jpg 618w, https:\/\/www.pictofoundation.fr\/wp-content\/uploads\/2019\/11\/carrousel-Nanjing-Tang-copie-300x300.jpg 300w, https:\/\/www.pictofoundation.fr\/wp-content\/uploads\/2019\/11\/carrousel-Nanjing-Tang-copie-150x150.jpg 150w, https:\/\/www.pictofoundation.fr\/wp-content\/uploads\/2019\/11\/carrousel-Nanjing-Tang-copie-500x500.jpg 500w\" sizes=\"auto, (max-width: 618px) 100vw, 618px\" \/><\/noscript><img decoding=\"async\" width=\"618\" height=\"618\" src=\"https:\/\/www.pictofoundation.fr\/wp-content\/uploads\/2019\/11\/carrousel-Nanjing-Tang-copie.jpg\" class=\"wp-image-5386 vp-lazyload\" alt srcset=\"data:image\/svg+xml;base64,PHN2ZyB3aWR0aD0iNjE4IiBoZWlnaHQ9IjYxOCIgdmlld0JveD0iMCAwIDYxOCA2MTgiIGZpbGw9Im5vbmUiIHhtbG5zPSJodHRwOi8vd3d3LnczLm9yZy8yMDAwL3N2ZyI+PC9zdmc+\" data-src=\"https:\/\/www.pictofoundation.fr\/wp-content\/uploads\/2019\/11\/carrousel-Nanjing-Tang-copie.jpg\" data-srcset=\"https:\/\/www.pictofoundation.fr\/wp-content\/uploads\/2019\/11\/carrousel-Nanjing-Tang-copie.jpg 618w, https:\/\/www.pictofoundation.fr\/wp-content\/uploads\/2019\/11\/carrousel-Nanjing-Tang-copie-300x300.jpg 300w, https:\/\/www.pictofoundation.fr\/wp-content\/uploads\/2019\/11\/carrousel-Nanjing-Tang-copie-150x150.jpg 150w, https:\/\/www.pictofoundation.fr\/wp-content\/uploads\/2019\/11\/carrousel-Nanjing-Tang-copie-500x500.jpg 500w\" data-sizes=\"auto\" loading=\"eager\">\n\t\t<div class=\"vp-portfolio__item-overlay\">\n\t\t\t\t\t<\/div>\n\n\t\t<\/a>\t<\/div>\n<\/div>\n\n<div class=\"vp-portfolio__item-overlay vp-portfolio__item-align-center\">\n\t\t\t<div class=\"vp-portfolio__item-meta\">\n\t\t\t\t\t\t\t<h2 class=\"vp-portfolio__item-meta-title\">\n\t\t\t\t\t\t\t\t\t\t\t<a href=\"https:\/\/www.pictofoundation.fr\/bourse-du-talent-2019\/\"\n\t\t\t\t\t\t\t\t\t\t\t\t\t>\n\t\t\t\t\t\t\tTang Nanjing, laur\u00e9ate Prix sp\u00e9cial de la SAIF \u00ab paysage \u00bb\t\t\t\t\t\t<\/a>\n\t\t\t\t\t\t\t\t\t\t<\/h2>\n\t\t\t\t\t\t<\/div>\n\t<\/div>\t\t\t<\/figure>\n\t\t\t\t\t<\/div>\n\t\t\n<\/div>\n\t\t<\/div>\n\t\t\n<\/div>\n[\/vc_tta_section][vc_tta_section title=&#8221;Winners 2018&#8243; tab_id=&#8221;1624980061978-ca5c18da-7257&#8243;]\n<div class=\"vp-portfolio vp-uid-73018415 vp-id-9458  \"\n\tdata-vp-layout=\"tiles\" data-vp-content-source=\"images\" data-vp-items-style=\"default\" data-vp-items-click-action=\"url\" data-vp-items-gap=\"15\" data-vp-items-gap-vertical=\"\" data-vp-pagination=\"load-more\" data-vp-next-page-url=\"\" data-vp-tiles-type=\"4|1,1|\" >\n\t<div class=\"vp-portfolio__preloader-wrap\">\n\t\t<div class=\"vp-portfolio__preloader\">\n\t\t\t<img decoding=\"async\" loading=\"eager\" src=\"https:\/\/www.pictofoundation.fr\/wp-content\/plugins\/visual-portfolio\/assets\/images\/logo-dark.svg\" alt=\"Visual Portfolio, Posts &amp; Image Gallery for WordPress\" width=\"20\" height=\"20\" data-skip-lazy>\n\t\t<\/div>\n\t<\/div>\n\t\t<div class=\"vp-portfolio__items-wrap\">\n\t\t\t\n<div class=\"vp-portfolio__items vp-portfolio__items-style-default vp-portfolio__items-show-overlay-hover\">\n\n\t\t<div\t\tclass=\"vp-portfolio__item-wrap vp-portfolio__item-uid-f63a2124\" data-vp-filter=\"\" \t\t>\n\t\t\t\t\t\t\t\t\t<figure class=\"vp-portfolio__item\">\n\t\t\t\t\n<div class=\"vp-portfolio__item-img-wrap\">\n\t<div class=\"vp-portfolio__item-img\">\n\t\t\t<a\n\t\thref=\"https:\/\/www.pictofoundation.fr\/bourse-du-talent-2018\/\"\n\t\t\t>\n\t\n\t\t<noscript><img loading=\"lazy\" decoding=\"async\" width=\"1280\" height=\"853\" data-skip-lazy src=\"https:\/\/www.pictofoundation.fr\/wp-content\/uploads\/2021\/08\/Barthelemy_BnF_Homegrown_Serie-03-1280x853.jpeg\" class=\"wp-image-5126\" alt=\"\" srcset=\"https:\/\/www.pictofoundation.fr\/wp-content\/uploads\/2021\/08\/Barthelemy_BnF_Homegrown_Serie-03-1280x853.jpeg 1280w, https:\/\/www.pictofoundation.fr\/wp-content\/uploads\/2021\/08\/Barthelemy_BnF_Homegrown_Serie-03-300x200.jpeg 300w, https:\/\/www.pictofoundation.fr\/wp-content\/uploads\/2021\/08\/Barthelemy_BnF_Homegrown_Serie-03-1024x683.jpeg 1024w, https:\/\/www.pictofoundation.fr\/wp-content\/uploads\/2021\/08\/Barthelemy_BnF_Homegrown_Serie-03-768x512.jpeg 768w, https:\/\/www.pictofoundation.fr\/wp-content\/uploads\/2021\/08\/Barthelemy_BnF_Homegrown_Serie-03-500x333.jpeg 500w, https:\/\/www.pictofoundation.fr\/wp-content\/uploads\/2021\/08\/Barthelemy_BnF_Homegrown_Serie-03-800x533.jpeg 800w, https:\/\/www.pictofoundation.fr\/wp-content\/uploads\/2021\/08\/Barthelemy_BnF_Homegrown_Serie-03.jpeg 1440w\" sizes=\"auto, (max-width: 1280px) 100vw, 1280px\" \/><\/noscript><img decoding=\"async\" width=\"1280\" height=\"853\" src=\"https:\/\/www.pictofoundation.fr\/wp-content\/uploads\/2021\/08\/Barthelemy_BnF_Homegrown_Serie-03-1280x853.jpeg\" class=\"wp-image-5126 vp-lazyload\" alt srcset=\"data:image\/svg+xml;base64,PHN2ZyB3aWR0aD0iMTI4MCIgaGVpZ2h0PSI4NTMiIHZpZXdCb3g9IjAgMCAxMjgwIDg1MyIgZmlsbD0ibm9uZSIgeG1sbnM9Imh0dHA6Ly93d3cudzMub3JnLzIwMDAvc3ZnIj48L3N2Zz4=\" data-src=\"https:\/\/www.pictofoundation.fr\/wp-content\/uploads\/2021\/08\/Barthelemy_BnF_Homegrown_Serie-03-1280x853.jpeg\" data-srcset=\"https:\/\/www.pictofoundation.fr\/wp-content\/uploads\/2021\/08\/Barthelemy_BnF_Homegrown_Serie-03-1280x853.jpeg 1280w, https:\/\/www.pictofoundation.fr\/wp-content\/uploads\/2021\/08\/Barthelemy_BnF_Homegrown_Serie-03-300x200.jpeg 300w, https:\/\/www.pictofoundation.fr\/wp-content\/uploads\/2021\/08\/Barthelemy_BnF_Homegrown_Serie-03-1024x683.jpeg 1024w, https:\/\/www.pictofoundation.fr\/wp-content\/uploads\/2021\/08\/Barthelemy_BnF_Homegrown_Serie-03-768x512.jpeg 768w, https:\/\/www.pictofoundation.fr\/wp-content\/uploads\/2021\/08\/Barthelemy_BnF_Homegrown_Serie-03-500x333.jpeg 500w, https:\/\/www.pictofoundation.fr\/wp-content\/uploads\/2021\/08\/Barthelemy_BnF_Homegrown_Serie-03-800x533.jpeg 800w, https:\/\/www.pictofoundation.fr\/wp-content\/uploads\/2021\/08\/Barthelemy_BnF_Homegrown_Serie-03.jpeg 1440w\" data-sizes=\"auto\" loading=\"eager\">\n\t\t<div class=\"vp-portfolio__item-overlay\">\n\t\t\t\t\t<\/div>\n\n\t\t<\/a>\t<\/div>\n<\/div>\n\n<div class=\"vp-portfolio__item-overlay vp-portfolio__item-align-center\">\n\t\t\t<div class=\"vp-portfolio__item-meta\">\n\t\t\t\t\t\t\t<h2 class=\"vp-portfolio__item-meta-title\">\n\t\t\t\t\t\t\t\t\t\t\t<a href=\"https:\/\/www.pictofoundation.fr\/bourse-du-talent-2018\/\"\n\t\t\t\t\t\t\t\t\t\t\t\t\t>\n\t\t\t\t\t\t\tMarianne Barth\u00e9l\u00e9my, laur\u00e9ate \u00ab reportage \u00bb\t\t\t\t\t\t<\/a>\n\t\t\t\t\t\t\t\t\t\t<\/h2>\n\t\t\t\t\t\t<\/div>\n\t<\/div>\t\t\t<\/figure>\n\t\t\t\t\t<\/div>\n\t\t\n\t\t<div\t\tclass=\"vp-portfolio__item-wrap vp-portfolio__item-uid-5253592e\" data-vp-filter=\"\" \t\t>\n\t\t\t\t\t\t\t\t\t<figure class=\"vp-portfolio__item\">\n\t\t\t\t\n<div class=\"vp-portfolio__item-img-wrap\">\n\t<div class=\"vp-portfolio__item-img\">\n\t\t\t<a\n\t\thref=\"https:\/\/www.pictofoundation.fr\/bourse-du-talent-2018\/\"\n\t\t\t>\n\t\n\t\t<noscript><img loading=\"lazy\" decoding=\"async\" width=\"1135\" height=\"1135\" data-skip-lazy src=\"https:\/\/www.pictofoundation.fr\/wp-content\/uploads\/2021\/08\/william-Bunel-9.jpeg\" class=\"wp-image-5125\" alt=\"\" srcset=\"https:\/\/www.pictofoundation.fr\/wp-content\/uploads\/2021\/08\/william-Bunel-9.jpeg 1135w, https:\/\/www.pictofoundation.fr\/wp-content\/uploads\/2021\/08\/william-Bunel-9-300x300.jpeg 300w, https:\/\/www.pictofoundation.fr\/wp-content\/uploads\/2021\/08\/william-Bunel-9-1024x1024.jpeg 1024w, https:\/\/www.pictofoundation.fr\/wp-content\/uploads\/2021\/08\/william-Bunel-9-150x150.jpeg 150w, https:\/\/www.pictofoundation.fr\/wp-content\/uploads\/2021\/08\/william-Bunel-9-768x768.jpeg 768w, https:\/\/www.pictofoundation.fr\/wp-content\/uploads\/2021\/08\/william-Bunel-9-500x500.jpeg 500w, https:\/\/www.pictofoundation.fr\/wp-content\/uploads\/2021\/08\/william-Bunel-9-800x800.jpeg 800w\" sizes=\"auto, (max-width: 1135px) 100vw, 1135px\" \/><\/noscript><img decoding=\"async\" width=\"1135\" height=\"1135\" src=\"https:\/\/www.pictofoundation.fr\/wp-content\/uploads\/2021\/08\/william-Bunel-9.jpeg\" class=\"wp-image-5125 vp-lazyload\" alt srcset=\"data:image\/svg+xml;base64,PHN2ZyB3aWR0aD0iMTEzNSIgaGVpZ2h0PSIxMTM1IiB2aWV3Qm94PSIwIDAgMTEzNSAxMTM1IiBmaWxsPSJub25lIiB4bWxucz0iaHR0cDovL3d3dy53My5vcmcvMjAwMC9zdmciPjwvc3ZnPg==\" data-src=\"https:\/\/www.pictofoundation.fr\/wp-content\/uploads\/2021\/08\/william-Bunel-9.jpeg\" data-srcset=\"https:\/\/www.pictofoundation.fr\/wp-content\/uploads\/2021\/08\/william-Bunel-9.jpeg 1135w, https:\/\/www.pictofoundation.fr\/wp-content\/uploads\/2021\/08\/william-Bunel-9-300x300.jpeg 300w, https:\/\/www.pictofoundation.fr\/wp-content\/uploads\/2021\/08\/william-Bunel-9-1024x1024.jpeg 1024w, https:\/\/www.pictofoundation.fr\/wp-content\/uploads\/2021\/08\/william-Bunel-9-150x150.jpeg 150w, https:\/\/www.pictofoundation.fr\/wp-content\/uploads\/2021\/08\/william-Bunel-9-768x768.jpeg 768w, https:\/\/www.pictofoundation.fr\/wp-content\/uploads\/2021\/08\/william-Bunel-9-500x500.jpeg 500w, https:\/\/www.pictofoundation.fr\/wp-content\/uploads\/2021\/08\/william-Bunel-9-800x800.jpeg 800w\" data-sizes=\"auto\" loading=\"eager\">\n\t\t<div class=\"vp-portfolio__item-overlay\">\n\t\t\t\t\t<\/div>\n\n\t\t<\/a>\t<\/div>\n<\/div>\n\n<div class=\"vp-portfolio__item-overlay vp-portfolio__item-align-center\">\n\t\t\t<div class=\"vp-portfolio__item-meta\">\n\t\t\t\t\t\t\t<h2 class=\"vp-portfolio__item-meta-title\">\n\t\t\t\t\t\t\t\t\t\t\t<a href=\"https:\/\/www.pictofoundation.fr\/bourse-du-talent-2018\/\"\n\t\t\t\t\t\t\t\t\t\t\t\t\t>\n\t\t\t\t\t\t\tWilliam Bunel, laur\u00e9at \u00ab portrait \u00bb\t\t\t\t\t\t<\/a>\n\t\t\t\t\t\t\t\t\t\t<\/h2>\n\t\t\t\t\t\t<\/div>\n\t<\/div>\t\t\t<\/figure>\n\t\t\t\t\t<\/div>\n\t\t\n\t\t<div\t\tclass=\"vp-portfolio__item-wrap vp-portfolio__item-uid-62f41368\" data-vp-filter=\"\" \t\t>\n\t\t\t\t\t\t\t\t\t<figure class=\"vp-portfolio__item\">\n\t\t\t\t\n<div class=\"vp-portfolio__item-img-wrap\">\n\t<div class=\"vp-portfolio__item-img\">\n\t\t\t<a\n\t\thref=\"https:\/\/www.pictofoundation.fr\/bourse-du-talent-2018\/\"\n\t\t\t>\n\t\n\t\t<noscript><img loading=\"lazy\" decoding=\"async\" width=\"1134\" height=\"1134\" data-skip-lazy src=\"https:\/\/www.pictofoundation.fr\/wp-content\/uploads\/2021\/08\/Marie_Moroni_BnF_01.jpeg\" class=\"wp-image-5124\" alt=\"\" srcset=\"https:\/\/www.pictofoundation.fr\/wp-content\/uploads\/2021\/08\/Marie_Moroni_BnF_01.jpeg 1134w, https:\/\/www.pictofoundation.fr\/wp-content\/uploads\/2021\/08\/Marie_Moroni_BnF_01-300x300.jpeg 300w, https:\/\/www.pictofoundation.fr\/wp-content\/uploads\/2021\/08\/Marie_Moroni_BnF_01-1024x1024.jpeg 1024w, https:\/\/www.pictofoundation.fr\/wp-content\/uploads\/2021\/08\/Marie_Moroni_BnF_01-150x150.jpeg 150w, https:\/\/www.pictofoundation.fr\/wp-content\/uploads\/2021\/08\/Marie_Moroni_BnF_01-768x768.jpeg 768w, https:\/\/www.pictofoundation.fr\/wp-content\/uploads\/2021\/08\/Marie_Moroni_BnF_01-500x500.jpeg 500w, https:\/\/www.pictofoundation.fr\/wp-content\/uploads\/2021\/08\/Marie_Moroni_BnF_01-800x800.jpeg 800w\" sizes=\"auto, (max-width: 1134px) 100vw, 1134px\" \/><\/noscript><img decoding=\"async\" width=\"1134\" height=\"1134\" src=\"https:\/\/www.pictofoundation.fr\/wp-content\/uploads\/2021\/08\/Marie_Moroni_BnF_01.jpeg\" class=\"wp-image-5124 vp-lazyload\" alt srcset=\"data:image\/svg+xml;base64,PHN2ZyB3aWR0aD0iMTEzNCIgaGVpZ2h0PSIxMTM0IiB2aWV3Qm94PSIwIDAgMTEzNCAxMTM0IiBmaWxsPSJub25lIiB4bWxucz0iaHR0cDovL3d3dy53My5vcmcvMjAwMC9zdmciPjwvc3ZnPg==\" data-src=\"https:\/\/www.pictofoundation.fr\/wp-content\/uploads\/2021\/08\/Marie_Moroni_BnF_01.jpeg\" data-srcset=\"https:\/\/www.pictofoundation.fr\/wp-content\/uploads\/2021\/08\/Marie_Moroni_BnF_01.jpeg 1134w, https:\/\/www.pictofoundation.fr\/wp-content\/uploads\/2021\/08\/Marie_Moroni_BnF_01-300x300.jpeg 300w, https:\/\/www.pictofoundation.fr\/wp-content\/uploads\/2021\/08\/Marie_Moroni_BnF_01-1024x1024.jpeg 1024w, https:\/\/www.pictofoundation.fr\/wp-content\/uploads\/2021\/08\/Marie_Moroni_BnF_01-150x150.jpeg 150w, https:\/\/www.pictofoundation.fr\/wp-content\/uploads\/2021\/08\/Marie_Moroni_BnF_01-768x768.jpeg 768w, https:\/\/www.pictofoundation.fr\/wp-content\/uploads\/2021\/08\/Marie_Moroni_BnF_01-500x500.jpeg 500w, https:\/\/www.pictofoundation.fr\/wp-content\/uploads\/2021\/08\/Marie_Moroni_BnF_01-800x800.jpeg 800w\" data-sizes=\"auto\" loading=\"eager\">\n\t\t<div class=\"vp-portfolio__item-overlay\">\n\t\t\t\t\t<\/div>\n\n\t\t<\/a>\t<\/div>\n<\/div>\n\n<div class=\"vp-portfolio__item-overlay vp-portfolio__item-align-center\">\n\t\t\t<div class=\"vp-portfolio__item-meta\">\n\t\t\t\t\t\t\t<h2 class=\"vp-portfolio__item-meta-title\">\n\t\t\t\t\t\t\t\t\t\t\t<a href=\"https:\/\/www.pictofoundation.fr\/bourse-du-talent-2018\/\"\n\t\t\t\t\t\t\t\t\t\t\t\t\t>\n\t\t\t\t\t\t\tMarie Moroni, laur\u00e9ate \u00ab mode \u00bb\t\t\t\t\t\t<\/a>\n\t\t\t\t\t\t\t\t\t\t<\/h2>\n\t\t\t\t\t\t<\/div>\n\t<\/div>\t\t\t<\/figure>\n\t\t\t\t\t<\/div>\n\t\t\n\t\t<div\t\tclass=\"vp-portfolio__item-wrap vp-portfolio__item-uid-b6f79fed\" data-vp-filter=\"\" \t\t>\n\t\t\t\t\t\t\t\t\t<figure class=\"vp-portfolio__item\">\n\t\t\t\t\n<div class=\"vp-portfolio__item-img-wrap\">\n\t<div class=\"vp-portfolio__item-img\">\n\t\t\t<a\n\t\thref=\"https:\/\/www.pictofoundation.fr\/bourse-du-talent-2018\/\"\n\t\t\t>\n\t\n\t\t<noscript><img loading=\"lazy\" decoding=\"async\" width=\"1280\" height=\"851\" data-skip-lazy src=\"https:\/\/www.pictofoundation.fr\/wp-content\/uploads\/2021\/08\/Nathalie_Depose_06-copie-1280x851.jpg\" class=\"wp-image-5122\" alt=\"\" srcset=\"https:\/\/www.pictofoundation.fr\/wp-content\/uploads\/2021\/08\/Nathalie_Depose_06-copie-1280x851.jpg 1280w, https:\/\/www.pictofoundation.fr\/wp-content\/uploads\/2021\/08\/Nathalie_Depose_06-copie-300x199.jpg 300w, https:\/\/www.pictofoundation.fr\/wp-content\/uploads\/2021\/08\/Nathalie_Depose_06-copie-1024x681.jpg 1024w, https:\/\/www.pictofoundation.fr\/wp-content\/uploads\/2021\/08\/Nathalie_Depose_06-copie-768x510.jpg 768w, https:\/\/www.pictofoundation.fr\/wp-content\/uploads\/2021\/08\/Nathalie_Depose_06-copie-500x332.jpg 500w, https:\/\/www.pictofoundation.fr\/wp-content\/uploads\/2021\/08\/Nathalie_Depose_06-copie-800x532.jpg 800w, https:\/\/www.pictofoundation.fr\/wp-content\/uploads\/2021\/08\/Nathalie_Depose_06-copie.jpg 1500w\" sizes=\"auto, (max-width: 1280px) 100vw, 1280px\" \/><\/noscript><img decoding=\"async\" width=\"1280\" height=\"851\" src=\"https:\/\/www.pictofoundation.fr\/wp-content\/uploads\/2021\/08\/Nathalie_Depose_06-copie-1280x851.jpg\" class=\"wp-image-5122 vp-lazyload\" alt srcset=\"data:image\/svg+xml;base64,PHN2ZyB3aWR0aD0iMTI4MCIgaGVpZ2h0PSI4NTEiIHZpZXdCb3g9IjAgMCAxMjgwIDg1MSIgZmlsbD0ibm9uZSIgeG1sbnM9Imh0dHA6Ly93d3cudzMub3JnLzIwMDAvc3ZnIj48L3N2Zz4=\" data-src=\"https:\/\/www.pictofoundation.fr\/wp-content\/uploads\/2021\/08\/Nathalie_Depose_06-copie-1280x851.jpg\" data-srcset=\"https:\/\/www.pictofoundation.fr\/wp-content\/uploads\/2021\/08\/Nathalie_Depose_06-copie-1280x851.jpg 1280w, https:\/\/www.pictofoundation.fr\/wp-content\/uploads\/2021\/08\/Nathalie_Depose_06-copie-300x199.jpg 300w, https:\/\/www.pictofoundation.fr\/wp-content\/uploads\/2021\/08\/Nathalie_Depose_06-copie-1024x681.jpg 1024w, https:\/\/www.pictofoundation.fr\/wp-content\/uploads\/2021\/08\/Nathalie_Depose_06-copie-768x510.jpg 768w, https:\/\/www.pictofoundation.fr\/wp-content\/uploads\/2021\/08\/Nathalie_Depose_06-copie-500x332.jpg 500w, https:\/\/www.pictofoundation.fr\/wp-content\/uploads\/2021\/08\/Nathalie_Depose_06-copie-800x532.jpg 800w, https:\/\/www.pictofoundation.fr\/wp-content\/uploads\/2021\/08\/Nathalie_Depose_06-copie.jpg 1500w\" data-sizes=\"auto\" loading=\"eager\">\n\t\t<div class=\"vp-portfolio__item-overlay\">\n\t\t\t\t\t<\/div>\n\n\t\t<\/a>\t<\/div>\n<\/div>\n\n<div class=\"vp-portfolio__item-overlay vp-portfolio__item-align-center\">\n\t\t\t<div class=\"vp-portfolio__item-meta\">\n\t\t\t\t\t\t\t<h2 class=\"vp-portfolio__item-meta-title\">\n\t\t\t\t\t\t\t\t\t\t\t<a href=\"https:\/\/www.pictofoundation.fr\/bourse-du-talent-2018\/\"\n\t\t\t\t\t\t\t\t\t\t\t\t\t>\n\t\t\t\t\t\t\tNathalie Depos\u00e9, laur\u00e9ate \u00ab paysage \u00bb\t\t\t\t\t\t<\/a>\n\t\t\t\t\t\t\t\t\t\t<\/h2>\n\t\t\t\t\t\t<\/div>\n\t<\/div>\t\t\t<\/figure>\n\t\t\t\t\t<\/div>\n\t\t\n<\/div>\n\t\t<\/div>\n\t\t\n<\/div>\n[\/vc_tta_section][\/vc_tta_tabs]<div class=\"ult-spacer spacer-69f0080e93fd8\" data-id=\"69f0080e93fd8\" data-height=\"20\" data-height-mobile=\"20\" data-height-tab=\"20\" data-height-tab-portrait=\"\" data-height-mobile-landscape=\"\" style=\"clear:both;display:block;\"><\/div>[vc_row_inner content_placement=&#8221;top&#8221;][vc_column_inner width=&#8221;1\/3&#8243;][vc_column_text]<\/p>\n<p style=\"text-align: center;\"><strong>Winners 2025 :<br \/>\n<\/strong>Sasha Mongin<br \/>\nSantanu Dey<br \/>\nAria Shahrokhshahi<\/p>\n<p style=\"text-align: center;\"><strong>Winners 2024 :<br \/>\n<\/strong>Karla Hiraldo Voleau<br \/>\nHassan Kurbanbaev<br \/>\nGuillaume Holzer<\/p>\n<p style=\"text-align: center;\"><strong>Winners 2023 :<\/strong><br \/>\nDaesung Lee<br \/>\nFlorian Ruiz<br \/>\nKamila K Stanley<\/p>\n<p style=\"text-align: center;\"><strong>Winners 2022 :<\/strong><br \/>\nWinner #87 (Landscape) : Paloma Laudet<br \/>\nSpecial mention : Dana Cojbuc<br \/>\nWinner #86 (portrait) : Lucie Hodiesne Darras<br \/>\nWinner #85 (Fashion) : Adeline Care<br \/>\nWinner #84 (Photojournalism) : Vivien Ayroles<br \/>\nSpecial mention : Victorine Alisse<\/p>\n<p style=\"text-align: center;\"><strong>Winners 2021 :<\/strong><br \/>\nWinner #83 (Landscape) : Aur\u00e9lie Scouarnec<br \/>\nWinner #82 (Fashion) : Gabriel Dia<br \/>\nWinner #81 (Photojournalism) : Yann Datessen<\/p>\n<p style=\"text-align: center;\"><strong>Winners 2019 :<\/strong><br \/>\nWinner #80 (Landscape) : Charles X\u00e9lot<br \/>\nWinner Prix sp\u00e9cial de la SAIF \u00ab Landscape \u00bb #80 :<br \/>\nTang Nanjing<br \/>\nWinner #79 (Fashion) : Cheng Huanfan<br \/>\nWinner #78 (Portrait) : Tian Jin<br \/>\nWinner #77 (Photojournalism) : Nathalie Lescuyer<\/p>\n<p style=\"text-align: center;\"><strong>Winners 2018<\/strong> :<br \/>\nWinner #76 (Landscape) : Nathalie Depos\u00e9<br \/>\nWinner #75 (Fashion) : Marie Moroni<br \/>\nWinner #74 (Portrait) : William Bunel<br \/>\nWinner #73 (Photojournalism) : Marianne Barth\u00e9l\u00e9my<\/p>\n<p style=\"text-align: center;\"><strong>Winners 2017<\/strong> :<br \/>\nWinner #72 (Landscape) : Jean-Michel Andr\u00e9<br \/>\nWinner #71 (Fashion) : Sanjyot Telang<br \/>\nWinner #70 (Portrait) : Youqine Lef\u00e8vre<br \/>\nWinner #69 (Photojournalism) : Chlo\u00e9 Jaf\u00e9<\/p>\n<p style=\"text-align: center;\"><strong>Winners 2016<\/strong>\u00a0:<br \/>\nWinner #68 (Landscape) : Hicham Gardaf<br \/>\nWinner #67 (Fashion) : Charles-Henry B\u00e9du\u00e9<br \/>\nWinner #66 (Portrait) : Vincent Gouriou<br \/>\nWinner #65 (Photojournalism) : Sandra Mehl<\/p>\n<p>[\/vc_column_text][\/vc_column_inner][vc_column_inner width=&#8221;1\/3&#8243;][vc_column_text]<\/p>\n<p style=\"text-align: center;\"><strong>Winners 2015<\/strong>\u00a0:<br \/>\nWinner #64 (Landscape) : Laurent Kronental<br \/>\nWinner #63 (Fashion) : Laura Bonnefous<br \/>\nWinner #62 (Portrait) : Karolin Klueppel<br \/>\nWinner #61 (Photojournalism) : Michel Slomka<\/p>\n<p style=\"text-align: center;\"><strong>Winners 2014<\/strong>\u00a0:<br \/>\nWinner #60 (Landscape) : Matthias Pasquet<br \/>\nWinner #59 (Fashion) : Jenny Bewer<br \/>\nWinner #58 (Portrait) : Patrick Willocq<br \/>\nWinner #57 (Photojournalism) : Antoine Bruy<br \/>\nSpecial mention to Camille Lepage<\/p>\n<p style=\"text-align: center;\"><strong>Winners 2013<\/strong>\u00a0:<br \/>\nWinner #56 (Landscape) : L\u00e9o Delafontaine<br \/>\nWinner #55 (Portrait) : Armelle Kergall<br \/>\nWinner #54 (Fashion) : Marie Benattar<br \/>\nWinner #53 (Photojournalism) : Sandra Calligaro<\/p>\n<p style=\"text-align: center;\"><strong>Winners 2012<\/strong>\u00a0:<br \/>\nWinner #52 (Landscape) : Vasantha Yogananthan<br \/>\nWinner #51 (Fashion) : Isabelle Chapuis<br \/>\nWinner #50 (Portrait) : Thomas Sanchez<br \/>\nWinner #49 (Photojournalism) : Joan Bardeletti<\/p>\n<p style=\"text-align: center;\"><strong>Winners 2011<\/strong>\u00a0:<br \/>\nWinner #48 (Landscape) : Renaud Duval<br \/>\nWinner #47 (Portrait) : Estelle Fenech<br \/>\nWinner #46 (Fashion) : Thomas Devaux<br \/>\nWinner #45 (Photojournalism) : Mathias Depardon<\/p>\n<p style=\"text-align: center;\"><strong>Winners 2010<\/strong>\u00a0:<br \/>\nWinner #44 (Landscape) : Jessie Maucor<br \/>\nWinner #43 (Fashion) : Nathalie Hubert<br \/>\nWinner #42 (Portrait) : Dorothy Shoes<br \/>\nWinner #41 (Photojournalism) : Elisabeth Schneider<\/p>\n<p style=\"text-align: center;\"><strong>Winners 2009<\/strong>\u00a0:<br \/>\nWinner #40 (Landscape) : Arno Bignon<br \/>\nWinner #39 (Fashion) : Claire Cocano<br \/>\nWinners #38 (Portrait) : Lucie et Simon<br \/>\nWinner #37 (Photojournalism) : Cl\u00e9mence De Limburg<\/p>\n<p style=\"text-align: center;\"><strong>Winners 2008<\/strong>\u00a0:<br \/>\nWinner #36 (Landscape) : Jean Fr\u00e9miot<br \/>\nSpecial mention to Marilia Destot<br \/>\nWinner #35 (Portrait) : Marikel Lahana<br \/>\nWinner #34 (Photojournalism) : Christophe Chammartin<\/p>\n<p style=\"text-align: center;\"><strong>Winners 2007<\/strong>\u00a0:<br \/>\nWinner #33 (Landscape) : Claudia Imbert<br \/>\nSpecial mention to Alain Cornu<br \/>\nWinner #32 (Portrait) : Fr\u00e9d\u00e9rique Jouval<br \/>\nWinner #31 (Photojournalism) : Viviane Dalles<\/p>\n<p>[\/vc_column_text][\/vc_column_inner][vc_column_inner width=&#8221;1\/3&#8243;][vc_column_text]<\/p>\n<p style=\"text-align: center;\"><strong>Winners 2006<\/strong>\u00a0:<br \/>\nWinner #30 (Landscape) : Marc Cellier<br \/>\nWinner #29 (Portrait) : Sylvain Gouraud<br \/>\nWinner #28 (Photojournalism) : Salah Benacer<\/p>\n<p style=\"text-align: center;\"><strong>Winners 2005<\/strong>\u00a0:<br \/>\nWinner #27 (Landscape) : Laure Bertin<br \/>\nWinner #26 (Portrait) : Aurore Valade<br \/>\nWinner #25 (Photojournalism) : R\u00e9gina Monfort<br \/>\nSpecial mention to Emile Loreaux<\/p>\n<p style=\"text-align: center;\"><strong>Winners 2004<\/strong>\u00a0:<br \/>\nWinner #24 (Landscape) : Marion Poussier<br \/>\nWinner #23 (Portrait) : Liza Nguyen<br \/>\nWinner #22 (Photojournalism) : Gr\u00e9goire Eloy<\/p>\n<p style=\"text-align: center;\"><strong>Winners 2003<\/strong>\u00a0:<br \/>\nWinner #21 (Landscape) : Deborah Metsch<br \/>\nWinner #20 (Portrait) : Diana Lui<br \/>\nWinner #19 (Photojournalism) : El\u00e9onore Henry de Frahan<\/p>\n<p style=\"text-align: center;\"><strong>Winners 2002<\/strong>\u00a0:<br \/>\nWinner #18 : Mayumi Matsumoto<br \/>\nWinner #17 : not awarded<br \/>\nWinner #16 : Flore-A\u00ebl Surun<\/p>\n<p style=\"text-align: center;\"><strong>Winners 2001<\/strong>\u00a0:<br \/>\nWinner #15 : C\u00e9cile Champi<br \/>\nWinner #14 : Virginie Amant<br \/>\nWinner #13 : Guillaume Collange<br \/>\nWinner #12 : Carolie Meyer<\/p>\n<p style=\"text-align: center;\"><strong>Winners 2000<\/strong> :<br \/>\nWinner #11 : Val\u00e9rie Archeno<br \/>\nWinner #10 : Fr\u00e9d\u00e9ric Sautereau<\/p>\n<p style=\"text-align: center;\"><strong>Winners 1999<\/strong>\u00a0:<br \/>\nWinner #09 : Camille Vivier<br \/>\nWinner #08 : Estelle Rebourt<br \/>\nWinner #07 : Gr\u00e9goire Alexandre<br \/>\nWinner #06 : Jean-Pierre Degas<br \/>\nWinner #05 : Julie Ansiau<\/p>\n<p style=\"text-align: center;\"><strong>Winners 1999<\/strong>\u00a0:<br \/>\nWinner #04 : Eric Gourlan<br \/>\nWinner #03 : Philippe Vitaller<br \/>\nWinner #02 : Jurgen Nefzger<br \/>\nWinner #01 : Christophe Gin<\/p>\n<p>[\/vc_column_text][\/vc_column_inner][\/vc_row_inner][\/vc_column][\/vc_row][\/vc_section][vc_section full_width=&#8221;stretch_row&#8221; css=&#8221;.vc_custom_1623248221568{background-color: #f5f5f5 !important;}&#8221;][vc_row][vc_column][vc_raw_html]JTNDZGl2JTIwY2xhc3MlM0QlMjJtYWluJTIyJTIwaWQlM0QlMjJzZWN0aW9uNSUyMiUzRQ==[\/vc_raw_html][\/vc_column][\/vc_row][vc_row content_placement=&#8221;middle&#8221;][vc_column width=&#8221;1\/5&#8243;][vc_single_image image=&#8221;9504&#8243; img_size=&#8221;134&#215;50&#8243; alignment=&#8221;center&#8221; onclick=&#8221;custom_link&#8221; img_link_target=&#8221;_blank&#8221; link=&#8221;http:\/\/www.photographie.com&#8221;][\/vc_column][vc_column width=&#8221;1\/5&#8243;][vc_single_image image=&#8221;9465&#8243; img_size=&#8221;100&#215;41&#8243; alignment=&#8221;center&#8221; onclick=&#8221;custom_link&#8221; img_link_target=&#8221;_blank&#8221; link=&#8221;https:\/\/www.bnf.fr\/&#8221;][\/vc_column][vc_column width=&#8221;1\/5&#8243;][vc_single_image image=&#8221;15860&#8243; img_size=&#8221;120&#215;76&#8243; alignment=&#8221;center&#8221; onclick=&#8221;custom_link&#8221; link=&#8221;https:\/\/www.saif.fr&#8221;][\/vc_column][vc_column width=&#8221;1\/5&#8243;][vc_single_image image=&#8221;9501&#8243; img_size=&#8221;120&#215;42&#8243; alignment=&#8221;center&#8221; onclick=&#8221;custom_link&#8221; link=&#8221;https:\/\/www.copieprivee.org\/&#8221;][\/vc_column][vc_column width=&#8221;1\/5&#8243;][vc_single_image image=&#8221;12757&#8243; img_size=&#8221;154&#215;50&#8243; alignment=&#8221;center&#8221; onclick=&#8221;custom_link&#8221; img_link_target=&#8221;_blank&#8221; link=&#8221;https:\/\/www.instagram.com\/festivalimpulse\/&#8221;][\/vc_column][\/vc_row][vc_row content_placement=&#8221;middle&#8221;][vc_column width=&#8221;1\/5&#8243;][vc_single_image image=&#8221;12050&#8243; img_size=&#8221;137&#215;30&#8243; alignment=&#8221;center&#8221; onclick=&#8221;custom_link&#8221; link=&#8221;https:\/\/onoff.photo\/&#8221;][\/vc_column][vc_column width=&#8221;1\/5&#8243;][vc_single_image image=&#8221;13503&#8243; img_size=&#8221;200&#215;26&#8243; alignment=&#8221;center&#8221; onclick=&#8221;custom_link&#8221; link=&#8221;https:\/\/www.lumiere-imaging.fr\/&#8221;][\/vc_column][vc_column width=&#8221;1\/5&#8243;][vc_single_image image=&#8221;6319&#8243; img_size=&#8221;157&#215;50&#8243; alignment=&#8221;center&#8221; onclick=&#8221;custom_link&#8221; img_link_target=&#8221;_blank&#8221; link=&#8221;https:\/\/www.fisheyemagazine.fr\/&#8221;][\/vc_column][vc_column width=&#8221;1\/5&#8243;][vc_single_image image=&#8221;9474&#8243; img_size=&#8221;118&#215;40&#8243; alignment=&#8221;center&#8221; onclick=&#8221;custom_link&#8221; link=&#8221;https:\/\/www.pixtrakk.com\/&#8221;][\/vc_column][vc_column width=&#8221;1\/5&#8243;][vc_single_image image=&#8221;15830&#8243; img_size=&#8221;150&#215;77&#8243; alignment=&#8221;center&#8221; onclick=&#8221;custom_link&#8221; link=&#8221;https:\/\/lesfillesdelaphoto.com\/&#8221;][\/vc_column][\/vc_row][\/vc_section][vc_section][vc_row][vc_column][vc_raw_html]JTNDZGl2JTIwY2xhc3MlM0QlMjJtYWluJTIyJTIwaWQlM0QlMjJzZWN0aW9uOCUyMiUzRQ==[\/vc_raw_html][\/vc_column][\/vc_row][vc_row full_width=&#8221;stretch_row_content&#8221;][vc_column][vc_column_text el_class=&#8221;legendes&#8221;]<\/p>\n<p style=\"text-align: right;\">See blow \u00a9 Nathalie Depos\u00e9 \/ Winner Bourse du Talent 2018<\/p>\n<p>[\/vc_column_text][\/vc_column][\/vc_row][vc_row full_width=&#8221;stretch_row&#8221; content_placement=&#8221;middle&#8221; vlt_overflow_hidden=&#8221;&#8221; css=&#8221;.vc_custom_1538150349363{background-color: #f5f5f5 !important;}&#8221;][vc_column width=&#8221;5\/12&#8243;]<div class=\"ult-spacer spacer-69f0080e9400e\" data-id=\"69f0080e9400e\" data-height=\"80\" data-height-mobile=\"80\" data-height-tab=\"80\" data-height-tab-portrait=\"\" data-height-mobile-landscape=\"\" style=\"clear:both;display:block;\"><\/div><div class=\"vlthemes_custom_69f0080e9402c   vlt-animation-block\" data-aos=\"fade\" data-aos-delay=\"0\"><div class=\"vlthemes_custom_69f0080e94076   vlt-section-title text-left\"><h2 style=\"color:;\">Contact us<\/h2><p style=\"color:;\">Head of PICTO Foundation : Chlo\u00e9 Tocabens<br \/>\nProject manager PICTO Foundation : Elena Heurtel-Zannoni<\/p><\/div><\/div><div class=\"vlthemes_custom_69f0080e940dd   vlt-social-icons text-center\"><a href=\"https:\/\/www.facebook.com\/picto.fr\" target=\"_blank\" class=\" vlt-social-icon vlt-social-icon--style-2 facebook-f\"><i class=\"fab fa-facebook-f\"><\/i><\/a><a href=\"http:\/\/www.youtube.com\/channel\/UCsqfP_sDJwM6boWeP7XjNpQ\" target=\"_blank\" class=\" vlt-social-icon vlt-social-icon--style-2 youtube\"><i class=\"fab fa-youtube\"><\/i><\/a><a href=\"https:\/\/www.instagram.com\/pictofr\/\" target=\"_blank\" class=\" vlt-social-icon vlt-social-icon--style-2 instagram\"><i class=\"fab fa-instagram\"><\/i><\/a><\/div><div class=\"ult-spacer spacer-69f0080e94145\" data-id=\"69f0080e94145\" data-height=\"40\" data-height-mobile=\"40\" data-height-tab=\"40\" data-height-tab-portrait=\"\" data-height-mobile-landscape=\"\" style=\"clear:both;display:block;\"><\/div><div class=\"vlthemes_custom_69f0080e94161   vlt-animation-block\" data-aos=\"fade\" data-aos-delay=\"100\"><div class=\"vlthemes_custom_69f0080e94193   contact-prix-picto-de-la-mode vlt-dark-alert\">\n<div class=\"wpcf7 no-js\" id=\"wpcf7-f1022-o1\" lang=\"fr-FR\" dir=\"ltr\" data-wpcf7-id=\"1022\">\n<div class=\"screen-reader-response\"><p role=\"status\" aria-live=\"polite\" aria-atomic=\"true\"><\/p> <ul><\/ul><\/div>\n<form action=\"\/en\/wp-json\/wp\/v2\/pages\/9650#wpcf7-f1022-o1\" method=\"post\" class=\"wpcf7-form init\" aria-label=\"Formulaire de contact\" novalidate=\"novalidate\" data-status=\"init\">\n<fieldset class=\"hidden-fields-container\"><input type=\"hidden\" name=\"_wpcf7\" value=\"1022\" \/><input type=\"hidden\" name=\"_wpcf7_version\" value=\"6.1\" \/><input type=\"hidden\" name=\"_wpcf7_locale\" value=\"fr_FR\" \/><input type=\"hidden\" name=\"_wpcf7_unit_tag\" value=\"wpcf7-f1022-o1\" \/><input type=\"hidden\" name=\"_wpcf7_container_post\" value=\"0\" \/><input type=\"hidden\" name=\"_wpcf7_posted_data_hash\" value=\"\" \/><input type=\"hidden\" name=\"_wpcf7_recaptcha_response\" value=\"\" \/>\n<\/fieldset>\n<div class=\"vlt-form-group vlt-form-group--small\">\n\t<p><span class=\"wpcf7-form-control-wrap\" data-name=\"your-name\"><input size=\"40\" maxlength=\"400\" class=\"wpcf7-form-control wpcf7-text wpcf7-validates-as-required\" aria-required=\"true\" aria-invalid=\"false\" placeholder=\"Votre Nom\" value=\"\" type=\"text\" name=\"your-name\" \/><\/span>\n\t<\/p>\n<\/div>\n<div class=\"vlt-form-group vlt-form-group--small\">\n\t<p><span class=\"wpcf7-form-control-wrap\" data-name=\"your-email\"><input size=\"40\" maxlength=\"400\" class=\"wpcf7-form-control wpcf7-email wpcf7-validates-as-required wpcf7-text wpcf7-validates-as-email\" aria-required=\"true\" aria-invalid=\"false\" placeholder=\"Votre adresse email\" value=\"\" type=\"email\" name=\"your-email\" \/><\/span>\n\t<\/p>\n<\/div>\n<div class=\"vlt-form-group vlt-form-group--small\">\n\t<p><span class=\"wpcf7-form-control-wrap\" data-name=\"your-message\"><textarea cols=\"40\" rows=\"4\" maxlength=\"2000\" class=\"wpcf7-form-control wpcf7-textarea\" aria-invalid=\"false\" placeholder=\"Votre message\" name=\"your-message\"><\/textarea><\/span>\n\t<\/p>\n<\/div>\n<div class=\"vlt-form-group vlt-form-group--small\">\n\t<p><span class=\"wpcf7-form-control-wrap\" data-name=\"contact_acceptance\"><span class=\"wpcf7-form-control wpcf7-acceptance\"><span class=\"wpcf7-list-item\"><label><input type=\"checkbox\" name=\"contact_acceptance\" value=\"1\" checked=\"checked\" aria-invalid=\"false\" \/><span class=\"wpcf7-list-item-label\">En cochant cette case, j'accepte que mes donn\u00e9es soient collect\u00e9es et stock\u00e9es pour l'envoi de ce message.<\/span><\/label><\/span><\/span><\/span>\n\t<\/p>\n<\/div>\n<div>\n\t<p><button class=\"wpcf7-form-control wpcf7-submit vlt-btn vlt-btn--primary vlt-btn--lg vlt-btn--effect\"><span>ENVOYER<\/span><\/button>\n\t<\/p>\n<\/div><div class=\"wpcf7-response-output\" aria-hidden=\"true\"><\/div>\n<\/form>\n<\/div>\n<\/div><\/div><div class=\"ult-spacer spacer-69f0080e96dbc\" data-id=\"69f0080e96dbc\" data-height=\"80\" data-height-mobile=\"80\" data-height-tab=\"80\" data-height-tab-portrait=\"\" data-height-mobile-landscape=\"\" style=\"clear:both;display:block;\"><\/div>[\/vc_column][vc_column width=&#8221;1\/12&#8243;][\/vc_column][vc_column width=&#8221;1\/2&#8243; css=&#8221;.vc_custom_1538150499159{padding-left: 0px !important;}&#8221;]<div class=\"vlthemes_custom_69f0080e96dea vlt-stretch-element-inside-column  vlt-simple-image\"><div class=\"vlt-fit-image\" style=\"--size-md: 900px; --size-sm: 100%;\"><img loading=\"lazy\" decoding=\"async\" width=\"1500\" height=\"997\" src=\"https:\/\/www.pictofoundation.fr\/wp-content\/uploads\/2021\/08\/Nathalie_Depose_06-copie.jpg\" class=\"\" alt=\"\" srcset=\"https:\/\/www.pictofoundation.fr\/wp-content\/uploads\/2021\/08\/Nathalie_Depose_06-copie.jpg 1500w, https:\/\/www.pictofoundation.fr\/wp-content\/uploads\/2021\/08\/Nathalie_Depose_06-copie-300x199.jpg 300w, https:\/\/www.pictofoundation.fr\/wp-content\/uploads\/2021\/08\/Nathalie_Depose_06-copie-1024x681.jpg 1024w, https:\/\/www.pictofoundation.fr\/wp-content\/uploads\/2021\/08\/Nathalie_Depose_06-copie-768x510.jpg 768w, https:\/\/www.pictofoundation.fr\/wp-content\/uploads\/2021\/08\/Nathalie_Depose_06-copie-500x332.jpg 500w, https:\/\/www.pictofoundation.fr\/wp-content\/uploads\/2021\/08\/Nathalie_Depose_06-copie-800x532.jpg 800w, https:\/\/www.pictofoundation.fr\/wp-content\/uploads\/2021\/08\/Nathalie_Depose_06-copie-1280x851.jpg 1280w\" \/><\/div><\/div>[\/vc_column][\/vc_row][\/vc_section]<\/p>\n","protected":false},"excerpt":{"rendered":"<p>[vc_row full_width=&#8221;stretch_row_content_no_spaces&#8221; full_height=&#8221;yes&#8221; awb_type=&#8221;image&#8221; awb_image_background_position=&#8221;50% 50%&#8221; awb_color=&#8221;rgba(0,0,0,0.83)&#8221; awb_image=&#8221;5067&#8243;][vc_column][vc_empty_space][vc_custom_heading text=&#8221;BOURSE DU TALENT&#8221; font_container=&#8221;tag:div|font_size:50|text_align:center|color:%23ffffff&#8221; google_fonts=&#8221;font_family:Lato%3A100%2C100italic%2C300%2C300italic%2Cregular%2Citalic%2C700%2C700italic%2C900%2C900italic|font_style:700%20bold%20regular%3A700%3Anormal&#8221;][\/vc_column][\/vc_row][vc_row full_width=&#8221;stretch_row_content&#8221;][vc_column][vc_column_text el_class=&#8221;legendes&#8221;] \u00a9 Charles X\u00e9lot \/ Winner Bourse du Talent 2019 [\/vc_column_text][\/vc_column][\/vc_row][vc_row][vc_column][vc_raw_html]JTNDc3R5bGUlM0UlMEFodG1sJTIwJTdCJTBBJTIwJTIwc2Nyb2xsLWJlaGF2aW9yJTNBJTIwc21vb3RoJTNCJTBBJTdEJTBBJTNDJTJGc3R5bGUlM0U=[\/vc_raw_html][\/vc_column][\/vc_row][vc_section][vc_row][vc_column][vc_raw_html]JTNDZGl2JTIwY2xhc3MlM0QlMjJtYWluJTIyJTIwaWQlM0QlMjJzZWN0aW9uMSUyMiUzRQ==[\/vc_raw_html][\/vc_column][\/vc_row][vc_row][vc_column width=&#8221;1\/6&#8243;][\/vc_column][vc_column width=&#8221;2\/3&#8243;][vc_column_text] New documentary approaches Since 1998, Bourse du Talent has been rewarding the talent of young artists in the field of photography by supporting emerging photography every year. This [&hellip;]<\/p>\n","protected":false},"author":3,"featured_media":0,"parent":0,"menu_order":0,"comment_status":"closed","ping_status":"closed","template":"template-custom-page.php","meta":{"_acf_changed":false,"_vp_format_video_url":"","_vp_image_focal_point":[],"footnotes":""},"class_list":["post-9650","page","type-page","status-publish","hentry"],"acf":[],"yoast_head":"<!-- This site is optimized with the Yoast SEO plugin v25.4 - https:\/\/yoast.com\/wordpress\/plugins\/seo\/ -->\n<title>Bourse du Talent - Picto Foundation<\/title>\n<meta name=\"robots\" content=\"index, follow, max-snippet:-1, max-image-preview:large, max-video-preview:-1\" \/>\n<link rel=\"canonical\" href=\"https:\/\/www.pictofoundation.fr\/en\/bourse-du-talent\/\" \/>\n<meta property=\"og:locale\" content=\"en_US\" \/>\n<meta property=\"og:type\" content=\"article\" \/>\n<meta property=\"og:title\" content=\"Bourse du Talent - Picto Foundation\" \/>\n<meta property=\"og:description\" content=\"[vc_row full_width=&#8221;stretch_row_content_no_spaces&#8221; full_height=&#8221;yes&#8221; awb_type=&#8221;image&#8221; awb_image_background_position=&#8221;50% 50%&#8221; awb_color=&#8221;rgba(0,0,0,0.83)&#8221; awb_image=&#8221;5067&#8243;][vc_column][vc_empty_space][vc_custom_heading text=&#8221;BOURSE DU TALENT&#8221; font_container=&#8221;tag:div|font_size:50|text_align:center|color:%23ffffff&#8221; google_fonts=&#8221;font_family:Lato%3A100%2C100italic%2C300%2C300italic%2Cregular%2Citalic%2C700%2C700italic%2C900%2C900italic|font_style:700%20bold%20regular%3A700%3Anormal&#8221;][\/vc_column][\/vc_row][vc_row full_width=&#8221;stretch_row_content&#8221;][vc_column][vc_column_text el_class=&#8221;legendes&#8221;] \u00a9 Charles X\u00e9lot \/ Winner Bourse du Talent 2019 [\/vc_column_text][\/vc_column][\/vc_row][vc_row][vc_column][vc_raw_html]JTNDc3R5bGUlM0UlMEFodG1sJTIwJTdCJTBBJTIwJTIwc2Nyb2xsLWJlaGF2aW9yJTNBJTIwc21vb3RoJTNCJTBBJTdEJTBBJTNDJTJGc3R5bGUlM0U=[\/vc_raw_html][\/vc_column][\/vc_row][vc_section][vc_row][vc_column][vc_raw_html]JTNDZGl2JTIwY2xhc3MlM0QlMjJtYWluJTIyJTIwaWQlM0QlMjJzZWN0aW9uMSUyMiUzRQ==[\/vc_raw_html][\/vc_column][\/vc_row][vc_row][vc_column width=&#8221;1\/6&#8243;][\/vc_column][vc_column width=&#8221;2\/3&#8243;][vc_column_text] New documentary approaches Since 1998, Bourse du Talent has been rewarding the talent of young artists in the field of photography by supporting emerging photography every year. This [&hellip;]\" \/>\n<meta property=\"og:url\" content=\"https:\/\/www.pictofoundation.fr\/en\/bourse-du-talent\/\" \/>\n<meta property=\"og:site_name\" content=\"Picto Foundation\" \/>\n<meta property=\"article:modified_time\" content=\"2026-03-19T10:52:59+00:00\" \/>\n<meta name=\"twitter:card\" content=\"summary_large_image\" \/>\n<meta name=\"twitter:label1\" content=\"Est. reading time\" \/>\n\t<meta name=\"twitter:data1\" content=\"8 minutes\" \/>\n<script type=\"application\/ld+json\" class=\"yoast-schema-graph\">{\"@context\":\"https:\/\/schema.org\",\"@graph\":[{\"@type\":\"WebPage\",\"@id\":\"https:\/\/www.pictofoundation.fr\/en\/bourse-du-talent\/\",\"url\":\"https:\/\/www.pictofoundation.fr\/en\/bourse-du-talent\/\",\"name\":\"Bourse du Talent - Picto Foundation\",\"isPartOf\":{\"@id\":\"https:\/\/www.pictofoundation.fr\/en\/#website\"},\"datePublished\":\"2023-05-26T15:55:08+00:00\",\"dateModified\":\"2026-03-19T10:52:59+00:00\",\"breadcrumb\":{\"@id\":\"https:\/\/www.pictofoundation.fr\/en\/bourse-du-talent\/#breadcrumb\"},\"inLanguage\":\"en-US\",\"potentialAction\":[{\"@type\":\"ReadAction\",\"target\":[\"https:\/\/www.pictofoundation.fr\/en\/bourse-du-talent\/\"]}]},{\"@type\":\"BreadcrumbList\",\"@id\":\"https:\/\/www.pictofoundation.fr\/en\/bourse-du-talent\/#breadcrumb\",\"itemListElement\":[{\"@type\":\"ListItem\",\"position\":1,\"name\":\"Accueil\",\"item\":\"https:\/\/www.pictofoundation.fr\/en\/\"},{\"@type\":\"ListItem\",\"position\":2,\"name\":\"Bourse du Talent\"}]},{\"@type\":\"WebSite\",\"@id\":\"https:\/\/www.pictofoundation.fr\/en\/#website\",\"url\":\"https:\/\/www.pictofoundation.fr\/en\/\",\"name\":\"Picto Foundation\",\"description\":\"Site de la fondation Picto, Groupe Picto\",\"potentialAction\":[{\"@type\":\"SearchAction\",\"target\":{\"@type\":\"EntryPoint\",\"urlTemplate\":\"https:\/\/www.pictofoundation.fr\/en\/?s={search_term_string}\"},\"query-input\":{\"@type\":\"PropertyValueSpecification\",\"valueRequired\":true,\"valueName\":\"search_term_string\"}}],\"inLanguage\":\"en-US\"}]}<\/script>\n<!-- \/ Yoast SEO plugin. -->","yoast_head_json":{"title":"Bourse du Talent - Picto Foundation","robots":{"index":"index","follow":"follow","max-snippet":"max-snippet:-1","max-image-preview":"max-image-preview:large","max-video-preview":"max-video-preview:-1"},"canonical":"https:\/\/www.pictofoundation.fr\/en\/bourse-du-talent\/","og_locale":"en_US","og_type":"article","og_title":"Bourse du Talent - Picto Foundation","og_description":"[vc_row full_width=&#8221;stretch_row_content_no_spaces&#8221; full_height=&#8221;yes&#8221; awb_type=&#8221;image&#8221; awb_image_background_position=&#8221;50% 50%&#8221; awb_color=&#8221;rgba(0,0,0,0.83)&#8221; awb_image=&#8221;5067&#8243;][vc_column][vc_empty_space][vc_custom_heading text=&#8221;BOURSE DU TALENT&#8221; font_container=&#8221;tag:div|font_size:50|text_align:center|color:%23ffffff&#8221; google_fonts=&#8221;font_family:Lato%3A100%2C100italic%2C300%2C300italic%2Cregular%2Citalic%2C700%2C700italic%2C900%2C900italic|font_style:700%20bold%20regular%3A700%3Anormal&#8221;][\/vc_column][\/vc_row][vc_row full_width=&#8221;stretch_row_content&#8221;][vc_column][vc_column_text el_class=&#8221;legendes&#8221;] \u00a9 Charles X\u00e9lot \/ Winner Bourse du Talent 2019 [\/vc_column_text][\/vc_column][\/vc_row][vc_row][vc_column][vc_raw_html]JTNDc3R5bGUlM0UlMEFodG1sJTIwJTdCJTBBJTIwJTIwc2Nyb2xsLWJlaGF2aW9yJTNBJTIwc21vb3RoJTNCJTBBJTdEJTBBJTNDJTJGc3R5bGUlM0U=[\/vc_raw_html][\/vc_column][\/vc_row][vc_section][vc_row][vc_column][vc_raw_html]JTNDZGl2JTIwY2xhc3MlM0QlMjJtYWluJTIyJTIwaWQlM0QlMjJzZWN0aW9uMSUyMiUzRQ==[\/vc_raw_html][\/vc_column][\/vc_row][vc_row][vc_column width=&#8221;1\/6&#8243;][\/vc_column][vc_column width=&#8221;2\/3&#8243;][vc_column_text] New documentary approaches Since 1998, Bourse du Talent has been rewarding the talent of young artists in the field of photography by supporting emerging photography every year. This [&hellip;]","og_url":"https:\/\/www.pictofoundation.fr\/en\/bourse-du-talent\/","og_site_name":"Picto Foundation","article_modified_time":"2026-03-19T10:52:59+00:00","twitter_card":"summary_large_image","twitter_misc":{"Est. reading time":"8 minutes"},"schema":{"@context":"https:\/\/schema.org","@graph":[{"@type":"WebPage","@id":"https:\/\/www.pictofoundation.fr\/en\/bourse-du-talent\/","url":"https:\/\/www.pictofoundation.fr\/en\/bourse-du-talent\/","name":"Bourse du Talent - Picto Foundation","isPartOf":{"@id":"https:\/\/www.pictofoundation.fr\/en\/#website"},"datePublished":"2023-05-26T15:55:08+00:00","dateModified":"2026-03-19T10:52:59+00:00","breadcrumb":{"@id":"https:\/\/www.pictofoundation.fr\/en\/bourse-du-talent\/#breadcrumb"},"inLanguage":"en-US","potentialAction":[{"@type":"ReadAction","target":["https:\/\/www.pictofoundation.fr\/en\/bourse-du-talent\/"]}]},{"@type":"BreadcrumbList","@id":"https:\/\/www.pictofoundation.fr\/en\/bourse-du-talent\/#breadcrumb","itemListElement":[{"@type":"ListItem","position":1,"name":"Accueil","item":"https:\/\/www.pictofoundation.fr\/en\/"},{"@type":"ListItem","position":2,"name":"Bourse du Talent"}]},{"@type":"WebSite","@id":"https:\/\/www.pictofoundation.fr\/en\/#website","url":"https:\/\/www.pictofoundation.fr\/en\/","name":"Picto Foundation","description":"Site de la fondation Picto, Groupe Picto","potentialAction":[{"@type":"SearchAction","target":{"@type":"EntryPoint","urlTemplate":"https:\/\/www.pictofoundation.fr\/en\/?s={search_term_string}"},"query-input":{"@type":"PropertyValueSpecification","valueRequired":true,"valueName":"search_term_string"}}],"inLanguage":"en-US"}]}},"_links":{"self":[{"href":"https:\/\/www.pictofoundation.fr\/en\/wp-json\/wp\/v2\/pages\/9650","targetHints":{"allow":["GET"]}}],"collection":[{"href":"https:\/\/www.pictofoundation.fr\/en\/wp-json\/wp\/v2\/pages"}],"about":[{"href":"https:\/\/www.pictofoundation.fr\/en\/wp-json\/wp\/v2\/types\/page"}],"author":[{"embeddable":true,"href":"https:\/\/www.pictofoundation.fr\/en\/wp-json\/wp\/v2\/users\/3"}],"replies":[{"embeddable":true,"href":"https:\/\/www.pictofoundation.fr\/en\/wp-json\/wp\/v2\/comments?post=9650"}],"version-history":[{"count":16,"href":"https:\/\/www.pictofoundation.fr\/en\/wp-json\/wp\/v2\/pages\/9650\/revisions"}],"predecessor-version":[{"id":15862,"href":"https:\/\/www.pictofoundation.fr\/en\/wp-json\/wp\/v2\/pages\/9650\/revisions\/15862"}],"wp:attachment":[{"href":"https:\/\/www.pictofoundation.fr\/en\/wp-json\/wp\/v2\/media?parent=9650"}],"curies":[{"name":"wp","href":"https:\/\/api.w.org\/{rel}","templated":true}]}}